{"id":3156,"date":"2024-11-26T17:11:15","date_gmt":"2024-11-26T16:11:15","guid":{"rendered":"https:\/\/www.camping-dunamunguy.com\/accueil\/"},"modified":"2025-04-24T10:40:01","modified_gmt":"2025-04-24T08:40:01","slug":"inicio","status":"publish","type":"page","link":"https:\/\/www.camping-dunamunguy.com\/es\/","title":{"rendered":"Inicio"},"content":{"rendered":"\n<section class=\"wp-block-group alignfull home-intro has-custom-couleur-3-background-color has-background gt-break-mobile is-nowrap is-layout-flex wp-container-core-group-is-layout-cac7213a wp-block-group-is-layout-flex\" style=\"margin-top:0rem;margin-bottom:0rem;padding-top:16rem;padding-right:15rem;padding-bottom:12rem;padding-left:15rem\">\n<div class=\"wp-block-group wp-container-content-dc435e0d is-vertical is-layout-flex wp-container-core-group-is-layout-4b827052 wp-block-group-is-layout-flex\">\n<p class=\"text-deco has-custom-couleur-1-color has-text-color has-link-color has-kodchasan-font-family wp-elements-12c0b342d9f93ed161c4d7f7b9b7c60f\" style=\"margin-left:-4.6rem;font-size:clamp(44.14px, 2.759rem + ((1vw - 3.2px) * 4.256), 85px);line-height:1.3;text-transform:uppercase\">Vida lenta<\/p>\n\n\n\n<p class=\"text-deco-two has-custom-couleur-5-color has-text-color has-link-color wp-elements-89f6af9958ecc1f66f53a528ea2382b2\" style=\"border-left-color:var(--wp--preset--color--custom-couleur-2);border-left-width:1px;padding-left:1rem;font-size:clamp(16.834px, 1.052rem + ((1vw - 3.2px) * 0.955), 26px);letter-spacing:5.2px;text-transform:uppercase\">La naturaleza te invita a ir m\u00e1s despacio  <\/p>\n\n\n\n<div style=\"height:116px\" aria-hidden=\"true\" class=\"wp-block-spacer space-one gt-hide-mobile wp-container-content-66c62f5e\"><\/div>\n\n\n<h1 class=\"wp-block-heading\" id=\"camping-duna-munguy-en-el-pais-vasco-el-lugar-perfecto-para-unas-vacaciones-relajantes\">Camping Duna Munguy en el Pa\u00eds Vasco: el lugar perfecto para unas vacaciones relajantes<\/h1>\n\n\n<div style=\"height:32px\" aria-hidden=\"true\" class=\"wp-block-spacer space-two gt-hide-mobile wp-container-content-82ea18c2\"><\/div>\n\n\n\n<div class=\"wp-block-group is-vertical is-layout-flex wp-container-core-group-is-layout-bf547533 wp-block-group-is-layout-flex\" style=\"padding-right:30px\">\n<p>Bienvenido <strong>al Camping Duna Munguy<\/strong>, un rinconcito de para\u00edso en <strong>San Juan de Luz<\/strong>, a 300 metros de las playas de Acotz. <\/p>\n\n\n\n<p>Nosotros, C\u00e9cile y Julien, nos hicimos cargo de este lugar en 2021. Seducidos por su encanto, su ubicaci\u00f3n excepcional y su ambiente \u00edntimo, decidimos vivir aqu\u00ed en familia y convertirlo en un lugar que refleje nuestra imagen: <strong>amable, acogedor y c\u00e1lido<\/strong>. <\/p>\n\n\n\n<p>Clasificado con 3 estrellas, nuestro <strong>camping de San Juan de Luz <\/strong> dispone de 31 mobil-homes y 3 apartamentos, que ofrecen tranquilidad e intimidad. Sin animaciones intrusivas, s\u00f3lo consejos personalizados para que descubras los tesoros del <strong>Pa\u00eds<\/strong> Vasco en un <strong>entorno aut\u00e9ntico entre playas y monta\u00f1as.<\/strong>  <br\/><\/p>\n<\/div>\n\n\n\n<div style=\"height:60px\" aria-hidden=\"true\" class=\"wp-block-spacer space-two gt-hide-mobile wp-container-content-1cacd481\"><\/div>\n\n\n\n<p class=\"gt-btn-arrow has-custom-couleur-1-color has-text-color has-link-color has-kodchasan-font-family wp-elements-3091c9613457322accfe386bbe27d4c3\" style=\"font-size:clamp(14px, 0.875rem + ((1vw - 3.2px) * 0.417), 18px);font-style:normal;font-weight:600;line-height:1.5;text-decoration:none;text-transform:uppercase\"><a href=\"https:\/\/www.camping-dunamunguy.com\/es\/camping-familiar-pais-vasco\/\" data-type=\"page\" data-id=\"7\">El camping<\/a><\/p>\n<\/div>\n\n\n\n<div class=\"wp-block-group wp-container-content-9cfa9a5a is-vertical is-layout-flex wp-container-core-group-is-layout-fe9cc265 wp-block-group-is-layout-flex\">\n<div style=\"height:0px\" aria-hidden=\"true\" class=\"wp-block-spacer space gt-hide-mobile wp-container-content-d234ceae\"><\/div>\n\n\n\n<div class=\"wp-block-group images-container wp-container-content-9cfa9a5a is-nowrap is-layout-flex wp-container-core-group-is-layout-fcdbac02 wp-block-group-is-layout-flex\">\n<div class=\"wp-block-group parent-illustration parallax-vertical parallax-up is-vertical is-layout-flex wp-container-core-group-is-layout-4b827052 wp-block-group-is-layout-flex\">\n<figure class=\"wp-block-image size-full first\"><img decoding=\"async\" width=\"440\" height=\"832\" src=\"https:\/\/www.camping-dunamunguy.com\/wp-content\/uploads\/2024\/12\/camping-pays-basque-bord-de-plage.webp\" alt=\"camping pays basque bord de plage\" class=\"wp-image-294\" srcset=\"https:\/\/www.camping-dunamunguy.com\/wp-content\/uploads\/2024\/12\/camping-pays-basque-bord-de-plage.webp 440w, https:\/\/www.camping-dunamunguy.com\/wp-content\/uploads\/2024\/12\/camping-pays-basque-bord-de-plage-159x300.webp 159w\" sizes=\"(max-width: 440px) 100vw, 440px\" \/><\/figure>\n\n\n\n<figure class=\"wp-block-image size-large illustration\"><img decoding=\"async\" width=\"266\" height=\"268\" src=\"https:\/\/www.camping-dunamunguy.com\/wp-content\/uploads\/2024\/12\/environnement.svg\" alt=\"medio ambiente\" class=\"wp-image-272\" style=\"object-fit:cover\"\/><\/figure>\n<\/div>\n\n\n\n<div class=\"wp-block-group parallax-vertical parallax-down is-vertical is-layout-flex wp-container-core-group-is-layout-4b827052 wp-block-group-is-layout-flex\">\n<figure class=\"wp-block-image size-full second\"><img decoding=\"async\" width=\"440\" height=\"832\" src=\"https:\/\/www.camping-dunamunguy.com\/wp-content\/uploads\/2024\/12\/camping-pays-basque-bord-de-mer.webp\" alt=\"camping pays basque bord de mer\" class=\"wp-image-291\" srcset=\"https:\/\/www.camping-dunamunguy.com\/wp-content\/uploads\/2024\/12\/camping-pays-basque-bord-de-mer.webp 440w, https:\/\/www.camping-dunamunguy.com\/wp-content\/uploads\/2024\/12\/camping-pays-basque-bord-de-mer-159x300.webp 159w\" sizes=\"(max-width: 440px) 100vw, 440px\" \/><\/figure>\n<\/div>\n<\/div>\n<\/div>\n\n\n\n<figure class=\"wp-block-image size-full illustration-background wp-duotone-unset-1\"><img decoding=\"async\" width=\"750\" height=\"500\" src=\"https:\/\/www.camping-dunamunguy.com\/wp-content\/uploads\/2025\/01\/camping-au-pays-basque-duna-munguy.webp\" alt=\"camping duna munguy en el pa&#xED;s vasco\" class=\"wp-image-4140\" srcset=\"https:\/\/www.camping-dunamunguy.com\/wp-content\/uploads\/2025\/01\/camping-au-pays-basque-duna-munguy.webp 750w, https:\/\/www.camping-dunamunguy.com\/wp-content\/uploads\/2025\/01\/camping-au-pays-basque-duna-munguy-300x200.webp 300w\" sizes=\"(max-width: 750px) 100vw, 750px\" \/><\/figure>\n<\/section>\n\n<section class=\"wp-block-group alignfull home-atouts is-content-justification-center is-nowrap is-layout-flex wp-container-core-group-is-layout-1c11176b wp-block-group-is-layout-flex has-background\" style=\"margin-top:0;margin-bottom:0;padding-top:12.5rem;padding-right:10rem;padding-bottom:12.5rem;padding-left:10rem;background-image:url(&apos;https:\/\/www.camping-dunamunguy.com\/wp-content\/uploads\/2024\/12\/camping-proche-ocean-pays-basque.webp&apos;);background-size:cover;\">\n<div class=\"wp-block-group active slide is-content-justification-left is-nowrap is-layout-flex wp-container-core-group-is-layout-27e941f8 wp-block-group-is-layout-flex\">\n<div class=\"wp-block-group has-base-2-background-color has-background is-vertical is-layout-flex wp-container-core-group-is-layout-0c70feb3 wp-block-group-is-layout-flex\" style=\"padding-top:3rem;padding-right:var(--wp--preset--spacing--10);padding-bottom:3rem;padding-left:2rem\">\n<p class=\"has-custom-couleur-1-color has-text-color has-link-color has-kodchasan-font-family wp-elements-2389723ba226090278915d536b785c4b\" style=\"font-size:clamp(16.834px, 1.052rem + ((1vw - 3.2px) * 0.955), 26px);font-style:normal;font-weight:600;text-transform:uppercase\">Vacaciones sencillas y f\u00e1ciles<\/p>\n\n\n\n<div style=\"height:0px\" aria-hidden=\"true\" class=\"wp-block-spacer gt-hide-mobile wp-container-content-82ea18c2\"><\/div>\n\n\n\n<p class=\"text\" style=\"font-size:clamp(14px, 0.875rem + ((1vw - 3.2px) * 0.104), 15px);\"><img decoding=\"async\" width=\"25\" height=\"37\" class=\"wp-image-350\" style=\"width: 25px;\" src=\"https:\/\/www.camping-dunamunguy.com\/wp-content\/uploads\/2024\/12\/velo.svg\" alt=\"bicicleta\"\/>A pie o en bici, <br\/>libertad para disfrutar <br\/>y explorar.<\/p>\n<\/div>\n\n\n\n<div class=\"wp-block-cover is-light wp-container-content-958eb9dc\"><img decoding=\"async\" width=\"700\" height=\"784\" class=\"wp-block-cover__image-background wp-image-1532\" alt=\"Touriste regardant un port pittoresque en \u00e9t\u00e9.\" src=\"https:\/\/www.camping-dunamunguy.com\/wp-content\/uploads\/2024\/12\/camping-familial-au-pays-basque.webp\" data-object-fit=\"cover\" srcset=\"https:\/\/www.camping-dunamunguy.com\/wp-content\/uploads\/2024\/12\/camping-familial-au-pays-basque.webp 700w, https:\/\/www.camping-dunamunguy.com\/wp-content\/uploads\/2024\/12\/camping-familial-au-pays-basque-268x300.webp 268w\" sizes=\"(max-width: 700px) 100vw, 700px\" \/><span aria-hidden=\"true\" class=\"wp-block-cover__background has-background-dim\" style=\"background-color:#a7b4c0\"><\/span><div class=\"wp-block-cover__inner-container has-global-padding is-layout-constrained wp-block-cover-is-layout-constrained\">\n<p class=\"has-text-align-center has-large-font-size\"><\/p>\n<\/div><\/div>\n<\/div>\n\n\n\n<div class=\"wp-block-group slide is-nowrap is-layout-flex wp-container-core-group-is-layout-a027ca97 wp-block-group-is-layout-flex\">\n<div class=\"wp-block-group has-base-2-background-color has-background wp-container-content-9cfa9a5a is-vertical is-content-justification-left is-layout-flex wp-container-core-group-is-layout-98d89d23 wp-block-group-is-layout-flex\" style=\"padding-top:3rem;padding-right:var(--wp--preset--spacing--10);padding-bottom:3rem;padding-left:2rem\">\n<p class=\"has-custom-couleur-1-color has-text-color has-link-color has-kodchasan-font-family wp-elements-a31fdb5fb65bd055e60978181f521a3f\" style=\"font-size:clamp(16.834px, 1.052rem + ((1vw - 3.2px) * 0.955), 26px);font-style:normal;font-weight:600;text-transform:uppercase\">acceso <br\/>directo a <br\/>l&#8217;oc\u00e9an<\/p>\n\n\n\n<div style=\"height:0px\" aria-hidden=\"true\" class=\"wp-block-spacer gt-hide-mobile wp-container-content-82ea18c2\"><\/div>\n\n\n\n<p class=\"text wp-container-content-9cfa9a5a\" style=\"font-size:clamp(14px, 0.875rem + ((1vw - 3.2px) * 0.104), 15px);\"><img decoding=\"async\" width=\"25\" height=\"73\" class=\"wp-image-359\" style=\"width: 25px;\" src=\"https:\/\/www.camping-dunamunguy.com\/wp-content\/uploads\/2024\/12\/Surf.svg\" alt=\"Surf\"\/>Los pies en <br\/>el oc\u00e9ano, la cabeza <br\/>en la monta\u00f1a <br\/>y a explorar.<\/p>\n<\/div>\n\n\n\n<div class=\"wp-block-cover\"><img decoding=\"async\" width=\"800\" height=\"862\" class=\"wp-block-cover__image-background wp-image-1198\" alt=\"camping vue sur ocean pays basque\" src=\"https:\/\/www.camping-dunamunguy.com\/wp-content\/uploads\/2024\/12\/camping-vue-sur-ocean-pays-basque.webp\" data-object-fit=\"cover\" srcset=\"https:\/\/www.camping-dunamunguy.com\/wp-content\/uploads\/2024\/12\/camping-vue-sur-ocean-pays-basque.webp 800w, https:\/\/www.camping-dunamunguy.com\/wp-content\/uploads\/2024\/12\/camping-vue-sur-ocean-pays-basque-278x300.webp 278w, https:\/\/www.camping-dunamunguy.com\/wp-content\/uploads\/2024\/12\/camping-vue-sur-ocean-pays-basque-768x828.webp 768w\" sizes=\"(max-width: 800px) 100vw, 800px\" \/><span aria-hidden=\"true\" class=\"wp-block-cover__background has-background-dim\" style=\"background-color:#626660\"><\/span><div class=\"wp-block-cover__inner-container has-global-padding is-layout-constrained wp-block-cover-is-layout-constrained\">\n<p class=\"has-text-align-center has-large-font-size\"><\/p>\n<\/div><\/div>\n<\/div>\n\n\n\n<div class=\"wp-block-group slide is-nowrap is-layout-flex wp-container-core-group-is-layout-a027ca97 wp-block-group-is-layout-flex\">\n<div class=\"wp-block-group has-base-2-background-color has-background wp-container-content-9cfa9a5a is-vertical is-content-justification-left is-layout-flex wp-container-core-group-is-layout-98d89d23 wp-block-group-is-layout-flex\" style=\"padding-top:3rem;padding-right:var(--wp--preset--spacing--10);padding-bottom:3rem;padding-left:2rem\">\n<p class=\"has-custom-couleur-1-color has-text-color has-link-color has-kodchasan-font-family wp-elements-4060d73a8ef7a299fd568e8eed087cb2\" style=\"font-size:clamp(16.834px, 1.052rem + ((1vw - 3.2px) * 0.955), 26px);font-style:normal;font-weight:600;text-transform:uppercase\">ambiente <br\/>tranquilo <br\/>y relajado<\/p>\n\n\n\n<div style=\"height:0px\" aria-hidden=\"true\" class=\"wp-block-spacer gt-hide-mobile wp-container-content-82ea18c2\"><\/div>\n\n\n\n<p class=\"text\" style=\"font-size:clamp(14px, 0.875rem + ((1vw - 3.2px) * 0.104), 15px);\"><img decoding=\"async\" width=\"25\" height=\"72\" class=\"wp-image-356\" style=\"width: 25px;\" src=\"https:\/\/www.camping-dunamunguy.com\/wp-content\/uploads\/2024\/12\/Feuille.svg\" alt=\"Hoja\"\/>Una mente serena y <br\/>un cuerpo relajado <br\/>en plena naturaleza.<\/p>\n<\/div>\n\n\n\n<div class=\"wp-block-cover is-light\"><img decoding=\"async\" width=\"700\" height=\"482\" class=\"wp-block-cover__image-background wp-image-1040\" alt=\"camping pays basque avec acces ocean\" src=\"https:\/\/www.camping-dunamunguy.com\/wp-content\/uploads\/2024\/12\/camping-pays-basque-avec-acces-ocean.webp\" data-object-fit=\"cover\" srcset=\"https:\/\/www.camping-dunamunguy.com\/wp-content\/uploads\/2024\/12\/camping-pays-basque-avec-acces-ocean.webp 700w, https:\/\/www.camping-dunamunguy.com\/wp-content\/uploads\/2024\/12\/camping-pays-basque-avec-acces-ocean-300x207.webp 300w\" sizes=\"(max-width: 700px) 100vw, 700px\" \/><span aria-hidden=\"true\" class=\"wp-block-cover__background has-background-dim\" style=\"background-color:#a97b63\"><\/span><div class=\"wp-block-cover__inner-container has-global-padding is-layout-constrained wp-block-cover-is-layout-constrained\">\n<p class=\"has-text-align-center has-large-font-size\"><\/p>\n<\/div><\/div>\n<\/div>\n\n\n\n<div class=\"wp-block-group slide is-nowrap is-layout-flex wp-container-core-group-is-layout-a027ca97 wp-block-group-is-layout-flex\">\n<div class=\"wp-block-group has-base-2-background-color has-background wp-container-content-9cfa9a5a is-vertical is-layout-flex wp-container-core-group-is-layout-60b76984 wp-block-group-is-layout-flex\" style=\"padding-top:3rem;padding-right:1rem;padding-bottom:3rem;padding-left:2rem\">\n<p class=\"has-custom-couleur-1-color has-text-color has-link-color has-kodchasan-font-family wp-elements-c4e38b771715163563b2e8d1e1e1b7f6\" style=\"font-size:clamp(16.834px, 1.052rem + ((1vw - 3.2px) * 0.955), 26px);font-style:normal;font-weight:600;text-transform:uppercase\">bienvenidos <br\/>como en <br\/>casa<\/p>\n\n\n\n<div style=\"height:0px\" aria-hidden=\"true\" class=\"wp-block-spacer gt-hide-mobile wp-container-content-82ea18c2\"><\/div>\n\n\n\n<p class=\"text\" style=\"font-size:clamp(14px, 0.875rem + ((1vw - 3.2px) * 0.104), 15px);\"><img decoding=\"async\" width=\"25\" height=\"40\" class=\"wp-image-353\" style=\"width: 25px;\" src=\"https:\/\/www.camping-dunamunguy.com\/wp-content\/uploads\/2024\/12\/Cafe.svg\" alt=\"Caf&#xE9;\"\/>La cordialidad en el <br\/>coraz\u00f3n de cada <br\/>momento.<\/p>\n<\/div>\n\n\n\n<div class=\"wp-block-cover is-light\"><img decoding=\"async\" width=\"700\" height=\"664\" class=\"wp-block-cover__image-background wp-image-1045\" alt=\"camping convivial au pays basque\" src=\"https:\/\/www.camping-dunamunguy.com\/wp-content\/uploads\/2024\/12\/camping-convivial-au-pays-basque.webp\" data-object-fit=\"cover\" srcset=\"https:\/\/www.camping-dunamunguy.com\/wp-content\/uploads\/2024\/12\/camping-convivial-au-pays-basque.webp 700w, https:\/\/www.camping-dunamunguy.com\/wp-content\/uploads\/2024\/12\/camping-convivial-au-pays-basque-300x285.webp 300w\" sizes=\"(max-width: 700px) 100vw, 700px\" \/><span aria-hidden=\"true\" class=\"wp-block-cover__background has-background-dim\" style=\"background-color:#a39896\"><\/span><div class=\"wp-block-cover__inner-container has-global-padding is-layout-constrained wp-block-cover-is-layout-constrained\">\n<p class=\"has-text-align-center has-large-font-size\"><\/p>\n<\/div><\/div>\n<\/div>\n<\/section>\n\n<section class=\"wp-block-group alignfull home-piscine home-template-slider has-custom-couleur-3-background-color has-background is-vertical is-layout-flex wp-container-core-group-is-layout-9daacc67 wp-block-group-is-layout-flex\" style=\"margin-top:0;margin-bottom:0;padding-top:12rem;padding-right:0rem;padding-bottom:12rem;padding-left:0rem\">\n<div class=\"wp-block-group gt-rangee is-content-justification-left is-nowrap is-layout-flex wp-container-core-group-is-layout-a7e4645d wp-block-group-is-layout-flex\" style=\"padding-right:15rem;padding-left:15rem\">\n<div class=\"wp-block-group is-vertical is-layout-flex wp-container-core-group-is-layout-fe9cc265 wp-block-group-is-layout-flex\">\n<p class=\"text-deco has-custom-couleur-1-color has-text-color has-link-color has-kodchasan-font-family wp-elements-e318cd7a7e1f06da698df4e0f69eeeba\" style=\"margin-left:-4.6rem;font-size:clamp(44.14px, 2.759rem + ((1vw - 3.2px) * 4.256), 85px);line-height:1.3;text-transform:uppercase\">Farniente<\/p>\n\n\n\n<p class=\"text-deco-two has-custom-couleur-5-color has-text-color has-link-color wp-elements-afd2dcac28d7fca7b23fb24cbcda9216\" style=\"border-left-color:var(--wp--preset--color--custom-couleur-2);border-left-width:1px;padding-left:1rem;font-size:clamp(16.834px, 1.052rem + ((1vw - 3.2px) * 0.955), 26px);letter-spacing:5.2px;text-transform:uppercase\"><br\/>una ola de relajaci\u00f3n y suavidad<\/p>\n<\/div>\n\n\n\n<div class=\"wp-block-group gt-swiper-mb-1-top active button-slider button-slider-next has-border-color has-custom-couleur-2-border-color has-base-2-background-color has-background is-vertical is-content-justification-left is-layout-flex wp-container-core-group-is-layout-e1e551eb wp-block-group-is-layout-flex\" style=\"border-style:solid;border-width:1px;padding-top:2rem;padding-right:4rem;padding-bottom:2rem;padding-left:2rem\">\n<p class=\"has-custom-couleur-1-color has-text-color has-link-color has-kodchasan-font-family wp-elements-693ff0127309b4f03fdedb3a25e8b5f3\" style=\"font-size:clamp(23.54px, 1.471rem + ((1vw - 3.2px) * 1.61), 39px);text-transform:uppercase\">La piscina<\/p>\n\n\n\n<div class=\"wp-block-group is-nowrap is-layout-flex wp-container-core-group-is-layout-6c531013 wp-block-group-is-layout-flex\">\n<figure class=\"wp-block-image size-large is-resized\"><img decoding=\"async\" width=\"98\" height=\"86\" src=\"https:\/\/www.camping-dunamunguy.com\/wp-content\/uploads\/2024\/11\/Sac.svg\" alt=\"Bolsa\" class=\"wp-image-97\" style=\"width:45px\"\/><\/figure>\n\n\n\n<p class=\"text has-contrast-color has-text-color has-link-color wp-elements-4b5825d2f86f784efcf4e947d057d787\"><br\/>R<strong>elajaci\u00f3n<\/strong> absoluta una c\u00f3moda piscina<\/p>\n<\/div>\n<\/div>\n<\/div>\n\n\n\n<div data-swiper=\"{&quot;speed&quot;:400,&quot;spaceBetween&quot;:0,&quot;slidesPerView&quot;:1,&quot;createElements&quot;:true,&quot;loop&quot;:false,&quot;freemode&quot;:true,&quot;navigation&quot;:{&quot;nextEl&quot;:&quot;.gt-swiper-mb-1-bottom&quot;,&quot;prevEl&quot;:&quot;.gt-swiper-mb-1-top&quot;},&quot;pagination&quot;:{&quot;dynamicBullets&quot;:false},&quot;breakpoints&quot;:[{&quot;slidesPerView&quot;:1}],&quot;effect&quot;:&quot;fade&quot;,&quot;autoplay&quot;:{&quot;delay&quot;:5000}}\" class=\"wp-block-group gt-is-slider gt-is-slider-desktop is-nowrap is-layout-flex wp-container-core-group-is-layout-485480d6 wp-block-group-is-layout-flex\" style=\"padding-right:0rem;padding-left:0rem\"><a href=\"https:\/\/www.camping-dunamunguy.com\/es\/camping-piscina-san-juan-de-luz\/\"    class=\"maillage wp-block-tiptip-hyperlink-group-block wp-container-content-9cfa9a5a\" >\n<div class=\"wp-block-cover is-light maillage__image maillage-reveal\" style=\"min-height:700px;aspect-ratio:unset;\"><img decoding=\"async\" width=\"1920\" height=\"778\" class=\"wp-block-cover__image-background wp-image-603\" alt=\"camping piscine pays basque\" src=\"https:\/\/www.camping-dunamunguy.com\/wp-content\/uploads\/2024\/12\/camping-piscine-pays-basque.webp\" data-object-fit=\"cover\" srcset=\"https:\/\/www.camping-dunamunguy.com\/wp-content\/uploads\/2024\/12\/camping-piscine-pays-basque.webp 1920w, https:\/\/www.camping-dunamunguy.com\/wp-content\/uploads\/2024\/12\/camping-piscine-pays-basque-300x122.webp 300w, https:\/\/www.camping-dunamunguy.com\/wp-content\/uploads\/2024\/12\/camping-piscine-pays-basque-1024x415.webp 1024w, https:\/\/www.camping-dunamunguy.com\/wp-content\/uploads\/2024\/12\/camping-piscine-pays-basque-768x311.webp 768w, https:\/\/www.camping-dunamunguy.com\/wp-content\/uploads\/2024\/12\/camping-piscine-pays-basque-1536x622.webp 1536w\" sizes=\"(max-width: 1920px) 100vw, 1920px\" \/><span aria-hidden=\"true\" class=\"wp-block-cover__background has-background-dim-0 has-background-dim\"><\/span><div class=\"wp-block-cover__inner-container has-global-padding is-layout-constrained wp-block-cover-is-layout-constrained\">\n<p class=\"has-text-align-center maillage__title has-custom-couleur-2-color has-text-color has-link-color has-kodchasan-font-family wp-elements-4d3663b402927bfe8a61225853e70842\" style=\"padding-right:1rem;font-size:clamp(14px, 0.875rem + ((1vw - 3.2px) * 0.417), 18px);font-style:normal;font-weight:600;text-transform:uppercase\">la piscina<\/p>\n<\/div><\/div>\n<\/a>\n\n<a href=\"https:\/\/www.camping-dunamunguy.com\/camping-bord-mer-pays-basque\/\"    class=\"maillage wp-block-tiptip-hyperlink-group-block wp-container-content-9cfa9a5a\" >\n<div class=\"wp-block-cover is-light maillage__image maillage-reveal\" style=\"min-height:700px;aspect-ratio:unset;\"><img decoding=\"async\" width=\"1920\" height=\"791\" class=\"wp-block-cover__image-background wp-image-609\" alt=\"camping bord de plage pays basque\" src=\"https:\/\/www.camping-dunamunguy.com\/wp-content\/uploads\/2024\/12\/camping-bord-de-plage-pays-basque.webp\" data-object-fit=\"cover\" srcset=\"https:\/\/www.camping-dunamunguy.com\/wp-content\/uploads\/2024\/12\/camping-bord-de-plage-pays-basque.webp 1920w, https:\/\/www.camping-dunamunguy.com\/wp-content\/uploads\/2024\/12\/camping-bord-de-plage-pays-basque-300x124.webp 300w, https:\/\/www.camping-dunamunguy.com\/wp-content\/uploads\/2024\/12\/camping-bord-de-plage-pays-basque-1024x422.webp 1024w, https:\/\/www.camping-dunamunguy.com\/wp-content\/uploads\/2024\/12\/camping-bord-de-plage-pays-basque-768x316.webp 768w, https:\/\/www.camping-dunamunguy.com\/wp-content\/uploads\/2024\/12\/camping-bord-de-plage-pays-basque-1536x633.webp 1536w\" sizes=\"(max-width: 1920px) 100vw, 1920px\" \/><span aria-hidden=\"true\" class=\"wp-block-cover__background has-background-dim-0 has-background-dim\"><\/span><div class=\"wp-block-cover__inner-container has-global-padding is-layout-constrained wp-block-cover-is-layout-constrained\">\n<p class=\"has-text-align-center maillage__title has-custom-couleur-2-color has-text-color has-link-color has-kodchasan-font-family wp-elements-25dadf8ea7e04dce75171fb547b6df5c\" style=\"padding-right:1rem;font-size:clamp(14px, 0.875rem + ((1vw - 3.2px) * 0.417), 18px);font-style:normal;font-weight:600;text-transform:uppercase\">la playa<\/p>\n<\/div><\/div>\n<\/a><\/div>\n\n\n\n<div class=\"wp-block-group gt-rangee is-content-justification-right is-nowrap is-layout-flex wp-container-core-group-is-layout-55327474 wp-block-group-is-layout-flex\" style=\"padding-right:15rem;padding-left:15rem\">\n<div class=\"wp-block-group gt-swiper-mb-1-bottom button-slider button-slider-prev has-border-color has-custom-couleur-2-border-color has-base-2-background-color has-background is-vertical is-content-justification-left is-layout-flex wp-container-core-group-is-layout-e1e551eb wp-block-group-is-layout-flex\" style=\"border-style:solid;border-width:1px;padding-top:2rem;padding-right:4rem;padding-bottom:2rem;padding-left:2rem\">\n<p class=\"has-custom-couleur-1-color has-text-color has-link-color has-kodchasan-font-family wp-elements-65955efa52202418d68fd2d8b76de782\" style=\"font-size:clamp(23.54px, 1.471rem + ((1vw - 3.2px) * 1.61), 39px);text-transform:uppercase\">La playa<\/p>\n\n\n\n<div class=\"wp-block-group is-nowrap is-layout-flex wp-container-core-group-is-layout-6c531013 wp-block-group-is-layout-flex\">\n<figure class=\"wp-block-image size-large is-resized\"><img decoding=\"async\" width=\"117\" height=\"93\" src=\"https:\/\/www.camping-dunamunguy.com\/wp-content\/uploads\/2024\/11\/Plage.svg\" alt=\"Playa\" class=\"wp-image-88\" style=\"width:45px\"\/><\/figure>\n\n\n\n<p class=\"text has-contrast-color has-text-color has-link-color wp-elements-886ebf5fe7a5f9e6f25819e070c08db0\"><br\/>A <strong>tiro de piedra,<\/strong> acceso libre a las olas<\/p>\n<\/div>\n<\/div>\n\n\n\n<div class=\"wp-block-group wp-container-content-0733e5d0 is-vertical is-layout-flex wp-container-core-group-is-layout-fe9cc265 wp-block-group-is-layout-flex\">\n<div style=\"height:40px\" aria-hidden=\"true\" class=\"wp-block-spacer gt-hide-mobile wp-container-content-28f0cd9b\"><\/div>\n\n\n<h2 class=\"wp-block-heading\" style=\"text-transform:uppercase\" id=\"piscina-y-playa-en-nuestro-camping-de-san-juan-de-luz\">Piscina y playa en nuestro camping de San Juan de Luz<\/h2>\n\n\n<div style=\"height:15px\" aria-hidden=\"true\" class=\"wp-block-spacer gt-hide-mobile wp-container-content-42c95ffb\"><\/div>\n\n\n\n<p>Situado a s\u00f3lo <strong>300 metros a pie de las playas<\/strong> de Cenitz y Mayarco, <a href=\"https:\/\/www.camping-dunamunguy.com\/es\/camping-piscina-san-juan-de-luz\/\" data-type=\"page\" data-id=\"10\">el camping con piscina<\/a> Duna Munguy ofrece un <strong>entorno natural virgen<\/strong>, ideal para sumergirse en el mundo de la naturaleza.<strong> <\/strong>los placeres del oc\u00e9ano y vive al ritmo de las mareas. Estas aut\u00e9nticas playas de arena, populares entre los surfistas, te invitan a aprender a hacer surf, a divertirte en las olas o simplemente a relajarte al sol. <\/p>\n\n\n\n<p>De vuelta al camping <a href=\"https:\/\/www.camping-dunamunguy.com\/es\/acampar-junto-al-mar-pais-vasco\/\" data-type=\"page\" data-id=\"11\">junto al mar en el Pa\u00eds Vasco<\/a>, prolonga la experiencia con un refrescante chapuz\u00f3n en nuestra piscina exterior o un merecido momento de relax en nuestras tumbonas, enclavadas en el coraz\u00f3n de una exuberante vegetaci\u00f3n.  <\/p>\n<\/div>\n<\/div>\n<\/section>\n\n<section class=\"wp-block-group alignfull home-hebergements has-custom-couleur-3-background-color has-background is-vertical is-layout-flex wp-container-core-group-is-layout-749c7499 wp-block-group-is-layout-flex\" style=\"border-top-color:var(--wp--preset--color--custom-couleur-5);border-top-width:1px;margin-top:0;margin-bottom:0;padding-top:12rem;padding-right:15rem;padding-bottom:12rem;padding-left:15rem\">\n<figure class=\"wp-block-image size-full illustration-background wp-duotone-unset-2\"><img decoding=\"async\" width=\"900\" height=\"600\" src=\"https:\/\/www.camping-dunamunguy.com\/wp-content\/uploads\/2024\/12\/camping-duna-munguy-au-pays-basque.png\" alt=\"camping duna munguy en el pa&#xED;s vasco\" class=\"wp-image-1406\" srcset=\"https:\/\/www.camping-dunamunguy.com\/wp-content\/uploads\/2024\/12\/camping-duna-munguy-au-pays-basque.png 900w, https:\/\/www.camping-dunamunguy.com\/wp-content\/uploads\/2024\/12\/camping-duna-munguy-au-pays-basque-300x200.png 300w, https:\/\/www.camping-dunamunguy.com\/wp-content\/uploads\/2024\/12\/camping-duna-munguy-au-pays-basque-768x512.png 768w\" sizes=\"(max-width: 900px) 100vw, 900px\" \/><\/figure>\n\n\n\n<div class=\"wp-block-group alignfull is-nowrap is-layout-flex wp-container-core-group-is-layout-6c531013 wp-block-group-is-layout-flex\">\n<div class=\"wp-block-group is-vertical is-layout-flex wp-container-core-group-is-layout-fe9cc265 wp-block-group-is-layout-flex\">\n<p class=\"text-deco has-custom-couleur-1-color has-text-color has-link-color has-kodchasan-font-family wp-elements-e88ccd3732c06be6f78f29ead95439a8\" style=\"margin-left:-4.6rem;font-size:clamp(44.14px, 2.759rem + ((1vw - 3.2px) * 4.256), 85px);line-height:1.3;text-transform:uppercase\">Amistoso<\/p>\n\n\n\n<p class=\"text-deco-two has-custom-couleur-5-color has-text-color has-link-color wp-elements-2f3638a20de0ee0cca7a8d83a171acf1\" style=\"border-left-color:var(--wp--preset--color--custom-couleur-2);border-left-width:1px;padding-left:1rem;font-size:clamp(16.834px, 1.052rem + ((1vw - 3.2px) * 0.955), 26px);letter-spacing:5.2px;text-transform:uppercase\"><br\/>La sencillez, el mejor aliado para tus vacaciones<\/p>\n<\/div>\n\n\n\n<p><\/p>\n<\/div>\n\n\n\n<div class=\"wp-block-columns is-layout-flex wp-container-core-columns-is-layout-b23a18ed wp-block-columns-is-layout-flex\">\n<div class=\"wp-block-column parallax-vertical is-layout-flow wp-block-column-is-layout-flow\"><a href=\"https:\/\/www.camping-dunamunguy.com\/es\/alquiler-mobil-home-san-juan-de-luz\/\"    class=\"maillage wp-block-tiptip-hyperlink-group-block\" >\n<div class=\"wp-block-cover maillage__image\" style=\"min-height:700px;aspect-ratio:unset;\"><img decoding=\"async\" width=\"467\" height=\"700\" class=\"wp-block-cover__image-background wp-image-1904\" alt=\"louer mobil home pays basque\" src=\"https:\/\/www.camping-dunamunguy.com\/wp-content\/uploads\/2025\/01\/camping-nature-pays-basque-1.webp\" data-object-fit=\"cover\" srcset=\"https:\/\/www.camping-dunamunguy.com\/wp-content\/uploads\/2025\/01\/camping-nature-pays-basque-1.webp 467w, https:\/\/www.camping-dunamunguy.com\/wp-content\/uploads\/2025\/01\/camping-nature-pays-basque-1-200x300.webp 200w\" sizes=\"(max-width: 467px) 100vw, 467px\" \/><span aria-hidden=\"true\" class=\"wp-block-cover__background has-background-dim-0 has-background-dim\"><\/span><div class=\"wp-block-cover__inner-container has-global-padding is-layout-constrained wp-block-cover-is-layout-constrained\">\n<p class=\"has-text-align-center maillage__title has-custom-couleur-2-color has-text-color has-link-color has-kodchasan-font-family wp-elements-51ac3395be74cf0a52e7db1d2f423af4\" style=\"padding-right:1rem;font-size:clamp(14px, 0.875rem + ((1vw - 3.2px) * 0.417), 18px);font-style:normal;font-weight:600;text-transform:uppercase\">Casas m\u00f3viles<\/p>\n<\/div><\/div>\n<\/a><\/div>\n\n\n\n<div class=\"wp-block-column parallax-vertical parallax-up is-layout-flow wp-block-column-is-layout-flow\">\n<div class=\"wp-block-group wp-container-content-9cfa9a5a is-vertical is-layout-flex wp-container-core-group-is-layout-fe9cc265 wp-block-group-is-layout-flex\">\n<div style=\"height:0px\" aria-hidden=\"true\" class=\"wp-block-spacer gt-hide-mobile wp-container-content-6388d5dc\"><\/div>\n\n\n<a href=\"https:\/\/www.camping-dunamunguy.com\/es\/alquiler-mobil-home-san-juan-de-luz\/\"    class=\"maillage wp-block-tiptip-hyperlink-group-block\" >\n<div class=\"wp-block-cover is-light maillage__image\" style=\"min-height:700px;aspect-ratio:unset;\"><img decoding=\"async\" width=\"500\" height=\"937\" class=\"wp-block-cover__image-background wp-image-383\" alt=\"appartements en locations vacances pays basque\" src=\"https:\/\/www.camping-dunamunguy.com\/wp-content\/uploads\/2024\/12\/appartements-en-locations-vacances-pays-basque.webp\" data-object-fit=\"cover\" srcset=\"https:\/\/www.camping-dunamunguy.com\/wp-content\/uploads\/2024\/12\/appartements-en-locations-vacances-pays-basque.webp 500w, https:\/\/www.camping-dunamunguy.com\/wp-content\/uploads\/2024\/12\/appartements-en-locations-vacances-pays-basque-160x300.webp 160w\" sizes=\"(max-width: 500px) 100vw, 500px\" \/><span aria-hidden=\"true\" class=\"wp-block-cover__background has-background-dim-0 has-background-dim\"><\/span><div class=\"wp-block-cover__inner-container has-global-padding is-layout-constrained wp-block-cover-is-layout-constrained\">\n<p class=\"has-text-align-center maillage__title has-custom-couleur-2-color has-text-color has-link-color has-kodchasan-font-family wp-elements-d62173ddfba0740034e47e98f36206e7\" style=\"padding-right:1rem;font-size:clamp(14px, 0.875rem + ((1vw - 3.2px) * 0.417), 18px);font-style:normal;font-weight:600;text-transform:uppercase\">pisos<\/p>\n<\/div><\/div>\n<\/a><\/div>\n<\/div>\n\n\n\n<div class=\"wp-block-column is-layout-flow wp-block-column-is-layout-flow\">\n<div class=\"wp-block-group wp-container-content-9cfa9a5a is-vertical is-layout-flex wp-container-core-group-is-layout-fe9cc265 wp-block-group-is-layout-flex\">\n<div style=\"height:0px\" aria-hidden=\"true\" class=\"wp-block-spacer gt-hide-mobile wp-container-content-6388d5dc\"><\/div>\n\n\n<h2 class=\"wp-block-heading\" style=\"text-transform:uppercase\" id=\"casa-movil-o-piso-tu-alquiler-confortable-en-el-pais-vasco\">\u00bfCasa m\u00f3vil o piso? Tu alquiler confortable en el Pa\u00eds Vasco <\/h2>\n\n\n<p>Elige tu <strong>alojamiento ideal<\/strong>, casa m\u00f3vil o apartamento, \u00a1para unas vacaciones excepcionales!<\/p>\n\n\n\n<p>Nuestro camping ofrece <a href=\"https:\/\/www.camping-dunamunguy.com\/es\/alquiler-mobil-home-san-juan-de-luz\/\" data-type=\"page\" data-id=\"9\">casas m\u00f3viles de<\/a> 1 a 3 dormitorios para alquilar en Saint-Jean-de-Luz, as\u00ed como <strong>pisos<\/strong> con jard\u00edn de 2 dormitorios. La capacidad var\u00eda de 2 a 6 personas. Todos los alojamientos est\u00e1n perfectamente amueblados y equipados para pasar unas vacaciones de <strong>camping<\/strong> de calidad en San Juan de Luz, en el Pa\u00eds Vasco.  <\/p>\n\n\n\n<p>En un entorno sombreado y arbolado, cada alojamiento dispone de su propio espacio exterior privado (jard\u00edn o terraza) delimitado por setos naturales, fuera de la vista, lo que te permite pasar momentos agradables a cualquier hora del d\u00eda o de la noche.<\/p>\n<\/div>\n<\/div>\n<\/div>\n<\/section>\n\n<section class=\"wp-block-group alignfull home-services has-custom-couleur-1-background-color has-background gt-break-mobile is-nowrap is-layout-flex wp-container-core-group-is-layout-46c006b9 wp-block-group-is-layout-flex\" style=\"margin-top:0;padding-top:14rem;padding-right:15rem;padding-bottom:14rem;padding-left:15rem\">\n<div class=\"wp-block-group wp-container-content-dc435e0d is-vertical is-layout-flex wp-container-core-group-is-layout-e1300cac wp-block-group-is-layout-flex\"><h2 class=\"wp-block-heading has-custom-couleur-2-color has-text-color has-link-color wp-elements-ffd4d2d4e710a77932e7b5b5c6828db7\" style=\"text-transform:uppercase\" id=\"sensacion-de-servicio-y-serenidad-en-el-camping-saint-jean-de-luz\">Sensaci\u00f3n de servicio y serenidad en el camping Saint-Jean-de-Luz<\/h2>\n\n\n<p class=\"has-base-2-color has-text-color has-link-color wp-elements-83a286c5a8e544b0da6d97193f58ed53\">Hemos optado por ofrecerte un camping sin animaci\u00f3n ni restaurantes, para que puedas <strong>relajarte y descansar<\/strong> despu\u00e9s de un d\u00eda ajetreado. Aqu\u00ed, la serenidad est\u00e1 a la orden del d\u00eda, pero no te faltar\u00e1 de nada. <\/p>\n\n\n\n<p class=\"has-base-2-color has-text-color has-link-color wp-elements-8577201b4de15878e57d7b3f79fc6cdf\">De hecho,<strong> muchos servicios son accesibles directamente in situ o en los alrededores<\/strong>, a menos de 400 metros. Tiendas de comestibles, restaurantes, chiringuitos, escuelas de surf, alquiler de material (tablas, bicicletas), rutas de senderismo, calendario de eventos locales&#8230; Estaremos encantados de compartir contigo nuestras buenas direcciones, orientarte hacia nuestros socios de confianza, o simplemente informarte sobre las actividades cercanas. <\/p>\n\n\n\n<p class=\"has-base-2-color has-text-color has-link-color wp-elements-bbcbea737b15b4e11c035a8798aedf1a\">\u00a1D\u00e9jate inspirar por nuestros consejos para aprovechar al m\u00e1ximo tu estancia en la costa vasca en nuestro <a href=\"https:\/\/www.camping-dunamunguy.com\/es\/camping-servicios-pais-vasco\/\" data-type=\"page\" data-id=\"8\">camping con servicios<\/a>!<\/p>\n\n\n\n<p class=\"has-base-2-color has-text-color has-link-color wp-elements-6c0b2beff02a434bcc22b24eb0a02302\"><\/p>\n\n\n\n<p class=\"gt-btn-arrow has-custom-couleur-2-color has-text-color has-link-color has-kodchasan-font-family wp-elements-d30ef785c3c72a274c9d546a02313cb2\" style=\"font-size:clamp(14px, 0.875rem + ((1vw - 3.2px) * 0.417), 18px);font-style:normal;font-weight:600;line-height:1.5;text-decoration:none;text-transform:uppercase\"><a href=\"https:\/\/www.camping-dunamunguy.com\/es\/camping-servicios-pais-vasco\/\" data-type=\"page\" data-id=\"8\">Los servicios<\/a><\/p>\n<\/div>\n\n\n\n<div class=\"wp-block-group slider-main-container has-global-padding is-layout-constrained wp-container-core-group-is-layout-b8d678f2 wp-block-group-is-layout-constrained\">\n<div data-swiper=\"{&quot;speed&quot;:400,&quot;spaceBetween&quot;:0,&quot;slidesPerView&quot;:1,&quot;createElements&quot;:true,&quot;loop&quot;:true,&quot;freemode&quot;:true,&quot;navigation&quot;:{&quot;disabledClass&quot;:&quot;swiper-button-disabled&quot;},&quot;pagination&quot;:{&quot;el&quot;:&quot;.swiper-pagination&quot;,&quot;clickable&quot;:true},&quot;breakpoints&quot;:{&quot;0&quot;:{&quot;autoplay&quot;:false},&quot;1024&quot;:[]},&quot;autoplay&quot;:{&quot;delay&quot;:5000}}\" class=\"wp-block-group slider-services gt-is-slider gt-is-slider-desktop is-layout-grid wp-container-core-group-is-layout-988b637e wp-block-group-is-layout-grid\">\n<div class=\"wp-block-cover is-light wp-container-content-ab6844ec\" style=\"padding-left:3rem\"><img decoding=\"async\" width=\"900\" height=\"506\" class=\"wp-block-cover__image-background wp-image-449\" alt=\"camping avec locations velo pays basque\" src=\"https:\/\/www.camping-dunamunguy.com\/wp-content\/uploads\/2024\/12\/camping-avec-locations-velo-pays-basque.webp\" data-object-fit=\"cover\" srcset=\"https:\/\/www.camping-dunamunguy.com\/wp-content\/uploads\/2024\/12\/camping-avec-locations-velo-pays-basque.webp 900w, https:\/\/www.camping-dunamunguy.com\/wp-content\/uploads\/2024\/12\/camping-avec-locations-velo-pays-basque-300x169.webp 300w, https:\/\/www.camping-dunamunguy.com\/wp-content\/uploads\/2024\/12\/camping-avec-locations-velo-pays-basque-768x432.webp 768w\" sizes=\"(max-width: 900px) 100vw, 900px\" \/><span aria-hidden=\"true\" class=\"wp-block-cover__background has-custom-couleur-2-background-color has-background-dim-90 has-background-dim\"><\/span><div class=\"wp-block-cover__inner-container has-global-padding is-layout-constrained wp-container-core-cover-is-layout-86e42858 wp-block-cover-is-layout-constrained\">\n<div class=\"wp-block-group alignwide alignleft is-vertical is-content-justification-left is-layout-flex wp-container-core-group-is-layout-90d659e7 wp-block-group-is-layout-flex\" style=\"min-height:100%;padding-top:3rem;padding-bottom:3rem\">\n<p class=\"service-title has-custom-couleur-1-color has-text-color has-link-color has-kodchasan-font-family wp-elements-2d8516419914f1f15cedd5cec0a0f6e1\" style=\"font-size:clamp(16.834px, 1.052rem + ((1vw - 3.2px) * 0.955), 26px);font-style:normal;font-weight:600;text-transform:uppercase\">Alquiler de tablas y bicicletas<\/p>\n\n\n\n<div style=\"height:0px\" aria-hidden=\"true\" class=\"wp-block-spacer gt-hide-mobile wp-container-content-82ea18c2\"><\/div>\n\n\n\n<p class=\"text service-text has-custom-couleur-1-color has-text-color has-link-color wp-elements-eb064ecb7086fc8ea7d8a092c860a6df\" style=\"font-size:clamp(14px, 0.875rem + ((1vw - 3.2px) * 0.104), 15px);\"><img decoding=\"async\" width=\"50\" height=\"60\" class=\"wp-image-497\" style=\"width: 50px;\" src=\"https:\/\/www.camping-dunamunguy.com\/wp-content\/uploads\/2024\/12\/Planches.svg\" alt=\"Tableros\"\/><br\/><br\/>Alquila tu bicicleta o tu tabla de surf directamente en el camping<\/p>\n<\/div>\n<\/div><\/div>\n\n\n\n<div class=\"wp-block-cover is-light wp-container-content-ab6844ec\" style=\"padding-left:3rem\"><img decoding=\"async\" width=\"900\" height=\"506\" class=\"wp-block-cover__image-background wp-image-531\" alt=\"camping avec activites pays basque\" src=\"https:\/\/www.camping-dunamunguy.com\/wp-content\/uploads\/2024\/12\/camping-avec-activites-pays-basque.webp\" data-object-fit=\"cover\" srcset=\"https:\/\/www.camping-dunamunguy.com\/wp-content\/uploads\/2024\/12\/camping-avec-activites-pays-basque.webp 900w, https:\/\/www.camping-dunamunguy.com\/wp-content\/uploads\/2024\/12\/camping-avec-activites-pays-basque-300x169.webp 300w, https:\/\/www.camping-dunamunguy.com\/wp-content\/uploads\/2024\/12\/camping-avec-activites-pays-basque-768x432.webp 768w\" sizes=\"(max-width: 900px) 100vw, 900px\" \/><span aria-hidden=\"true\" class=\"wp-block-cover__background has-custom-couleur-2-background-color has-background-dim-90 has-background-dim\"><\/span><div class=\"wp-block-cover__inner-container has-global-padding is-layout-constrained wp-container-core-cover-is-layout-86e42858 wp-block-cover-is-layout-constrained\">\n<div class=\"wp-block-group alignwide alignleft is-vertical is-content-justification-left is-layout-flex wp-container-core-group-is-layout-90d659e7 wp-block-group-is-layout-flex\" style=\"min-height:100%;padding-top:3rem;padding-bottom:3rem\">\n<p class=\"service-title has-custom-couleur-1-color has-text-color has-link-color has-kodchasan-font-family wp-elements-18decf31aa0bb77660e473fa11c2ca0e\" style=\"font-size:clamp(16.834px, 1.052rem + ((1vw - 3.2px) * 0.955), 26px);font-style:normal;font-weight:600;text-transform:uppercase\">Nuestra selecci\u00f3n de actividades<\/p>\n\n\n\n<div style=\"height:0px\" aria-hidden=\"true\" class=\"wp-block-spacer gt-hide-mobile wp-container-content-82ea18c2\"><\/div>\n\n\n\n<p class=\"text service-text has-custom-couleur-1-color has-text-color has-link-color wp-elements-c08ce47d6ea83fa1c8969f624f50bf60\" style=\"font-size:clamp(14px, 0.875rem + ((1vw - 3.2px) * 0.104), 15px);\"><img decoding=\"async\" width=\"50\" height=\"55\" class=\"wp-image-516\" style=\"width: 50px;\" src=\"https:\/\/www.camping-dunamunguy.com\/wp-content\/uploads\/2024\/12\/Massage.svg\" alt=\"Masaje\"\/>Nuestra selecci\u00f3n de expertos locales: surf, bienestar y descubrimientos aut\u00e9nticos<\/p>\n<\/div>\n<\/div><\/div>\n\n\n\n<div class=\"wp-block-cover is-light wp-container-content-ab6844ec\" style=\"padding-left:3rem\"><img decoding=\"async\" width=\"900\" height=\"505\" class=\"wp-block-cover__image-background wp-image-528\" alt=\"camping animaux acceptes pays basque\" src=\"https:\/\/www.camping-dunamunguy.com\/wp-content\/uploads\/2024\/12\/camping-animaux-acceptes-pays-basque.webp\" data-object-fit=\"cover\" srcset=\"https:\/\/www.camping-dunamunguy.com\/wp-content\/uploads\/2024\/12\/camping-animaux-acceptes-pays-basque.webp 900w, https:\/\/www.camping-dunamunguy.com\/wp-content\/uploads\/2024\/12\/camping-animaux-acceptes-pays-basque-300x168.webp 300w, https:\/\/www.camping-dunamunguy.com\/wp-content\/uploads\/2024\/12\/camping-animaux-acceptes-pays-basque-768x431.webp 768w\" sizes=\"(max-width: 900px) 100vw, 900px\" \/><span aria-hidden=\"true\" class=\"wp-block-cover__background has-custom-couleur-2-background-color has-background-dim-90 has-background-dim\"><\/span><div class=\"wp-block-cover__inner-container has-global-padding is-layout-constrained wp-container-core-cover-is-layout-86e42858 wp-block-cover-is-layout-constrained\">\n<div class=\"wp-block-group alignwide alignleft is-vertical is-content-justification-left is-layout-flex wp-container-core-group-is-layout-90d659e7 wp-block-group-is-layout-flex\" style=\"min-height:100%;padding-top:3rem;padding-bottom:3rem\">\n<p class=\"service-title has-custom-couleur-1-color has-text-color has-link-color has-kodchasan-font-family wp-elements-4790adf249a8283f19c3ea24e67cdc14\" style=\"font-size:clamp(16.834px, 1.052rem + ((1vw - 3.2px) * 0.955), 26px);font-style:normal;font-weight:600;text-transform:uppercase\">Viajar con tu mascota<\/p>\n\n\n\n<div style=\"height:0px\" aria-hidden=\"true\" class=\"wp-block-spacer gt-hide-mobile wp-container-content-82ea18c2\"><\/div>\n\n\n\n<p class=\"text service-text has-custom-couleur-1-color has-text-color has-link-color wp-elements-330d1d0bb0577b97ab2f9916b3eebf14\" style=\"font-size:clamp(14px, 0.875rem + ((1vw - 3.2px) * 0.104), 15px);\"><img decoding=\"async\" width=\"40\" height=\"71\" class=\"wp-image-519\" style=\"width: 40px;\" src=\"https:\/\/www.camping-dunamunguy.com\/wp-content\/uploads\/2024\/12\/chien.svg\" alt=\"perro\"\/>Estancia conjunta: tu mascota es bienvenida con nosotros.<\/p>\n<\/div>\n<\/div><\/div>\n<\/div>\n<\/div>\n<\/section>\n\n<section class=\"wp-block-group alignfull home-piscine home-template-slider has-custom-couleur-3-background-color has-background is-vertical is-layout-flex wp-container-core-group-is-layout-9daacc67 wp-block-group-is-layout-flex\" style=\"margin-top:0;margin-bottom:0;padding-top:12rem;padding-right:0rem;padding-bottom:12rem;padding-left:0rem\">\n<div class=\"wp-block-group gt-rangee is-content-justification-left is-nowrap is-layout-flex wp-container-core-group-is-layout-a7e4645d wp-block-group-is-layout-flex\" style=\"padding-right:15rem;padding-left:15rem\">\n<div class=\"wp-block-group is-vertical is-layout-flex wp-container-core-group-is-layout-fe9cc265 wp-block-group-is-layout-flex\">\n<p class=\"text-deco has-custom-couleur-1-color has-text-color has-link-color has-kodchasan-font-family wp-elements-2245d6a935b868ddd06fb85082cc9c37\" style=\"margin-left:-4.6rem;font-size:clamp(44.14px, 2.759rem + ((1vw - 3.2px) * 4.256), 85px);line-height:1.3;text-transform:uppercase\">Tradiciones<\/p>\n\n\n\n<p class=\"text-deco-two has-custom-couleur-5-color has-text-color has-link-color wp-elements-2956f5c387e4914cbe22ca1f5a482c22\" style=\"border-left-color:var(--wp--preset--color--custom-couleur-2);border-left-width:1px;padding-left:1rem;font-size:clamp(16.834px, 1.052rem + ((1vw - 3.2px) * 0.955), 26px);letter-spacing:5.2px;text-transform:uppercase\"><br\/>Explora la cultura, de una tierra con car\u00e1cter<\/p>\n<\/div>\n\n\n\n<div class=\"wp-block-group gt-swiper-mb-2-top button-slider button-slider-next has-border-color has-custom-couleur-2-border-color has-base-2-background-color has-background is-vertical is-content-justification-left is-layout-flex wp-container-core-group-is-layout-12b746d1 wp-block-group-is-layout-flex\" style=\"border-style:solid;border-width:1px;padding-top:2rem;padding-right:6rem;padding-bottom:2rem;padding-left:2rem\">\n<p class=\"has-custom-couleur-1-color has-text-color has-link-color has-kodchasan-font-family wp-elements-6734a0359425b03d7b456498fd690d53\" style=\"font-size:clamp(23.54px, 1.471rem + ((1vw - 3.2px) * 1.61), 39px);text-transform:uppercase\"><br\/>Pa\u00eds vasco<\/p>\n\n\n\n<div class=\"wp-block-group is-nowrap is-layout-flex wp-container-core-group-is-layout-6c531013 wp-block-group-is-layout-flex\">\n<figure class=\"wp-block-image size-large is-resized\"><img decoding=\"async\" width=\"87\" height=\"91\" src=\"https:\/\/www.camping-dunamunguy.com\/wp-content\/uploads\/2024\/11\/Piment.svg\" alt=\"Guindilla\" class=\"wp-image-85\" style=\"width:45px\"\/><\/figure>\n\n\n\n<p class=\"text has-contrast-color has-text-color has-link-color wp-elements-de8b7106fe05a059f8f908a3d02e077f\"><br\/>S<strong>abores locales<\/strong> Ambiente vasco garantizado<\/p>\n<\/div>\n<\/div>\n<\/div>\n\n\n\n<div data-swiper=\"{&quot;speed&quot;:400,&quot;spaceBetween&quot;:0,&quot;slidesPerView&quot;:1,&quot;createElements&quot;:true,&quot;loop&quot;:false,&quot;freemode&quot;:true,&quot;navigation&quot;:{&quot;nextEl&quot;:&quot;.gt-swiper-mb-2-bottom&quot;,&quot;prevEl&quot;:&quot;.gt-swiper-mb-2-top&quot;},&quot;pagination&quot;:{&quot;dynamicBullets&quot;:false},&quot;breakpoints&quot;:[{&quot;slidesPerView&quot;:1}],&quot;effect&quot;:&quot;fade&quot;,&quot;autoplay&quot;:{&quot;delay&quot;:5000}}\" class=\"wp-block-group gt-is-slider gt-is-slider-desktop is-nowrap is-layout-flex wp-container-core-group-is-layout-485480d6 wp-block-group-is-layout-flex\" style=\"padding-right:0rem;padding-left:0rem\"><a href=\"https:\/\/www.camping-dunamunguy.com\/es\/turismo-pais-vasco\/\"    class=\"maillage wp-block-tiptip-hyperlink-group-block wp-container-content-9cfa9a5a\" >\n<div class=\"wp-block-cover maillage__image maillage-reveal\" style=\"min-height:700px;aspect-ratio:unset;\"><img decoding=\"async\" width=\"1920\" height=\"852\" class=\"wp-block-cover__image-background wp-image-668\" alt=\"camping au coeur du pays basque\" src=\"https:\/\/www.camping-dunamunguy.com\/wp-content\/uploads\/2024\/12\/camping-au-coeur-du-pays-basque.webp\" data-object-fit=\"cover\" srcset=\"https:\/\/www.camping-dunamunguy.com\/wp-content\/uploads\/2024\/12\/camping-au-coeur-du-pays-basque.webp 1920w, https:\/\/www.camping-dunamunguy.com\/wp-content\/uploads\/2024\/12\/camping-au-coeur-du-pays-basque-300x133.webp 300w, https:\/\/www.camping-dunamunguy.com\/wp-content\/uploads\/2024\/12\/camping-au-coeur-du-pays-basque-1024x454.webp 1024w, https:\/\/www.camping-dunamunguy.com\/wp-content\/uploads\/2024\/12\/camping-au-coeur-du-pays-basque-768x341.webp 768w, https:\/\/www.camping-dunamunguy.com\/wp-content\/uploads\/2024\/12\/camping-au-coeur-du-pays-basque-1536x682.webp 1536w\" sizes=\"(max-width: 1920px) 100vw, 1920px\" \/><span aria-hidden=\"true\" class=\"wp-block-cover__background has-background-dim-0 has-background-dim\"><\/span><div class=\"wp-block-cover__inner-container has-global-padding is-layout-constrained wp-block-cover-is-layout-constrained\">\n<p class=\"has-text-align-center maillage__title has-custom-couleur-2-color has-text-color has-link-color has-kodchasan-font-family wp-elements-28371aa320576be740c713f68e82ef51\" style=\"padding-right:1rem;font-size:clamp(14px, 0.875rem + ((1vw - 3.2px) * 0.417), 18px);font-style:normal;font-weight:600;text-transform:uppercase\">Pa\u00eds Vasco<\/p>\n<\/div><\/div>\n<\/a>\n\n<a href=\"https:\/\/www.camping-dunamunguy.com\/es\/senderismo-pais-vasco\/\"    class=\"maillage wp-block-tiptip-hyperlink-group-block wp-container-content-9cfa9a5a\" >\n<div class=\"wp-block-cover is-light maillage__image maillage-reveal\" style=\"min-height:700px;aspect-ratio:unset;\"><img decoding=\"async\" width=\"1920\" height=\"840\" class=\"wp-block-cover__image-background wp-image-1192\" alt=\"sport et nature au pays basque\" src=\"https:\/\/www.camping-dunamunguy.com\/wp-content\/uploads\/2024\/12\/sport-et-nature-au-pays-basque.webp\" data-object-fit=\"cover\" srcset=\"https:\/\/www.camping-dunamunguy.com\/wp-content\/uploads\/2024\/12\/sport-et-nature-au-pays-basque.webp 1920w, https:\/\/www.camping-dunamunguy.com\/wp-content\/uploads\/2024\/12\/sport-et-nature-au-pays-basque-300x131.webp 300w, https:\/\/www.camping-dunamunguy.com\/wp-content\/uploads\/2024\/12\/sport-et-nature-au-pays-basque-1024x448.webp 1024w, https:\/\/www.camping-dunamunguy.com\/wp-content\/uploads\/2024\/12\/sport-et-nature-au-pays-basque-768x336.webp 768w, https:\/\/www.camping-dunamunguy.com\/wp-content\/uploads\/2024\/12\/sport-et-nature-au-pays-basque-1536x672.webp 1536w\" sizes=\"(max-width: 1920px) 100vw, 1920px\" \/><span aria-hidden=\"true\" class=\"wp-block-cover__background has-background-dim-0 has-background-dim\"><\/span><div class=\"wp-block-cover__inner-container has-global-padding is-layout-constrained wp-block-cover-is-layout-constrained\">\n<p class=\"has-text-align-center maillage__title has-custom-couleur-2-color has-text-color has-link-color has-kodchasan-font-family wp-elements-da2041209c4d8e6abad12b96d3fc8ef1\" style=\"padding-right:1rem;font-size:clamp(14px, 0.875rem + ((1vw - 3.2px) * 0.417), 18px);font-style:normal;font-weight:600;text-transform:uppercase\">Deporte y naturaleza<\/p>\n<\/div><\/div>\n<\/a><\/div>\n\n\n\n<div class=\"wp-block-group gt-rangee is-content-justification-right is-nowrap is-layout-flex wp-container-core-group-is-layout-55327474 wp-block-group-is-layout-flex\" style=\"padding-right:15rem;padding-left:15rem\">\n<div class=\"wp-block-group gt-swiper-mb-2-bottom button-slider button-slider-prev has-border-color has-custom-couleur-2-border-color has-base-2-background-color has-background is-vertical is-content-justification-left is-layout-flex wp-container-core-group-is-layout-12b746d1 wp-block-group-is-layout-flex\" style=\"border-style:solid;border-width:1px;padding-top:2rem;padding-right:6rem;padding-bottom:2rem;padding-left:2rem\">\n<p class=\"has-custom-couleur-1-color has-text-color has-link-color has-kodchasan-font-family wp-elements-10f0e7f5ec1d0610c1efdfc1741a5507\" style=\"font-size:clamp(23.54px, 1.471rem + ((1vw - 3.2px) * 1.61), 39px);text-transform:uppercase\"><br\/>Deporte y naturaleza<\/p>\n\n\n\n<div class=\"wp-block-group is-nowrap is-layout-flex wp-container-core-group-is-layout-6c531013 wp-block-group-is-layout-flex\">\n<figure class=\"wp-block-image size-large is-resized\"><img decoding=\"async\" width=\"117\" height=\"93\" src=\"https:\/\/www.camping-dunamunguy.com\/wp-content\/uploads\/2024\/11\/Plage.svg\" alt=\"Playa\" class=\"wp-image-88\" style=\"width:45px\"\/><\/figure>\n\n\n\n<p class=\"text has-contrast-color has-text-color has-link-color wp-elements-f843e7f17348fd03234c8be3e253378a\"><br\/>V<strong>e m\u00e1s lejos,<\/strong> rodeado de vegetaci\u00f3n<\/p>\n<\/div>\n<\/div>\n\n\n\n<div class=\"wp-block-group wp-container-content-0733e5d0 is-vertical is-layout-flex wp-container-core-group-is-layout-fe9cc265 wp-block-group-is-layout-flex\">\n<div style=\"height:40px\" aria-hidden=\"true\" class=\"wp-block-spacer gt-hide-mobile wp-container-content-28f0cd9b\"><\/div>\n\n\n<h2 class=\"wp-block-heading\" style=\"text-transform:uppercase\" id=\"vive-toda-la-belleza-y-naturaleza-del-pais-vasco\">Vive toda la belleza y naturaleza del Pa\u00eds Vasco<\/h2>\n\n\n<div style=\"height:15px\" aria-hidden=\"true\" class=\"wp-block-spacer gt-hide-mobile wp-container-content-42c95ffb\"><\/div>\n\n\n\n<p><strong>Idealmente situado entre el mar y la monta\u00f1a<\/strong>, y cerca de todos los <strong>lugares de visita obligada<\/strong>, nuestro camping es el punto de partida ideal para descubrir los innumerables encantos del <a href=\"https:\/\/www.camping-dunamunguy.com\/es\/turismo-pais-vasco\/\" data-type=\"page\" data-id=\"13\">Pa\u00eds Vasco<\/a>, a ambos lados de las fronteras francesa y espa\u00f1ola.<\/p>\n\n\n\n<p>D\u00e9jate seducir por legendarias playas de surf, impresionantes rutas de <a href=\"https:\/\/www.camping-dunamunguy.com\/es\/senderismo-pais-vasco\/\" data-type=\"page\" data-id=\"12\">senderismo por el Pa\u00eds Vasco<\/a>, variadas rutas ciclistas y aut\u00e9nticos pueblos impregnados de tradici\u00f3n. Conoce a productores comprometidos, prueba una cocina deliciosa y sum\u00e9rgete en una cultura rica y fascinante. <\/p>\n\n\n\n<p>Unas vacaciones que prometen evasi\u00f3n, descubrimientos y recuerdos inolvidables.<\/p>\n<\/div>\n<\/div>\n<\/section>\n\n<section class=\"wp-block-group alignfull home-avis is-vertical is-layout-flex wp-container-core-group-is-layout-9275a845 wp-block-group-is-layout-flex has-background\" style=\"border-top-color:var(--wp--preset--color--custom-couleur-2);border-top-style:solid;border-top-width:1px;margin-top:0;margin-bottom:0;padding-top:12rem;padding-right:15rem;padding-bottom:12rem;padding-left:15rem;background-image:url(&apos;https:\/\/www.camping-dunamunguy.com\/wp-content\/uploads\/2024\/12\/camping-avec-piscine-st-jean-de-luz-1.webp&apos;);background-position:50% 50%;background-size:cover;\">\n<div class=\"wp-block-group alignfull is-nowrap is-layout-flex wp-container-core-group-is-layout-6c531013 wp-block-group-is-layout-flex\">\n<div class=\"wp-block-group is-vertical is-layout-flex wp-container-core-group-is-layout-fe9cc265 wp-block-group-is-layout-flex\">\n<p class=\"text-deco has-custom-couleur-1-color has-text-color has-link-color has-kodchasan-font-family wp-elements-7d12255361943780998fc8c348b6de34\" style=\"margin-left:-4.6rem;font-size:clamp(44.14px, 2.759rem + ((1vw - 3.2px) * 4.256), 85px);line-height:1.3;text-transform:uppercase\">Comparte<\/p>\n\n\n\n<p class=\"text-deco-two has-custom-couleur-5-color has-text-color has-link-color wp-elements-fd7f8c092dcc392b2bd2922c267daf07\" style=\"border-left-color:var(--wp--preset--color--custom-couleur-2);border-left-width:1px;padding-left:1rem;font-size:clamp(16.834px, 1.052rem + ((1vw - 3.2px) * 0.955), 26px);letter-spacing:5.2px;text-transform:uppercase\"><br\/>Sonrisas que calientan y unen a las personas<\/p>\n<\/div>\n\n\n\n<p><\/p>\n<\/div>\n\n\n\n<div class=\"wp-block-group wp-container-content-9cfa9a5a has-global-padding is-content-justification-left is-layout-constrained wp-container-core-group-is-layout-c03a1e82 wp-block-group-is-layout-constrained\" style=\"margin-top:0;margin-bottom:0;padding-top:3rem;padding-right:0px;padding-bottom:3rem;padding-left:0px\"><pre class=\"ti-widget\" style=\"display: none\"><template id=\"trustindex-tripadvisor-widget-html\"><div class=\"ti-widget ti-trip ti-show-rating-text ti-review-text-mode-readmore ti-text-align-left\" data-no-translation=\"true\" data-layout-id=\"5\" data-layout-category=\"slider\" data-set-id=\"light-background\" data-pid=\"\" data-language=\"fr\" data-review-target-width=\"275\" data-css-version=\"2\" data-review-text-mode=\"readmore\" data-reply-by-locale=\"R\u00e9ponse du propri\u00e9taire\" data-pager-autoplay-timeout=\"6\" > <div class=\"ti-widget-container ti-col-4\"> <div class=\"ti-footer source-Tripadvisor\"> <div class=\"ti-rating-text\"> <strong class=\"ti-rating ti-rating-large\"> EXCELLENT <\/strong> <\/div> <span class=\"ti-stars star-lg\"><trustindex-image class=\"ti-star\" data-imgurl=\"https:\/\/cdn.trustindex.io\/assets\/platform\/Tripadvisor\/star\/f.svg\" alt=\"Tripadvisor\" width=\"17\" height=\"17\" loading=\"lazy\" ><\/trustindex-image><trustindex-image class=\"ti-star\" data-imgurl=\"https:\/\/cdn.trustindex.io\/assets\/platform\/Tripadvisor\/star\/f.svg\" alt=\"Tripadvisor\" width=\"17\" height=\"17\" loading=\"lazy\" ><\/trustindex-image><trustindex-image class=\"ti-star\" data-imgurl=\"https:\/\/cdn.trustindex.io\/assets\/platform\/Tripadvisor\/star\/f.svg\" alt=\"Tripadvisor\" width=\"17\" height=\"17\" loading=\"lazy\" ><\/trustindex-image><trustindex-image class=\"ti-star\" data-imgurl=\"https:\/\/cdn.trustindex.io\/assets\/platform\/Tripadvisor\/star\/f.svg\" alt=\"Tripadvisor\" width=\"17\" height=\"17\" loading=\"lazy\" ><\/trustindex-image><trustindex-image class=\"ti-star\" data-imgurl=\"https:\/\/cdn.trustindex.io\/assets\/platform\/Tripadvisor\/star\/h.svg\" alt=\"Tripadvisor\" width=\"17\" height=\"17\" loading=\"lazy\" ><\/trustindex-image><\/span> <div class=\"ti-rating-text\"> <span class=\"nowrap\">Bas\u00e9e sur <strong>273 avis<\/strong><\/span> <\/div> <div class=\"ti-large-logo\"> <div class=\"ti-v-center\"> <trustindex-image class=\"ti-logo-fb\" data-imgurl=\"https:\/\/cdn.trustindex.io\/assets\/platform\/Tripadvisor\/logo.svg\" width=\"150\" height=\"25\" loading=\"lazy\" alt=\"Tripadvisor\" width=\"150\" height=\"25\" ><\/trustindex-image> <\/div> <\/div> <\/div> <div class=\"ti-reviews-container\"> <div class=\"ti-controls\"> <div class=\"ti-next\" aria-label=\"Avis suivante\" role=\"button\"><\/div> <div class=\"ti-prev\" aria-label=\"Avis pr\u00e9c\u00e9dent\" role=\"button\"><\/div> <\/div> <div class=\"ti-reviews-container-wrapper\">  <div data-empty=\"0\" class=\"ti-review-item source-Tripadvisor ti-image-layout-thumbnail\" data-id=\"cfcd208495d565ef66e7dff9f98764da\" > <div class=\"ti-inner\"> <div class=\"ti-review-header\">  <div class=\"ti-profile-img\"> <trustindex-image data-imgurl=\"https:\/\/media-cdn.tripadvisor.com\/media\/photo-o\/1a\/f6\/e8\/ea\/default-avatar-2020-63.jpg\" data-imgurlset=\"https:\/\/media-cdn.tripadvisor.com\/media\/photo-o\/1a\/f6\/e8\/ea\/default-avatar-2020-63.jpg 2x\" alt=\"Devert D\" loading=\"lazy\" ><\/trustindex-image> <\/div> <div class=\"ti-profile-details\"> <div class=\"ti-name\"> Devert D <\/div> <div class=\"ti-date\">31 Octobre 2024<\/div> <\/div> <\/div> <span class=\"ti-stars\"><trustindex-image class=\"ti-star\" data-imgurl=\"https:\/\/cdn.trustindex.io\/assets\/platform\/Tripadvisor\/star\/f.svg\" alt=\"Tripadvisor\" width=\"17\" height=\"17\" loading=\"lazy\" ><\/trustindex-image><trustindex-image class=\"ti-star\" data-imgurl=\"https:\/\/cdn.trustindex.io\/assets\/platform\/Tripadvisor\/star\/f.svg\" alt=\"Tripadvisor\" width=\"17\" height=\"17\" loading=\"lazy\" ><\/trustindex-image><trustindex-image class=\"ti-star\" data-imgurl=\"https:\/\/cdn.trustindex.io\/assets\/platform\/Tripadvisor\/star\/f.svg\" alt=\"Tripadvisor\" width=\"17\" height=\"17\" loading=\"lazy\" ><\/trustindex-image><trustindex-image class=\"ti-star\" data-imgurl=\"https:\/\/cdn.trustindex.io\/assets\/platform\/Tripadvisor\/star\/f.svg\" alt=\"Tripadvisor\" width=\"17\" height=\"17\" loading=\"lazy\" ><\/trustindex-image><trustindex-image class=\"ti-star\" data-imgurl=\"https:\/\/cdn.trustindex.io\/assets\/platform\/Tripadvisor\/star\/f.svg\" alt=\"Tripadvisor\" width=\"17\" height=\"17\" loading=\"lazy\" ><\/trustindex-image><span class=\"ti-verified-review\"><span class=\"ti-verified-tooltip\">v\u00e9rifi\u00e9<\/span><\/span><\/span> <div class=\"ti-review-text-container ti-review-content\"><!-- R-CONTENT --><strong>Exp\u00e9rience \u00e0 faire!<\/strong>\nBonjour, Ce n'est pas pour un avis, mais je n'ai pas trouv\u00e9 le site de contact, nous sommes \u00e0 la recherche d'un mobil home d'occasion de 30m2 environ, si possible trois chambres, mais \u00e0 d\u00e9faut deux chambres minimum, situ\u00e9 sur votre camping \u00e0 l'ann\u00e9e: auriez vous quelque chose \u00e0 nous proposer? D'avance merci de votre r\u00e9ponse<!-- R-CONTENT --><\/div> <span class=\"ti-read-more\" data-container=\".ti-review-content\" data-collapse-text=\"Cacher\" data-open-text=\"Lire la suite\" ><\/span> <\/div> <\/div>  <div data-empty=\"0\" class=\"ti-review-item source-Tripadvisor ti-image-layout-thumbnail\" data-id=\"cfcd208495d565ef66e7dff9f98764da\" > <div class=\"ti-inner\"> <div class=\"ti-review-header\">  <div class=\"ti-profile-img\"> <trustindex-image data-imgurl=\"https:\/\/media-cdn.tripadvisor.com\/media\/photo-o\/1a\/f6\/f0\/d5\/default-avatar-2020-17.jpg\" data-imgurlset=\"https:\/\/media-cdn.tripadvisor.com\/media\/photo-o\/1a\/f6\/f0\/d5\/default-avatar-2020-17.jpg 2x\" alt=\"jojo\" loading=\"lazy\" ><\/trustindex-image> <\/div> <div class=\"ti-profile-details\"> <div class=\"ti-name\"> jojo <\/div> <div class=\"ti-date\">25 Octobre 2024<\/div> <\/div> <\/div> <span class=\"ti-stars\"><trustindex-image class=\"ti-star\" data-imgurl=\"https:\/\/cdn.trustindex.io\/assets\/platform\/Tripadvisor\/star\/f.svg\" alt=\"Tripadvisor\" width=\"17\" height=\"17\" loading=\"lazy\" ><\/trustindex-image><trustindex-image class=\"ti-star\" data-imgurl=\"https:\/\/cdn.trustindex.io\/assets\/platform\/Tripadvisor\/star\/f.svg\" alt=\"Tripadvisor\" width=\"17\" height=\"17\" loading=\"lazy\" ><\/trustindex-image><trustindex-image class=\"ti-star\" data-imgurl=\"https:\/\/cdn.trustindex.io\/assets\/platform\/Tripadvisor\/star\/f.svg\" alt=\"Tripadvisor\" width=\"17\" height=\"17\" loading=\"lazy\" ><\/trustindex-image><trustindex-image class=\"ti-star\" data-imgurl=\"https:\/\/cdn.trustindex.io\/assets\/platform\/Tripadvisor\/star\/f.svg\" alt=\"Tripadvisor\" width=\"17\" height=\"17\" loading=\"lazy\" ><\/trustindex-image><trustindex-image class=\"ti-star\" data-imgurl=\"https:\/\/cdn.trustindex.io\/assets\/platform\/Tripadvisor\/star\/f.svg\" alt=\"Tripadvisor\" width=\"17\" height=\"17\" loading=\"lazy\" ><\/trustindex-image><span class=\"ti-verified-review\"><span class=\"ti-verified-tooltip\">v\u00e9rifi\u00e9<\/span><\/span><\/span> <div class=\"ti-review-text-container ti-review-content\"><!-- R-CONTENT --><strong>Vacances au pays basque<\/strong>\nCamping Duna Munguy endroit tr\u00e8s calme, bien tenu. Cette ann\u00e9e de nouveaux mobil home neuf certains avec des terrasses semi couvertes sont venus accro\u00eetre le bien \u00eatre des clients. En effet ces mobil home ont un confort am\u00e9lior\u00e9. Literie au top, un bon agencement une bonne isolation. Les g\u00e9rants sont \u00e0 l'\u00e9coute et nous avons qu'une envie c'est d'y revenir l'ann\u00e9e prochaine. Bonne continuation et bon repos \u00e0 Julien et C\u00e9cile<!-- R-CONTENT --><\/div> <span class=\"ti-read-more\" data-container=\".ti-review-content\" data-collapse-text=\"Cacher\" data-open-text=\"Lire la suite\" ><\/span> <\/div> <\/div>  <div data-empty=\"0\" class=\"ti-review-item source-Tripadvisor ti-image-layout-thumbnail\" data-id=\"cfcd208495d565ef66e7dff9f98764da\" > <div class=\"ti-inner\"> <div class=\"ti-review-header\">  <div class=\"ti-profile-img\"> <trustindex-image data-imgurl=\"https:\/\/media-cdn.tripadvisor.com\/media\/photo-o\/1a\/f6\/eb\/6d\/default-avatar-2020-19.jpg\" data-imgurlset=\"https:\/\/media-cdn.tripadvisor.com\/media\/photo-o\/1a\/f6\/eb\/6d\/default-avatar-2020-19.jpg 2x\" alt=\"Muriel P\" loading=\"lazy\" ><\/trustindex-image> <\/div> <div class=\"ti-profile-details\"> <div class=\"ti-name\"> Muriel P <\/div> <div class=\"ti-date\">30 Juillet 2024<\/div> <\/div> <\/div> <span class=\"ti-stars\"><trustindex-image class=\"ti-star\" data-imgurl=\"https:\/\/cdn.trustindex.io\/assets\/platform\/Tripadvisor\/star\/f.svg\" alt=\"Tripadvisor\" width=\"17\" height=\"17\" loading=\"lazy\" ><\/trustindex-image><trustindex-image class=\"ti-star\" data-imgurl=\"https:\/\/cdn.trustindex.io\/assets\/platform\/Tripadvisor\/star\/f.svg\" alt=\"Tripadvisor\" width=\"17\" height=\"17\" loading=\"lazy\" ><\/trustindex-image><trustindex-image class=\"ti-star\" data-imgurl=\"https:\/\/cdn.trustindex.io\/assets\/platform\/Tripadvisor\/star\/f.svg\" alt=\"Tripadvisor\" width=\"17\" height=\"17\" loading=\"lazy\" ><\/trustindex-image><trustindex-image class=\"ti-star\" data-imgurl=\"https:\/\/cdn.trustindex.io\/assets\/platform\/Tripadvisor\/star\/f.svg\" alt=\"Tripadvisor\" width=\"17\" height=\"17\" loading=\"lazy\" ><\/trustindex-image><trustindex-image class=\"ti-star\" data-imgurl=\"https:\/\/cdn.trustindex.io\/assets\/platform\/Tripadvisor\/star\/f.svg\" alt=\"Tripadvisor\" width=\"17\" height=\"17\" loading=\"lazy\" ><\/trustindex-image><span class=\"ti-verified-review\"><span class=\"ti-verified-tooltip\">v\u00e9rifi\u00e9<\/span><\/span><\/span> <div class=\"ti-review-text-container ti-review-content\"><!-- R-CONTENT --><strong>Tr\u00e8s bon s\u00e9jour<\/strong>\nCamping \u00e0 taille humaine, calme, bien situ\u00e9, tr\u00e8s proche de deux belles plages Mayarco et Cenitz \u00e0 une heure de saint jean de Luz \u00e0 pied par le GR et \u00e0 25 minutes \u00e0 pied de Gu\u00e9thary par un petit chemin c\u00f4tier, possibilit\u00e9 de faire des cours de surf, central pour visiter le pays basque, proche de l'Espagne. le mobil homme, neuf et propre avec terrasse appr\u00e9ci\u00e9 par la famille. Un tr\u00e8s bon s\u00e9jour. julien, \u00e0 notre \u00e9coute<!-- R-CONTENT --><\/div> <span class=\"ti-read-more\" data-container=\".ti-review-content\" data-collapse-text=\"Cacher\" data-open-text=\"Lire la suite\" ><\/span> <\/div> <\/div>  <div data-empty=\"0\" class=\"ti-review-item source-Tripadvisor ti-image-layout-thumbnail\" data-id=\"cfcd208495d565ef66e7dff9f98764da\" > <div class=\"ti-inner\"> <div class=\"ti-review-header\">  <div class=\"ti-profile-img\"> <trustindex-image data-imgurl=\"https:\/\/media-cdn.tripadvisor.com\/media\/photo-o\/1a\/f6\/ef\/32\/default-avatar-2020-12.jpg\" data-imgurlset=\"https:\/\/media-cdn.tripadvisor.com\/media\/photo-o\/1a\/f6\/ef\/32\/default-avatar-2020-12.jpg 2x\" alt=\"danielle c\" loading=\"lazy\" ><\/trustindex-image> <\/div> <div class=\"ti-profile-details\"> <div class=\"ti-name\"> danielle c <\/div> <div class=\"ti-date\">29 Juin 2024<\/div> <\/div> <\/div> <span class=\"ti-stars\"><trustindex-image class=\"ti-star\" data-imgurl=\"https:\/\/cdn.trustindex.io\/assets\/platform\/Tripadvisor\/star\/f.svg\" alt=\"Tripadvisor\" width=\"17\" height=\"17\" loading=\"lazy\" ><\/trustindex-image><trustindex-image class=\"ti-star\" data-imgurl=\"https:\/\/cdn.trustindex.io\/assets\/platform\/Tripadvisor\/star\/f.svg\" alt=\"Tripadvisor\" width=\"17\" height=\"17\" loading=\"lazy\" ><\/trustindex-image><trustindex-image class=\"ti-star\" data-imgurl=\"https:\/\/cdn.trustindex.io\/assets\/platform\/Tripadvisor\/star\/f.svg\" alt=\"Tripadvisor\" width=\"17\" height=\"17\" loading=\"lazy\" ><\/trustindex-image><trustindex-image class=\"ti-star\" data-imgurl=\"https:\/\/cdn.trustindex.io\/assets\/platform\/Tripadvisor\/star\/f.svg\" alt=\"Tripadvisor\" width=\"17\" height=\"17\" loading=\"lazy\" ><\/trustindex-image><trustindex-image class=\"ti-star\" data-imgurl=\"https:\/\/cdn.trustindex.io\/assets\/platform\/Tripadvisor\/star\/f.svg\" alt=\"Tripadvisor\" width=\"17\" height=\"17\" loading=\"lazy\" ><\/trustindex-image><span class=\"ti-verified-review\"><span class=\"ti-verified-tooltip\">v\u00e9rifi\u00e9<\/span><\/span><\/span> <div class=\"ti-review-text-container ti-review-content\"><!-- R-CONTENT --><strong>Des vacances paisibles<\/strong>\nDeux belles semaines dans le camping Propri\u00e9taire super sympa. Toujours le sourire.. Mobil-home tr\u00e8s propre. Bon emplacement n.30. au calme et sans vis a vis. J esp\u00e8re y retourner une prochaine fois. Beaucoup de resto aux alentours. Et belles ballades \u00e0 faire.<!-- R-CONTENT --><\/div> <span class=\"ti-read-more\" data-container=\".ti-review-content\" data-collapse-text=\"Cacher\" data-open-text=\"Lire la suite\" ><\/span> <\/div> <\/div>  <div data-empty=\"0\" class=\"ti-review-item source-Tripadvisor ti-image-layout-thumbnail\" data-id=\"cfcd208495d565ef66e7dff9f98764da\" > <div class=\"ti-inner\"> <div class=\"ti-review-header\">  <div class=\"ti-profile-img\"> <trustindex-image data-imgurl=\"https:\/\/media-cdn.tripadvisor.com\/media\/photo-o\/1a\/f6\/e6\/ea\/default-avatar-2020-54.jpg\" data-imgurlset=\"https:\/\/media-cdn.tripadvisor.com\/media\/photo-o\/1a\/f6\/e6\/ea\/default-avatar-2020-54.jpg 2x\" alt=\"Virginie B\" loading=\"lazy\" ><\/trustindex-image> <\/div> <div class=\"ti-profile-details\"> <div class=\"ti-name\"> Virginie B <\/div> <div class=\"ti-date\">29 Mai 2024<\/div> <\/div> <\/div> <span class=\"ti-stars\"><trustindex-image class=\"ti-star\" data-imgurl=\"https:\/\/cdn.trustindex.io\/assets\/platform\/Tripadvisor\/star\/f.svg\" alt=\"Tripadvisor\" width=\"17\" height=\"17\" loading=\"lazy\" ><\/trustindex-image><trustindex-image class=\"ti-star\" data-imgurl=\"https:\/\/cdn.trustindex.io\/assets\/platform\/Tripadvisor\/star\/f.svg\" alt=\"Tripadvisor\" width=\"17\" height=\"17\" loading=\"lazy\" ><\/trustindex-image><trustindex-image class=\"ti-star\" data-imgurl=\"https:\/\/cdn.trustindex.io\/assets\/platform\/Tripadvisor\/star\/f.svg\" alt=\"Tripadvisor\" width=\"17\" height=\"17\" loading=\"lazy\" ><\/trustindex-image><trustindex-image class=\"ti-star\" data-imgurl=\"https:\/\/cdn.trustindex.io\/assets\/platform\/Tripadvisor\/star\/f.svg\" alt=\"Tripadvisor\" width=\"17\" height=\"17\" loading=\"lazy\" ><\/trustindex-image><trustindex-image class=\"ti-star\" data-imgurl=\"https:\/\/cdn.trustindex.io\/assets\/platform\/Tripadvisor\/star\/f.svg\" alt=\"Tripadvisor\" width=\"17\" height=\"17\" loading=\"lazy\" ><\/trustindex-image><span class=\"ti-verified-review\"><span class=\"ti-verified-tooltip\">v\u00e9rifi\u00e9<\/span><\/span><\/span> <div class=\"ti-review-text-container ti-review-content\"><!-- R-CONTENT --><strong>Belle d\u00e9couverte<\/strong>\nLe camping, les mobil homes, l'accueil, tout a \u00e9t\u00e9 parfait pour nous. Grande ballade le long de la cote, endroit pr\u00e9serv\u00e9 mais pas isol\u00e9. Le bus passe juste devant le camping pour aller \u00e0 ST Jean de Luz si on ne veut pas s'emb\u00eater avec la voiture. La proximit\u00e9 de la plage et des bars de plages c'est la cerise sur le gateau ! Trop bien<!-- R-CONTENT --><\/div> <span class=\"ti-read-more\" data-container=\".ti-review-content\" data-collapse-text=\"Cacher\" data-open-text=\"Lire la suite\" ><\/span> <\/div> <\/div>  <div data-empty=\"0\" class=\"ti-review-item source-Tripadvisor ti-image-layout-thumbnail\" data-id=\"cfcd208495d565ef66e7dff9f98764da\" > <div class=\"ti-inner\"> <div class=\"ti-review-header\">  <div class=\"ti-profile-img\"> <trustindex-image data-imgurl=\"https:\/\/media-cdn.tripadvisor.com\/media\/photo-o\/1a\/f6\/e4\/59\/default-avatar-2020-49.jpg\" data-imgurlset=\"https:\/\/media-cdn.tripadvisor.com\/media\/photo-o\/1a\/f6\/e4\/59\/default-avatar-2020-49.jpg 2x\" alt=\"Anne s\" loading=\"lazy\" ><\/trustindex-image> <\/div> <div class=\"ti-profile-details\"> <div class=\"ti-name\"> Anne s <\/div> <div class=\"ti-date\">6 Mai 2024<\/div> <\/div> <\/div> <span class=\"ti-stars\"><trustindex-image class=\"ti-star\" data-imgurl=\"https:\/\/cdn.trustindex.io\/assets\/platform\/Tripadvisor\/star\/f.svg\" alt=\"Tripadvisor\" width=\"17\" height=\"17\" loading=\"lazy\" ><\/trustindex-image><trustindex-image class=\"ti-star\" data-imgurl=\"https:\/\/cdn.trustindex.io\/assets\/platform\/Tripadvisor\/star\/f.svg\" alt=\"Tripadvisor\" width=\"17\" height=\"17\" loading=\"lazy\" ><\/trustindex-image><trustindex-image class=\"ti-star\" data-imgurl=\"https:\/\/cdn.trustindex.io\/assets\/platform\/Tripadvisor\/star\/f.svg\" alt=\"Tripadvisor\" width=\"17\" height=\"17\" loading=\"lazy\" ><\/trustindex-image><trustindex-image class=\"ti-star\" data-imgurl=\"https:\/\/cdn.trustindex.io\/assets\/platform\/Tripadvisor\/star\/f.svg\" alt=\"Tripadvisor\" width=\"17\" height=\"17\" loading=\"lazy\" ><\/trustindex-image><trustindex-image class=\"ti-star\" data-imgurl=\"https:\/\/cdn.trustindex.io\/assets\/platform\/Tripadvisor\/star\/f.svg\" alt=\"Tripadvisor\" width=\"17\" height=\"17\" loading=\"lazy\" ><\/trustindex-image><span class=\"ti-verified-review\"><span class=\"ti-verified-tooltip\">v\u00e9rifi\u00e9<\/span><\/span><\/span> <div class=\"ti-review-text-container ti-review-content\"><!-- R-CONTENT --><strong>Au calme!<\/strong>\nTr\u00e8s bon s\u00e9jour loin du tumulte urbain et proche du littoral. Le mobil-home est propre et fonctionnel avec un petit espace et une table de jardin pour les repas en ext\u00e9rieur. C'est un lieu id\u00e9al pour d\u00e9compresser \u00e0 cette p\u00e9riode de l'ann\u00e9e. Nous y avons trouv\u00e9 notre compte! \u00c0 noter: l'amabilit\u00e9 des propri\u00e9taires.<!-- R-CONTENT --><\/div> <span class=\"ti-read-more\" data-container=\".ti-review-content\" data-collapse-text=\"Cacher\" data-open-text=\"Lire la suite\" ><\/span> <\/div> <\/div>  <div data-empty=\"0\" class=\"ti-review-item source-Tripadvisor ti-image-layout-thumbnail\" data-id=\"cfcd208495d565ef66e7dff9f98764da\" > <div class=\"ti-inner\"> <div class=\"ti-review-header\">  <div class=\"ti-profile-img\"> <trustindex-image data-imgurl=\"https:\/\/media-cdn.tripadvisor.com\/media\/photo-o\/1a\/f6\/f0\/d5\/default-avatar-2020-17.jpg\" data-imgurlset=\"https:\/\/media-cdn.tripadvisor.com\/media\/photo-o\/1a\/f6\/f0\/d5\/default-avatar-2020-17.jpg 2x\" alt=\"jojo\" loading=\"lazy\" ><\/trustindex-image> <\/div> <div class=\"ti-profile-details\"> <div class=\"ti-name\"> jojo <\/div> <div class=\"ti-date\">11 Octobre 2023<\/div> <\/div> <\/div> <span class=\"ti-stars\"><trustindex-image class=\"ti-star\" data-imgurl=\"https:\/\/cdn.trustindex.io\/assets\/platform\/Tripadvisor\/star\/f.svg\" alt=\"Tripadvisor\" width=\"17\" height=\"17\" loading=\"lazy\" ><\/trustindex-image><trustindex-image class=\"ti-star\" data-imgurl=\"https:\/\/cdn.trustindex.io\/assets\/platform\/Tripadvisor\/star\/f.svg\" alt=\"Tripadvisor\" width=\"17\" height=\"17\" loading=\"lazy\" ><\/trustindex-image><trustindex-image class=\"ti-star\" data-imgurl=\"https:\/\/cdn.trustindex.io\/assets\/platform\/Tripadvisor\/star\/f.svg\" alt=\"Tripadvisor\" width=\"17\" height=\"17\" loading=\"lazy\" ><\/trustindex-image><trustindex-image class=\"ti-star\" data-imgurl=\"https:\/\/cdn.trustindex.io\/assets\/platform\/Tripadvisor\/star\/f.svg\" alt=\"Tripadvisor\" width=\"17\" height=\"17\" loading=\"lazy\" ><\/trustindex-image><trustindex-image class=\"ti-star\" data-imgurl=\"https:\/\/cdn.trustindex.io\/assets\/platform\/Tripadvisor\/star\/f.svg\" alt=\"Tripadvisor\" width=\"17\" height=\"17\" loading=\"lazy\" ><\/trustindex-image><span class=\"ti-verified-review\"><span class=\"ti-verified-tooltip\">v\u00e9rifi\u00e9<\/span><\/span><\/span> <div class=\"ti-review-text-container ti-review-content\"><!-- R-CONTENT --><strong>Camping agr\u00e9able<\/strong>\nPetit camping mais tr\u00e8s agr\u00e9able , pr\u00e8s de la mer ,calme Des propri\u00e9taires tr\u00e8s accueillants qui sont \u00e0 l'\u00e9coute ,souriants et pr\u00eats \u00e0 rendre service.Nous avons pass\u00e9 de tr\u00e8s bonnes vacances avec le soleil au rendez-vous , de tr\u00e8s belles ballades journali\u00e8res nous font d\u00e9couvrir cette tr\u00e8s belle r\u00e9gion Nous le recommandons fortement Merci \u00e0 C\u00e9cile et \u00e0 Julien \u263a\ufe0f\ud83d\ude18\ud83d\ude18<!-- R-CONTENT --><\/div> <span class=\"ti-read-more\" data-container=\".ti-review-content\" data-collapse-text=\"Cacher\" data-open-text=\"Lire la suite\" ><\/span> <\/div> <\/div>  <\/div> <div class=\"ti-controls-line\"> <div class=\"dot\"><\/div> <\/div>   <\/div> <\/div> <\/div> <\/template><\/pre><div data-src=\"https:\/\/cdn.trustindex.io\/loader.js?wp-widget\" data-template-id=\"trustindex-tripadvisor-widget-html\" data-css-url=\"https:\/\/www.camping-dunamunguy.com\/wp-content\/uploads\/trustindex-tripadvisor-widget.css?1740988843\"><\/div>\n<\/div>\n<\/section>\n\n<section class=\"wp-block-group alignfull home-faq has-custom-couleur-1-background-color has-background is-nowrap is-layout-flex wp-container-core-group-is-layout-8b45b498 wp-block-group-is-layout-flex\" style=\"margin-top:0;margin-bottom:0;padding-top:10rem;padding-right:15rem;padding-bottom:10rem;padding-left:15rem\">\n<div class=\"wp-block-cover is-light has-custom-content-position is-position-bottom-center maillage__image wp-container-content-dc435e0d\" style=\"min-height:700px;aspect-ratio:unset;\"><img decoding=\"async\" width=\"570\" height=\"700\" class=\"wp-block-cover__image-background wp-image-2657\" alt=\"accueil chaleureux\" src=\"https:\/\/www.camping-dunamunguy.com\/wp-content\/uploads\/2025\/01\/accueil-chaleureux.webp\" data-object-fit=\"cover\" srcset=\"https:\/\/www.camping-dunamunguy.com\/wp-content\/uploads\/2025\/01\/accueil-chaleureux.webp 570w, https:\/\/www.camping-dunamunguy.com\/wp-content\/uploads\/2025\/01\/accueil-chaleureux-244x300.webp 244w\" sizes=\"(max-width: 570px) 100vw, 570px\" \/><span aria-hidden=\"true\" class=\"wp-block-cover__background has-background-dim-0 has-background-dim\"><\/span><div class=\"wp-block-cover__inner-container has-global-padding is-layout-constrained wp-block-cover-is-layout-constrained\">\n<p class=\"has-text-align-center maillage__title has-custom-couleur-2-color has-text-color has-link-color has-kodchasan-font-family wp-elements-b05e09f7e3793ab78cc2fbdba42a67ac\" style=\"padding-right:1rem;font-size:clamp(14px, 0.875rem + ((1vw - 3.2px) * 0.417), 18px);font-style:normal;font-weight:600;text-transform:uppercase\">el faq<\/p>\n<\/div><\/div>\n\n\n\n<div class=\"wp-block-group wp-container-content-9e2f13cb is-vertical is-content-justification-stretch is-layout-flex wp-container-core-group-is-layout-353c4f5a wp-block-group-is-layout-flex\">\n<details style=\"border-width:1px; padding-top:var(--wp--preset--spacing--10);padding-bottom:var(--wp--preset--spacing--10);padding-left:1rem;padding-right:1rem;\" class=\"gt-fse-faq wp-block-gt-gt-fse-faq gt-fse-faq has-border-color has-custom-couleur-2-border-color has-base-2-color has-text-color has-link-color has-source-sans-3-font-family wp-elements-d5cb393ad2eea8b94453ed7f0474350d wp-block-gt-gt-fse-faq has-text-color has-base-2-color has-source-sans-3-font-family has-border-color has-custom-couleur-2-border-color\" data-wp-interactive=\"gt-fse-faq\" data-wp-context='{ \"isOpen\": false }'>\n\t<summary aria-expanded=\"false\" class=\"gt-fse-faq-summary\" data-wp-on--click=\"actions.toggle\" data-wp-bind--aria-expanded=\"context.isOpen\">\n\t\t<div class=\"gt-fse-faq-summary-text\">\u00bfEs posible llegar fuera del horario de apertura de la recepci\u00f3n?<\/div>\n\t\t<span class=\"gt-fse-faq-opener\"><\/span>\n\t<\/summary>\n\t<div class=\"gt-fse-faq-content\">\n\t\t\n\n<p class=\"has-base-2-color has-text-color has-link-color wp-elements-c2c17dfb9f63759e1ca7d2968f7a97eb\" style=\"font-size:clamp(14px, 0.875rem + ((1vw - 3.2px) * 0.104), 15px);\">Las llegadas se realizan entre las 16:00 y las 19:00 horas. No obstante, si tienes problemas para llegar en este horario, no dudes en <a href=\"https:\/\/www.camping-dunamunguy.com\/es\/contacto-y-acceso\/\" data-type=\"page\" data-id=\"14\">ponerte en contacto con nosotros<\/a> por correo electr\u00f3nico o por tel\u00e9fono para que podamos encontrar juntos una soluci\u00f3n adecuada. <\/p>\n\n\t<\/div>\n<\/details>\n\n\n<details style=\"border-width:1px; padding-top:var(--wp--preset--spacing--10);padding-bottom:var(--wp--preset--spacing--10);padding-left:1rem;padding-right:1rem;\" class=\"gt-fse-faq wp-block-gt-gt-fse-faq gt-fse-faq has-border-color has-custom-couleur-2-border-color has-base-2-color has-text-color has-link-color has-source-sans-3-font-family wp-elements-740e4b32c072c4c0b4453acf50793790 wp-block-gt-gt-fse-faq has-text-color has-base-2-color has-source-sans-3-font-family has-border-color has-custom-couleur-2-border-color\" data-wp-interactive=\"gt-fse-faq\" data-wp-context='{ \"isOpen\": false }'>\n\t<summary aria-expanded=\"false\" class=\"gt-fse-faq-summary\" data-wp-on--click=\"actions.toggle\" data-wp-bind--aria-expanded=\"context.isOpen\">\n\t\t<div class=\"gt-fse-faq-summary-text\">\u00bfCu\u00e1les son las condiciones de reembolso en caso de cancelaci\u00f3n?<\/div>\n\t\t<span class=\"gt-fse-faq-opener\"><\/span>\n\t<\/summary>\n\t<div class=\"gt-fse-faq-content\">\n\t\t\n\n<p class=\"has-base-2-color has-text-color has-link-color wp-elements-7cc9ebf36e59c45915e6f720a219910f\" style=\"font-size:clamp(14px, 0.875rem + ((1vw - 3.2px) * 0.104), 15px);\">Si la anulaci\u00f3n se produce m\u00e1s de 30 d\u00edas antes del inicio de las vacaciones, se retendr\u00e1 la fianza.<br\/>Si la anulaci\u00f3n se produce con menos de 30 d\u00edas de antelaci\u00f3n, se retendr\u00e1 el importe \u00edntegro de la estancia. Te recomendamos encarecidamente que contrates un seguro de anulaci\u00f3n. En el momento de la reserva, tendr\u00e1s la posibilidad de contratar un seguro de viaje con nuestro socio Campez Couvert.  <\/p>\n\n\t<\/div>\n<\/details>\n\n\n<details style=\"border-width:1px; padding-top:var(--wp--preset--spacing--10);padding-bottom:var(--wp--preset--spacing--10);padding-left:1rem;padding-right:1rem;\" class=\"gt-fse-faq wp-block-gt-gt-fse-faq gt-fse-faq has-border-color has-custom-couleur-2-border-color has-base-2-color has-text-color has-link-color has-source-sans-3-font-family wp-elements-c5dda4b7156d9aaf565800e596796bfe wp-block-gt-gt-fse-faq has-text-color has-base-2-color has-source-sans-3-font-family has-border-color has-custom-couleur-2-border-color\" data-wp-interactive=\"gt-fse-faq\" data-wp-context='{ \"isOpen\": false }'>\n\t<summary aria-expanded=\"false\" class=\"gt-fse-faq-summary\" data-wp-on--click=\"actions.toggle\" data-wp-bind--aria-expanded=\"context.isOpen\">\n\t\t<div class=\"gt-fse-faq-summary-text\">\u00bfLas s\u00e1banas y las toallas est\u00e1n incluidas en el alojamiento?<\/div>\n\t\t<span class=\"gt-fse-faq-opener\"><\/span>\n\t<\/summary>\n\t<div class=\"gt-fse-faq-content\">\n\t\t\n\n<p class=\"has-base-2-color has-text-color has-link-color wp-elements-761d8df741b542115ab0b2fb0acb7a9d\" style=\"font-size:clamp(14px, 0.875rem + ((1vw - 3.2px) * 0.104), 15px);\">El alojamiento incluye edredones y almohadas. La ropa de casa (s\u00e1banas, toallas, alfombrillas de ducha, pa\u00f1os de cocina) debes traerla t\u00fa. No obstante, ofrecemos la posibilidad de alquilar s\u00e1banas y toallas.  <\/p>\n\n\t<\/div>\n<\/details>\n\n\n<details style=\"border-width:1px; padding-top:var(--wp--preset--spacing--10);padding-bottom:var(--wp--preset--spacing--10);padding-left:1rem;padding-right:1rem;\" class=\"gt-fse-faq wp-block-gt-gt-fse-faq gt-fse-faq has-border-color has-custom-couleur-2-border-color has-base-2-color has-text-color has-link-color has-source-sans-3-font-family wp-elements-0ba7842c7e73563f5a1ec6e164f00888 wp-block-gt-gt-fse-faq has-text-color has-base-2-color has-source-sans-3-font-family has-border-color has-custom-couleur-2-border-color\" data-wp-interactive=\"gt-fse-faq\" data-wp-context='{ \"isOpen\": false }'>\n\t<summary aria-expanded=\"false\" class=\"gt-fse-faq-summary\" data-wp-on--click=\"actions.toggle\" data-wp-bind--aria-expanded=\"context.isOpen\">\n\t\t<div class=\"gt-fse-faq-summary-text\">\u00bfDispone el camping de servicio de lavander\u00eda?<\/div>\n\t\t<span class=\"gt-fse-faq-opener\"><\/span>\n\t<\/summary>\n\t<div class=\"gt-fse-faq-content\">\n\t\t\n\n<p class=\"has-base-2-color has-text-color has-link-color wp-elements-ce8f71ea877fc5061f0974e6fef5e0d4\" style=\"font-size:clamp(14px, 0.875rem + ((1vw - 3.2px) * 0.104), 15px);\">En el recinto del camping hay una lavander\u00eda (lavadora, secadora). No olvides traer tu detergente. Si se te olvida, puedes comprar una vaina en la recepci\u00f3n del camping.  <\/p>\n\n\t<\/div>\n<\/details>\n\n\n<details style=\"border-width:1px; padding-top:var(--wp--preset--spacing--10);padding-bottom:var(--wp--preset--spacing--10);padding-left:1rem;padding-right:1rem;\" class=\"gt-fse-faq wp-block-gt-gt-fse-faq gt-fse-faq has-border-color has-custom-couleur-2-border-color has-base-2-color has-text-color has-link-color has-source-sans-3-font-family wp-elements-79e7cd149eb8104df6d89a1ec84ba4ef wp-block-gt-gt-fse-faq has-text-color has-base-2-color has-source-sans-3-font-family has-border-color has-custom-couleur-2-border-color\" data-wp-interactive=\"gt-fse-faq\" data-wp-context='{ \"isOpen\": false }'>\n\t<summary aria-expanded=\"false\" class=\"gt-fse-faq-summary\" data-wp-on--click=\"actions.toggle\" data-wp-bind--aria-expanded=\"context.isOpen\">\n\t\t<div class=\"gt-fse-faq-summary-text\">\u00bfHay TV y Wi-Fi en las casas m\u00f3viles?<\/div>\n\t\t<span class=\"gt-fse-faq-opener\"><\/span>\n\t<\/summary>\n\t<div class=\"gt-fse-faq-content\">\n\t\t\n\n<p class=\"has-base-2-color has-text-color has-link-color wp-elements-7b22edb830d9b6c8ec502bc53c5490e5\" style=\"font-size:clamp(14px, 0.875rem + ((1vw - 3.2px) * 0.104), 15px);\">Todos los alojamientos est\u00e1n equipados con televisi\u00f3n. Acceso wifi gratuito en todo el camping. <\/p>\n\n\t<\/div>\n<\/details><\/div>\n<\/section>\n\n<section class=\"wp-block-group alignfull home-insta has-custom-couleur-3-background-color has-background is-vertical is-content-justification-stretch is-layout-flex wp-container-core-group-is-layout-f604dba9 wp-block-group-is-layout-flex\" style=\"margin-top:0;margin-bottom:0;padding-top:12rem;padding-right:15rem;padding-bottom:12rem;padding-left:15rem\">\n<figure class=\"wp-block-image size-full illustration-background wp-duotone-unset-3\"><img decoding=\"async\" width=\"900\" height=\"540\" src=\"https:\/\/www.camping-dunamunguy.com\/wp-content\/uploads\/2024\/12\/camping-duna-munguy-st-jean-de-luz.png\" alt=\"camping duna munguy st jean de luz\" class=\"wp-image-1409\" srcset=\"https:\/\/www.camping-dunamunguy.com\/wp-content\/uploads\/2024\/12\/camping-duna-munguy-st-jean-de-luz.png 900w, https:\/\/www.camping-dunamunguy.com\/wp-content\/uploads\/2024\/12\/camping-duna-munguy-st-jean-de-luz-300x180.png 300w, https:\/\/www.camping-dunamunguy.com\/wp-content\/uploads\/2024\/12\/camping-duna-munguy-st-jean-de-luz-768x461.png 768w\" sizes=\"(max-width: 900px) 100vw, 900px\" \/><\/figure>\n\n\n\n<div class=\"wp-block-group alignfull is-nowrap is-layout-flex wp-container-core-group-is-layout-6c531013 wp-block-group-is-layout-flex\">\n<div class=\"wp-block-group is-vertical is-layout-flex wp-container-core-group-is-layout-fe9cc265 wp-block-group-is-layout-flex\">\n<p class=\"text-deco has-custom-couleur-1-color has-text-color has-link-color has-kodchasan-font-family wp-elements-8e835a81da10657e2753b00e7c926b9d\" style=\"margin-left:-4.6rem;font-size:clamp(44.14px, 2.759rem + ((1vw - 3.2px) * 4.256), 85px);line-height:1.3;text-transform:uppercase\">Intercambia<\/p>\n\n\n\n<p class=\"text-deco-two has-custom-couleur-5-color has-text-color has-link-color wp-elements-4cc7b860aa7414b8f2c173984677faaf\" style=\"border-left-color:var(--wp--preset--color--custom-couleur-2);border-left-width:1px;padding-left:1rem;font-size:clamp(16.834px, 1.052rem + ((1vw - 3.2px) * 0.955), 26px);letter-spacing:5.2px;text-transform:uppercase\"><br\/>\u00a1Vive y comparte la aventura con nosotros!<\/p>\n<\/div>\n\n\n\n<p><\/p>\n<\/div>\n\n\n\n<div class=\"wp-block-group container-insta wp-container-content-9cfa9a5a has-global-padding is-content-justification-center is-layout-constrained wp-container-core-group-is-layout-e1467aea wp-block-group-is-layout-constrained\" style=\"min-height:300px;margin-top:0;margin-bottom:0;padding-top:3rem;padding-bottom:3rem\">        <div\n            class=\"spotlight-instagram-feed\"\n            data-feed-var=\"18a08530\"\n            data-analytics=\"0\"\n            data-instance=\"3156\"\n        >\n        <\/div>\n        <input type=\"hidden\" id=\"sli__f__18a08530\" data-json='{&quot;useCase&quot;:&quot;accounts&quot;,&quot;template&quot;:&quot;row&quot;,&quot;layout&quot;:&quot;grid&quot;,&quot;numColumns&quot;:{&quot;desktop&quot;:6,&quot;phone&quot;:2,&quot;tablet&quot;:3},&quot;highlightFreq&quot;:{&quot;desktop&quot;:7},&quot;sliderNumScrollPosts&quot;:{&quot;desktop&quot;:1},&quot;sliderInfinite&quot;:true,&quot;sliderLoop&quot;:false,&quot;sliderArrowPos&quot;:{&quot;desktop&quot;:&quot;inside&quot;},&quot;sliderArrowSize&quot;:{&quot;desktop&quot;:20},&quot;sliderArrowColor&quot;:{&quot;r&quot;:255,&quot;b&quot;:255,&quot;g&quot;:255,&quot;a&quot;:1},&quot;sliderArrowBgColor&quot;:{&quot;r&quot;:0,&quot;b&quot;:0,&quot;g&quot;:0,&quot;a&quot;:0.8},&quot;sliderAutoScroll&quot;:false,&quot;sliderAutoInterval&quot;:3,&quot;postOrder&quot;:&quot;date_desc&quot;,&quot;numPosts&quot;:{&quot;desktop&quot;:6,&quot;phone&quot;:2,&quot;tablet&quot;:3},&quot;linkBehavior&quot;:{&quot;desktop&quot;:&quot;lightbox&quot;},&quot;feedWidth&quot;:{&quot;desktop&quot;:0,&quot;tablet&quot;:0,&quot;phone&quot;:0},&quot;feedHeight&quot;:{&quot;desktop&quot;:0},&quot;feedPadding&quot;:{&quot;desktop&quot;:5,&quot;tablet&quot;:5,&quot;phone&quot;:5},&quot;imgPadding&quot;:{&quot;desktop&quot;:5,&quot;tablet&quot;:5,&quot;phone&quot;:0},&quot;textSize&quot;:{&quot;desktop&quot;:0,&quot;tablet&quot;:0,&quot;phone&quot;:0},&quot;bgColor&quot;:{&quot;r&quot;:255,&quot;g&quot;:255,&quot;b&quot;:255,&quot;a&quot;:0},&quot;hoverInfo&quot;:[&quot;likes_comments&quot;,&quot;insta_link&quot;,&quot;date&quot;],&quot;textColorHover&quot;:{&quot;r&quot;:255,&quot;g&quot;:255,&quot;b&quot;:255,&quot;a&quot;:1},&quot;bgColorHover&quot;:{&quot;r&quot;:0,&quot;g&quot;:0,&quot;b&quot;:0,&quot;a&quot;:0.5},&quot;showHeader&quot;:{&quot;desktop&quot;:true},&quot;headerInfo&quot;:{&quot;desktop&quot;:[]},&quot;headerAccount&quot;:null,&quot;headerStyle&quot;:{&quot;desktop&quot;:&quot;normal&quot;,&quot;phone&quot;:&quot;centered&quot;},&quot;headerTextSize&quot;:{&quot;desktop&quot;:0},&quot;headerPhotoSize&quot;:{&quot;desktop&quot;:50},&quot;headerTextColor&quot;:{&quot;r&quot;:0,&quot;g&quot;:86,&quot;b&quot;:101,&quot;a&quot;:1},&quot;headerBgColor&quot;:{&quot;r&quot;:255,&quot;g&quot;:255,&quot;b&quot;:255,&quot;a&quot;:0},&quot;headerPadding&quot;:{&quot;desktop&quot;:0},&quot;customProfilePic&quot;:&quot;&quot;,&quot;customBioText&quot;:&quot;&quot;,&quot;includeStories&quot;:false,&quot;storiesInterval&quot;:5,&quot;showCaptions&quot;:{&quot;desktop&quot;:false,&quot;tablet&quot;:false},&quot;captionMaxLength&quot;:{&quot;desktop&quot;:0},&quot;captionRemoveDots&quot;:false,&quot;captionSize&quot;:{&quot;desktop&quot;:0},&quot;captionColor&quot;:{&quot;r&quot;:0,&quot;g&quot;:0,&quot;b&quot;:0,&quot;a&quot;:1},&quot;showLikes&quot;:{&quot;desktop&quot;:false,&quot;tablet&quot;:false},&quot;showComments&quot;:{&quot;desktop&quot;:false,&quot;tablet&quot;:false},&quot;lcIconSize&quot;:{&quot;desktop&quot;:14},&quot;likesIconColor&quot;:{&quot;r&quot;:0,&quot;g&quot;:0,&quot;b&quot;:0,&quot;a&quot;:1},&quot;commentsIconColor&quot;:{&quot;r&quot;:0,&quot;g&quot;:0,&quot;b&quot;:0,&quot;a&quot;:1},&quot;lightboxShowSidebar&quot;:false,&quot;lightboxCtaStyle&quot;:&quot;link&quot;,&quot;lightboxCtaDesign&quot;:{&quot;text&quot;:{&quot;color&quot;:{&quot;r&quot;:0,&quot;g&quot;:0,&quot;b&quot;:0,&quot;a&quot;:1},&quot;align&quot;:&quot;center&quot;},&quot;bgColor&quot;:{&quot;r&quot;:230,&quot;g&quot;:230,&quot;b&quot;:230,&quot;a&quot;:1},&quot;border&quot;:{&quot;radius&quot;:3}},&quot;numLightboxComments&quot;:50,&quot;showLoadMoreBtn&quot;:{&quot;desktop&quot;:false},&quot;loadMoreBtnDesign&quot;:{&quot;text&quot;:{&quot;color&quot;:{&quot;r&quot;:255,&quot;g&quot;:255,&quot;b&quot;:255,&quot;a&quot;:1},&quot;align&quot;:&quot;center&quot;},&quot;border&quot;:{&quot;radius&quot;:3},&quot;bgColor&quot;:{&quot;r&quot;:0,&quot;g&quot;:149,&quot;b&quot;:246,&quot;a&quot;:1},&quot;margin&quot;:{&quot;top&quot;:0,&quot;bottom&quot;:0,&quot;left&quot;:0,&quot;right&quot;:0}},&quot;loadMoreBtnText&quot;:&quot;Load more&quot;,&quot;loadMoreBtnScroll&quot;:true,&quot;autoload&quot;:false,&quot;showFollowBtn&quot;:{&quot;desktop&quot;:false,&quot;phone&quot;:false},&quot;followBtnText&quot;:&quot;Suivez nous sur Instagram&quot;,&quot;followBtnDesign&quot;:{&quot;text&quot;:{&quot;color&quot;:{&quot;r&quot;:0,&quot;g&quot;:86,&quot;b&quot;:101,&quot;a&quot;:1},&quot;align&quot;:&quot;center&quot;},&quot;border&quot;:{&quot;radius&quot;:5},&quot;bgColor&quot;:{&quot;r&quot;:233,&quot;g&quot;:212,&quot;b&quot;:183,&quot;a&quot;:1},&quot;margin&quot;:{&quot;top&quot;:0,&quot;bottom&quot;:0,&quot;left&quot;:0,&quot;right&quot;:0}},&quot;followBtnLocation&quot;:{&quot;desktop&quot;:&quot;header&quot;,&quot;phone&quot;:&quot;bottom&quot;},&quot;alignFooterButtons&quot;:{&quot;desktop&quot;:false},&quot;customCss&quot;:&quot;\\\/* Enter your custom CSS below *\\\/\\n\\n&quot;,&quot;accounts&quot;:[1239],&quot;tagged&quot;:[],&quot;hashtags&quot;:[],&quot;mediaType&quot;:&quot;all&quot;,&quot;hashtagWhitelist&quot;:[],&quot;hashtagBlacklist&quot;:[],&quot;captionWhitelist&quot;:[],&quot;captionBlacklist&quot;:[],&quot;hashtagWhitelistSettings&quot;:true,&quot;hashtagBlacklistSettings&quot;:true,&quot;captionWhitelistSettings&quot;:true,&quot;captionBlacklistSettings&quot;:true,&quot;moderation&quot;:[],&quot;moderationMode&quot;:&quot;blacklist&quot;,&quot;promosVersion&quot;:2,&quot;promosEnabled&quot;:true,&quot;globalPromosEnabled&quot;:true,&quot;autoPromosEnabled&quot;:true,&quot;promoOverrides&quot;:[],&quot;feedPromo&quot;:{&quot;linkSource&quot;:{&quot;type&quot;:null},&quot;linkBehavior&quot;:{&quot;openNewTab&quot;:false,&quot;showPopupBox&quot;:false},&quot;linkText&quot;:&quot;&quot;},&quot;gaCampaignSource&quot;:&quot;&quot;,&quot;gaCampaignMedium&quot;:&quot;&quot;,&quot;gaCampaignName&quot;:&quot;&quot;}' \/>\n        <input type=\"hidden\" id=\"sli__a__18a08530\" data-json='[{&quot;id&quot;:1239,&quot;type&quot;:&quot;PERSONAL&quot;,&quot;userId&quot;:&quot;8712422335520937&quot;,&quot;username&quot;:&quot;campingdunamunguy&quot;,&quot;bio&quot;:&quot;&quot;,&quot;customBio&quot;:&quot;&quot;,&quot;profilePicUrl&quot;:&quot;&quot;,&quot;customProfilePicUrl&quot;:&quot;&quot;,&quot;mediaCount&quot;:&quot;130&quot;,&quot;followersCount&quot;:&quot;0&quot;,&quot;usages&quot;:[],&quot;creationDate&quot;:&quot;2024-12-20 10:02:59&quot;}]' \/>\n        <input type=\"hidden\" id=\"sli__m__18a08530\" data-json='[]' \/>\n        \n<\/div>\n<\/section>\n","protected":false},"excerpt":{"rendered":"<p>Vida lenta La naturaleza te invita a ir m\u00e1s despacio Camping Duna Munguy en el Pa\u00eds Vasco: el lugar perfecto para unas vacaciones relajantes Bienvenido al Camping Duna Munguy, un rinconcito de para\u00edso en San Juan de Luz, a 300 metros de las playas de Acotz. Nosotros, C\u00e9cile y Julien, nos hicimos cargo de este [&hellip;]<\/p>\n","protected":false},"author":1,"featured_media":147,"parent":0,"menu_order":0,"comment_status":"closed","ping_status":"closed","template":"","meta":{"_acf_changed":false,"_seopress_robots_primary_cat":"","_seopress_titles_title":"Camping Saint-Jean-de-Luz | Camping au Pays Basque | Duna Munguy","_seopress_titles_desc":"\u00c9vadez-vous au camping Duna Munguy, \u00e0 300m des plages du Pays Basque. Profitez d'une ambiance calme et d'h\u00e9bergements de charme pour des vacances parfaites.","_seopress_robots_index":"","_gt_ctv_global_id":"1762","_gt_ctv_id_group":false,"inline_featured_image":false,"gt_fse_maillage_image":"https:\/\/www.camping-dunamunguy.com\/wp-content\/uploads\/2024\/11\/camping-pays-basque.webp","gt_fse_maillage_titre":"Inicio","gt_fse_maillage_alt":"Inicio","gt_fse_maillage_resume":"","footnotes":""},"categories":[],"tags":[],"class_list":["post-3156","page","type-page","status-publish","has-post-thumbnail","hentry"],"acf":[],"_links":{"self":[{"href":"https:\/\/www.camping-dunamunguy.com\/es\/wp-json\/wp\/v2\/pages\/3156","targetHints":{"allow":["GET"]}}],"collection":[{"href":"https:\/\/www.camping-dunamunguy.com\/es\/wp-json\/wp\/v2\/pages"}],"about":[{"href":"https:\/\/www.camping-dunamunguy.com\/es\/wp-json\/wp\/v2\/types\/page"}],"author":[{"embeddable":true,"href":"https:\/\/www.camping-dunamunguy.com\/es\/wp-json\/wp\/v2\/users\/1"}],"replies":[{"embeddable":true,"href":"https:\/\/www.camping-dunamunguy.com\/es\/wp-json\/wp\/v2\/comments?post=3156"}],"version-history":[{"count":27,"href":"https:\/\/www.camping-dunamunguy.com\/es\/wp-json\/wp\/v2\/pages\/3156\/revisions"}],"predecessor-version":[{"id":4363,"href":"https:\/\/www.camping-dunamunguy.com\/es\/wp-json\/wp\/v2\/pages\/3156\/revisions\/4363"}],"wp:featuredmedia":[{"embeddable":true,"href":"https:\/\/www.camping-dunamunguy.com\/es\/wp-json\/wp\/v2\/media\/147"}],"wp:attachment":[{"href":"https:\/\/www.camping-dunamunguy.com\/es\/wp-json\/wp\/v2\/media?parent=3156"}],"wp:term":[{"taxonomy":"category","embeddable":true,"href":"https:\/\/www.camping-dunamunguy.com\/es\/wp-json\/wp\/v2\/categories?post=3156"},{"taxonomy":"post_tag","embeddable":true,"href":"https:\/\/www.camping-dunamunguy.com\/es\/wp-json\/wp\/v2\/tags?post=3156"}],"curies":[{"name":"wp","href":"https:\/\/api.w.org\/{rel}","templated":true}]}}