{"id":3152,"date":"2024-11-26T17:11:19","date_gmt":"2024-11-26T16:11:19","guid":{"rendered":"https:\/\/www.camping-dunamunguy.com\/acampar-junto-al-mar-pais-vasco\/"},"modified":"2025-02-13T10:08:21","modified_gmt":"2025-02-13T09:08:21","slug":"acampar-junto-al-mar-pais-vasco","status":"publish","type":"page","link":"https:\/\/www.camping-dunamunguy.com\/es\/acampar-junto-al-mar-pais-vasco\/","title":{"rendered":"Junto al mar"},"content":{"rendered":"\n<section class=\"wp-block-group alignfull home-intro page-one has-custom-couleur-3-background-color has-background gt-break-mobile is-nowrap is-layout-flex wp-container-core-group-is-layout-6cb393e8 wp-block-group-is-layout-flex\" style=\"margin-top:0rem;margin-bottom:0rem;padding-top:12rem;padding-right:15rem;padding-bottom:12rem;padding-left:15rem\">\n<figure class=\"wp-block-image size-full illustration-background\"><img decoding=\"async\" width=\"900\" height=\"540\" src=\"https:\/\/www.camping-dunamunguy.com\/wp-content\/uploads\/2025\/01\/camping-duna-munguy-st-jean-de-luz-2.png\" alt=\"camping duna munguy st jean de luz\" class=\"wp-image-2686\" title=\"\" srcset=\"https:\/\/www.camping-dunamunguy.com\/wp-content\/uploads\/2025\/01\/camping-duna-munguy-st-jean-de-luz-2.png 900w, https:\/\/www.camping-dunamunguy.com\/wp-content\/uploads\/2025\/01\/camping-duna-munguy-st-jean-de-luz-2-300x180.png 300w, https:\/\/www.camping-dunamunguy.com\/wp-content\/uploads\/2025\/01\/camping-duna-munguy-st-jean-de-luz-2-768x461.png 768w\" sizes=\"(max-width: 900px) 100vw, 900px\" \/><\/figure>\n\n\n\n<div class=\"wp-block-group wp-container-content-a5fc19f1 is-vertical is-layout-flex wp-container-core-group-is-layout-4b827052 wp-block-group-is-layout-flex\">\n<p class=\"text-deco has-custom-couleur-1-color has-text-color has-link-color has-kodchasan-font-family wp-elements-96b3075becf7d3d061bf0e2eed3f1024\" style=\"margin-left:-4.6rem;font-size:clamp(33.419px, 2.089rem + ((1vw - 3.2px) * 2.769), 60px);line-height:1.3;text-transform:uppercase\">Frente a la playa<\/p>\n\n\n<h1 class=\"wp-block-heading text-deco-two has-custom-couleur-5-color has-text-color has-link-color has-source-sans-3-font-family wp-elements-3d88e7da73068641beb80c8d75234df0\" style=\"border-left-color:var(--wp--preset--color--custom-couleur-2);border-left-width:1px;padding-left:var(--wp--preset--spacing--10);font-size:clamp(16.834px, 1.052rem + ((1vw - 3.2px) * 0.955), 26px);letter-spacing:4.6px\" id=\"nuestro-camping-frente-al-mar-en-el-pais-vasco\">Nuestro camping frente al mar en el Pa\u00eds Vasco<\/h1>\n\n\n<div style=\"height:32px\" aria-hidden=\"true\" class=\"wp-block-spacer gt-hide-mobile wp-container-content-82ea18c2\"><\/div>\n\n\n\n<div class=\"wp-block-group is-vertical is-layout-flex wp-container-core-group-is-layout-bf547533 wp-block-group-is-layout-flex\" style=\"padding-right:30px\">\n<p>Situado a 300 m del oc\u00e9ano, \u00a1el <a href=\"https:\/\/www.camping-dunamunguy.com\/es\/\" data-type=\"page\" data-id=\"6\">camping Saint-Jean-de-Luz<\/a> Duna Munguy es el lugar ideal para tus experiencias acu\u00e1ticas en la costa vasca!<\/p>\n\n\n\n<p>Vive al ritmo de las olas, descubre nuevas sensaciones&#8230; El oc\u00e9ano ser\u00e1 el compa\u00f1ero perfecto de tus vacaciones, para momentos de descubrimiento, relajaci\u00f3n y aventura.<\/p>\n<\/div>\n<\/div>\n\n\n\n<div class=\"wp-block-group wp-container-content-9cfa9a5a is-vertical is-layout-flex wp-container-core-group-is-layout-fe9cc265 wp-block-group-is-layout-flex\">\n<div class=\"wp-block-group images-container wp-container-content-9cfa9a5a is-nowrap is-layout-flex wp-container-core-group-is-layout-fcdbac02 wp-block-group-is-layout-flex\">\n<div class=\"wp-block-group parent-illustration parallax-vertical parallax-up is-vertical is-layout-flex wp-container-core-group-is-layout-4b827052 wp-block-group-is-layout-flex\">\n<figure class=\"wp-block-image size-full first\"><img decoding=\"async\" width=\"450\" height=\"700\" src=\"https:\/\/www.camping-dunamunguy.com\/wp-content\/uploads\/2025\/01\/camping-bord-de-mer-pays-basque.webp\" alt=\"camping junto al mar en el pa&#xED;s vasco\" class=\"wp-image-2515\" srcset=\"https:\/\/www.camping-dunamunguy.com\/wp-content\/uploads\/2025\/01\/camping-bord-de-mer-pays-basque.webp 450w, https:\/\/www.camping-dunamunguy.com\/wp-content\/uploads\/2025\/01\/camping-bord-de-mer-pays-basque-193x300.webp 193w\" sizes=\"(max-width: 450px) 100vw, 450px\" \/><\/figure>\n<\/div>\n\n\n\n<div class=\"wp-block-group parallax-vertical parallax-down is-vertical is-layout-flex wp-container-core-group-is-layout-4b827052 wp-block-group-is-layout-flex\">\n<figure class=\"wp-block-image size-full second\"><img decoding=\"async\" width=\"500\" height=\"750\" src=\"https:\/\/www.camping-dunamunguy.com\/wp-content\/uploads\/2025\/01\/camping-en-bord-de-mer.webp\" alt=\"camping junto al mar en el pa&#xED;s vasco\" class=\"wp-image-2896\" srcset=\"https:\/\/www.camping-dunamunguy.com\/wp-content\/uploads\/2025\/01\/camping-en-bord-de-mer.webp 500w, https:\/\/www.camping-dunamunguy.com\/wp-content\/uploads\/2025\/01\/camping-en-bord-de-mer-200x300.webp 200w\" sizes=\"(max-width: 500px) 100vw, 500px\" \/><\/figure>\n<\/div>\n<\/div>\n<\/div>\n<\/section>\n\n<section class=\"wp-block-group alignfull home-piscine home-template-slider page-two has-custom-couleur-3-background-color has-background is-vertical is-layout-flex wp-container-core-group-is-layout-6c9b4a6d wp-block-group-is-layout-flex\" style=\"border-top-color:var(--wp--preset--color--custom-couleur-2);border-top-width:1px;margin-top:0;margin-bottom:0;padding-top:12rem;padding-right:0rem;padding-bottom:8rem;padding-left:0rem\">\n<div class=\"wp-block-group gt-rangee is-content-justification-left is-nowrap is-layout-flex wp-container-core-group-is-layout-a7e4645d wp-block-group-is-layout-flex\" style=\"padding-right:15rem;padding-left:15rem\">\n<div class=\"wp-block-group is-vertical is-layout-flex wp-container-core-group-is-layout-fe9cc265 wp-block-group-is-layout-flex\"><h2 class=\"wp-block-heading has-custom-couleur-1-color has-text-color has-link-color wp-elements-eb2dfe026d3566d6b2164b8530dbad2f\" style=\"border-left-color:var(--wp--preset--color--custom-couleur-2);border-left-width:1px;padding-left:1rem;font-size:clamp(16.834px, 1.052rem + ((1vw - 3.2px) * 0.955), 26px);letter-spacing:5.2px;text-transform:uppercase\" id=\"nuestras-3-playas-a-300-m-del-camping-en-san-juan-de-luz\">Nuestras 3 playas a 300 m del camping en San Juan de Luz<\/h2><\/div>\n\n\n\n<div class=\"wp-block-group gt-swiper-mb-1-top active button-slider button-slider-next has-border-color has-custom-couleur-2-border-color has-base-2-background-color has-background is-vertical is-content-justification-left is-layout-flex wp-container-core-group-is-layout-91077632 wp-block-group-is-layout-flex\" style=\"border-style:solid;border-width:1px;padding-top:var(--wp--preset--spacing--10);padding-right:3rem;padding-bottom:var(--wp--preset--spacing--10);padding-left:var(--wp--preset--spacing--10)\">\n<p class=\"has-custom-couleur-1-color has-text-color has-link-color has-kodchasan-font-family wp-elements-4171989f7efe5f09ad8c70ebacb992a4\" style=\"font-size:clamp(18.434px, 1.152rem + ((1vw - 3.2px) * 1.101), 29px);text-transform:uppercase\">Siguiente<\/p>\n<\/div>\n<\/div>\n\n\n\n<div data-swiper=\"{&quot;speed&quot;:400,&quot;spaceBetween&quot;:0,&quot;slidesPerView&quot;:1,&quot;createElements&quot;:true,&quot;loop&quot;:true,&quot;freemode&quot;:true,&quot;navigation&quot;:{&quot;nextEl&quot;:&quot;.gt-swiper-mb-1-bottom&quot;,&quot;prevEl&quot;:&quot;.gt-swiper-mb-1-top&quot;},&quot;pagination&quot;:{&quot;dynamicBullets&quot;:false},&quot;breakpoints&quot;:[{&quot;slidesPerView&quot;:1}],&quot;effect&quot;:&quot;fade&quot;,&quot;autoplay&quot;:{&quot;delay&quot;:5000}}\" class=\"wp-block-group gt-is-slider gt-is-slider-desktop is-nowrap is-layout-flex wp-container-core-group-is-layout-485480d6 wp-block-group-is-layout-flex\" style=\"padding-right:0rem;padding-left:0rem\">\n<div class=\"wp-block-group maillage has-global-padding is-layout-constrained wp-container-core-group-is-layout-12243e0f wp-block-group-is-layout-constrained\">\n<div class=\"wp-block-cover is-light maillage__image maillage-reveal\" style=\"min-height:700px;aspect-ratio:unset;\"><span aria-hidden=\"true\" class=\"wp-block-cover__background has-background-dim-0 has-background-dim\"><\/span><img decoding=\"async\" width=\"1920\" height=\"1079\" class=\"wp-block-cover__image-background wp-image-309\" alt=\"camping proche ocean pays basque\" src=\"https:\/\/www.camping-dunamunguy.com\/wp-content\/uploads\/2024\/12\/camping-proche-ocean-pays-basque.webp\" data-object-fit=\"cover\" srcset=\"https:\/\/www.camping-dunamunguy.com\/wp-content\/uploads\/2024\/12\/camping-proche-ocean-pays-basque.webp 1920w, https:\/\/www.camping-dunamunguy.com\/wp-content\/uploads\/2024\/12\/camping-proche-ocean-pays-basque-300x169.webp 300w, https:\/\/www.camping-dunamunguy.com\/wp-content\/uploads\/2024\/12\/camping-proche-ocean-pays-basque-1024x575.webp 1024w, https:\/\/www.camping-dunamunguy.com\/wp-content\/uploads\/2024\/12\/camping-proche-ocean-pays-basque-768x432.webp 768w, https:\/\/www.camping-dunamunguy.com\/wp-content\/uploads\/2024\/12\/camping-proche-ocean-pays-basque-1536x863.webp 1536w\" sizes=\"(max-width: 1920px) 100vw, 1920px\" \/><div class=\"wp-block-cover__inner-container has-global-padding is-layout-constrained wp-block-cover-is-layout-constrained\">\n<p class=\"has-text-align-center has-large-font-size\"><\/p>\n<\/div><\/div>\n<\/div>\n\n\n\n<div class=\"wp-block-group maillage has-global-padding is-layout-constrained wp-container-core-group-is-layout-12243e0f wp-block-group-is-layout-constrained\">\n<div class=\"wp-block-cover maillage__image maillage-reveal\" style=\"min-height:700px;aspect-ratio:unset;\"><span aria-hidden=\"true\" class=\"wp-block-cover__background has-background-dim-0 has-background-dim\"><\/span><img decoding=\"async\" width=\"2000\" height=\"1500\" class=\"wp-block-cover__image-background wp-image-2904\" alt=\"plage de cenitz\" src=\"https:\/\/www.camping-dunamunguy.com\/wp-content\/uploads\/2025\/01\/plage-de-cenitz.webp\" data-object-fit=\"cover\" srcset=\"https:\/\/www.camping-dunamunguy.com\/wp-content\/uploads\/2025\/01\/plage-de-cenitz.webp 2000w, https:\/\/www.camping-dunamunguy.com\/wp-content\/uploads\/2025\/01\/plage-de-cenitz-300x225.webp 300w, https:\/\/www.camping-dunamunguy.com\/wp-content\/uploads\/2025\/01\/plage-de-cenitz-1024x768.webp 1024w, https:\/\/www.camping-dunamunguy.com\/wp-content\/uploads\/2025\/01\/plage-de-cenitz-768x576.webp 768w, https:\/\/www.camping-dunamunguy.com\/wp-content\/uploads\/2025\/01\/plage-de-cenitz-1536x1152.webp 1536w\" sizes=\"(max-width: 2000px) 100vw, 2000px\" \/><div class=\"wp-block-cover__inner-container has-global-padding is-layout-constrained wp-block-cover-is-layout-constrained\">\n<p class=\"has-text-align-center has-large-font-size\"><\/p>\n<\/div><\/div>\n<\/div>\n\n\n\n<div class=\"wp-block-group maillage has-global-padding is-layout-constrained wp-container-core-group-is-layout-12243e0f wp-block-group-is-layout-constrained\">\n<div class=\"wp-block-cover maillage__image maillage-reveal\" style=\"min-height:700px;aspect-ratio:unset;\"><span aria-hidden=\"true\" class=\"wp-block-cover__background has-background-dim-0 has-background-dim\"><\/span><img decoding=\"async\" width=\"2000\" height=\"1333\" class=\"wp-block-cover__image-background wp-image-2901\" alt=\"Plage de sable avec vue sur montagne et oc\u00e9an.\" src=\"https:\/\/www.camping-dunamunguy.com\/wp-content\/uploads\/2025\/01\/baie-st-jean-de-luz.webp\" data-object-fit=\"cover\" srcset=\"https:\/\/www.camping-dunamunguy.com\/wp-content\/uploads\/2025\/01\/baie-st-jean-de-luz.webp 2000w, https:\/\/www.camping-dunamunguy.com\/wp-content\/uploads\/2025\/01\/baie-st-jean-de-luz-300x200.webp 300w, https:\/\/www.camping-dunamunguy.com\/wp-content\/uploads\/2025\/01\/baie-st-jean-de-luz-1024x682.webp 1024w, https:\/\/www.camping-dunamunguy.com\/wp-content\/uploads\/2025\/01\/baie-st-jean-de-luz-768x512.webp 768w, https:\/\/www.camping-dunamunguy.com\/wp-content\/uploads\/2025\/01\/baie-st-jean-de-luz-1536x1024.webp 1536w\" sizes=\"(max-width: 2000px) 100vw, 2000px\" \/><div class=\"wp-block-cover__inner-container has-global-padding is-layout-constrained wp-block-cover-is-layout-constrained\">\n<p class=\"has-text-align-center has-large-font-size\"><\/p>\n<\/div><\/div>\n<\/div>\n\n\n\n<div class=\"wp-block-group maillage has-global-padding is-layout-constrained wp-container-core-group-is-layout-12243e0f wp-block-group-is-layout-constrained\">\n<div class=\"wp-block-cover is-light maillage__image maillage-reveal\" style=\"min-height:700px;aspect-ratio:unset;\"><span aria-hidden=\"true\" class=\"wp-block-cover__background has-background-dim-0 has-background-dim\"><\/span><img decoding=\"async\" width=\"2000\" height=\"1333\" class=\"wp-block-cover__image-background wp-image-2465\" alt=\"Oc\u00e9an avec surfeurs pr\u00e8s d&#039;une falaise verdoyante.\" src=\"https:\/\/www.camping-dunamunguy.com\/wp-content\/uploads\/2025\/01\/plage-de-lafitenia.webp\" style=\"object-position:50% 57%\" data-object-fit=\"cover\" data-object-position=\"50% 57%\" srcset=\"https:\/\/www.camping-dunamunguy.com\/wp-content\/uploads\/2025\/01\/plage-de-lafitenia.webp 2000w, https:\/\/www.camping-dunamunguy.com\/wp-content\/uploads\/2025\/01\/plage-de-lafitenia-300x200.webp 300w, https:\/\/www.camping-dunamunguy.com\/wp-content\/uploads\/2025\/01\/plage-de-lafitenia-1024x682.webp 1024w, https:\/\/www.camping-dunamunguy.com\/wp-content\/uploads\/2025\/01\/plage-de-lafitenia-768x512.webp 768w, https:\/\/www.camping-dunamunguy.com\/wp-content\/uploads\/2025\/01\/plage-de-lafitenia-1536x1024.webp 1536w\" sizes=\"(max-width: 2000px) 100vw, 2000px\" \/><div class=\"wp-block-cover__inner-container has-global-padding is-layout-constrained wp-block-cover-is-layout-constrained\">\n<p class=\"has-text-align-center has-large-font-size\"><\/p>\n<\/div><\/div>\n<\/div>\n<\/div>\n\n\n\n<div class=\"wp-block-group gt-rangee is-content-justification-right is-nowrap is-layout-flex wp-container-core-group-is-layout-55327474 wp-block-group-is-layout-flex\" style=\"padding-right:15rem;padding-left:15rem\">\n<div class=\"wp-block-group gt-swiper-mb-1-bottom button-slider button-slider-prev has-border-color has-custom-couleur-2-border-color has-base-2-background-color has-background is-vertical is-content-justification-left is-layout-flex wp-container-core-group-is-layout-fa960f8d wp-block-group-is-layout-flex\" style=\"border-style:solid;border-width:1px;padding-top:var(--wp--preset--spacing--10);padding-right:3rem;padding-bottom:var(--wp--preset--spacing--10);padding-left:var(--wp--preset--spacing--10)\">\n<p class=\"has-custom-couleur-1-color has-text-color has-link-color has-kodchasan-font-family wp-elements-e3cacee769460976dbe21825c832e75e\" style=\"font-size:clamp(18.434px, 1.152rem + ((1vw - 3.2px) * 1.101), 29px);text-transform:uppercase\">Anterior<\/p>\n<\/div>\n\n\n\n<div class=\"wp-block-group is-vertical is-layout-flex wp-container-core-group-is-layout-fe9cc265 wp-block-group-is-layout-flex\">\n<div style=\"height:40px\" aria-hidden=\"true\" class=\"wp-block-spacer gt-hide-mobile wp-container-content-28f0cd9b\"><\/div>\n\n\n\n<div style=\"height:15px\" aria-hidden=\"true\" class=\"wp-block-spacer gt-hide-mobile wp-container-content-42c95ffb\"><\/div>\n\n\n\n<p>Nuestro <a href=\"https:\/\/www.camping-dunamunguy.com\/es\/camping-servicios-pais-vasco\/\" data-type=\"page\" data-id=\"8\">camping con servicios<\/a>, situado en el <strong>barrio de Acotz, al norte de San Juan de Luz<\/strong>, ofrece un acceso privilegiado a tres magn\u00edficas playas aut\u00e9nticas, ideales para vivir una experiencia variada junto al oc\u00e9ano:<\/p>\n\n\n\n<ul class=\"wp-block-list\">\n<li><strong>Cenitz\/Senix (300 m)<\/strong>: Playa de arena y guijarros perfecta para un animado ba\u00f1o o para hacer surf. Un lugar tranquilo para disfrutar de las puestas de sol, con foodtrucks que ofrecen comidas y bebidas. <\/li>\n\n\n\n<li><strong>Mayarco (500 m)<\/strong>: playa de arena virgen, ideal para familias o surfistas principiantes. A lo largo de la playa hay algunos restaurantes muy acogedores y un campo de minigolf con una vista inmejorable del oc\u00e9ano. <\/li>\n\n\n\n<li><strong>Lafitenia (800 m)<\/strong>: Un spot legendario reservado a los surfistas experimentados, que ofrece un entorno salvaje y virgen, sin construcciones.  <\/li>\n<\/ul>\n\n\n\n<p>Estas tres playas, menos concurridas y m\u00e1s tranquilas que las de otras partes de la costa vasca, ofrecen un remanso de paz lejos del ajetreo y el bullicio del turismo, permiti\u00e9ndole aprovechar al m\u00e1ximo la belleza natural y la autenticidad de la regi\u00f3n. En nuestro camping, podr\u00e1 elegir entre nuestra <a href=\"https:\/\/www.camping-dunamunguy.com\/es\/camping-piscina-san-juan-de-luz\/\" data-type=\"page\" data-id=\"10\">piscina<\/a> y <strong>las playas m\u00e1s hermosas de la costa vasca<\/strong>. <\/p>\n<\/div>\n<\/div>\n\n\n\n<figure class=\"wp-block-image size-full illustration-background\"><img decoding=\"async\" width=\"900\" height=\"540\" src=\"https:\/\/www.camping-dunamunguy.com\/wp-content\/uploads\/2025\/01\/camping-duna-munguy-st-jean-de-luz-2-1.png\" alt=\"camping duna munguy st jean de luz\" class=\"wp-image-2690\" title=\"\" srcset=\"https:\/\/www.camping-dunamunguy.com\/wp-content\/uploads\/2025\/01\/camping-duna-munguy-st-jean-de-luz-2-1.png 900w, https:\/\/www.camping-dunamunguy.com\/wp-content\/uploads\/2025\/01\/camping-duna-munguy-st-jean-de-luz-2-1-300x180.png 300w, https:\/\/www.camping-dunamunguy.com\/wp-content\/uploads\/2025\/01\/camping-duna-munguy-st-jean-de-luz-2-1-768x461.png 768w\" sizes=\"(max-width: 900px) 100vw, 900px\" \/><\/figure>\n<\/section>\n\n<section class=\"wp-block-group alignfull home-hebergements page-three has-custom-couleur-1-background-color has-background is-vertical is-layout-flex wp-container-core-group-is-layout-c6822031 wp-block-group-is-layout-flex\" style=\"border-top-style:none;border-top-width:0px;margin-top:0;margin-bottom:0;padding-top:8rem;padding-right:15rem;padding-bottom:12rem;padding-left:15rem\">\n<div class=\"wp-block-columns are-vertically-aligned-center is-layout-flex wp-container-core-columns-is-layout-b23a18ed wp-block-columns-is-layout-flex\">\n<div class=\"wp-block-column is-vertically-aligned-center parallax-vertical parallax-up is-layout-flow wp-block-column-is-layout-flow\">\n<div class=\"wp-block-group wp-container-content-9cfa9a5a is-vertical is-layout-flex wp-container-core-group-is-layout-fe9cc265 wp-block-group-is-layout-flex\">\n<div style=\"height:0px\" aria-hidden=\"true\" class=\"wp-block-spacer gt-hide-mobile wp-container-content-6388d5dc\"><\/div>\n\n\n\n<div class=\"wp-block-cover maillage__image second\" style=\"min-height:700px;aspect-ratio:unset;\"><span aria-hidden=\"true\" class=\"wp-block-cover__background has-background-dim-0 has-background-dim\"><\/span><img decoding=\"async\" width=\"450\" height=\"700\" class=\"wp-block-cover__image-background wp-image-2458\" alt=\"couche de soleil pays basque\" src=\"https:\/\/www.camping-dunamunguy.com\/wp-content\/uploads\/2025\/01\/couche-de-soleil-pays-basque-2.webp\" data-object-fit=\"cover\" srcset=\"https:\/\/www.camping-dunamunguy.com\/wp-content\/uploads\/2025\/01\/couche-de-soleil-pays-basque-2.webp 450w, https:\/\/www.camping-dunamunguy.com\/wp-content\/uploads\/2025\/01\/couche-de-soleil-pays-basque-2-193x300.webp 193w\" sizes=\"(max-width: 450px) 100vw, 450px\" \/><div class=\"wp-block-cover__inner-container has-global-padding is-layout-constrained wp-block-cover-is-layout-constrained\">\n<p class=\"has-text-align-center has-large-font-size\"><\/p>\n<\/div><\/div>\n<\/div>\n<\/div>\n\n\n\n<div class=\"wp-block-column is-vertically-aligned-center parallax-vertical is-layout-flow wp-block-column-is-layout-flow\">\n<div class=\"wp-block-cover maillage__image first\" style=\"min-height:700px;aspect-ratio:unset;\"><span aria-hidden=\"true\" class=\"wp-block-cover__background has-background-dim-0 has-background-dim\"><\/span><img decoding=\"async\" width=\"450\" height=\"700\" class=\"wp-block-cover__image-background wp-image-2455\" alt=\"couche de soleil biarritz\" src=\"https:\/\/www.camping-dunamunguy.com\/wp-content\/uploads\/2025\/01\/couche-de-soleil-biarritz.webp\" data-object-fit=\"cover\" srcset=\"https:\/\/www.camping-dunamunguy.com\/wp-content\/uploads\/2025\/01\/couche-de-soleil-biarritz.webp 450w, https:\/\/www.camping-dunamunguy.com\/wp-content\/uploads\/2025\/01\/couche-de-soleil-biarritz-193x300.webp 193w\" sizes=\"(max-width: 450px) 100vw, 450px\" \/><div class=\"wp-block-cover__inner-container has-global-padding is-layout-constrained wp-block-cover-is-layout-constrained\">\n<p class=\"has-text-align-center has-large-font-size\"><\/p>\n<\/div><\/div>\n<\/div>\n\n\n\n<div class=\"wp-block-column is-vertically-aligned-center is-layout-flow wp-block-column-is-layout-flow\">\n<div class=\"wp-block-group wp-container-content-9cfa9a5a is-vertical is-layout-flex wp-container-core-group-is-layout-fe9cc265 wp-block-group-is-layout-flex\">\n<div style=\"height:0px\" aria-hidden=\"true\" class=\"wp-block-spacer gt-hide-mobile wp-container-content-6388d5dc\"><\/div>\n\n\n<h2 class=\"wp-block-heading has-custom-couleur-2-color has-text-color has-link-color wp-elements-faf6b703e0d18cedfca9c752d37a881e\" style=\"text-transform:uppercase\" id=\"junto-al-mar-el-mejor-lugar-para-las-puestas-de-sol\">Junto al mar, el mejor lugar para las puestas de sol<\/h2>\n\n\n<p class=\"has-base-2-color has-text-color has-link-color wp-elements-0c5e36878c8a6e962d0a2b1f2b941be8\"><br\/>Amantes de las puestas de sol, \u00a1preparaos para un momento m\u00e1gico! Desde este camping idealmente situado, podr\u00e1s pisar <strong>la playa casi desierta de Cenitz<\/strong>, donde los surfistas se deslizan bajo los \u00faltimos rayos dorados del sol.   <\/p>\n\n\n\n<p class=\"has-base-2-color has-text-color has-link-color wp-elements-e26c72a54697091f80cd14766e41b76d\">Si prefieres un ambiente m\u00e1s animado, ponte c\u00f3modo en los bares de la playa de Mayarco, c\u00f3ctel en mano, y d\u00e9jate cautivar por el colorido espect\u00e1culo del cielo transform\u00e1ndose en un retablo viviente. Un escenario perfecto para momentos de puro asombro. <\/p>\n<\/div>\n<\/div>\n<\/div>\n<\/section>\n\n<section class=\"wp-block-group alignfull home-intro page-one has-custom-couleur-3-background-color has-background gt-break-mobile is-nowrap is-layout-flex wp-container-core-group-is-layout-2f696d1f wp-block-group-is-layout-flex\" style=\"margin-top:0rem;margin-bottom:0rem;padding-top:12rem;padding-right:15rem;padding-bottom:10rem;padding-left:15rem\">\n<div class=\"wp-block-group wp-container-content-dc435e0d is-vertical is-layout-flex wp-container-core-group-is-layout-a3b65dd2 wp-block-group-is-layout-flex\"><h2 class=\"wp-block-heading\" style=\"text-transform:uppercase\" id=\"descubrir-la-vida-marina\">Descubrir la vida marina<\/h2>\n\n\n<div style=\"height:32px\" aria-hidden=\"true\" class=\"wp-block-spacer gt-hide-mobile wp-container-content-82ea18c2\"><\/div>\n\n\n\n<div class=\"wp-block-group is-vertical is-layout-flex wp-container-core-group-is-layout-bf547533 wp-block-group-is-layout-flex\" style=\"padding-right:30px\">\n<p>Nuestro camping es tambi\u00e9n el punto de partida para <a href=\"https:\/\/www.camping-dunamunguy.com\/es\/senderismo-pais-vasco\/\" data-type=\"page\" data-id=\"12\">descubrir la naturaleza<\/a>. Con la marea baja, las playas locales se transforman en un verdadero <strong>espect\u00e1culo natural<\/strong>. El agua retrocede para revelar rocas y formaciones marinas, y el paisaje se vuelve a\u00fan m\u00e1s espectacular, salvaje y misterioso. Es el momento perfecto para descubrir la fauna acu\u00e1tica. Los ni\u00f1os en particular se asombrar\u00e1n al ver cangrejos, erizos de mar y gambas movi\u00e9ndose ante sus propios ojos.    <\/p>\n\n\n\n<p>Sin embargo, es esencial recordar que el ecosistema es fr\u00e1gil. As\u00ed que es mejor observar a estas criaturas sin tocarlas, para no perturbar su h\u00e1bitat natural. Si sientes el impulso irresistible de ir a pescar <strong>a pie<\/strong>, aseg\u00farate de informarte sobre la <strong>normativa local<\/strong> para preservar el equilibrio de este entorno \u00fanico.    <\/p>\n\n\n\n<p>Un poco m\u00e1s lejos, desde la bah\u00eda de San Juan de Luz o Hendaya, tambi\u00e9n puedes embarcarte en una <strong>excursi\u00f3n mar\u00edtima<\/strong>, ya sea para pescar o para observar cet\u00e1ceos, una actividad fascinante que te permitir\u00e1 explorar a\u00fan m\u00e1s la riqueza marina de la regi\u00f3n.<\/p>\n<\/div>\n<\/div>\n\n\n\n<div class=\"wp-block-group wp-container-content-9cfa9a5a is-vertical is-layout-flex wp-container-core-group-is-layout-fe9cc265 wp-block-group-is-layout-flex\">\n<div class=\"wp-block-group images-container wp-container-content-9cfa9a5a is-nowrap is-layout-flex wp-container-core-group-is-layout-fcdbac02 wp-block-group-is-layout-flex\">\n<div class=\"wp-block-group parent-illustration parallax-vertical parallax-up is-vertical is-layout-flex wp-container-core-group-is-layout-4b827052 wp-block-group-is-layout-flex\">\n<figure class=\"wp-block-image size-full first\"><img decoding=\"async\" width=\"450\" height=\"700\" src=\"https:\/\/www.camping-dunamunguy.com\/wp-content\/uploads\/2025\/01\/bateaux-de-peche-hendaye.webp\" alt=\"barcos de pesca hendaya\" class=\"wp-image-2532\" srcset=\"https:\/\/www.camping-dunamunguy.com\/wp-content\/uploads\/2025\/01\/bateaux-de-peche-hendaye.webp 450w, https:\/\/www.camping-dunamunguy.com\/wp-content\/uploads\/2025\/01\/bateaux-de-peche-hendaye-193x300.webp 193w\" sizes=\"(max-width: 450px) 100vw, 450px\" \/><\/figure>\n<\/div>\n\n\n\n<div class=\"wp-block-group parallax-vertical parallax-down is-vertical is-layout-flex wp-container-core-group-is-layout-4b827052 wp-block-group-is-layout-flex\">\n<figure class=\"wp-block-image size-full second\"><img decoding=\"async\" width=\"450\" height=\"700\" src=\"https:\/\/www.camping-dunamunguy.com\/wp-content\/uploads\/2025\/01\/peche-a-pied-st-jean-de-luz.webp\" alt=\"Ni&#xF1;o recogiendo agua en la playa.\" class=\"wp-image-2535\" srcset=\"https:\/\/www.camping-dunamunguy.com\/wp-content\/uploads\/2025\/01\/peche-a-pied-st-jean-de-luz.webp 450w, https:\/\/www.camping-dunamunguy.com\/wp-content\/uploads\/2025\/01\/peche-a-pied-st-jean-de-luz-193x300.webp 193w\" sizes=\"(max-width: 450px) 100vw, 450px\" \/><\/figure>\n<\/div>\n<\/div>\n<\/div>\n<\/section>\n\n<section class=\"wp-block-group alignfull home-piscine home-template-slider page-two has-custom-couleur-3-background-color has-background is-vertical is-layout-flex wp-container-core-group-is-layout-6c9b4a6d wp-block-group-is-layout-flex\" style=\"border-top-color:var(--wp--preset--color--custom-couleur-2);border-top-width:1px;margin-top:0;margin-bottom:0;padding-top:12rem;padding-right:0rem;padding-bottom:8rem;padding-left:0rem\">\n<div class=\"wp-block-group gt-rangee is-content-justification-left is-nowrap is-layout-flex wp-container-core-group-is-layout-a7e4645d wp-block-group-is-layout-flex\" style=\"padding-right:15rem;padding-left:15rem\">\n<div class=\"wp-block-group is-vertical is-layout-flex wp-container-core-group-is-layout-fe9cc265 wp-block-group-is-layout-flex\"><h2 class=\"wp-block-heading has-custom-couleur-1-color has-text-color has-link-color wp-elements-87c07c5d34ffec662e0f4a5c20196b58\" style=\"border-left-color:var(--wp--preset--color--custom-couleur-2);border-left-width:1px;padding-left:1rem;font-size:clamp(16.834px, 1.052rem + ((1vw - 3.2px) * 0.955), 26px);letter-spacing:5.2px;text-transform:uppercase\" id=\"los-deportes-acuaticos-en-el-punto-de-mira\">  Los deportes acu\u00e1ticos en el punto de mira<\/h2><\/div>\n\n\n\n<div class=\"wp-block-group gt-swiper-mb-1-top active button-slider button-slider-next has-border-color has-custom-couleur-2-border-color has-base-2-background-color has-background is-vertical is-content-justification-left is-layout-flex wp-container-core-group-is-layout-91077632 wp-block-group-is-layout-flex\" style=\"border-style:solid;border-width:1px;padding-top:var(--wp--preset--spacing--10);padding-right:3rem;padding-bottom:var(--wp--preset--spacing--10);padding-left:var(--wp--preset--spacing--10)\">\n<p class=\"has-custom-couleur-1-color has-text-color has-link-color has-kodchasan-font-family wp-elements-4171989f7efe5f09ad8c70ebacb992a4\" style=\"font-size:clamp(18.434px, 1.152rem + ((1vw - 3.2px) * 1.101), 29px);text-transform:uppercase\">Siguiente<\/p>\n<\/div>\n<\/div>\n\n\n\n<div data-swiper=\"{&quot;speed&quot;:400,&quot;spaceBetween&quot;:0,&quot;slidesPerView&quot;:1,&quot;createElements&quot;:true,&quot;loop&quot;:true,&quot;freemode&quot;:true,&quot;navigation&quot;:{&quot;nextEl&quot;:&quot;.gt-swiper-mb-1-bottom&quot;,&quot;prevEl&quot;:&quot;.gt-swiper-mb-1-top&quot;},&quot;pagination&quot;:{&quot;dynamicBullets&quot;:false},&quot;breakpoints&quot;:[{&quot;slidesPerView&quot;:1}],&quot;effect&quot;:&quot;fade&quot;,&quot;autoplay&quot;:{&quot;delay&quot;:5000}}\" class=\"wp-block-group gt-is-slider gt-is-slider-desktop is-nowrap is-layout-flex wp-container-core-group-is-layout-485480d6 wp-block-group-is-layout-flex\" style=\"padding-right:0rem;padding-left:0rem\">\n<div class=\"wp-block-group maillage has-global-padding is-layout-constrained wp-container-core-group-is-layout-12243e0f wp-block-group-is-layout-constrained\">\n<div class=\"wp-block-cover is-light maillage__image maillage-reveal\" style=\"min-height:700px;aspect-ratio:unset;\"><span aria-hidden=\"true\" class=\"wp-block-cover__background has-background-dim-0 has-background-dim\"><\/span><img decoding=\"async\" width=\"2000\" height=\"1500\" class=\"wp-block-cover__image-background wp-image-2956\" alt=\"balade bateau st jean de luz\" src=\"https:\/\/www.camping-dunamunguy.com\/wp-content\/uploads\/2025\/01\/balade-bateau-st-jean-de-luz.webp\" data-object-fit=\"cover\" srcset=\"https:\/\/www.camping-dunamunguy.com\/wp-content\/uploads\/2025\/01\/balade-bateau-st-jean-de-luz.webp 2000w, https:\/\/www.camping-dunamunguy.com\/wp-content\/uploads\/2025\/01\/balade-bateau-st-jean-de-luz-300x225.webp 300w, https:\/\/www.camping-dunamunguy.com\/wp-content\/uploads\/2025\/01\/balade-bateau-st-jean-de-luz-1024x768.webp 1024w, https:\/\/www.camping-dunamunguy.com\/wp-content\/uploads\/2025\/01\/balade-bateau-st-jean-de-luz-768x576.webp 768w, https:\/\/www.camping-dunamunguy.com\/wp-content\/uploads\/2025\/01\/balade-bateau-st-jean-de-luz-1536x1152.webp 1536w\" sizes=\"(max-width: 2000px) 100vw, 2000px\" \/><div class=\"wp-block-cover__inner-container has-global-padding is-layout-constrained wp-block-cover-is-layout-constrained\">\n<p class=\"has-text-align-center has-large-font-size\"><\/p>\n<\/div><\/div>\n<\/div>\n\n\n\n<div class=\"wp-block-group maillage has-global-padding is-layout-constrained wp-container-core-group-is-layout-12243e0f wp-block-group-is-layout-constrained\">\n<div class=\"wp-block-cover is-light maillage__image maillage-reveal\" style=\"min-height:700px;aspect-ratio:unset;\"><span aria-hidden=\"true\" class=\"wp-block-cover__background has-background-dim-0 has-background-dim\"><\/span><img decoding=\"async\" width=\"2000\" height=\"1450\" class=\"wp-block-cover__image-background wp-image-2503\" alt=\"C\u00f4te basque vue sur la mer et montagnes.\" src=\"https:\/\/www.camping-dunamunguy.com\/wp-content\/uploads\/2025\/01\/paddle-baie-st-jean-de-luz.webp\" style=\"object-position:49% 78%\" data-object-fit=\"cover\" data-object-position=\"49% 78%\" srcset=\"https:\/\/www.camping-dunamunguy.com\/wp-content\/uploads\/2025\/01\/paddle-baie-st-jean-de-luz.webp 2000w, https:\/\/www.camping-dunamunguy.com\/wp-content\/uploads\/2025\/01\/paddle-baie-st-jean-de-luz-300x218.webp 300w, https:\/\/www.camping-dunamunguy.com\/wp-content\/uploads\/2025\/01\/paddle-baie-st-jean-de-luz-1024x742.webp 1024w, https:\/\/www.camping-dunamunguy.com\/wp-content\/uploads\/2025\/01\/paddle-baie-st-jean-de-luz-768x557.webp 768w, https:\/\/www.camping-dunamunguy.com\/wp-content\/uploads\/2025\/01\/paddle-baie-st-jean-de-luz-1536x1114.webp 1536w\" sizes=\"(max-width: 2000px) 100vw, 2000px\" \/><div class=\"wp-block-cover__inner-container has-global-padding is-layout-constrained wp-block-cover-is-layout-constrained\">\n<p class=\"has-text-align-center has-large-font-size\"><\/p>\n<\/div><\/div>\n<\/div>\n\n\n\n<div class=\"wp-block-group maillage has-global-padding is-layout-constrained wp-container-core-group-is-layout-12243e0f wp-block-group-is-layout-constrained\">\n<div class=\"wp-block-cover is-light maillage__image maillage-reveal\" style=\"min-height:700px;aspect-ratio:unset;\"><span aria-hidden=\"true\" class=\"wp-block-cover__background has-background-dim-0 has-background-dim\"><\/span><img decoding=\"async\" width=\"2000\" height=\"1450\" class=\"wp-block-cover__image-background wp-image-2519\" alt=\"bateau st jean de luz\" src=\"https:\/\/www.camping-dunamunguy.com\/wp-content\/uploads\/2025\/01\/bateau-st-jean-de-luz.webp\" style=\"object-position:50% 79%\" data-object-fit=\"cover\" data-object-position=\"50% 79%\" srcset=\"https:\/\/www.camping-dunamunguy.com\/wp-content\/uploads\/2025\/01\/bateau-st-jean-de-luz.webp 2000w, https:\/\/www.camping-dunamunguy.com\/wp-content\/uploads\/2025\/01\/bateau-st-jean-de-luz-300x218.webp 300w, https:\/\/www.camping-dunamunguy.com\/wp-content\/uploads\/2025\/01\/bateau-st-jean-de-luz-1024x742.webp 1024w, https:\/\/www.camping-dunamunguy.com\/wp-content\/uploads\/2025\/01\/bateau-st-jean-de-luz-768x557.webp 768w, https:\/\/www.camping-dunamunguy.com\/wp-content\/uploads\/2025\/01\/bateau-st-jean-de-luz-1536x1114.webp 1536w\" sizes=\"(max-width: 2000px) 100vw, 2000px\" \/><div class=\"wp-block-cover__inner-container has-global-padding is-layout-constrained wp-block-cover-is-layout-constrained\">\n<p class=\"has-text-align-center has-large-font-size\"><\/p>\n<\/div><\/div>\n<\/div>\n<\/div>\n\n\n\n<div class=\"wp-block-group gt-rangee is-content-justification-right is-nowrap is-layout-flex wp-container-core-group-is-layout-55327474 wp-block-group-is-layout-flex\" style=\"padding-right:15rem;padding-left:15rem\">\n<div class=\"wp-block-group gt-swiper-mb-1-bottom button-slider button-slider-prev has-border-color has-custom-couleur-2-border-color has-base-2-background-color has-background is-vertical is-content-justification-left is-layout-flex wp-container-core-group-is-layout-fa960f8d wp-block-group-is-layout-flex\" style=\"border-style:solid;border-width:1px;padding-top:var(--wp--preset--spacing--10);padding-right:3rem;padding-bottom:var(--wp--preset--spacing--10);padding-left:var(--wp--preset--spacing--10)\">\n<p class=\"has-custom-couleur-1-color has-text-color has-link-color has-kodchasan-font-family wp-elements-e3cacee769460976dbe21825c832e75e\" style=\"font-size:clamp(18.434px, 1.152rem + ((1vw - 3.2px) * 1.101), 29px);text-transform:uppercase\">Anterior<\/p>\n<\/div>\n\n\n\n<div class=\"wp-block-group is-vertical is-layout-flex wp-container-core-group-is-layout-fe9cc265 wp-block-group-is-layout-flex\">\n<div style=\"height:40px\" aria-hidden=\"true\" class=\"wp-block-spacer gt-hide-mobile wp-container-content-28f0cd9b\"><\/div>\n\n\n\n<div style=\"height:15px\" aria-hidden=\"true\" class=\"wp-block-spacer gt-hide-mobile wp-container-content-42c95ffb\"><\/div>\n\n\n\n<p>La Costa Vasca ofrece <strong>multitud de actividades n\u00e1uticas<\/strong> para todos los gustos, desde los que buscan emociones fuertes hasta los que prefieren un ritmo m\u00e1s pausado. Para una experiencia tranquila, nada como un paseo en stand-up paddle, piragua o kayak de mar por la magn\u00edfica bah\u00eda de <a href=\"https:\/\/www.saint-jean-de-luz.com\/\" target=\"_blank\" rel=\"noreferrer noopener nofollow\">San Juan de Luz<\/a>. D\u00e9jate llevar por las tranquilas aguas mientras disfrutas de las impresionantes vistas de la costa.  <\/p>\n\n\n\n<p>Si buscas una experiencia<strong> m\u00e1s marinera<\/strong>, una excursi\u00f3n en barco o en velero desde Socoa o Hendaya te dar\u00e1 la oportunidad de explorar la costa vasca desde un \u00e1ngulo diferente, y tal vez incluso de avistar fauna local.<\/p>\n\n\n\n<p>Por \u00faltimo, si te apetece profundizar, el submarinismo es imprescindible. Explora cuevas y pecios y conoce a los habitantes acu\u00e1ticos de este mar rico y virgen. Una inmersi\u00f3n total en un mundo fascinante por descubrir.  <\/p>\n<\/div>\n<\/div>\n\n\n\n<figure class=\"wp-block-image size-full illustration-background\"><img decoding=\"async\" width=\"900\" height=\"540\" src=\"https:\/\/www.camping-dunamunguy.com\/wp-content\/uploads\/2025\/01\/camping-duna-munguy-st-jean-de-luz-2-1.png\" alt=\"camping duna munguy st jean de luz\" class=\"wp-image-2690\" title=\"\" srcset=\"https:\/\/www.camping-dunamunguy.com\/wp-content\/uploads\/2025\/01\/camping-duna-munguy-st-jean-de-luz-2-1.png 900w, https:\/\/www.camping-dunamunguy.com\/wp-content\/uploads\/2025\/01\/camping-duna-munguy-st-jean-de-luz-2-1-300x180.png 300w, https:\/\/www.camping-dunamunguy.com\/wp-content\/uploads\/2025\/01\/camping-duna-munguy-st-jean-de-luz-2-1-768x461.png 768w\" sizes=\"(max-width: 900px) 100vw, 900px\" \/><\/figure>\n<\/section>\n\n<section class=\"wp-block-group alignfull home-hebergements page-three has-custom-couleur-1-background-color has-background is-vertical is-layout-flex wp-container-core-group-is-layout-c6822031 wp-block-group-is-layout-flex\" style=\"border-top-style:none;border-top-width:0px;margin-top:0;margin-bottom:0;padding-top:8rem;padding-right:15rem;padding-bottom:12rem;padding-left:15rem\">\n<div class=\"wp-block-columns are-vertically-aligned-center has-base-2-color has-text-color has-link-color wp-elements-e6769d0d7f65d982eafe4a73dc38b76f is-layout-flex wp-container-core-columns-is-layout-b23a18ed wp-block-columns-is-layout-flex\">\n<div class=\"wp-block-column is-vertically-aligned-center parallax-vertical parallax-up is-layout-flow wp-block-column-is-layout-flow\">\n<div class=\"wp-block-group wp-container-content-9cfa9a5a is-vertical is-layout-flex wp-container-core-group-is-layout-fe9cc265 wp-block-group-is-layout-flex\">\n<div style=\"height:0px\" aria-hidden=\"true\" class=\"wp-block-spacer gt-hide-mobile wp-container-content-6388d5dc\"><\/div>\n\n\n\n<div class=\"wp-block-cover is-light maillage__image second\" style=\"min-height:700px;aspect-ratio:unset;\"><span aria-hidden=\"true\" class=\"wp-block-cover__background has-background-dim-0 has-background-dim\"><\/span><img decoding=\"async\" width=\"500\" height=\"750\" class=\"wp-block-cover__image-background wp-image-1683\" alt=\"surf a proximite du camping\" src=\"https:\/\/www.camping-dunamunguy.com\/wp-content\/uploads\/2024\/12\/surf-a-proximite-du-camping-2.webp\" data-object-fit=\"cover\" srcset=\"https:\/\/www.camping-dunamunguy.com\/wp-content\/uploads\/2024\/12\/surf-a-proximite-du-camping-2.webp 500w, https:\/\/www.camping-dunamunguy.com\/wp-content\/uploads\/2024\/12\/surf-a-proximite-du-camping-2-200x300.webp 200w\" sizes=\"(max-width: 500px) 100vw, 500px\" \/><div class=\"wp-block-cover__inner-container has-global-padding is-layout-constrained wp-block-cover-is-layout-constrained\">\n<p class=\"has-text-align-center has-large-font-size\"><\/p>\n<\/div><\/div>\n<\/div>\n<\/div>\n\n\n\n<div class=\"wp-block-column is-vertically-aligned-center parallax-vertical is-layout-flow wp-block-column-is-layout-flow\">\n<div class=\"wp-block-cover is-light maillage__image first\" style=\"min-height:700px;aspect-ratio:unset;\"><span aria-hidden=\"true\" class=\"wp-block-cover__background has-background-dim-0 has-background-dim\"><\/span><img decoding=\"async\" width=\"450\" height=\"700\" class=\"wp-block-cover__image-background wp-image-2527\" alt=\"cours de surf enfants\" src=\"https:\/\/www.camping-dunamunguy.com\/wp-content\/uploads\/2025\/01\/cours-de-surf-enfants.webp\" data-object-fit=\"cover\" srcset=\"https:\/\/www.camping-dunamunguy.com\/wp-content\/uploads\/2025\/01\/cours-de-surf-enfants.webp 450w, https:\/\/www.camping-dunamunguy.com\/wp-content\/uploads\/2025\/01\/cours-de-surf-enfants-193x300.webp 193w\" sizes=\"(max-width: 450px) 100vw, 450px\" \/><div class=\"wp-block-cover__inner-container has-global-padding is-layout-constrained wp-block-cover-is-layout-constrained\">\n<p class=\"has-text-align-center has-large-font-size\"><\/p>\n<\/div><\/div>\n<\/div>\n\n\n\n<div class=\"wp-block-column is-vertically-aligned-center is-layout-flow wp-block-column-is-layout-flow\">\n<div class=\"wp-block-group wp-container-content-9cfa9a5a is-vertical is-layout-flex wp-container-core-group-is-layout-fe9cc265 wp-block-group-is-layout-flex\"><h2 class=\"wp-block-heading has-custom-couleur-2-color has-text-color has-link-color wp-elements-856bd61260dc608a0971d5e8c9bdb0ff\" style=\"text-transform:uppercase\" id=\"aprende-a-surfear-desde-nuestro-camping\">Aprende a surfear desde nuestro camping<\/h2>\n\n\n<p class=\"has-base-2-color has-text-color has-link-color wp-elements-0e094f3e5f6d6c8ac57088b984d1229f\">La costa vasca,<strong> cuna del surf en Europa<\/strong>, atrae a los aficionados desde los a\u00f1os sesenta. Con lugares legendarios que se extienden desde Anglet hasta Hendaya, hay algo para cada nivel de surfista. <a href=\"https:\/\/www.camping-dunamunguy.com\/es\/alquiler-mobil-home-san-juan-de-luz\/\" data-type=\"page\" data-id=\"9\">Alquilar una casa m\u00f3vil en San Juan de Luz<\/a> en nuestro camping te dar\u00e1 acceso directo a varios lugares excepcionales para practicar surf, \u00a1a s\u00f3lo unos pasos de distancia! <\/p>\n\n\n\n<p class=\"has-base-2-color has-text-color has-link-color wp-elements-173cf84412a79362010cf5168afb1352\"><strong>Focos por descubrir:<\/strong><\/p>\n\n\n\n<ul class=\"wp-block-list\">\n<li><strong>Cenitz<\/strong>: Este spot ofrece dos olas distintas. La izquierda es ideal para principiantes, mientras que la derecha es m\u00e1s r\u00e1pida y est\u00e1 dirigida a surfistas experimentados. <\/li>\n\n\n\n<li><strong>Mayarco<\/strong>: Perfecto para principiantes que quieran experimentar sus primeras sensaciones de deslizamiento con total seguridad.<\/li>\n\n\n\n<li><strong>Lafitenia<\/strong>: Un spot legendario con una larga recta, reservado a surfistas experimentados.<\/li>\n<\/ul>\n\n\n\n<p class=\"has-base-2-color has-text-color has-link-color wp-elements-b3c8c3fc7487c019cb025a062fc8439d\">Para los surfistas principiantes, hay varias opciones en Bidart y Hendaya donde podr\u00e1s probar el surf con toda tranquilidad, en familia o con amigos.<\/p>\n\n\n\n<p class=\"has-base-2-color has-text-color has-link-color wp-elements-db65c5f982d0b4fd3291a9eba0349ded\">Para los surfistas m\u00e1s experimentados, o simplemente los que quieran disfrutar del espect\u00e1culo, no te pierdas la magn\u00edfica ola <strong>Parlementia<\/strong> en Gu\u00e9thary, a s\u00f3lo 2 km del camping.<\/p>\n\n\n\n<p class=\"has-base-2-color has-text-color has-link-color wp-elements-2d9c8827b8d1dc280327733dd24fdc5b\">Tanto si eres principiante como un surfista experimentado, no dudes en pedirnos recomendaciones sobre lugares para practicar surf, clases de surf o alquiler de material. Sabremos indicarte profesionales de confianza con los que compartir tus primeras sensaciones de surf en el Pa\u00eds Vasco. <\/p>\n<\/div>\n<\/div>\n<\/div>\n<\/section>\n\n<section class=\"wp-block-group alignfull page-maillage has-global-padding is-layout-constrained wp-container-core-group-is-layout-6131d34a wp-block-group-is-layout-constrained\" style=\"margin-top:0px;margin-bottom:0px;padding-top:10rem;padding-right:0;padding-bottom:10rem;padding-left:0rem\">\n<p class=\"has-text-align-center text-deco has-custom-couleur-1-color has-text-color has-link-color has-kodchasan-font-family wp-elements-6162ecba4f7bc4f74a0ecda146e7cdac\" style=\"margin-left:-4.6rem;font-size:clamp(44.14px, 2.759rem + ((1vw - 3.2px) * 4.256), 85px);line-height:1.3;text-transform:uppercase\">Descubre<\/p>\n\n\n\n<p class=\"has-text-align-center has-custom-couleur-5-color has-text-color has-link-color wp-elements-28b57181428de400714582b55d362df4\" style=\"padding-left:1rem;font-size:clamp(16.834px, 1.052rem + ((1vw - 3.2px) * 0.955), 26px);letter-spacing:5.2px;text-transform:uppercase\">nuestro alojamiento, piscina y servicios<\/p>\n\n\n\n<div class=\"wp-block-group is-layout-flow wp-block-group-is-layout-flow\">\n<div class=\"wp-block-query alignfull is-layout-flow wp-block-query-is-layout-flow\"><ul class=\"wp-block-post-template is-layout-grid wp-container-core-post-template-is-layout-c37e0d04 wp-block-post-template-is-layout-grid\"><li class=\"wp-block-post post-3144 page type-page status-publish has-post-thumbnail hentry\">\n\n<div class=\"wp-block-group overflow-hidden gt-maillage has-global-padding is-layout-constrained wp-block-group-is-layout-constrained\">\n<figure class=\"wp-block-image gt-maillage__image\"><img decoding=\"async\" src=\"https:\/\/www.camping-dunamunguy.com\/wp-content\/uploads\/2024\/12\/camping-location-mobil-home-pays-basque.webp\" alt=\"Alojamiento\" style=\"aspect-ratio:3\/4;object-fit:cover\"\/><\/figure>\n\n\n\n<p class=\"has-text-align-right gt-maillage__title has-custom-couleur-2-color has-text-color has-link-color has-kodchasan-font-family wp-elements-26d80191a03d8962f31a261686c3dfcb\" style=\"border-right-style:none;border-right-width:0px;border-bottom-style:none;border-bottom-width:0px;padding-right:1rem;font-size:clamp(0.875rem, 0.875rem + ((1vw - 0.2rem) * 0.708), 1.3rem);font-style:normal;font-weight:500;text-transform:uppercase\">Alojamiento<\/p>\n\n\n<a class=\"is-style-lien-cover wp-block-read-more\" href=\"https:\/\/www.camping-dunamunguy.com\/es\/alquiler-mobil-home-san-juan-de-luz\/\" target=\"_self\">Leer m\u00e1s<span class=\"screen-reader-text\">: Alojamiento<\/span><\/a><\/div>\n\n<\/li><li class=\"wp-block-post post-3136 page type-page status-publish has-post-thumbnail hentry\">\n\n<div class=\"wp-block-group overflow-hidden gt-maillage has-global-padding is-layout-constrained wp-block-group-is-layout-constrained\">\n<figure class=\"wp-block-image gt-maillage__image\"><img decoding=\"async\" src=\"https:\/\/www.camping-dunamunguy.com\/wp-content\/uploads\/2024\/12\/camping-avec-piscine-st-jean-de-luz-6.webp\" alt=\"Piscina\" style=\"aspect-ratio:3\/4;object-fit:cover\"\/><\/figure>\n\n\n\n<p class=\"has-text-align-right gt-maillage__title has-custom-couleur-2-color has-text-color has-link-color has-kodchasan-font-family wp-elements-26d80191a03d8962f31a261686c3dfcb\" style=\"border-right-style:none;border-right-width:0px;border-bottom-style:none;border-bottom-width:0px;padding-right:1rem;font-size:clamp(0.875rem, 0.875rem + ((1vw - 0.2rem) * 0.708), 1.3rem);font-style:normal;font-weight:500;text-transform:uppercase\">Piscina<\/p>\n\n\n<a class=\"is-style-lien-cover wp-block-read-more\" href=\"https:\/\/www.camping-dunamunguy.com\/es\/camping-piscina-san-juan-de-luz\/\" target=\"_self\">Leer m\u00e1s<span class=\"screen-reader-text\">: Piscina<\/span><\/a><\/div>\n\n<\/li><li class=\"wp-block-post post-3128 page type-page status-publish has-post-thumbnail hentry\">\n\n<div class=\"wp-block-group overflow-hidden gt-maillage has-global-padding is-layout-constrained wp-block-group-is-layout-constrained\">\n<figure class=\"wp-block-image gt-maillage__image\"><img decoding=\"async\" src=\"https:\/\/www.camping-dunamunguy.com\/wp-content\/uploads\/2024\/12\/camping-convivial-au-pays-basque.webp\" alt=\"Servicios\" style=\"aspect-ratio:3\/4;object-fit:cover\"\/><\/figure>\n\n\n\n<p class=\"has-text-align-right gt-maillage__title has-custom-couleur-2-color has-text-color has-link-color has-kodchasan-font-family wp-elements-26d80191a03d8962f31a261686c3dfcb\" style=\"border-right-style:none;border-right-width:0px;border-bottom-style:none;border-bottom-width:0px;padding-right:1rem;font-size:clamp(0.875rem, 0.875rem + ((1vw - 0.2rem) * 0.708), 1.3rem);font-style:normal;font-weight:500;text-transform:uppercase\">Servicios<\/p>\n\n\n<a class=\"is-style-lien-cover wp-block-read-more\" href=\"https:\/\/www.camping-dunamunguy.com\/es\/camping-servicios-pais-vasco\/\" target=\"_self\">Leer m\u00e1s<span class=\"screen-reader-text\">: Servicios<\/span><\/a><\/div>\n\n<\/li><\/ul><\/div>\n<\/div>\n<\/section>\n","protected":false},"excerpt":{"rendered":"<p>Frente a la playa Nuestro camping frente al mar en el Pa\u00eds Vasco Situado a 300 m del oc\u00e9ano, \u00a1el camping Saint-Jean-de-Luz Duna Munguy es el lugar ideal para tus experiencias acu\u00e1ticas en la costa vasca! Vive al ritmo de las olas, descubre nuevas sensaciones&#8230; El oc\u00e9ano ser\u00e1 el compa\u00f1ero perfecto de tus vacaciones, para [&hellip;]<\/p>\n","protected":false},"author":1,"featured_media":611,"parent":0,"menu_order":0,"comment_status":"closed","ping_status":"closed","template":"","meta":{"_acf_changed":false,"_seopress_robots_primary_cat":"","_seopress_titles_title":"Camping a orillas del mar San Juan de Luz | 300 m de las playas del Pa\u00eds Vasco","_seopress_titles_desc":"Descubre nuestro camping a 300 m del mar, ideal para practicar surf y relajarse en el Pa\u00eds Vasco. Disfruta de las 3 playas de Cenitz, Mayarco y Lafitenia junto al camping. ","_seopress_robots_index":"","_gt_ctv_global_id":"1762","_gt_ctv_id_group":false,"inline_featured_image":false,"gt_fse_maillage_image":"https:\/\/www.camping-dunamunguy.com\/wp-content\/uploads\/2024\/12\/camping-bord-de-plage-pays-basque.webp","gt_fse_maillage_titre":"Playas","gt_fse_maillage_alt":"Junto al mar","gt_fse_maillage_resume":"","footnotes":""},"categories":[],"tags":[],"class_list":["post-3152","page","type-page","status-publish","has-post-thumbnail","hentry"],"acf":[],"_links":{"self":[{"href":"https:\/\/www.camping-dunamunguy.com\/es\/wp-json\/wp\/v2\/pages\/3152","targetHints":{"allow":["GET"]}}],"collection":[{"href":"https:\/\/www.camping-dunamunguy.com\/es\/wp-json\/wp\/v2\/pages"}],"about":[{"href":"https:\/\/www.camping-dunamunguy.com\/es\/wp-json\/wp\/v2\/types\/page"}],"author":[{"embeddable":true,"href":"https:\/\/www.camping-dunamunguy.com\/es\/wp-json\/wp\/v2\/users\/1"}],"replies":[{"embeddable":true,"href":"https:\/\/www.camping-dunamunguy.com\/es\/wp-json\/wp\/v2\/comments?post=3152"}],"version-history":[{"count":14,"href":"https:\/\/www.camping-dunamunguy.com\/es\/wp-json\/wp\/v2\/pages\/3152\/revisions"}],"predecessor-version":[{"id":4234,"href":"https:\/\/www.camping-dunamunguy.com\/es\/wp-json\/wp\/v2\/pages\/3152\/revisions\/4234"}],"wp:featuredmedia":[{"embeddable":true,"href":"https:\/\/www.camping-dunamunguy.com\/es\/wp-json\/wp\/v2\/media\/611"}],"wp:attachment":[{"href":"https:\/\/www.camping-dunamunguy.com\/es\/wp-json\/wp\/v2\/media?parent=3152"}],"wp:term":[{"taxonomy":"category","embeddable":true,"href":"https:\/\/www.camping-dunamunguy.com\/es\/wp-json\/wp\/v2\/categories?post=3152"},{"taxonomy":"post_tag","embeddable":true,"href":"https:\/\/www.camping-dunamunguy.com\/es\/wp-json\/wp\/v2\/tags?post=3152"}],"curies":[{"name":"wp","href":"https:\/\/api.w.org\/{rel}","templated":true}]}}