{"id":3144,"date":"2024-11-26T17:11:18","date_gmt":"2024-11-26T16:11:18","guid":{"rendered":"https:\/\/www.camping-dunamunguy.com\/alquiler-mobil-home-pais-vasco\/"},"modified":"2025-11-25T10:10:34","modified_gmt":"2025-11-25T09:10:34","slug":"alquiler-mobil-home-san-juan-de-luz","status":"publish","type":"page","link":"https:\/\/www.camping-dunamunguy.com\/es\/alquiler-mobil-home-san-juan-de-luz\/","title":{"rendered":"Alojamiento"},"content":{"rendered":"\n<section class=\"wp-block-group alignfull home-intro page-one has-custom-couleur-3-background-color has-background is-nowrap is-layout-flex wp-container-core-group-is-layout-fe0cc41b wp-block-group-is-layout-flex\" style=\"margin-top:0rem;margin-bottom:0rem;padding-top:12rem;padding-right:15rem;padding-bottom:5rem;padding-left:15rem\">\n<div class=\"wp-block-group is-vertical is-nowrap is-layout-flex wp-container-core-group-is-layout-f44fb481 wp-block-group-is-layout-flex\">\n<p class=\"text-deco has-custom-couleur-1-color has-text-color has-link-color has-kodchasan-font-family wp-elements-ff893f8d4ee2865fb55bf40b97980d3e\" style=\"margin-left:-4.6rem;font-size:clamp(42.068px, 2.629rem + ((1vw - 3.2px) * 3.951), 80px);line-height:1.3;text-transform:uppercase\">Alojamiento<\/p>\n\n\n<h1 class=\"wp-block-heading text-deco-two has-custom-couleur-5-color has-text-color has-link-color has-source-sans-3-font-family wp-elements-af2d0692df983c219ccfd8baba64af05\" style=\"border-left-color:var(--wp--preset--color--custom-couleur-2);border-left-width:1px;padding-left:var(--wp--preset--spacing--10);font-size:clamp(16.834px, 1.052rem + ((1vw - 3.2px) * 0.955), 26px);letter-spacing:4.6px\" id=\"alojamientos-de-alquiler-para-tus-vacaciones-en-el-pais-vasco\">Alojamientos de alquiler para tus vacaciones en el Pa\u00eds Vasco<\/h1>\n\n\n<div style=\"height:32px\" aria-hidden=\"true\" class=\"wp-block-spacer gt-hide-mobile wp-container-content-82ea18c2\"><\/div>\n\n\n\n<div class=\"wp-block-columns is-layout-flex wp-container-core-columns-is-layout-28f84493 wp-block-columns-is-layout-flex\">\n<div class=\"wp-block-column is-layout-flow wp-block-column-is-layout-flow\">\n<p>Situado en San Juan de Luz, nuestro peque\u00f1o <strong>camping de 3 estrellas<\/strong> te acoge en un entorno protegido y acogedor. S\u00f3lo ofrecemos <strong>alojamientos confortables<\/strong>: mobil homes y apartamentos totalmente equipados. Aqu\u00ed no hay parcelas para tiendas ni caravanas, sino un alojamiento ideal para disfrutar al m\u00e1ximo de tus vacaciones con toda tranquilidad. Tanto si vienes en pareja, en familia o con amigos, encontrar\u00e1s el alojamiento perfecto que se adapte a tus necesidades y a tu presupuesto.   <\/p>\n<\/div>\n\n\n\n<div class=\"wp-block-column is-layout-flow wp-block-column-is-layout-flow\">\n<p>En el Camping Duna Munguy nos centramos en la<strong> sencillez y la autenticidad<\/strong>, ofreci\u00e9ndote al mismo tiempo <strong>el confort y las comodidades<\/strong> que necesitas para pasar unas vacaciones inolvidables.  <\/p>\n\n\n\n<p>\u00bfTienes alguna pregunta o duda sobre el lugar ideal para tu estancia? Ponte en contacto con nosotros por correo electr\u00f3nico o por tel\u00e9fono. Estaremos encantados de asesorarte. <\/p>\n<\/div>\n<\/div>\n<\/div>\n<\/section>\n\n<section class=\"wp-block-group alignfull page-hebergements has-custom-couleur-3-background-color has-background has-global-padding is-layout-constrained wp-block-group-is-layout-constrained\" style=\"margin-top:0;padding-top:0rem;padding-bottom:8rem\">\n<div\n    class=\"gt-hebergements-filtres gt-hebergements-filtres--accordeons  gt-hebergements-filtres--grid wp-block-gt-gt-fse-hebergements\"    data-wp-interactive=\"gt\/fse\/filtres\"\n    data-wp-on--keydown=\"actions.handleKeydown\"\n    data-wp-on-document--click=\"actions.outsideClick\"\n    data-wp-context='{\"isSidebar\":false,\"isSidebarOpen\":true,\"isStickyButton\":false,\"isAccordeon\":true}'>\n    <div class=\"gt-hebergements-actions\">\n        <button\n            class=\"gt-hebergements-open-button \"\n            data-wp-on--click=\"actions.toggleSidebar\"\n            data-wp-bind--aria-expanded=\"context.isSidebarOpen\"\n            data-wp-class--active=\"state.activeCheckboxes\"\n        >\n            Filtres            <span\n                data-wp-text=\"state.activeCheckboxes\"\n                data-wp-bind--hidden=\"!state.activeCheckboxes\"\n            ><\/span>\n        <\/button>\n        <div data-wp-bind--hidden=\"!state.activeCheckboxes\">\n            <button\n                class=\"gt-hebergements-reset-button\"\n                data-wp-on--click=\"actions.clearAllFilters\"\n            >\n                <i class=\"fas fa-undo-alt\"><\/i>\n                R\u00e9initialiser            <\/button>\n        <\/div>\n    <\/div>\n\n    <div\n        class=\"gt-hebergements-filtres__sidebar\"\n        data-wp-bind--hidden=\"!context.isSidebarOpen\"\n        data-wp-class--opened=\"context.isSidebarOpen\"\n\n                    style=\"grid-template-columns: repeat(auto-fit, minmax(3rem, 1fr))\"\n            >\n                                                                        <div \n                    class=\"gt-hebergements-filtre closed\"\n                    data-gt-filtre-name=\"types\"\n                    data-gt-cookie=\"gtTypes\"\n                    aria-expanded=\"\"\n                    data-gt-filtre-operator=\"OR\"\n                >\n\n                                        <p \n                        class=\"gt-hebergements-filtre__name\"\n                        data-wp-on--click=\"actions.toggleFilter\"\n                        style=\"\n                            background-color: #005665;\n                            color: #ffffff;\n                            border-radius: 0px;\n                            padding: 1rem 1rem 1rem 1rem;\n                        \"\n                    >\n                    <span>\n                        Tipos :                        <span\n                            class=\"gt-hebergements-filtre__count\"\n                            data-wp-bind--hidden=\"!state.count.types\"\n                            data-wp-text=\"state.count.types\"\n                            hidden\n                        >\n                        <\/span>\n                    <\/span>\n                    <\/p>\n                    <div \n                    class=\"gt-hebergements-filtre__content\"\n                    style=\"\n                            background-color: #005665;\n                            color: #ffffff;\n                            border-radius: 0px;\n                            padding: 1rem 1rem 1rem 1rem;\n                        \"\n                    >\n                        <label>\n                            <input \n                                type=\"checkbox\"\n                                name=\"types[]\"\n                                data-wp-on--click=\"actions.clearFilter\"\n                                value=\"\"\n                                checked\n                            \/>\n                            <span class=\"custom-checkbox\"><\/span>\n                            Todos                        <\/label>\n                                                                                <label>\n                                <input \n                                    type=\"checkbox\"\n                                    name=\"types[]\"\n                                    data-wp-on--click=\"actions.runFilters\"\n                                    value=\"72\"\n                                                                    \/>\n                                <span class=\"custom-checkbox\"><\/span>\n                                Casas m\u00f3viles                                                            <\/label>\n                                                                                <label>\n                                <input \n                                    type=\"checkbox\"\n                                    name=\"types[]\"\n                                    data-wp-on--click=\"actions.runFilters\"\n                                    value=\"70\"\n                                                                    \/>\n                                <span class=\"custom-checkbox\"><\/span>\n                                Pisos                                                            <\/label>\n                                            <\/div>\n                <\/div>\n                                                                                                        <div \n                    class=\"gt-hebergements-filtre closed\"\n                    data-gt-filtre-name=\"capacities\"\n                    data-gt-cookie=\"gtCapacities\"\n                    aria-expanded=\"\"\n                    data-gt-filtre-operator=\"OR\"\n                >\n\n                                        <p \n                        class=\"gt-hebergements-filtre__name\"\n                        data-wp-on--click=\"actions.toggleFilter\"\n                        style=\"\n                            background-color: #005665;\n                            color: #ffffff;\n                            border-radius: 0px;\n                            padding: 1rem 1rem 1rem 1rem;\n                        \"\n                    >\n                    <span>\n                        Capacidades :                        <span\n                            class=\"gt-hebergements-filtre__count\"\n                            data-wp-bind--hidden=\"!state.count.capacities\"\n                            data-wp-text=\"state.count.capacities\"\n                            hidden\n                        >\n                        <\/span>\n                    <\/span>\n                    <\/p>\n                    <div \n                    class=\"gt-hebergements-filtre__content\"\n                    style=\"\n                            background-color: #005665;\n                            color: #ffffff;\n                            border-radius: 0px;\n                            padding: 1rem 1rem 1rem 1rem;\n                        \"\n                    >\n                        <label>\n                            <input \n                                type=\"checkbox\"\n                                name=\"capacities[]\"\n                                data-wp-on--click=\"actions.clearFilter\"\n                                value=\"\"\n                                checked\n                            \/>\n                            <span class=\"custom-checkbox\"><\/span>\n                            Todos                        <\/label>\n                                                                                <label>\n                                <input \n                                    type=\"checkbox\"\n                                    name=\"capacities[]\"\n                                    data-wp-on--click=\"actions.runFilters\"\n                                    value=\"38\"\n                                                                    \/>\n                                <span class=\"custom-checkbox\"><\/span>\n                                2                                                                    <span class=\"gt-hebergements-filtre__suffix\">\n                                         Pers.                                    <\/span>\n                                                            <\/label>\n                                                                                <label>\n                                <input \n                                    type=\"checkbox\"\n                                    name=\"capacities[]\"\n                                    data-wp-on--click=\"actions.runFilters\"\n                                    value=\"43\"\n                                                                    \/>\n                                <span class=\"custom-checkbox\"><\/span>\n                                4                                                                    <span class=\"gt-hebergements-filtre__suffix\">\n                                         Pers.                                    <\/span>\n                                                            <\/label>\n                                                                                <label>\n                                <input \n                                    type=\"checkbox\"\n                                    name=\"capacities[]\"\n                                    data-wp-on--click=\"actions.runFilters\"\n                                    value=\"40\"\n                                                                    \/>\n                                <span class=\"custom-checkbox\"><\/span>\n                                5                                                                    <span class=\"gt-hebergements-filtre__suffix\">\n                                         Pers.                                    <\/span>\n                                                            <\/label>\n                                                                                <label>\n                                <input \n                                    type=\"checkbox\"\n                                    name=\"capacities[]\"\n                                    data-wp-on--click=\"actions.runFilters\"\n                                    value=\"45\"\n                                                                    \/>\n                                <span class=\"custom-checkbox\"><\/span>\n                                6                                                                    <span class=\"gt-hebergements-filtre__suffix\">\n                                         Pers.                                    <\/span>\n                                                            <\/label>\n                                            <\/div>\n                <\/div>\n                                                                <div \n                    class=\"gt-hebergements-filtre closed\"\n                    data-gt-filtre-name=\"rooms\"\n                    data-gt-cookie=\"gtRooms\"\n                    aria-expanded=\"\"\n                    data-gt-filtre-operator=\"OR\"\n                >\n\n                                        <p \n                        class=\"gt-hebergements-filtre__name\"\n                        data-wp-on--click=\"actions.toggleFilter\"\n                        style=\"\n                            background-color: #005665;\n                            color: #ffffff;\n                            border-radius: 0px;\n                            padding: 1rem 1rem 1rem 1rem;\n                        \"\n                    >\n                    <span>\n                        Habitaciones:                        <span\n                            class=\"gt-hebergements-filtre__count\"\n                            data-wp-bind--hidden=\"!state.count.rooms\"\n                            data-wp-text=\"state.count.rooms\"\n                            hidden\n                        >\n                        <\/span>\n                    <\/span>\n                    <\/p>\n                    <div \n                    class=\"gt-hebergements-filtre__content\"\n                    style=\"\n                            background-color: #005665;\n                            color: #ffffff;\n                            border-radius: 0px;\n                            padding: 1rem 1rem 1rem 1rem;\n                        \"\n                    >\n                        <label>\n                            <input \n                                type=\"checkbox\"\n                                name=\"rooms[]\"\n                                data-wp-on--click=\"actions.clearFilter\"\n                                value=\"\"\n                                checked\n                            \/>\n                            <span class=\"custom-checkbox\"><\/span>\n                            Todos                        <\/label>\n                                                                                <label>\n                                <input \n                                    type=\"checkbox\"\n                                    name=\"rooms[]\"\n                                    data-wp-on--click=\"actions.runFilters\"\n                                    value=\"46\"\n                                                                    \/>\n                                <span class=\"custom-checkbox\"><\/span>\n                                1                                                                    <span class=\"gt-hebergements-filtre__suffix\">\n                                        Hab.                                    <\/span>\n                                                            <\/label>\n                                                                                <label>\n                                <input \n                                    type=\"checkbox\"\n                                    name=\"rooms[]\"\n                                    data-wp-on--click=\"actions.runFilters\"\n                                    value=\"48\"\n                                                                    \/>\n                                <span class=\"custom-checkbox\"><\/span>\n                                2                                                                    <span class=\"gt-hebergements-filtre__suffix\">\n                                        Hab.                                    <\/span>\n                                                            <\/label>\n                                                                                <label>\n                                <input \n                                    type=\"checkbox\"\n                                    name=\"rooms[]\"\n                                    data-wp-on--click=\"actions.runFilters\"\n                                    value=\"51\"\n                                                                    \/>\n                                <span class=\"custom-checkbox\"><\/span>\n                                3                                                                    <span class=\"gt-hebergements-filtre__suffix\">\n                                        Hab.                                    <\/span>\n                                                            <\/label>\n                                            <\/div>\n                <\/div>\n                                            <\/div>\n<\/div>\n\n\n\n<div class=\"wp-block-query alignwide gt-fse-hebergements is-layout-flow wp-block-query-is-layout-flow gt-fse-widgets-ctv-open-product\"><ul class=\"hebergement-results wp-block-post-template is-layout-flow wp-block-post-template-is-layout-flow gt-fse-widgets-ctv-open-product\"><li data-gt-Thelis-product-id=\"\" data-gt-campings=\"\" data-gt-capacities=\"38\" data-gt-ctv-product-id=\"\" data-gt-gammes=\"\" data-gt-options=\"\" data-gt-rooms=\"46\" data-gt-superficies=\"79\" data-gt-types=\"72\" class=\"wp-block-post post-4412 hebergement type-hebergement status-publish has-post-thumbnail hentry gt-hebergements-types-mobil-homes-es gt-hebergements-nombre-personnes-2-es gt-hebergements-nombre-chambres-1-es gt-hebergements-superficie-18-es gt-fse-widgets-ctv-open-product\">\n\n<div class=\"wp-block-group gt-hebergement-wrap has-global-padding is-layout-constrained wp-block-group-is-layout-constrained gt-fse-widgets-ctv-open-product\" style=\"margin-top:0px\">\n<div class=\"wp-block-cover is-light hebergement-featured-image gt-fse-widgets-ctv-open-product\" style=\"padding-top:0px;padding-right:0px;padding-bottom:0px;padding-left:0px\"><span aria-hidden=\"true\" class=\"wp-block-cover__background has-contrast-background-color has-background-dim-30 has-background-dim gt-fse-widgets-ctv-open-product\"><\/span><img decoding=\"async\" width=\"1200\" height=\"783\" src=\"https:\/\/www.camping-dunamunguy.com\/wp-content\/uploads\/2025\/11\/irm_cahita_rivierea_2026_3d_ext_muscade.jpg-1200px.jpg\" class=\"wp-block-cover__image-background wp-post-image gt-fse-widgets-ctv-open-product\" alt=\"\" data-object-fit=\"cover\" srcset=\"https:\/\/www.camping-dunamunguy.com\/wp-content\/uploads\/2025\/11\/irm_cahita_rivierea_2026_3d_ext_muscade.jpg-1200px.jpg 1200w, https:\/\/www.camping-dunamunguy.com\/wp-content\/uploads\/2025\/11\/irm_cahita_rivierea_2026_3d_ext_muscade.jpg-1200px-300x196.jpg 300w, https:\/\/www.camping-dunamunguy.com\/wp-content\/uploads\/2025\/11\/irm_cahita_rivierea_2026_3d_ext_muscade.jpg-1200px-1024x668.jpg 1024w, https:\/\/www.camping-dunamunguy.com\/wp-content\/uploads\/2025\/11\/irm_cahita_rivierea_2026_3d_ext_muscade.jpg-1200px-768x501.jpg 768w\" sizes=\"(max-width: 1200px) 100vw, 1200px\" \/><div class=\"wp-block-cover__inner-container has-global-padding is-layout-constrained wp-container-core-cover-is-layout-f5c98baf wp-block-cover-is-layout-constrained gt-fse-widgets-ctv-open-product\">\n<p class=\"has-text-align-center hebergement-title has-custom-couleur-2-color has-text-color has-link-color has-kodchasan-font-family wp-elements-ef56999b324e95ba91b1f886cb978a7c gt-fse-widgets-ctv-open-product\" style=\"padding-right:1rem;padding-left:1rem;font-size:clamp(0.984rem, 0.984rem + ((1vw - 0.2rem) * 0.86), 1.5rem);font-style:normal;font-weight:600;text-transform:uppercase\">\u00a1NUEVO ! MOBIL-HOME DUO RIVEIRA<\/p>\n\n\n\n<div class=\"wp-block-group alignfull hebergement-icons has-custom-couleur-2-background-color has-background is-content-justification-center is-layout-flex wp-container-core-group-is-layout-c0bd40e0 wp-block-group-is-layout-flex gt-fse-widgets-ctv-open-product\" style=\"padding-top:1rem;padding-bottom:1rem\">\n<div class=\"wp-block-group is-nowrap is-layout-flex wp-container-core-group-is-layout-89a94f6a wp-block-group-is-layout-flex gt-fse-widgets-ctv-open-product\">\n<figure class=\"wp-block-image size-full is-resized wp-duotone-005665-ffffff-1 gt-fse-widgets-ctv-open-product\"><img decoding=\"async\" width=\"300\" height=\"300\" src=\"https:\/\/www.camping-dunamunguy.com\/wp-content\/uploads\/2024\/12\/personnes.png\" alt=\"gente\" class=\"wp-image-1223 gt-fse-widgets-ctv-open-product\" style=\"width:20px\" srcset=\"https:\/\/www.camping-dunamunguy.com\/wp-content\/uploads\/2024\/12\/personnes.png 300w, https:\/\/www.camping-dunamunguy.com\/wp-content\/uploads\/2024\/12\/personnes-150x150.png 150w\" sizes=\"(max-width: 300px) 100vw, 300px\" \/><\/figure>\n\n\n<div class=\"taxonomy-gt-hebergements-nombre-personnes has-link-color wp-elements-0ec00f2afb4ee3dd740408454490143c wp-block-post-terms has-text-color has-contrast-color gt-fse-widgets-ctv-open-product\"><span class=\"gt-fse-widgets-ctv-open-product\">2<\/span><\/div>\n\n\n<p class=\"has-small-font-size gt-fse-widgets-ctv-open-product\">Pers.<\/p>\n<\/div>\n\n\n\n<div class=\"wp-block-group is-nowrap is-layout-flex wp-container-core-group-is-layout-89a94f6a wp-block-group-is-layout-flex gt-fse-widgets-ctv-open-product\">\n<figure class=\"wp-block-image size-full is-resized wp-duotone-005665-ffffff-2 gt-fse-widgets-ctv-open-product\"><img decoding=\"async\" width=\"512\" height=\"512\" src=\"https:\/\/www.camping-dunamunguy.com\/wp-content\/uploads\/2024\/12\/chambre.png\" alt=\"habitaci&#xF3;n\" class=\"wp-image-1220 gt-fse-widgets-ctv-open-product\" style=\"width:20px\" srcset=\"https:\/\/www.camping-dunamunguy.com\/wp-content\/uploads\/2024\/12\/chambre.png 512w, https:\/\/www.camping-dunamunguy.com\/wp-content\/uploads\/2024\/12\/chambre-300x300.png 300w, https:\/\/www.camping-dunamunguy.com\/wp-content\/uploads\/2024\/12\/chambre-150x150.png 150w, https:\/\/www.camping-dunamunguy.com\/wp-content\/uploads\/2024\/12\/chambre-400x400.png 400w\" sizes=\"(max-width: 512px) 100vw, 512px\" \/><\/figure>\n\n\n<div class=\"taxonomy-gt-hebergements-nombre-chambres has-link-color wp-elements-cd2824cc712d1c3ef99ba00a9cf8fd0f wp-block-post-terms has-text-color has-contrast-color gt-fse-widgets-ctv-open-product\"><span class=\"gt-fse-widgets-ctv-open-product\">1<\/span><\/div>\n\n\n<p class=\"has-small-font-size gt-fse-widgets-ctv-open-product\">hab.<\/p>\n<\/div>\n\n\n\n<div class=\"wp-block-group is-nowrap is-layout-flex wp-container-core-group-is-layout-89a94f6a wp-block-group-is-layout-flex gt-fse-widgets-ctv-open-product\">\n<figure class=\"wp-block-image size-full is-resized wp-duotone-005665-ffffff-3 gt-fse-widgets-ctv-open-product\"><img decoding=\"async\" width=\"300\" height=\"300\" src=\"https:\/\/www.camping-dunamunguy.com\/wp-content\/uploads\/2024\/12\/surface.png\" alt=\"superficie\" class=\"wp-image-1226 gt-fse-widgets-ctv-open-product\" style=\"width:20px;height:auto\" srcset=\"https:\/\/www.camping-dunamunguy.com\/wp-content\/uploads\/2024\/12\/surface.png 300w, https:\/\/www.camping-dunamunguy.com\/wp-content\/uploads\/2024\/12\/surface-150x150.png 150w\" sizes=\"(max-width: 300px) 100vw, 300px\" \/><\/figure>\n\n\n<div class=\"taxonomy-gt-hebergements-superficie has-link-color wp-elements-daa6f3755ee4ebfe9986b5c64728d595 wp-block-post-terms has-text-color has-contrast-color gt-fse-widgets-ctv-open-product\"><span class=\"gt-fse-widgets-ctv-open-product\">18<\/span><\/div>\n\n\n<p class=\"has-small-font-size gt-fse-widgets-ctv-open-product\">m2<\/p>\n<\/div>\n<\/div>\n<\/div><\/div>\n<\/div>\n\n<\/li><li data-gt-Thelis-product-id=\"\" data-gt-campings=\"\" data-gt-capacities=\"40\" data-gt-ctv-product-id=\"46167\" data-gt-gammes=\"\" data-gt-options=\"\" data-gt-rooms=\"48\" data-gt-superficies=\"54\" data-gt-types=\"70\" class=\"wp-block-post post-3063 hebergement type-hebergement status-publish has-post-thumbnail hentry gt-hebergements-types-appartements-es gt-hebergements-nombre-personnes-5-es gt-hebergements-nombre-chambres-2-es gt-hebergements-superficie-42-es gt-fse-widgets-ctv-open-product\">\n\n<div class=\"wp-block-group gt-hebergement-wrap has-global-padding is-layout-constrained wp-block-group-is-layout-constrained gt-fse-widgets-ctv-open-product\" style=\"margin-top:0px\">\n<div class=\"wp-block-cover is-light hebergement-featured-image gt-fse-widgets-ctv-open-product\" style=\"padding-top:0px;padding-right:0px;padding-bottom:0px;padding-left:0px\"><span aria-hidden=\"true\" class=\"wp-block-cover__background has-contrast-background-color has-background-dim-30 has-background-dim gt-fse-widgets-ctv-open-product\"><\/span><img decoding=\"async\" width=\"450\" height=\"450\" src=\"https:\/\/www.camping-dunamunguy.com\/wp-content\/uploads\/2025\/01\/appartement-a-louer-st-jean-de-luz-1.webp\" class=\"wp-block-cover__image-background wp-post-image gt-fse-widgets-ctv-open-product\" alt=\"piso en alquiler st jean de luz\" data-object-fit=\"cover\" srcset=\"https:\/\/www.camping-dunamunguy.com\/wp-content\/uploads\/2025\/01\/appartement-a-louer-st-jean-de-luz-1.webp 450w, https:\/\/www.camping-dunamunguy.com\/wp-content\/uploads\/2025\/01\/appartement-a-louer-st-jean-de-luz-1-300x300.webp 300w, https:\/\/www.camping-dunamunguy.com\/wp-content\/uploads\/2025\/01\/appartement-a-louer-st-jean-de-luz-1-150x150.webp 150w, https:\/\/www.camping-dunamunguy.com\/wp-content\/uploads\/2025\/01\/appartement-a-louer-st-jean-de-luz-1-400x400.webp 400w\" sizes=\"(max-width: 450px) 100vw, 450px\" \/><div class=\"wp-block-cover__inner-container has-global-padding is-layout-constrained wp-container-core-cover-is-layout-f5c98baf wp-block-cover-is-layout-constrained gt-fse-widgets-ctv-open-product\">\n<p class=\"has-text-align-center hebergement-title has-custom-couleur-2-color has-text-color has-link-color has-kodchasan-font-family wp-elements-ef56999b324e95ba91b1f886cb978a7c gt-fse-widgets-ctv-open-product\" style=\"padding-right:1rem;padding-left:1rem;font-size:clamp(0.984rem, 0.984rem + ((1vw - 0.2rem) * 0.86), 1.5rem);font-style:normal;font-weight:600;text-transform:uppercase\">Piso con jard\u00edn<\/p>\n\n\n\n<div class=\"wp-block-group alignfull hebergement-icons has-custom-couleur-2-background-color has-background is-content-justification-center is-layout-flex wp-container-core-group-is-layout-c0bd40e0 wp-block-group-is-layout-flex gt-fse-widgets-ctv-open-product\" style=\"padding-top:1rem;padding-bottom:1rem\">\n<div class=\"wp-block-group is-nowrap is-layout-flex wp-container-core-group-is-layout-89a94f6a wp-block-group-is-layout-flex gt-fse-widgets-ctv-open-product\">\n<figure class=\"wp-block-image size-full is-resized wp-duotone-005665-ffffff-4 gt-fse-widgets-ctv-open-product\"><img decoding=\"async\" width=\"300\" height=\"300\" src=\"https:\/\/www.camping-dunamunguy.com\/wp-content\/uploads\/2024\/12\/personnes.png\" alt=\"gente\" class=\"wp-image-1223 gt-fse-widgets-ctv-open-product\" style=\"width:20px\" srcset=\"https:\/\/www.camping-dunamunguy.com\/wp-content\/uploads\/2024\/12\/personnes.png 300w, https:\/\/www.camping-dunamunguy.com\/wp-content\/uploads\/2024\/12\/personnes-150x150.png 150w\" sizes=\"(max-width: 300px) 100vw, 300px\" \/><\/figure>\n\n\n<div class=\"taxonomy-gt-hebergements-nombre-personnes has-link-color wp-elements-0ec00f2afb4ee3dd740408454490143c wp-block-post-terms has-text-color has-contrast-color gt-fse-widgets-ctv-open-product\"><span class=\"gt-fse-widgets-ctv-open-product\">5<\/span><\/div>\n\n\n<p class=\"has-small-font-size gt-fse-widgets-ctv-open-product\">Pers.<\/p>\n<\/div>\n\n\n\n<div class=\"wp-block-group is-nowrap is-layout-flex wp-container-core-group-is-layout-89a94f6a wp-block-group-is-layout-flex gt-fse-widgets-ctv-open-product\">\n<figure class=\"wp-block-image size-full is-resized wp-duotone-005665-ffffff-5 gt-fse-widgets-ctv-open-product\"><img decoding=\"async\" width=\"512\" height=\"512\" src=\"https:\/\/www.camping-dunamunguy.com\/wp-content\/uploads\/2024\/12\/chambre.png\" alt=\"habitaci&#xF3;n\" class=\"wp-image-1220 gt-fse-widgets-ctv-open-product\" style=\"width:20px\" srcset=\"https:\/\/www.camping-dunamunguy.com\/wp-content\/uploads\/2024\/12\/chambre.png 512w, https:\/\/www.camping-dunamunguy.com\/wp-content\/uploads\/2024\/12\/chambre-300x300.png 300w, https:\/\/www.camping-dunamunguy.com\/wp-content\/uploads\/2024\/12\/chambre-150x150.png 150w, https:\/\/www.camping-dunamunguy.com\/wp-content\/uploads\/2024\/12\/chambre-400x400.png 400w\" sizes=\"(max-width: 512px) 100vw, 512px\" \/><\/figure>\n\n\n<div class=\"taxonomy-gt-hebergements-nombre-chambres has-link-color wp-elements-cd2824cc712d1c3ef99ba00a9cf8fd0f wp-block-post-terms has-text-color has-contrast-color gt-fse-widgets-ctv-open-product\"><span class=\"gt-fse-widgets-ctv-open-product\">2<\/span><\/div>\n\n\n<p class=\"has-small-font-size gt-fse-widgets-ctv-open-product\">hab.<\/p>\n<\/div>\n\n\n\n<div class=\"wp-block-group is-nowrap is-layout-flex wp-container-core-group-is-layout-89a94f6a wp-block-group-is-layout-flex gt-fse-widgets-ctv-open-product\">\n<figure class=\"wp-block-image size-full is-resized wp-duotone-005665-ffffff-6 gt-fse-widgets-ctv-open-product\"><img decoding=\"async\" width=\"300\" height=\"300\" src=\"https:\/\/www.camping-dunamunguy.com\/wp-content\/uploads\/2024\/12\/surface.png\" alt=\"superficie\" class=\"wp-image-1226 gt-fse-widgets-ctv-open-product\" style=\"width:20px;height:auto\" srcset=\"https:\/\/www.camping-dunamunguy.com\/wp-content\/uploads\/2024\/12\/surface.png 300w, https:\/\/www.camping-dunamunguy.com\/wp-content\/uploads\/2024\/12\/surface-150x150.png 150w\" sizes=\"(max-width: 300px) 100vw, 300px\" \/><\/figure>\n\n\n<div class=\"taxonomy-gt-hebergements-superficie has-link-color wp-elements-daa6f3755ee4ebfe9986b5c64728d595 wp-block-post-terms has-text-color has-contrast-color gt-fse-widgets-ctv-open-product\"><span class=\"gt-fse-widgets-ctv-open-product\">42<\/span><\/div>\n\n\n<p class=\"has-small-font-size gt-fse-widgets-ctv-open-product\">m2<\/p>\n<\/div>\n<\/div>\n<\/div><\/div>\n<\/div>\n\n<\/li><li data-gt-Thelis-product-id=\"\" data-gt-campings=\"\" data-gt-capacities=\"43\" data-gt-ctv-product-id=\"128719\" data-gt-gammes=\"\" data-gt-options=\"\" data-gt-rooms=\"48\" data-gt-superficies=\"59\" data-gt-types=\"72\" class=\"wp-block-post post-3055 hebergement type-hebergement status-publish has-post-thumbnail hentry gt-hebergements-types-mobil-homes-es gt-hebergements-nombre-personnes-4-es gt-hebergements-nombre-chambres-2-es gt-hebergements-superficie-26-es gt-fse-widgets-ctv-open-product\">\n\n<div class=\"wp-block-group gt-hebergement-wrap has-global-padding is-layout-constrained wp-block-group-is-layout-constrained gt-fse-widgets-ctv-open-product\" style=\"margin-top:0px\">\n<div class=\"wp-block-cover is-light hebergement-featured-image gt-fse-widgets-ctv-open-product\" style=\"padding-top:0px;padding-right:0px;padding-bottom:0px;padding-left:0px\"><span aria-hidden=\"true\" class=\"wp-block-cover__background has-contrast-background-color has-background-dim-30 has-background-dim gt-fse-widgets-ctv-open-product\"><\/span><img decoding=\"async\" width=\"450\" height=\"450\" src=\"https:\/\/www.camping-dunamunguy.com\/wp-content\/uploads\/2025\/01\/mobil-home-riviera-plus.webp\" class=\"wp-block-cover__image-background wp-post-image gt-fse-widgets-ctv-open-product\" alt=\"Chalet con terraza de madera, rodeado de vegetaci\u00f3n.\" data-object-fit=\"cover\" srcset=\"https:\/\/www.camping-dunamunguy.com\/wp-content\/uploads\/2025\/01\/mobil-home-riviera-plus.webp 450w, https:\/\/www.camping-dunamunguy.com\/wp-content\/uploads\/2025\/01\/mobil-home-riviera-plus-300x300.webp 300w, https:\/\/www.camping-dunamunguy.com\/wp-content\/uploads\/2025\/01\/mobil-home-riviera-plus-150x150.webp 150w, https:\/\/www.camping-dunamunguy.com\/wp-content\/uploads\/2025\/01\/mobil-home-riviera-plus-400x400.webp 400w\" sizes=\"(max-width: 450px) 100vw, 450px\" \/><div class=\"wp-block-cover__inner-container has-global-padding is-layout-constrained wp-container-core-cover-is-layout-f5c98baf wp-block-cover-is-layout-constrained gt-fse-widgets-ctv-open-product\">\n<p class=\"has-text-align-center hebergement-title has-custom-couleur-2-color has-text-color has-link-color has-kodchasan-font-family wp-elements-ef56999b324e95ba91b1f886cb978a7c gt-fse-widgets-ctv-open-product\" style=\"padding-right:1rem;padding-left:1rem;font-size:clamp(0.984rem, 0.984rem + ((1vw - 0.2rem) * 0.86), 1.5rem);font-style:normal;font-weight:600;text-transform:uppercase\">\u00a1NUEVO ! Casa m\u00f3vil FAMILY RIVIERA+ terraza semicubierta<\/p>\n\n\n\n<div class=\"wp-block-group alignfull hebergement-icons has-custom-couleur-2-background-color has-background is-content-justification-center is-layout-flex wp-container-core-group-is-layout-c0bd40e0 wp-block-group-is-layout-flex gt-fse-widgets-ctv-open-product\" style=\"padding-top:1rem;padding-bottom:1rem\">\n<div class=\"wp-block-group is-nowrap is-layout-flex wp-container-core-group-is-layout-89a94f6a wp-block-group-is-layout-flex gt-fse-widgets-ctv-open-product\">\n<figure class=\"wp-block-image size-full is-resized wp-duotone-005665-ffffff-7 gt-fse-widgets-ctv-open-product\"><img decoding=\"async\" width=\"300\" height=\"300\" src=\"https:\/\/www.camping-dunamunguy.com\/wp-content\/uploads\/2024\/12\/personnes.png\" alt=\"gente\" class=\"wp-image-1223 gt-fse-widgets-ctv-open-product\" style=\"width:20px\" srcset=\"https:\/\/www.camping-dunamunguy.com\/wp-content\/uploads\/2024\/12\/personnes.png 300w, https:\/\/www.camping-dunamunguy.com\/wp-content\/uploads\/2024\/12\/personnes-150x150.png 150w\" sizes=\"(max-width: 300px) 100vw, 300px\" \/><\/figure>\n\n\n<div class=\"taxonomy-gt-hebergements-nombre-personnes has-link-color wp-elements-0ec00f2afb4ee3dd740408454490143c wp-block-post-terms has-text-color has-contrast-color gt-fse-widgets-ctv-open-product\"><span class=\"gt-fse-widgets-ctv-open-product\">4<\/span><\/div>\n\n\n<p class=\"has-small-font-size gt-fse-widgets-ctv-open-product\">Pers.<\/p>\n<\/div>\n\n\n\n<div class=\"wp-block-group is-nowrap is-layout-flex wp-container-core-group-is-layout-89a94f6a wp-block-group-is-layout-flex gt-fse-widgets-ctv-open-product\">\n<figure class=\"wp-block-image size-full is-resized wp-duotone-005665-ffffff-8 gt-fse-widgets-ctv-open-product\"><img decoding=\"async\" width=\"512\" height=\"512\" src=\"https:\/\/www.camping-dunamunguy.com\/wp-content\/uploads\/2024\/12\/chambre.png\" alt=\"habitaci&#xF3;n\" class=\"wp-image-1220 gt-fse-widgets-ctv-open-product\" style=\"width:20px\" srcset=\"https:\/\/www.camping-dunamunguy.com\/wp-content\/uploads\/2024\/12\/chambre.png 512w, https:\/\/www.camping-dunamunguy.com\/wp-content\/uploads\/2024\/12\/chambre-300x300.png 300w, https:\/\/www.camping-dunamunguy.com\/wp-content\/uploads\/2024\/12\/chambre-150x150.png 150w, https:\/\/www.camping-dunamunguy.com\/wp-content\/uploads\/2024\/12\/chambre-400x400.png 400w\" sizes=\"(max-width: 512px) 100vw, 512px\" \/><\/figure>\n\n\n<div class=\"taxonomy-gt-hebergements-nombre-chambres has-link-color wp-elements-cd2824cc712d1c3ef99ba00a9cf8fd0f wp-block-post-terms has-text-color has-contrast-color gt-fse-widgets-ctv-open-product\"><span class=\"gt-fse-widgets-ctv-open-product\">2<\/span><\/div>\n\n\n<p class=\"has-small-font-size gt-fse-widgets-ctv-open-product\">hab.<\/p>\n<\/div>\n\n\n\n<div class=\"wp-block-group is-nowrap is-layout-flex wp-container-core-group-is-layout-89a94f6a wp-block-group-is-layout-flex gt-fse-widgets-ctv-open-product\">\n<figure class=\"wp-block-image size-full is-resized wp-duotone-005665-ffffff-9 gt-fse-widgets-ctv-open-product\"><img decoding=\"async\" width=\"300\" height=\"300\" src=\"https:\/\/www.camping-dunamunguy.com\/wp-content\/uploads\/2024\/12\/surface.png\" alt=\"superficie\" class=\"wp-image-1226 gt-fse-widgets-ctv-open-product\" style=\"width:20px;height:auto\" srcset=\"https:\/\/www.camping-dunamunguy.com\/wp-content\/uploads\/2024\/12\/surface.png 300w, https:\/\/www.camping-dunamunguy.com\/wp-content\/uploads\/2024\/12\/surface-150x150.png 150w\" sizes=\"(max-width: 300px) 100vw, 300px\" \/><\/figure>\n\n\n<div class=\"taxonomy-gt-hebergements-superficie has-link-color wp-elements-daa6f3755ee4ebfe9986b5c64728d595 wp-block-post-terms has-text-color has-contrast-color gt-fse-widgets-ctv-open-product\"><span class=\"gt-fse-widgets-ctv-open-product\">26<\/span><\/div>\n\n\n<p class=\"has-small-font-size gt-fse-widgets-ctv-open-product\">m2<\/p>\n<\/div>\n<\/div>\n<\/div><\/div>\n<\/div>\n\n<\/li><li data-gt-Thelis-product-id=\"\" data-gt-campings=\"\" data-gt-capacities=\"45\" data-gt-ctv-product-id=\"128723\" data-gt-gammes=\"\" data-gt-options=\"\" data-gt-rooms=\"51\" data-gt-superficies=\"56\" data-gt-types=\"72\" class=\"wp-block-post post-3066 hebergement type-hebergement status-publish has-post-thumbnail hentry gt-hebergements-types-mobil-homes-es gt-hebergements-nombre-personnes-6-es gt-hebergements-nombre-chambres-3-es gt-hebergements-superficie-28-es gt-fse-widgets-ctv-open-product\">\n\n<div class=\"wp-block-group gt-hebergement-wrap has-global-padding is-layout-constrained wp-block-group-is-layout-constrained gt-fse-widgets-ctv-open-product\" style=\"margin-top:0px\">\n<div class=\"wp-block-cover is-light hebergement-featured-image gt-fse-widgets-ctv-open-product\" style=\"padding-top:0px;padding-right:0px;padding-bottom:0px;padding-left:0px\"><span aria-hidden=\"true\" class=\"wp-block-cover__background has-contrast-background-color has-background-dim-30 has-background-dim gt-fse-widgets-ctv-open-product\"><\/span><img decoding=\"async\" width=\"2000\" height=\"1333\" src=\"https:\/\/www.camping-dunamunguy.com\/wp-content\/uploads\/2025\/01\/location-mobil-home-st-jean-de-luz-pays-basque.webp\" class=\"wp-block-cover__image-background wp-post-image gt-fse-widgets-ctv-open-product\" alt=\"alquiler de mobil home st jean de luz pays basque\" data-object-fit=\"cover\" srcset=\"https:\/\/www.camping-dunamunguy.com\/wp-content\/uploads\/2025\/01\/location-mobil-home-st-jean-de-luz-pays-basque.webp 2000w, https:\/\/www.camping-dunamunguy.com\/wp-content\/uploads\/2025\/01\/location-mobil-home-st-jean-de-luz-pays-basque-300x200.webp 300w, https:\/\/www.camping-dunamunguy.com\/wp-content\/uploads\/2025\/01\/location-mobil-home-st-jean-de-luz-pays-basque-1024x682.webp 1024w, https:\/\/www.camping-dunamunguy.com\/wp-content\/uploads\/2025\/01\/location-mobil-home-st-jean-de-luz-pays-basque-768x512.webp 768w, https:\/\/www.camping-dunamunguy.com\/wp-content\/uploads\/2025\/01\/location-mobil-home-st-jean-de-luz-pays-basque-1536x1024.webp 1536w\" sizes=\"(max-width: 2000px) 100vw, 2000px\" \/><div class=\"wp-block-cover__inner-container has-global-padding is-layout-constrained wp-container-core-cover-is-layout-f5c98baf wp-block-cover-is-layout-constrained gt-fse-widgets-ctv-open-product\">\n<p class=\"has-text-align-center hebergement-title has-custom-couleur-2-color has-text-color has-link-color has-kodchasan-font-family wp-elements-ef56999b324e95ba91b1f886cb978a7c gt-fse-widgets-ctv-open-product\" style=\"padding-right:1rem;padding-left:1rem;font-size:clamp(0.984rem, 0.984rem + ((1vw - 0.2rem) * 0.86), 1.5rem);font-style:normal;font-weight:600;text-transform:uppercase\">\u00a1NUEVO ! Casa m\u00f3vil TRIBU + terraza semicubierta<\/p>\n\n\n\n<div class=\"wp-block-group alignfull hebergement-icons has-custom-couleur-2-background-color has-background is-content-justification-center is-layout-flex wp-container-core-group-is-layout-c0bd40e0 wp-block-group-is-layout-flex gt-fse-widgets-ctv-open-product\" style=\"padding-top:1rem;padding-bottom:1rem\">\n<div class=\"wp-block-group is-nowrap is-layout-flex wp-container-core-group-is-layout-89a94f6a wp-block-group-is-layout-flex gt-fse-widgets-ctv-open-product\">\n<figure class=\"wp-block-image size-full is-resized wp-duotone-005665-ffffff-10 gt-fse-widgets-ctv-open-product\"><img decoding=\"async\" width=\"300\" height=\"300\" src=\"https:\/\/www.camping-dunamunguy.com\/wp-content\/uploads\/2024\/12\/personnes.png\" alt=\"gente\" class=\"wp-image-1223 gt-fse-widgets-ctv-open-product\" style=\"width:20px\" srcset=\"https:\/\/www.camping-dunamunguy.com\/wp-content\/uploads\/2024\/12\/personnes.png 300w, https:\/\/www.camping-dunamunguy.com\/wp-content\/uploads\/2024\/12\/personnes-150x150.png 150w\" sizes=\"(max-width: 300px) 100vw, 300px\" \/><\/figure>\n\n\n<div class=\"taxonomy-gt-hebergements-nombre-personnes has-link-color wp-elements-0ec00f2afb4ee3dd740408454490143c wp-block-post-terms has-text-color has-contrast-color gt-fse-widgets-ctv-open-product\"><span class=\"gt-fse-widgets-ctv-open-product\">6<\/span><\/div>\n\n\n<p class=\"has-small-font-size gt-fse-widgets-ctv-open-product\">Pers.<\/p>\n<\/div>\n\n\n\n<div class=\"wp-block-group is-nowrap is-layout-flex wp-container-core-group-is-layout-89a94f6a wp-block-group-is-layout-flex gt-fse-widgets-ctv-open-product\">\n<figure class=\"wp-block-image size-full is-resized wp-duotone-005665-ffffff-11 gt-fse-widgets-ctv-open-product\"><img decoding=\"async\" width=\"512\" height=\"512\" src=\"https:\/\/www.camping-dunamunguy.com\/wp-content\/uploads\/2024\/12\/chambre.png\" alt=\"habitaci&#xF3;n\" class=\"wp-image-1220 gt-fse-widgets-ctv-open-product\" style=\"width:20px\" srcset=\"https:\/\/www.camping-dunamunguy.com\/wp-content\/uploads\/2024\/12\/chambre.png 512w, https:\/\/www.camping-dunamunguy.com\/wp-content\/uploads\/2024\/12\/chambre-300x300.png 300w, https:\/\/www.camping-dunamunguy.com\/wp-content\/uploads\/2024\/12\/chambre-150x150.png 150w, https:\/\/www.camping-dunamunguy.com\/wp-content\/uploads\/2024\/12\/chambre-400x400.png 400w\" sizes=\"(max-width: 512px) 100vw, 512px\" \/><\/figure>\n\n\n<div class=\"taxonomy-gt-hebergements-nombre-chambres has-link-color wp-elements-cd2824cc712d1c3ef99ba00a9cf8fd0f wp-block-post-terms has-text-color has-contrast-color gt-fse-widgets-ctv-open-product\"><span class=\"gt-fse-widgets-ctv-open-product\">3<\/span><\/div>\n\n\n<p class=\"has-small-font-size gt-fse-widgets-ctv-open-product\">hab.<\/p>\n<\/div>\n\n\n\n<div class=\"wp-block-group is-nowrap is-layout-flex wp-container-core-group-is-layout-89a94f6a wp-block-group-is-layout-flex gt-fse-widgets-ctv-open-product\">\n<figure class=\"wp-block-image size-full is-resized wp-duotone-005665-ffffff-12 gt-fse-widgets-ctv-open-product\"><img decoding=\"async\" width=\"300\" height=\"300\" src=\"https:\/\/www.camping-dunamunguy.com\/wp-content\/uploads\/2024\/12\/surface.png\" alt=\"superficie\" class=\"wp-image-1226 gt-fse-widgets-ctv-open-product\" style=\"width:20px;height:auto\" srcset=\"https:\/\/www.camping-dunamunguy.com\/wp-content\/uploads\/2024\/12\/surface.png 300w, https:\/\/www.camping-dunamunguy.com\/wp-content\/uploads\/2024\/12\/surface-150x150.png 150w\" sizes=\"(max-width: 300px) 100vw, 300px\" \/><\/figure>\n\n\n<div class=\"taxonomy-gt-hebergements-superficie has-link-color wp-elements-daa6f3755ee4ebfe9986b5c64728d595 wp-block-post-terms has-text-color has-contrast-color gt-fse-widgets-ctv-open-product\"><span class=\"gt-fse-widgets-ctv-open-product\">28<\/span><\/div>\n\n\n<p class=\"has-small-font-size gt-fse-widgets-ctv-open-product\">m2<\/p>\n<\/div>\n<\/div>\n<\/div><\/div>\n<\/div>\n\n<\/li><li data-gt-Thelis-product-id=\"\" data-gt-campings=\"\" data-gt-capacities=\"45\" data-gt-ctv-product-id=\"88047\" data-gt-gammes=\"\" data-gt-options=\"\" data-gt-rooms=\"51\" data-gt-superficies=\"60\" data-gt-types=\"72\" class=\"wp-block-post post-3058 hebergement type-hebergement status-publish has-post-thumbnail hentry gt-hebergements-types-mobil-homes-es gt-hebergements-nombre-personnes-6-es gt-hebergements-nombre-chambres-3-es gt-hebergements-superficie-32-es gt-fse-widgets-ctv-open-product\">\n\n<div class=\"wp-block-group gt-hebergement-wrap has-global-padding is-layout-constrained wp-block-group-is-layout-constrained gt-fse-widgets-ctv-open-product\" style=\"margin-top:0px\">\n<div class=\"wp-block-cover is-light hebergement-featured-image gt-fse-widgets-ctv-open-product\" style=\"padding-top:0px;padding-right:0px;padding-bottom:0px;padding-left:0px\"><span aria-hidden=\"true\" class=\"wp-block-cover__background has-contrast-background-color has-background-dim-30 has-background-dim gt-fse-widgets-ctv-open-product\"><\/span><img decoding=\"async\" width=\"450\" height=\"450\" src=\"https:\/\/www.camping-dunamunguy.com\/wp-content\/uploads\/2025\/01\/mobil-home-tribu.webp\" class=\"wp-block-cover__image-background wp-post-image gt-fse-widgets-ctv-open-product\" alt=\"Casa moderna con terraza en un camping.\" data-object-fit=\"cover\" srcset=\"https:\/\/www.camping-dunamunguy.com\/wp-content\/uploads\/2025\/01\/mobil-home-tribu.webp 450w, https:\/\/www.camping-dunamunguy.com\/wp-content\/uploads\/2025\/01\/mobil-home-tribu-300x300.webp 300w, https:\/\/www.camping-dunamunguy.com\/wp-content\/uploads\/2025\/01\/mobil-home-tribu-150x150.webp 150w, https:\/\/www.camping-dunamunguy.com\/wp-content\/uploads\/2025\/01\/mobil-home-tribu-400x400.webp 400w\" sizes=\"(max-width: 450px) 100vw, 450px\" \/><div class=\"wp-block-cover__inner-container has-global-padding is-layout-constrained wp-container-core-cover-is-layout-f5c98baf wp-block-cover-is-layout-constrained gt-fse-widgets-ctv-open-product\">\n<p class=\"has-text-align-center hebergement-title has-custom-couleur-2-color has-text-color has-link-color has-kodchasan-font-family wp-elements-ef56999b324e95ba91b1f886cb978a7c gt-fse-widgets-ctv-open-product\" style=\"padding-right:1rem;padding-left:1rem;font-size:clamp(0.984rem, 0.984rem + ((1vw - 0.2rem) * 0.86), 1.5rem);font-style:normal;font-weight:600;text-transform:uppercase\">Casa m\u00f3vil TRIBU<\/p>\n\n\n\n<div class=\"wp-block-group alignfull hebergement-icons has-custom-couleur-2-background-color has-background is-content-justification-center is-layout-flex wp-container-core-group-is-layout-c0bd40e0 wp-block-group-is-layout-flex gt-fse-widgets-ctv-open-product\" style=\"padding-top:1rem;padding-bottom:1rem\">\n<div class=\"wp-block-group is-nowrap is-layout-flex wp-container-core-group-is-layout-89a94f6a wp-block-group-is-layout-flex gt-fse-widgets-ctv-open-product\">\n<figure class=\"wp-block-image size-full is-resized wp-duotone-005665-ffffff-13 gt-fse-widgets-ctv-open-product\"><img decoding=\"async\" width=\"300\" height=\"300\" src=\"https:\/\/www.camping-dunamunguy.com\/wp-content\/uploads\/2024\/12\/personnes.png\" alt=\"gente\" class=\"wp-image-1223 gt-fse-widgets-ctv-open-product\" style=\"width:20px\" srcset=\"https:\/\/www.camping-dunamunguy.com\/wp-content\/uploads\/2024\/12\/personnes.png 300w, https:\/\/www.camping-dunamunguy.com\/wp-content\/uploads\/2024\/12\/personnes-150x150.png 150w\" sizes=\"(max-width: 300px) 100vw, 300px\" \/><\/figure>\n\n\n<div class=\"taxonomy-gt-hebergements-nombre-personnes has-link-color wp-elements-0ec00f2afb4ee3dd740408454490143c wp-block-post-terms has-text-color has-contrast-color gt-fse-widgets-ctv-open-product\"><span class=\"gt-fse-widgets-ctv-open-product\">6<\/span><\/div>\n\n\n<p class=\"has-small-font-size gt-fse-widgets-ctv-open-product\">Pers.<\/p>\n<\/div>\n\n\n\n<div class=\"wp-block-group is-nowrap is-layout-flex wp-container-core-group-is-layout-89a94f6a wp-block-group-is-layout-flex gt-fse-widgets-ctv-open-product\">\n<figure class=\"wp-block-image size-full is-resized wp-duotone-005665-ffffff-14 gt-fse-widgets-ctv-open-product\"><img decoding=\"async\" width=\"512\" height=\"512\" src=\"https:\/\/www.camping-dunamunguy.com\/wp-content\/uploads\/2024\/12\/chambre.png\" alt=\"habitaci&#xF3;n\" class=\"wp-image-1220 gt-fse-widgets-ctv-open-product\" style=\"width:20px\" srcset=\"https:\/\/www.camping-dunamunguy.com\/wp-content\/uploads\/2024\/12\/chambre.png 512w, https:\/\/www.camping-dunamunguy.com\/wp-content\/uploads\/2024\/12\/chambre-300x300.png 300w, https:\/\/www.camping-dunamunguy.com\/wp-content\/uploads\/2024\/12\/chambre-150x150.png 150w, https:\/\/www.camping-dunamunguy.com\/wp-content\/uploads\/2024\/12\/chambre-400x400.png 400w\" sizes=\"(max-width: 512px) 100vw, 512px\" \/><\/figure>\n\n\n<div class=\"taxonomy-gt-hebergements-nombre-chambres has-link-color wp-elements-cd2824cc712d1c3ef99ba00a9cf8fd0f wp-block-post-terms has-text-color has-contrast-color gt-fse-widgets-ctv-open-product\"><span class=\"gt-fse-widgets-ctv-open-product\">3<\/span><\/div>\n\n\n<p class=\"has-small-font-size gt-fse-widgets-ctv-open-product\">hab.<\/p>\n<\/div>\n\n\n\n<div class=\"wp-block-group is-nowrap is-layout-flex wp-container-core-group-is-layout-89a94f6a wp-block-group-is-layout-flex gt-fse-widgets-ctv-open-product\">\n<figure class=\"wp-block-image size-full is-resized wp-duotone-005665-ffffff-15 gt-fse-widgets-ctv-open-product\"><img decoding=\"async\" width=\"300\" height=\"300\" src=\"https:\/\/www.camping-dunamunguy.com\/wp-content\/uploads\/2024\/12\/surface.png\" alt=\"superficie\" class=\"wp-image-1226 gt-fse-widgets-ctv-open-product\" style=\"width:20px;height:auto\" srcset=\"https:\/\/www.camping-dunamunguy.com\/wp-content\/uploads\/2024\/12\/surface.png 300w, https:\/\/www.camping-dunamunguy.com\/wp-content\/uploads\/2024\/12\/surface-150x150.png 150w\" sizes=\"(max-width: 300px) 100vw, 300px\" \/><\/figure>\n\n\n<div class=\"taxonomy-gt-hebergements-superficie has-link-color wp-elements-daa6f3755ee4ebfe9986b5c64728d595 wp-block-post-terms has-text-color has-contrast-color gt-fse-widgets-ctv-open-product\"><span class=\"gt-fse-widgets-ctv-open-product\">32<\/span><\/div>\n\n\n<p class=\"has-small-font-size gt-fse-widgets-ctv-open-product\">m2<\/p>\n<\/div>\n<\/div>\n<\/div><\/div>\n<\/div>\n\n<\/li><li data-gt-Thelis-product-id=\"\" data-gt-campings=\"\" data-gt-capacities=\"43\" data-gt-ctv-product-id=\"88046\" data-gt-gammes=\"\" data-gt-options=\"\" data-gt-rooms=\"48\" data-gt-superficies=\"59\" data-gt-types=\"72\" class=\"wp-block-post post-3078 hebergement type-hebergement status-publish has-post-thumbnail hentry gt-hebergements-types-mobil-homes-es gt-hebergements-nombre-personnes-4-es gt-hebergements-nombre-chambres-2-es gt-hebergements-superficie-26-es gt-fse-widgets-ctv-open-product\">\n\n<div class=\"wp-block-group gt-hebergement-wrap has-global-padding is-layout-constrained wp-block-group-is-layout-constrained gt-fse-widgets-ctv-open-product\" style=\"margin-top:0px\">\n<div class=\"wp-block-cover is-light hebergement-featured-image gt-fse-widgets-ctv-open-product\" style=\"padding-top:0px;padding-right:0px;padding-bottom:0px;padding-left:0px\"><span aria-hidden=\"true\" class=\"wp-block-cover__background has-contrast-background-color has-background-dim-30 has-background-dim gt-fse-widgets-ctv-open-product\"><\/span><img decoding=\"async\" width=\"450\" height=\"450\" src=\"https:\/\/www.camping-dunamunguy.com\/wp-content\/uploads\/2025\/01\/mobil-home-family-loggia.webp\" class=\"wp-block-cover__image-background wp-post-image gt-fse-widgets-ctv-open-product\" alt=\"Casa moderna con terraza soleada.\" data-object-fit=\"cover\" srcset=\"https:\/\/www.camping-dunamunguy.com\/wp-content\/uploads\/2025\/01\/mobil-home-family-loggia.webp 450w, https:\/\/www.camping-dunamunguy.com\/wp-content\/uploads\/2025\/01\/mobil-home-family-loggia-300x300.webp 300w, https:\/\/www.camping-dunamunguy.com\/wp-content\/uploads\/2025\/01\/mobil-home-family-loggia-150x150.webp 150w, https:\/\/www.camping-dunamunguy.com\/wp-content\/uploads\/2025\/01\/mobil-home-family-loggia-400x400.webp 400w\" sizes=\"(max-width: 450px) 100vw, 450px\" \/><div class=\"wp-block-cover__inner-container has-global-padding is-layout-constrained wp-container-core-cover-is-layout-f5c98baf wp-block-cover-is-layout-constrained gt-fse-widgets-ctv-open-product\">\n<p class=\"has-text-align-center hebergement-title has-custom-couleur-2-color has-text-color has-link-color has-kodchasan-font-family wp-elements-ef56999b324e95ba91b1f886cb978a7c gt-fse-widgets-ctv-open-product\" style=\"padding-right:1rem;padding-left:1rem;font-size:clamp(0.984rem, 0.984rem + ((1vw - 0.2rem) * 0.86), 1.5rem);font-style:normal;font-weight:600;text-transform:uppercase\">Casa m\u00f3vil FAMILIAR LOGGIA+ con terraza cubierta incorporada<\/p>\n\n\n\n<div class=\"wp-block-group alignfull hebergement-icons has-custom-couleur-2-background-color has-background is-content-justification-center is-layout-flex wp-container-core-group-is-layout-c0bd40e0 wp-block-group-is-layout-flex gt-fse-widgets-ctv-open-product\" style=\"padding-top:1rem;padding-bottom:1rem\">\n<div class=\"wp-block-group is-nowrap is-layout-flex wp-container-core-group-is-layout-89a94f6a wp-block-group-is-layout-flex gt-fse-widgets-ctv-open-product\">\n<figure class=\"wp-block-image size-full is-resized wp-duotone-005665-ffffff-16 gt-fse-widgets-ctv-open-product\"><img decoding=\"async\" width=\"300\" height=\"300\" src=\"https:\/\/www.camping-dunamunguy.com\/wp-content\/uploads\/2024\/12\/personnes.png\" alt=\"gente\" class=\"wp-image-1223 gt-fse-widgets-ctv-open-product\" style=\"width:20px\" srcset=\"https:\/\/www.camping-dunamunguy.com\/wp-content\/uploads\/2024\/12\/personnes.png 300w, https:\/\/www.camping-dunamunguy.com\/wp-content\/uploads\/2024\/12\/personnes-150x150.png 150w\" sizes=\"(max-width: 300px) 100vw, 300px\" \/><\/figure>\n\n\n<div class=\"taxonomy-gt-hebergements-nombre-personnes has-link-color wp-elements-0ec00f2afb4ee3dd740408454490143c wp-block-post-terms has-text-color has-contrast-color gt-fse-widgets-ctv-open-product\"><span class=\"gt-fse-widgets-ctv-open-product\">4<\/span><\/div>\n\n\n<p class=\"has-small-font-size gt-fse-widgets-ctv-open-product\">Pers.<\/p>\n<\/div>\n\n\n\n<div class=\"wp-block-group is-nowrap is-layout-flex wp-container-core-group-is-layout-89a94f6a wp-block-group-is-layout-flex gt-fse-widgets-ctv-open-product\">\n<figure class=\"wp-block-image size-full is-resized wp-duotone-005665-ffffff-17 gt-fse-widgets-ctv-open-product\"><img decoding=\"async\" width=\"512\" height=\"512\" src=\"https:\/\/www.camping-dunamunguy.com\/wp-content\/uploads\/2024\/12\/chambre.png\" alt=\"habitaci&#xF3;n\" class=\"wp-image-1220 gt-fse-widgets-ctv-open-product\" style=\"width:20px\" srcset=\"https:\/\/www.camping-dunamunguy.com\/wp-content\/uploads\/2024\/12\/chambre.png 512w, https:\/\/www.camping-dunamunguy.com\/wp-content\/uploads\/2024\/12\/chambre-300x300.png 300w, https:\/\/www.camping-dunamunguy.com\/wp-content\/uploads\/2024\/12\/chambre-150x150.png 150w, https:\/\/www.camping-dunamunguy.com\/wp-content\/uploads\/2024\/12\/chambre-400x400.png 400w\" sizes=\"(max-width: 512px) 100vw, 512px\" \/><\/figure>\n\n\n<div class=\"taxonomy-gt-hebergements-nombre-chambres has-link-color wp-elements-cd2824cc712d1c3ef99ba00a9cf8fd0f wp-block-post-terms has-text-color has-contrast-color gt-fse-widgets-ctv-open-product\"><span class=\"gt-fse-widgets-ctv-open-product\">2<\/span><\/div>\n\n\n<p class=\"has-small-font-size gt-fse-widgets-ctv-open-product\">hab.<\/p>\n<\/div>\n\n\n\n<div class=\"wp-block-group is-nowrap is-layout-flex wp-container-core-group-is-layout-89a94f6a wp-block-group-is-layout-flex gt-fse-widgets-ctv-open-product\">\n<figure class=\"wp-block-image size-full is-resized wp-duotone-005665-ffffff-18 gt-fse-widgets-ctv-open-product\"><img decoding=\"async\" width=\"300\" height=\"300\" src=\"https:\/\/www.camping-dunamunguy.com\/wp-content\/uploads\/2024\/12\/surface.png\" alt=\"superficie\" class=\"wp-image-1226 gt-fse-widgets-ctv-open-product\" style=\"width:20px;height:auto\" srcset=\"https:\/\/www.camping-dunamunguy.com\/wp-content\/uploads\/2024\/12\/surface.png 300w, https:\/\/www.camping-dunamunguy.com\/wp-content\/uploads\/2024\/12\/surface-150x150.png 150w\" sizes=\"(max-width: 300px) 100vw, 300px\" \/><\/figure>\n\n\n<div class=\"taxonomy-gt-hebergements-superficie has-link-color wp-elements-daa6f3755ee4ebfe9986b5c64728d595 wp-block-post-terms has-text-color has-contrast-color gt-fse-widgets-ctv-open-product\"><span class=\"gt-fse-widgets-ctv-open-product\">26<\/span><\/div>\n\n\n<p class=\"has-small-font-size gt-fse-widgets-ctv-open-product\">m2<\/p>\n<\/div>\n<\/div>\n<\/div><\/div>\n<\/div>\n\n<\/li><li data-gt-Thelis-product-id=\"\" data-gt-campings=\"\" data-gt-capacities=\"40\" data-gt-ctv-product-id=\"60236\" data-gt-gammes=\"\" data-gt-options=\"\" data-gt-rooms=\"48\" data-gt-superficies=\"56\" data-gt-types=\"72\" class=\"wp-block-post post-3050 hebergement type-hebergement status-publish has-post-thumbnail hentry gt-hebergements-types-mobil-homes-es gt-hebergements-nombre-personnes-5-es gt-hebergements-nombre-chambres-2-es gt-hebergements-superficie-28-es gt-fse-widgets-ctv-open-product\">\n\n<div class=\"wp-block-group gt-hebergement-wrap has-global-padding is-layout-constrained wp-block-group-is-layout-constrained gt-fse-widgets-ctv-open-product\" style=\"margin-top:0px\">\n<div class=\"wp-block-cover is-light hebergement-featured-image gt-fse-widgets-ctv-open-product\" style=\"padding-top:0px;padding-right:0px;padding-bottom:0px;padding-left:0px\"><span aria-hidden=\"true\" class=\"wp-block-cover__background has-contrast-background-color has-background-dim-30 has-background-dim gt-fse-widgets-ctv-open-product\"><\/span><img decoding=\"async\" width=\"450\" height=\"450\" src=\"https:\/\/www.camping-dunamunguy.com\/wp-content\/uploads\/2025\/01\/mobil-home-basic.webp\" class=\"wp-block-cover__image-background wp-post-image gt-fse-widgets-ctv-open-product\" alt=\"Casa m\u00f3vil con terraza en un jard\u00edn soleado.\" data-object-fit=\"cover\" srcset=\"https:\/\/www.camping-dunamunguy.com\/wp-content\/uploads\/2025\/01\/mobil-home-basic.webp 450w, https:\/\/www.camping-dunamunguy.com\/wp-content\/uploads\/2025\/01\/mobil-home-basic-300x300.webp 300w, https:\/\/www.camping-dunamunguy.com\/wp-content\/uploads\/2025\/01\/mobil-home-basic-150x150.webp 150w, https:\/\/www.camping-dunamunguy.com\/wp-content\/uploads\/2025\/01\/mobil-home-basic-400x400.webp 400w\" sizes=\"(max-width: 450px) 100vw, 450px\" \/><div class=\"wp-block-cover__inner-container has-global-padding is-layout-constrained wp-container-core-cover-is-layout-f5c98baf wp-block-cover-is-layout-constrained gt-fse-widgets-ctv-open-product\">\n<p class=\"has-text-align-center hebergement-title has-custom-couleur-2-color has-text-color has-link-color has-kodchasan-font-family wp-elements-ef56999b324e95ba91b1f886cb978a7c gt-fse-widgets-ctv-open-product\" style=\"padding-right:1rem;padding-left:1rem;font-size:clamp(0.984rem, 0.984rem + ((1vw - 0.2rem) * 0.86), 1.5rem);font-style:normal;font-weight:600;text-transform:uppercase\">Casa m\u00f3vil BASIC+ Terraza<\/p>\n\n\n\n<div class=\"wp-block-group alignfull hebergement-icons has-custom-couleur-2-background-color has-background is-content-justification-center is-layout-flex wp-container-core-group-is-layout-c0bd40e0 wp-block-group-is-layout-flex gt-fse-widgets-ctv-open-product\" style=\"padding-top:1rem;padding-bottom:1rem\">\n<div class=\"wp-block-group is-nowrap is-layout-flex wp-container-core-group-is-layout-89a94f6a wp-block-group-is-layout-flex gt-fse-widgets-ctv-open-product\">\n<figure class=\"wp-block-image size-full is-resized wp-duotone-005665-ffffff-19 gt-fse-widgets-ctv-open-product\"><img decoding=\"async\" width=\"300\" height=\"300\" src=\"https:\/\/www.camping-dunamunguy.com\/wp-content\/uploads\/2024\/12\/personnes.png\" alt=\"gente\" class=\"wp-image-1223 gt-fse-widgets-ctv-open-product\" style=\"width:20px\" srcset=\"https:\/\/www.camping-dunamunguy.com\/wp-content\/uploads\/2024\/12\/personnes.png 300w, https:\/\/www.camping-dunamunguy.com\/wp-content\/uploads\/2024\/12\/personnes-150x150.png 150w\" sizes=\"(max-width: 300px) 100vw, 300px\" \/><\/figure>\n\n\n<div class=\"taxonomy-gt-hebergements-nombre-personnes has-link-color wp-elements-0ec00f2afb4ee3dd740408454490143c wp-block-post-terms has-text-color has-contrast-color gt-fse-widgets-ctv-open-product\"><span class=\"gt-fse-widgets-ctv-open-product\">5<\/span><\/div>\n\n\n<p class=\"has-small-font-size gt-fse-widgets-ctv-open-product\">Pers.<\/p>\n<\/div>\n\n\n\n<div class=\"wp-block-group is-nowrap is-layout-flex wp-container-core-group-is-layout-89a94f6a wp-block-group-is-layout-flex gt-fse-widgets-ctv-open-product\">\n<figure class=\"wp-block-image size-full is-resized wp-duotone-005665-ffffff-20 gt-fse-widgets-ctv-open-product\"><img decoding=\"async\" width=\"512\" height=\"512\" src=\"https:\/\/www.camping-dunamunguy.com\/wp-content\/uploads\/2024\/12\/chambre.png\" alt=\"habitaci&#xF3;n\" class=\"wp-image-1220 gt-fse-widgets-ctv-open-product\" style=\"width:20px\" srcset=\"https:\/\/www.camping-dunamunguy.com\/wp-content\/uploads\/2024\/12\/chambre.png 512w, https:\/\/www.camping-dunamunguy.com\/wp-content\/uploads\/2024\/12\/chambre-300x300.png 300w, https:\/\/www.camping-dunamunguy.com\/wp-content\/uploads\/2024\/12\/chambre-150x150.png 150w, https:\/\/www.camping-dunamunguy.com\/wp-content\/uploads\/2024\/12\/chambre-400x400.png 400w\" sizes=\"(max-width: 512px) 100vw, 512px\" \/><\/figure>\n\n\n<div class=\"taxonomy-gt-hebergements-nombre-chambres has-link-color wp-elements-cd2824cc712d1c3ef99ba00a9cf8fd0f wp-block-post-terms has-text-color has-contrast-color gt-fse-widgets-ctv-open-product\"><span class=\"gt-fse-widgets-ctv-open-product\">2<\/span><\/div>\n\n\n<p class=\"has-small-font-size gt-fse-widgets-ctv-open-product\">hab.<\/p>\n<\/div>\n\n\n\n<div class=\"wp-block-group is-nowrap is-layout-flex wp-container-core-group-is-layout-89a94f6a wp-block-group-is-layout-flex gt-fse-widgets-ctv-open-product\">\n<figure class=\"wp-block-image size-full is-resized wp-duotone-005665-ffffff-21 gt-fse-widgets-ctv-open-product\"><img decoding=\"async\" width=\"300\" height=\"300\" src=\"https:\/\/www.camping-dunamunguy.com\/wp-content\/uploads\/2024\/12\/surface.png\" alt=\"superficie\" class=\"wp-image-1226 gt-fse-widgets-ctv-open-product\" style=\"width:20px;height:auto\" srcset=\"https:\/\/www.camping-dunamunguy.com\/wp-content\/uploads\/2024\/12\/surface.png 300w, https:\/\/www.camping-dunamunguy.com\/wp-content\/uploads\/2024\/12\/surface-150x150.png 150w\" sizes=\"(max-width: 300px) 100vw, 300px\" \/><\/figure>\n\n\n<div class=\"taxonomy-gt-hebergements-superficie has-link-color wp-elements-daa6f3755ee4ebfe9986b5c64728d595 wp-block-post-terms has-text-color has-contrast-color gt-fse-widgets-ctv-open-product\"><span class=\"gt-fse-widgets-ctv-open-product\">28<\/span><\/div>\n\n\n<p class=\"has-small-font-size gt-fse-widgets-ctv-open-product\">m2<\/p>\n<\/div>\n<\/div>\n<\/div><\/div>\n<\/div>\n\n<\/li><li data-gt-Thelis-product-id=\"\" data-gt-campings=\"\" data-gt-capacities=\"40\" data-gt-ctv-product-id=\"128706\" data-gt-gammes=\"\" data-gt-options=\"\" data-gt-rooms=\"48\" data-gt-superficies=\"56\" data-gt-types=\"72\" class=\"wp-block-post post-3084 hebergement type-hebergement status-publish has-post-thumbnail hentry gt-hebergements-types-mobil-homes-es gt-hebergements-nombre-personnes-5-es gt-hebergements-nombre-chambres-2-es gt-hebergements-superficie-28-es gt-fse-widgets-ctv-open-product\">\n\n<div class=\"wp-block-group gt-hebergement-wrap has-global-padding is-layout-constrained wp-block-group-is-layout-constrained gt-fse-widgets-ctv-open-product\" style=\"margin-top:0px\">\n<div class=\"wp-block-cover is-light hebergement-featured-image gt-fse-widgets-ctv-open-product\" style=\"padding-top:0px;padding-right:0px;padding-bottom:0px;padding-left:0px\"><span aria-hidden=\"true\" class=\"wp-block-cover__background has-contrast-background-color has-background-dim-30 has-background-dim gt-fse-widgets-ctv-open-product\"><\/span><img decoding=\"async\" width=\"450\" height=\"450\" src=\"https:\/\/www.camping-dunamunguy.com\/wp-content\/uploads\/2025\/01\/mobil-home-family-triple.webp\" class=\"wp-block-cover__image-background wp-post-image gt-fse-widgets-ctv-open-product\" alt=\"casa m\u00f3vil trifamiliar\" data-object-fit=\"cover\" srcset=\"https:\/\/www.camping-dunamunguy.com\/wp-content\/uploads\/2025\/01\/mobil-home-family-triple.webp 450w, https:\/\/www.camping-dunamunguy.com\/wp-content\/uploads\/2025\/01\/mobil-home-family-triple-300x300.webp 300w, https:\/\/www.camping-dunamunguy.com\/wp-content\/uploads\/2025\/01\/mobil-home-family-triple-150x150.webp 150w, https:\/\/www.camping-dunamunguy.com\/wp-content\/uploads\/2025\/01\/mobil-home-family-triple-400x400.webp 400w\" sizes=\"(max-width: 450px) 100vw, 450px\" \/><div class=\"wp-block-cover__inner-container has-global-padding is-layout-constrained wp-container-core-cover-is-layout-f5c98baf wp-block-cover-is-layout-constrained gt-fse-widgets-ctv-open-product\">\n<p class=\"has-text-align-center hebergement-title has-custom-couleur-2-color has-text-color has-link-color has-kodchasan-font-family wp-elements-ef56999b324e95ba91b1f886cb978a7c gt-fse-widgets-ctv-open-product\" style=\"padding-right:1rem;padding-left:1rem;font-size:clamp(0.984rem, 0.984rem + ((1vw - 0.2rem) * 0.86), 1.5rem);font-style:normal;font-weight:600;text-transform:uppercase\">Casa m\u00f3vil FAMILY TRIPLE<\/p>\n\n\n\n<div class=\"wp-block-group alignfull hebergement-icons has-custom-couleur-2-background-color has-background is-content-justification-center is-layout-flex wp-container-core-group-is-layout-c0bd40e0 wp-block-group-is-layout-flex gt-fse-widgets-ctv-open-product\" style=\"padding-top:1rem;padding-bottom:1rem\">\n<div class=\"wp-block-group is-nowrap is-layout-flex wp-container-core-group-is-layout-89a94f6a wp-block-group-is-layout-flex gt-fse-widgets-ctv-open-product\">\n<figure class=\"wp-block-image size-full is-resized wp-duotone-005665-ffffff-22 gt-fse-widgets-ctv-open-product\"><img decoding=\"async\" width=\"300\" height=\"300\" src=\"https:\/\/www.camping-dunamunguy.com\/wp-content\/uploads\/2024\/12\/personnes.png\" alt=\"gente\" class=\"wp-image-1223 gt-fse-widgets-ctv-open-product\" style=\"width:20px\" srcset=\"https:\/\/www.camping-dunamunguy.com\/wp-content\/uploads\/2024\/12\/personnes.png 300w, https:\/\/www.camping-dunamunguy.com\/wp-content\/uploads\/2024\/12\/personnes-150x150.png 150w\" sizes=\"(max-width: 300px) 100vw, 300px\" \/><\/figure>\n\n\n<div class=\"taxonomy-gt-hebergements-nombre-personnes has-link-color wp-elements-0ec00f2afb4ee3dd740408454490143c wp-block-post-terms has-text-color has-contrast-color gt-fse-widgets-ctv-open-product\"><span class=\"gt-fse-widgets-ctv-open-product\">5<\/span><\/div>\n\n\n<p class=\"has-small-font-size gt-fse-widgets-ctv-open-product\">Pers.<\/p>\n<\/div>\n\n\n\n<div class=\"wp-block-group is-nowrap is-layout-flex wp-container-core-group-is-layout-89a94f6a wp-block-group-is-layout-flex gt-fse-widgets-ctv-open-product\">\n<figure class=\"wp-block-image size-full is-resized wp-duotone-005665-ffffff-23 gt-fse-widgets-ctv-open-product\"><img decoding=\"async\" width=\"512\" height=\"512\" src=\"https:\/\/www.camping-dunamunguy.com\/wp-content\/uploads\/2024\/12\/chambre.png\" alt=\"habitaci&#xF3;n\" class=\"wp-image-1220 gt-fse-widgets-ctv-open-product\" style=\"width:20px\" srcset=\"https:\/\/www.camping-dunamunguy.com\/wp-content\/uploads\/2024\/12\/chambre.png 512w, https:\/\/www.camping-dunamunguy.com\/wp-content\/uploads\/2024\/12\/chambre-300x300.png 300w, https:\/\/www.camping-dunamunguy.com\/wp-content\/uploads\/2024\/12\/chambre-150x150.png 150w, https:\/\/www.camping-dunamunguy.com\/wp-content\/uploads\/2024\/12\/chambre-400x400.png 400w\" sizes=\"(max-width: 512px) 100vw, 512px\" \/><\/figure>\n\n\n<div class=\"taxonomy-gt-hebergements-nombre-chambres has-link-color wp-elements-cd2824cc712d1c3ef99ba00a9cf8fd0f wp-block-post-terms has-text-color has-contrast-color gt-fse-widgets-ctv-open-product\"><span class=\"gt-fse-widgets-ctv-open-product\">2<\/span><\/div>\n\n\n<p class=\"has-small-font-size gt-fse-widgets-ctv-open-product\">hab.<\/p>\n<\/div>\n\n\n\n<div class=\"wp-block-group is-nowrap is-layout-flex wp-container-core-group-is-layout-89a94f6a wp-block-group-is-layout-flex gt-fse-widgets-ctv-open-product\">\n<figure class=\"wp-block-image size-full is-resized wp-duotone-005665-ffffff-24 gt-fse-widgets-ctv-open-product\"><img decoding=\"async\" width=\"300\" height=\"300\" src=\"https:\/\/www.camping-dunamunguy.com\/wp-content\/uploads\/2024\/12\/surface.png\" alt=\"superficie\" class=\"wp-image-1226 gt-fse-widgets-ctv-open-product\" style=\"width:20px;height:auto\" srcset=\"https:\/\/www.camping-dunamunguy.com\/wp-content\/uploads\/2024\/12\/surface.png 300w, https:\/\/www.camping-dunamunguy.com\/wp-content\/uploads\/2024\/12\/surface-150x150.png 150w\" sizes=\"(max-width: 300px) 100vw, 300px\" \/><\/figure>\n\n\n<div class=\"taxonomy-gt-hebergements-superficie has-link-color wp-elements-daa6f3755ee4ebfe9986b5c64728d595 wp-block-post-terms has-text-color has-contrast-color gt-fse-widgets-ctv-open-product\"><span class=\"gt-fse-widgets-ctv-open-product\">28<\/span><\/div>\n\n\n<p class=\"has-small-font-size gt-fse-widgets-ctv-open-product\">m2<\/p>\n<\/div>\n<\/div>\n<\/div><\/div>\n<\/div>\n\n<\/li><li data-gt-Thelis-product-id=\"\" data-gt-campings=\"\" data-gt-capacities=\"40\" data-gt-ctv-product-id=\"46166\" data-gt-gammes=\"\" data-gt-options=\"\" data-gt-rooms=\"48\" data-gt-superficies=\"56\" data-gt-types=\"72\" class=\"wp-block-post post-3079 hebergement type-hebergement status-publish has-post-thumbnail hentry gt-hebergements-types-mobil-homes-es gt-hebergements-nombre-personnes-5-es gt-hebergements-nombre-chambres-2-es gt-hebergements-superficie-28-es gt-fse-widgets-ctv-open-product\">\n\n<div class=\"wp-block-group gt-hebergement-wrap has-global-padding is-layout-constrained wp-block-group-is-layout-constrained gt-fse-widgets-ctv-open-product\" style=\"margin-top:0px\">\n<div class=\"wp-block-cover is-light hebergement-featured-image gt-fse-widgets-ctv-open-product\" style=\"padding-top:0px;padding-right:0px;padding-bottom:0px;padding-left:0px\"><span aria-hidden=\"true\" class=\"wp-block-cover__background has-contrast-background-color has-background-dim-30 has-background-dim gt-fse-widgets-ctv-open-product\"><\/span><img decoding=\"async\" width=\"450\" height=\"450\" src=\"https:\/\/www.camping-dunamunguy.com\/wp-content\/uploads\/2025\/01\/mobil-home-family-basic.webp\" class=\"wp-block-cover__image-background wp-post-image gt-fse-widgets-ctv-open-product\" alt=\"mobil home family basic\" data-object-fit=\"cover\" srcset=\"https:\/\/www.camping-dunamunguy.com\/wp-content\/uploads\/2025\/01\/mobil-home-family-basic.webp 450w, https:\/\/www.camping-dunamunguy.com\/wp-content\/uploads\/2025\/01\/mobil-home-family-basic-300x300.webp 300w, https:\/\/www.camping-dunamunguy.com\/wp-content\/uploads\/2025\/01\/mobil-home-family-basic-150x150.webp 150w, https:\/\/www.camping-dunamunguy.com\/wp-content\/uploads\/2025\/01\/mobil-home-family-basic-400x400.webp 400w\" sizes=\"(max-width: 450px) 100vw, 450px\" \/><div class=\"wp-block-cover__inner-container has-global-padding is-layout-constrained wp-container-core-cover-is-layout-f5c98baf wp-block-cover-is-layout-constrained gt-fse-widgets-ctv-open-product\">\n<p class=\"has-text-align-center hebergement-title has-custom-couleur-2-color has-text-color has-link-color has-kodchasan-font-family wp-elements-ef56999b324e95ba91b1f886cb978a7c gt-fse-widgets-ctv-open-product\" style=\"padding-right:1rem;padding-left:1rem;font-size:clamp(0.984rem, 0.984rem + ((1vw - 0.2rem) * 0.86), 1.5rem);font-style:normal;font-weight:600;text-transform:uppercase\">Casa m\u00f3vil FAMILIA B\u00c1SICA<\/p>\n\n\n\n<div class=\"wp-block-group alignfull hebergement-icons has-custom-couleur-2-background-color has-background is-content-justification-center is-layout-flex wp-container-core-group-is-layout-c0bd40e0 wp-block-group-is-layout-flex gt-fse-widgets-ctv-open-product\" style=\"padding-top:1rem;padding-bottom:1rem\">\n<div class=\"wp-block-group is-nowrap is-layout-flex wp-container-core-group-is-layout-89a94f6a wp-block-group-is-layout-flex gt-fse-widgets-ctv-open-product\">\n<figure class=\"wp-block-image size-full is-resized wp-duotone-005665-ffffff-25 gt-fse-widgets-ctv-open-product\"><img decoding=\"async\" width=\"300\" height=\"300\" src=\"https:\/\/www.camping-dunamunguy.com\/wp-content\/uploads\/2024\/12\/personnes.png\" alt=\"gente\" class=\"wp-image-1223 gt-fse-widgets-ctv-open-product\" style=\"width:20px\" srcset=\"https:\/\/www.camping-dunamunguy.com\/wp-content\/uploads\/2024\/12\/personnes.png 300w, https:\/\/www.camping-dunamunguy.com\/wp-content\/uploads\/2024\/12\/personnes-150x150.png 150w\" sizes=\"(max-width: 300px) 100vw, 300px\" \/><\/figure>\n\n\n<div class=\"taxonomy-gt-hebergements-nombre-personnes has-link-color wp-elements-0ec00f2afb4ee3dd740408454490143c wp-block-post-terms has-text-color has-contrast-color gt-fse-widgets-ctv-open-product\"><span class=\"gt-fse-widgets-ctv-open-product\">5<\/span><\/div>\n\n\n<p class=\"has-small-font-size gt-fse-widgets-ctv-open-product\">Pers.<\/p>\n<\/div>\n\n\n\n<div class=\"wp-block-group is-nowrap is-layout-flex wp-container-core-group-is-layout-89a94f6a wp-block-group-is-layout-flex gt-fse-widgets-ctv-open-product\">\n<figure class=\"wp-block-image size-full is-resized wp-duotone-005665-ffffff-26 gt-fse-widgets-ctv-open-product\"><img decoding=\"async\" width=\"512\" height=\"512\" src=\"https:\/\/www.camping-dunamunguy.com\/wp-content\/uploads\/2024\/12\/chambre.png\" alt=\"habitaci&#xF3;n\" class=\"wp-image-1220 gt-fse-widgets-ctv-open-product\" style=\"width:20px\" srcset=\"https:\/\/www.camping-dunamunguy.com\/wp-content\/uploads\/2024\/12\/chambre.png 512w, https:\/\/www.camping-dunamunguy.com\/wp-content\/uploads\/2024\/12\/chambre-300x300.png 300w, https:\/\/www.camping-dunamunguy.com\/wp-content\/uploads\/2024\/12\/chambre-150x150.png 150w, https:\/\/www.camping-dunamunguy.com\/wp-content\/uploads\/2024\/12\/chambre-400x400.png 400w\" sizes=\"(max-width: 512px) 100vw, 512px\" \/><\/figure>\n\n\n<div class=\"taxonomy-gt-hebergements-nombre-chambres has-link-color wp-elements-cd2824cc712d1c3ef99ba00a9cf8fd0f wp-block-post-terms has-text-color has-contrast-color gt-fse-widgets-ctv-open-product\"><span class=\"gt-fse-widgets-ctv-open-product\">2<\/span><\/div>\n\n\n<p class=\"has-small-font-size gt-fse-widgets-ctv-open-product\">hab.<\/p>\n<\/div>\n\n\n\n<div class=\"wp-block-group is-nowrap is-layout-flex wp-container-core-group-is-layout-89a94f6a wp-block-group-is-layout-flex gt-fse-widgets-ctv-open-product\">\n<figure class=\"wp-block-image size-full is-resized wp-duotone-005665-ffffff-27 gt-fse-widgets-ctv-open-product\"><img decoding=\"async\" width=\"300\" height=\"300\" src=\"https:\/\/www.camping-dunamunguy.com\/wp-content\/uploads\/2024\/12\/surface.png\" alt=\"superficie\" class=\"wp-image-1226 gt-fse-widgets-ctv-open-product\" style=\"width:20px;height:auto\" srcset=\"https:\/\/www.camping-dunamunguy.com\/wp-content\/uploads\/2024\/12\/surface.png 300w, https:\/\/www.camping-dunamunguy.com\/wp-content\/uploads\/2024\/12\/surface-150x150.png 150w\" sizes=\"(max-width: 300px) 100vw, 300px\" \/><\/figure>\n\n\n<div class=\"taxonomy-gt-hebergements-superficie has-link-color wp-elements-daa6f3755ee4ebfe9986b5c64728d595 wp-block-post-terms has-text-color has-contrast-color gt-fse-widgets-ctv-open-product\"><span class=\"gt-fse-widgets-ctv-open-product\">28<\/span><\/div>\n\n\n<p class=\"has-small-font-size gt-fse-widgets-ctv-open-product\">m2<\/p>\n<\/div>\n<\/div>\n<\/div><\/div>\n<\/div>\n\n<\/li><li data-gt-Thelis-product-id=\"\" data-gt-campings=\"\" data-gt-capacities=\"38\" data-gt-ctv-product-id=\"46163\" data-gt-gammes=\"\" data-gt-options=\"\" data-gt-rooms=\"46\" data-gt-superficies=\"52\" data-gt-types=\"72\" class=\"wp-block-post post-3070 hebergement type-hebergement status-publish has-post-thumbnail hentry gt-hebergements-types-mobil-homes-es gt-hebergements-nombre-personnes-2-es gt-hebergements-nombre-chambres-1-es gt-hebergements-superficie-16-es gt-fse-widgets-ctv-open-product\">\n\n<div class=\"wp-block-group gt-hebergement-wrap has-global-padding is-layout-constrained wp-block-group-is-layout-constrained gt-fse-widgets-ctv-open-product\" style=\"margin-top:0px\">\n<div class=\"wp-block-cover is-light hebergement-featured-image gt-fse-widgets-ctv-open-product\" style=\"padding-top:0px;padding-right:0px;padding-bottom:0px;padding-left:0px\"><span aria-hidden=\"true\" class=\"wp-block-cover__background has-contrast-background-color has-background-dim-30 has-background-dim gt-fse-widgets-ctv-open-product\"><\/span><img decoding=\"async\" width=\"450\" height=\"450\" src=\"https:\/\/www.camping-dunamunguy.com\/wp-content\/uploads\/2024\/12\/mobil-home-duo.webp\" class=\"wp-block-cover__image-background wp-post-image gt-fse-widgets-ctv-open-product\" alt=\"mobil home duo\" data-object-fit=\"cover\" srcset=\"https:\/\/www.camping-dunamunguy.com\/wp-content\/uploads\/2024\/12\/mobil-home-duo.webp 450w, https:\/\/www.camping-dunamunguy.com\/wp-content\/uploads\/2024\/12\/mobil-home-duo-300x300.webp 300w, https:\/\/www.camping-dunamunguy.com\/wp-content\/uploads\/2024\/12\/mobil-home-duo-150x150.webp 150w, https:\/\/www.camping-dunamunguy.com\/wp-content\/uploads\/2024\/12\/mobil-home-duo-400x400.webp 400w\" sizes=\"(max-width: 450px) 100vw, 450px\" \/><div class=\"wp-block-cover__inner-container has-global-padding is-layout-constrained wp-container-core-cover-is-layout-f5c98baf wp-block-cover-is-layout-constrained gt-fse-widgets-ctv-open-product\">\n<p class=\"has-text-align-center hebergement-title has-custom-couleur-2-color has-text-color has-link-color has-kodchasan-font-family wp-elements-ef56999b324e95ba91b1f886cb978a7c gt-fse-widgets-ctv-open-product\" style=\"padding-right:1rem;padding-left:1rem;font-size:clamp(0.984rem, 0.984rem + ((1vw - 0.2rem) * 0.86), 1.5rem);font-style:normal;font-weight:600;text-transform:uppercase\">Mobil home DUO 1 dormitorio<\/p>\n\n\n\n<div class=\"wp-block-group alignfull hebergement-icons has-custom-couleur-2-background-color has-background is-content-justification-center is-layout-flex wp-container-core-group-is-layout-c0bd40e0 wp-block-group-is-layout-flex gt-fse-widgets-ctv-open-product\" style=\"padding-top:1rem;padding-bottom:1rem\">\n<div class=\"wp-block-group is-nowrap is-layout-flex wp-container-core-group-is-layout-89a94f6a wp-block-group-is-layout-flex gt-fse-widgets-ctv-open-product\">\n<figure class=\"wp-block-image size-full is-resized wp-duotone-005665-ffffff-28 gt-fse-widgets-ctv-open-product\"><img decoding=\"async\" width=\"300\" height=\"300\" src=\"https:\/\/www.camping-dunamunguy.com\/wp-content\/uploads\/2024\/12\/personnes.png\" alt=\"gente\" class=\"wp-image-1223 gt-fse-widgets-ctv-open-product\" style=\"width:20px\" srcset=\"https:\/\/www.camping-dunamunguy.com\/wp-content\/uploads\/2024\/12\/personnes.png 300w, https:\/\/www.camping-dunamunguy.com\/wp-content\/uploads\/2024\/12\/personnes-150x150.png 150w\" sizes=\"(max-width: 300px) 100vw, 300px\" \/><\/figure>\n\n\n<div class=\"taxonomy-gt-hebergements-nombre-personnes has-link-color wp-elements-0ec00f2afb4ee3dd740408454490143c wp-block-post-terms has-text-color has-contrast-color gt-fse-widgets-ctv-open-product\"><span class=\"gt-fse-widgets-ctv-open-product\">2<\/span><\/div>\n\n\n<p class=\"has-small-font-size gt-fse-widgets-ctv-open-product\">Pers.<\/p>\n<\/div>\n\n\n\n<div class=\"wp-block-group is-nowrap is-layout-flex wp-container-core-group-is-layout-89a94f6a wp-block-group-is-layout-flex gt-fse-widgets-ctv-open-product\">\n<figure class=\"wp-block-image size-full is-resized wp-duotone-005665-ffffff-29 gt-fse-widgets-ctv-open-product\"><img decoding=\"async\" width=\"512\" height=\"512\" src=\"https:\/\/www.camping-dunamunguy.com\/wp-content\/uploads\/2024\/12\/chambre.png\" alt=\"habitaci&#xF3;n\" class=\"wp-image-1220 gt-fse-widgets-ctv-open-product\" style=\"width:20px\" srcset=\"https:\/\/www.camping-dunamunguy.com\/wp-content\/uploads\/2024\/12\/chambre.png 512w, https:\/\/www.camping-dunamunguy.com\/wp-content\/uploads\/2024\/12\/chambre-300x300.png 300w, https:\/\/www.camping-dunamunguy.com\/wp-content\/uploads\/2024\/12\/chambre-150x150.png 150w, https:\/\/www.camping-dunamunguy.com\/wp-content\/uploads\/2024\/12\/chambre-400x400.png 400w\" sizes=\"(max-width: 512px) 100vw, 512px\" \/><\/figure>\n\n\n<div class=\"taxonomy-gt-hebergements-nombre-chambres has-link-color wp-elements-cd2824cc712d1c3ef99ba00a9cf8fd0f wp-block-post-terms has-text-color has-contrast-color gt-fse-widgets-ctv-open-product\"><span class=\"gt-fse-widgets-ctv-open-product\">1<\/span><\/div>\n\n\n<p class=\"has-small-font-size gt-fse-widgets-ctv-open-product\">hab.<\/p>\n<\/div>\n\n\n\n<div class=\"wp-block-group is-nowrap is-layout-flex wp-container-core-group-is-layout-89a94f6a wp-block-group-is-layout-flex gt-fse-widgets-ctv-open-product\">\n<figure class=\"wp-block-image size-full is-resized wp-duotone-005665-ffffff-30 gt-fse-widgets-ctv-open-product\"><img decoding=\"async\" width=\"300\" height=\"300\" src=\"https:\/\/www.camping-dunamunguy.com\/wp-content\/uploads\/2024\/12\/surface.png\" alt=\"superficie\" class=\"wp-image-1226 gt-fse-widgets-ctv-open-product\" style=\"width:20px;height:auto\" srcset=\"https:\/\/www.camping-dunamunguy.com\/wp-content\/uploads\/2024\/12\/surface.png 300w, https:\/\/www.camping-dunamunguy.com\/wp-content\/uploads\/2024\/12\/surface-150x150.png 150w\" sizes=\"(max-width: 300px) 100vw, 300px\" \/><\/figure>\n\n\n<div class=\"taxonomy-gt-hebergements-superficie has-link-color wp-elements-daa6f3755ee4ebfe9986b5c64728d595 wp-block-post-terms has-text-color has-contrast-color gt-fse-widgets-ctv-open-product\"><span class=\"gt-fse-widgets-ctv-open-product\">16<\/span><\/div>\n\n\n<p class=\"has-small-font-size gt-fse-widgets-ctv-open-product\">m2<\/p>\n<\/div>\n<\/div>\n<\/div><\/div>\n<\/div>\n\n<\/li><\/ul><\/div>\n<\/section>\n\n<section class=\"wp-block-group alignfull home-hebergements page-three has-custom-couleur-1-background-color has-background is-vertical is-content-justification-center is-layout-flex wp-container-core-group-is-layout-ed77ec96 wp-block-group-is-layout-flex\" style=\"border-top-style:none;border-top-width:0px;margin-top:0;margin-bottom:0;padding-top:8rem;padding-right:15rem;padding-bottom:10rem;padding-left:15rem\"><h2 class=\"wp-block-heading has-text-align-center has-custom-couleur-2-color has-text-color has-link-color wp-elements-31bd00712d2ba5e541ae1a8c2ba769c3 wp-container-content-9cfa9a5a\" style=\"font-size:clamp(16.293px, 1.018rem + ((1vw - 3.2px) * 0.907), 25px);text-transform:uppercase\" id=\"nuestra-gama-de-mobil-homes-de-alquiler-en-el-pais-vasco\">Nuestra gama de mobil homes de alquiler en el Pa\u00eds Vasco<\/h2>\n\n\n<div style=\"height:32px\" aria-hidden=\"true\" class=\"wp-block-spacer gt-hide-mobile wp-container-content-dee2fb34\"><\/div>\n\n\n\n<p class=\"has-base-2-color has-text-color has-link-color wp-elements-4fbeab2ffa21c42779be1a81d805b45f\">En el Camping Duna Munguy, te ofrecemos una <strong>selecci\u00f3n de casas m\u00f3viles<\/strong>, cuidadosamente dise\u00f1adas para satisfacer tus expectativas. Nuestros alojamientos tienen de 1 a 3 dormitorios y capacidad para<strong> 2 a 6 personas<\/strong>.   <\/p>\n\n\n\n<ul class=\"wp-block-list has-base-2-color has-text-color has-link-color wp-elements-d474afe9e9abefc4459f1eafff580168\">\n<li>Cada casa m\u00f3vil tiene una terraza semicubierta o un peque\u00f1o jard\u00edn privado, rodeado de vegetaci\u00f3n, que te ofrece un espacio exterior \u00edntimo y agradable.<\/li>\n\n\n\n<li>Todas nuestras casas m\u00f3viles est\u00e1n equipadas con cocina completa (frigor\u00edfico-congelador, placa de cocci\u00f3n, cafetera, microondas, vajilla), cuarto de ba\u00f1o y WC, lo que garantiza un confort \u00f3ptimo y una independencia total. Tambi\u00e9n incluyen televisi\u00f3n y conexi\u00f3n Wi-Fi. <\/li>\n\n\n\n<li>Cada casa m\u00f3vil tiene tambi\u00e9n su propia plaza de aparcamiento para tu comodidad.<\/li>\n<\/ul>\n\n\n\n<div style=\"height:32px\" aria-hidden=\"true\" class=\"wp-block-spacer gt-hide-mobile wp-container-content-dee2fb34\"><\/div>\n\n\n\n<div class=\"wp-block-columns are-vertically-aligned-center is-layout-flex wp-container-core-columns-is-layout-b23a18ed wp-block-columns-is-layout-flex\">\n<div class=\"wp-block-column is-vertically-aligned-center parallax-vertical parallax-up is-layout-flow wp-block-column-is-layout-flow\">\n<div class=\"wp-block-group wp-container-content-9cfa9a5a is-vertical is-layout-flex wp-container-core-group-is-layout-fe9cc265 wp-block-group-is-layout-flex\">\n<div style=\"height:0px\" aria-hidden=\"true\" class=\"wp-block-spacer gt-hide-mobile wp-container-content-6388d5dc\"><\/div>\n\n\n\n<div class=\"wp-block-cover maillage__image first\" style=\"min-height:700px;aspect-ratio:unset;\"><img decoding=\"async\" width=\"467\" height=\"700\" class=\"wp-block-cover__image-background wp-image-2386\" alt=\"Terrasse en bois avec chaises et auvent\" src=\"https:\/\/www.camping-dunamunguy.com\/wp-content\/uploads\/2025\/01\/location-mobil-home-st-jean-de-luz-2.webp\" data-object-fit=\"cover\" srcset=\"https:\/\/www.camping-dunamunguy.com\/wp-content\/uploads\/2025\/01\/location-mobil-home-st-jean-de-luz-2.webp 467w, https:\/\/www.camping-dunamunguy.com\/wp-content\/uploads\/2025\/01\/location-mobil-home-st-jean-de-luz-2-200x300.webp 200w\" sizes=\"(max-width: 467px) 100vw, 467px\" \/><span aria-hidden=\"true\" class=\"wp-block-cover__background has-background-dim-0 has-background-dim\"><\/span><div class=\"wp-block-cover__inner-container has-global-padding is-layout-constrained wp-block-cover-is-layout-constrained\">\n<p class=\"has-text-align-center has-large-font-size\"><\/p>\n<\/div><\/div>\n<\/div>\n<\/div>\n\n\n\n<div class=\"wp-block-column is-vertically-aligned-center parallax-vertical is-layout-flow wp-block-column-is-layout-flow\">\n<div class=\"wp-block-cover maillage__image second\" style=\"min-height:700px;aspect-ratio:unset;\"><img decoding=\"async\" width=\"467\" height=\"700\" class=\"wp-block-cover__image-background wp-image-2370\" alt=\"location mobil home st jean de luz ()\" src=\"https:\/\/www.camping-dunamunguy.com\/wp-content\/uploads\/2025\/01\/location-mobil-home-st-jean-de-luz-13.webp\" data-object-fit=\"cover\" srcset=\"https:\/\/www.camping-dunamunguy.com\/wp-content\/uploads\/2025\/01\/location-mobil-home-st-jean-de-luz-13.webp 467w, https:\/\/www.camping-dunamunguy.com\/wp-content\/uploads\/2025\/01\/location-mobil-home-st-jean-de-luz-13-200x300.webp 200w\" sizes=\"(max-width: 467px) 100vw, 467px\" \/><span aria-hidden=\"true\" class=\"wp-block-cover__background has-background-dim-0 has-background-dim\"><\/span><div class=\"wp-block-cover__inner-container has-global-padding is-layout-constrained wp-block-cover-is-layout-constrained\">\n<p class=\"has-text-align-center has-large-font-size\"><\/p>\n<\/div><\/div>\n<\/div>\n\n\n\n<div class=\"wp-block-column is-vertically-aligned-center is-layout-flow wp-block-column-is-layout-flow\">\n<div class=\"wp-block-group wp-container-content-9cfa9a5a is-vertical is-layout-flex wp-container-core-group-is-layout-fe9cc265 wp-block-group-is-layout-flex\">\n<div style=\"height:0px\" aria-hidden=\"true\" class=\"wp-block-spacer gt-hide-mobile wp-container-content-6388d5dc\"><\/div>\n\n\n<h3 class=\"wp-block-heading has-custom-couleur-2-color has-text-color has-link-color wp-elements-c188600d54db1de57573df80672e4d03\" style=\"font-size:clamp(14px, 0.875rem + ((1vw - 3.2px) * 0.625), 20px);text-transform:uppercase\" id=\"duo-nuestras-casas-moviles-para-2-personas\">D\u00fao: nuestras casas m\u00f3viles para 2 personas<\/h3>\n\n\n<p class=\"has-base-2-color has-text-color has-link-color wp-elements-027b8915f92460170db43c20ef4c2eaa\">\u00bfBusca un alojamiento pr\u00e1ctico y funcional para 2 personas en el Pa\u00eds Vasco? <\/p>\n\n\n\n<p class=\"has-base-2-color has-text-color has-link-color wp-elements-3474ac0219b85997f4e85dfaa04ec7ba\">Nuestros peque\u00f1os m\u00f3viles de la gama DUO, equipados con lo esencial para una estancia con todas las comodidades en el camping, cuentan con una habitaci\u00f3n con <strong>cama doble<\/strong>, un ba\u00f1o con ducha y WC, as\u00ed como una <strong>cocina totalmente equipada<\/strong> abierta a un peque\u00f1o sal\u00f3n, donde tambi\u00e9n encontrar\u00e1 un televisor para sus momentos de relax:<\/p>\n\n\n\n<ul class=\"wp-block-list\">\n<li class=\"has-base-2-color has-text-color has-link-color wp-elements-7a31e12a8cb244c2fe30850366a15d84\"><mark style=\"background-color:rgba(0, 0, 0, 0);color:#ffffff\" class=\"has-inline-color\">Mobil-home DUO: la soluci\u00f3n econ\u00f3mica. Cama 140*200. <\/mark><\/li>\n<\/ul>\n\n\n\n<ul class=\"wp-block-list\">\n<li class=\"has-base-2-color has-text-color has-link-color wp-elements-8583d4d224c754938611ff0dd9154441\"><mark style=\"background-color:rgba(0, 0, 0, 0);color:#ffffff\" class=\"has-inline-color\">Mobil-home DUO RIVEIRA: \u00a1el peque\u00f1o refugio para dos! Cama 160*200 cm para mayor confort, gran ventanal para un interior m\u00e1s luminoso, cocina abierta al exterior. <\/mark><\/li>\n<\/ul>\n\n\n\n<p><\/p>\n<\/div>\n<\/div>\n<\/div>\n<\/section>\n\n<section class=\"wp-block-group alignfull home-intro page-one has-custom-couleur-1-background-color has-background gt-break-mobile is-nowrap is-layout-flex wp-container-core-group-is-layout-b58e345f wp-block-group-is-layout-flex\" style=\"margin-top:0rem;margin-bottom:0rem;padding-top:8rem;padding-right:15rem;padding-bottom:10rem;padding-left:15rem\">\n<div class=\"wp-block-group wp-container-content-dc435e0d is-vertical is-layout-flex wp-container-core-group-is-layout-a3b65dd2 wp-block-group-is-layout-flex\"><h3 class=\"wp-block-heading has-custom-couleur-2-color has-text-color has-link-color wp-elements-e4330fb0779e1579fe4e8e0d2916c9f2\" style=\"font-size:clamp(14px, 0.875rem + ((1vw - 3.2px) * 0.625), 20px);text-transform:uppercase\" id=\"familia-nuestras-casas-moviles-para-4-o-5-personas\">Familia: nuestras casas m\u00f3viles para 4 \u00f3 5 personas<\/h3>\n\n\n<div style=\"height:26px\" aria-hidden=\"true\" class=\"wp-block-spacer gt-hide-mobile wp-container-content-e742b050\"><\/div>\n\n\n\n<div class=\"wp-block-group is-vertical is-layout-flex wp-container-core-group-is-layout-bf547533 wp-block-group-is-layout-flex\" style=\"padding-right:30px\">\n<p class=\"has-base-2-color has-text-color has-link-color wp-elements-04d9134ad748b34c06631e827a36eb45\">Para una estancia en familia o con amigos, te ofrecemos la gama Familiar, de 2 dormitorios, con capacidad para 4 a 5 personas, seg\u00fan el modelo. Elige el que m\u00e1s te convenga para vivir una experiencia adaptada a tus deseos y a tu presupuesto: <\/p>\n\n\n\n<ul class=\"wp-block-list has-base-2-color has-text-color has-link-color wp-elements-ca2f1d72637df637b8a35963bbe3783d\">\n<li><strong>Familia BASIC<\/strong>: La soluci\u00f3n m\u00e1s econ\u00f3mica. Equipamiento est\u00e1ndar y confortable para 4 \u00f3 5 personas. <\/li>\n\n\n\n<li><strong>Familia TRIPLE<\/strong>: Ideal para una familia con 3 ni\u00f1os (3 camas individuales).  <\/li>\n\n\n\n<li><strong>Familia BASIC +<\/strong>: Econ\u00f3mica con terraza semicubierta.<\/li>\n\n\n\n<li><strong>Familia LOGGIA +<\/strong>: Todas las comodidades con terraza cubierta incorporada y cama king-size (160*200cm) en el dormitorio doble. 4 plazas <\/li>\n\n\n\n<li><strong>Familia RIVEIRA +<\/strong>: Modelo muy reciente y confortable con gran terraza y mirador. Capacidad para 4 personas. <\/li>\n<\/ul>\n\n\n\n<p class=\"has-base-2-color has-text-color has-link-color wp-elements-f3ed756504f5eacb0235c752561a2270\">\u00a1La elecci\u00f3n es tuya!<\/p>\n<\/div>\n<\/div>\n\n\n\n<div class=\"wp-block-group wp-container-content-9cfa9a5a is-vertical is-layout-flex wp-container-core-group-is-layout-fe9cc265 wp-block-group-is-layout-flex\">\n<div class=\"wp-block-group images-container wp-container-content-9cfa9a5a is-nowrap is-layout-flex wp-container-core-group-is-layout-fcdbac02 wp-block-group-is-layout-flex\">\n<div class=\"wp-block-group parent-illustration parallax-vertical parallax-up is-vertical is-layout-flex wp-container-core-group-is-layout-4b827052 wp-block-group-is-layout-flex\">\n<figure class=\"wp-block-image size-full first before-white\"><img decoding=\"async\" width=\"467\" height=\"700\" src=\"https:\/\/www.camping-dunamunguy.com\/wp-content\/uploads\/2025\/01\/camping-nature-pays-basque-1.webp\" alt=\"Peque&#xF1;o chal&#xE9; con terraza rodeado de vegetaci&#xF3;n.\" class=\"wp-image-1904\" srcset=\"https:\/\/www.camping-dunamunguy.com\/wp-content\/uploads\/2025\/01\/camping-nature-pays-basque-1.webp 467w, https:\/\/www.camping-dunamunguy.com\/wp-content\/uploads\/2025\/01\/camping-nature-pays-basque-1-200x300.webp 200w\" sizes=\"(max-width: 467px) 100vw, 467px\" \/><\/figure>\n<\/div>\n\n\n\n<div class=\"wp-block-group parallax-vertical parallax-down is-vertical is-layout-flex wp-container-core-group-is-layout-4b827052 wp-block-group-is-layout-flex\">\n<figure class=\"wp-block-image size-full second before-white\"><a href=\"https:\/\/www.camping-dunamunguy.com\/wp-content\/uploads\/2025\/01\/mh-riveira-3.webp\"><img decoding=\"async\" width=\"467\" height=\"700\" src=\"https:\/\/www.camping-dunamunguy.com\/wp-content\/uploads\/2025\/01\/mh-riveira-3.webp\" alt=\"alquiler de mobil home st jean de luz\" class=\"wp-image-2365\" srcset=\"https:\/\/www.camping-dunamunguy.com\/wp-content\/uploads\/2025\/01\/mh-riveira-3.webp 467w, https:\/\/www.camping-dunamunguy.com\/wp-content\/uploads\/2025\/01\/mh-riveira-3-200x300.webp 200w\" sizes=\"(max-width: 467px) 100vw, 467px\" \/><\/a><\/figure>\n<\/div>\n<\/div>\n<\/div>\n<\/section>\n\n<section class=\"wp-block-group alignfull home-hebergements page-three has-custom-couleur-1-background-color has-background is-vertical is-layout-flex wp-container-core-group-is-layout-98dea26f wp-block-group-is-layout-flex\" style=\"border-top-style:none;border-top-width:0px;margin-top:0;margin-bottom:0;padding-top:2rem;padding-right:15rem;padding-bottom:8rem;padding-left:15rem\">\n<div style=\"height:32px\" aria-hidden=\"true\" class=\"wp-block-spacer gt-hide-mobile wp-container-content-dee2fb34\"><\/div>\n\n\n\n<div class=\"wp-block-columns are-vertically-aligned-center is-layout-flex wp-container-core-columns-is-layout-b23a18ed wp-block-columns-is-layout-flex\">\n<div class=\"wp-block-column is-vertically-aligned-center parallax-vertical parallax-up is-layout-flow wp-block-column-is-layout-flow\">\n<div class=\"wp-block-group wp-container-content-9cfa9a5a is-vertical is-layout-flex wp-container-core-group-is-layout-fe9cc265 wp-block-group-is-layout-flex\">\n<div style=\"height:0px\" aria-hidden=\"true\" class=\"wp-block-spacer gt-hide-mobile wp-container-content-6388d5dc\"><\/div>\n\n\n\n<div class=\"wp-block-cover is-light maillage__image second\" style=\"min-height:700px;aspect-ratio:unset;\"><img decoding=\"async\" width=\"467\" height=\"700\" class=\"wp-block-cover__image-background wp-image-2361\" alt=\"louer mobil home st jean de luz\" src=\"https:\/\/www.camping-dunamunguy.com\/wp-content\/uploads\/2025\/01\/mh-tribu-12.webp\" data-object-fit=\"cover\" srcset=\"https:\/\/www.camping-dunamunguy.com\/wp-content\/uploads\/2025\/01\/mh-tribu-12.webp 467w, https:\/\/www.camping-dunamunguy.com\/wp-content\/uploads\/2025\/01\/mh-tribu-12-200x300.webp 200w\" sizes=\"(max-width: 467px) 100vw, 467px\" \/><span aria-hidden=\"true\" class=\"wp-block-cover__background has-background-dim-0 has-background-dim\"><\/span><div class=\"wp-block-cover__inner-container has-global-padding is-layout-constrained wp-block-cover-is-layout-constrained\">\n<p class=\"has-text-align-center has-large-font-size\"><\/p>\n<\/div><\/div>\n<\/div>\n<\/div>\n\n\n\n<div class=\"wp-block-column is-vertically-aligned-center parallax-vertical is-layout-flow wp-block-column-is-layout-flow\">\n<div class=\"wp-block-cover is-light maillage__image first\" style=\"min-height:700px;aspect-ratio:unset;\"><img decoding=\"async\" width=\"467\" height=\"700\" class=\"wp-block-cover__image-background wp-image-2358\" alt=\"location mobil home pays basque\" src=\"https:\/\/www.camping-dunamunguy.com\/wp-content\/uploads\/2025\/01\/mh-tribu-2.webp\" data-object-fit=\"cover\" srcset=\"https:\/\/www.camping-dunamunguy.com\/wp-content\/uploads\/2025\/01\/mh-tribu-2.webp 467w, https:\/\/www.camping-dunamunguy.com\/wp-content\/uploads\/2025\/01\/mh-tribu-2-200x300.webp 200w\" sizes=\"(max-width: 467px) 100vw, 467px\" \/><span aria-hidden=\"true\" class=\"wp-block-cover__background has-background-dim-0 has-background-dim\"><\/span><div class=\"wp-block-cover__inner-container has-global-padding is-layout-constrained wp-block-cover-is-layout-constrained\">\n<p class=\"has-text-align-center has-large-font-size\"><\/p>\n<\/div><\/div>\n<\/div>\n\n\n\n<div class=\"wp-block-column is-vertically-aligned-center is-layout-flow wp-block-column-is-layout-flow\">\n<div class=\"wp-block-group wp-container-content-9cfa9a5a is-vertical is-layout-flex wp-container-core-group-is-layout-fe9cc265 wp-block-group-is-layout-flex\"><h3 class=\"wp-block-heading has-custom-couleur-2-color has-text-color has-link-color wp-elements-7b33b892dcd1228ce5471368faf78e6b\" style=\"font-size:clamp(14px, 0.875rem + ((1vw - 3.2px) * 0.625), 20px);text-transform:uppercase\" id=\"tribu-nuestras-casas-moviles-para-6-personas\">Tribu: nuestras casas m\u00f3viles para 6 personas<\/h3>\n\n\n<p class=\"has-base-2-color has-text-color has-link-color wp-elements-5cdefcde712a5c04ff10690a6217cc31\">El camping Duna Munguy tambi\u00e9n ofrece casas m\u00f3viles m\u00e1s grandes para hasta 6 personas, con 3 dormitorios:  <\/p>\n\n\n\n<ul class=\"wp-block-list has-base-2-color has-text-color has-link-color wp-elements-215d95d9d9074a7b1cfa7d8ef0c1a936\">\n<li><strong>TRIBU + <\/strong>: Con un confort superior, estas casas m\u00f3viles muy recientes disponen de una gran terraza semicubierta. Perfectas para disfrutar a\u00fan m\u00e1s de tu estancia en familia o con amigos. <\/li>\n\n\n\n<li><strong>TRIBU<\/strong>: Ideales para grupos de hasta 6 personas, estas c\u00f3modas casas m\u00f3viles est\u00e1n perfectamente dise\u00f1adas para que pases tus vacaciones con total comodidad. Cuentan con una cama doble (160&#215;200 cm) y una distribuci\u00f3n pr\u00e1ctica y acogedora. <\/li>\n<\/ul>\n<\/div>\n<\/div>\n<\/div>\n<\/section>\n\n<section class=\"wp-block-group alignfull home-hebergements page-three has-custom-couleur-3-background-color has-background is-vertical is-layout-flex wp-container-core-group-is-layout-1912f4ef wp-block-group-is-layout-flex\" style=\"border-top-style:none;border-top-width:0px;margin-top:0;margin-bottom:0;padding-top:5rem;padding-right:15rem;padding-bottom:12rem;padding-left:15rem\">\n<div class=\"wp-block-columns are-vertically-aligned-center is-layout-flex wp-container-core-columns-is-layout-b23a18ed wp-block-columns-is-layout-flex\">\n<div class=\"wp-block-column is-vertically-aligned-center parallax-vertical parallax-up is-layout-flow wp-block-column-is-layout-flow\">\n<div class=\"wp-block-group wp-container-content-9cfa9a5a is-vertical is-layout-flex wp-container-core-group-is-layout-fe9cc265 wp-block-group-is-layout-flex\">\n<div style=\"height:0px\" aria-hidden=\"true\" class=\"wp-block-spacer gt-hide-mobile wp-container-content-6388d5dc\"><\/div>\n\n\n\n<div class=\"wp-block-cover maillage__image second before-blue\" style=\"min-height:700px;aspect-ratio:unset;\"><img decoding=\"async\" width=\"467\" height=\"700\" class=\"wp-block-cover__image-background wp-image-2349\" alt=\"Maison \u00e0 patio verdoyant et terrasse ensoleill\u00e9e.\" src=\"https:\/\/www.camping-dunamunguy.com\/wp-content\/uploads\/2025\/01\/location-appartement-st-jean-de-luz-2.webp\" data-object-fit=\"cover\" srcset=\"https:\/\/www.camping-dunamunguy.com\/wp-content\/uploads\/2025\/01\/location-appartement-st-jean-de-luz-2.webp 467w, https:\/\/www.camping-dunamunguy.com\/wp-content\/uploads\/2025\/01\/location-appartement-st-jean-de-luz-2-200x300.webp 200w\" sizes=\"(max-width: 467px) 100vw, 467px\" \/><span aria-hidden=\"true\" class=\"wp-block-cover__background has-background-dim-0 has-background-dim\"><\/span><div class=\"wp-block-cover__inner-container has-global-padding is-layout-constrained wp-block-cover-is-layout-constrained\">\n<p class=\"has-text-align-center has-large-font-size\"><\/p>\n<\/div><\/div>\n<\/div>\n<\/div>\n\n\n\n<div class=\"wp-block-column is-vertically-aligned-center parallax-vertical is-layout-flow wp-block-column-is-layout-flow\">\n<div class=\"wp-block-cover is-light maillage__image first before-blue\" style=\"min-height:700px;aspect-ratio:unset;\"><img decoding=\"async\" width=\"467\" height=\"700\" class=\"wp-block-cover__image-background wp-image-2352\" alt=\"location appartement st jean de luz\" src=\"https:\/\/www.camping-dunamunguy.com\/wp-content\/uploads\/2025\/01\/location-appartement-st-jean-de-luz-1.webp\" data-object-fit=\"cover\" srcset=\"https:\/\/www.camping-dunamunguy.com\/wp-content\/uploads\/2025\/01\/location-appartement-st-jean-de-luz-1.webp 467w, https:\/\/www.camping-dunamunguy.com\/wp-content\/uploads\/2025\/01\/location-appartement-st-jean-de-luz-1-200x300.webp 200w\" sizes=\"(max-width: 467px) 100vw, 467px\" \/><span aria-hidden=\"true\" class=\"wp-block-cover__background has-background-dim-0 has-background-dim\"><\/span><div class=\"wp-block-cover__inner-container has-global-padding is-layout-constrained wp-block-cover-is-layout-constrained\">\n<p class=\"has-text-align-center has-large-font-size\"><\/p>\n<\/div><\/div>\n<\/div>\n\n\n\n<div class=\"wp-block-column is-vertically-aligned-center is-layout-flow wp-block-column-is-layout-flow\">\n<div class=\"wp-block-group wp-container-content-9cfa9a5a is-vertical is-layout-flex wp-container-core-group-is-layout-fe9cc265 wp-block-group-is-layout-flex\"><h2 class=\"wp-block-heading has-custom-couleur-1-color has-text-color has-link-color wp-elements-7bac6476dfeb403c55cfe7ee664a8b1a wp-container-content-9cfa9a5a\" style=\"text-transform:uppercase\" id=\"nuestros-3-pisos-de-alquiler-en-el-pais-vasco-para-4-5-personas\">Nuestros 3 pisos de alquiler en el Pa\u00eds Vasco para 4-5 personas<\/h2>\n\n\n<p>\u00bfSue\u00f1as con combinar el esp\u00edritu libre del camping con la comodidad del hogar? Nuestros <strong>apartamentos con jard\u00edn<\/strong>, situados en el coraz\u00f3n del camping, ofrecen la soluci\u00f3n perfecta para unas vacaciones en la costa vasca. <\/p>\n\n\n\n<p>Idealmente situados a pocos pasos de la playa, estos alojamientos te permiten aprovechar al m\u00e1ximo las instalaciones del camping: <a href=\"https:\/\/www.camping-dunamunguy.com\/es\/camping-piscina-san-juan-de-luz\/\" data-type=\"page\" data-id=\"10\">piscina<\/a>, sala de juegos y diversos servicios, ofreci\u00e9ndote al mismo tiempo la intimidad y la comodidad de un aut\u00e9ntico apartamento.<\/p>\n\n\n\n<p>Con una superficie de unos 42 m\u00b2, cada piso incluye :<\/p>\n\n\n\n<ul class=\"wp-block-list\">\n<li>Dos dormitorios: un dormitorio principal con cama de matrimonio (160 x 200 cm) y un dormitorio infantil con camas individuales o literas.<\/li>\n\n\n\n<li>Una cocina totalmente equipada, que incluye lavavajillas y microondas para mayor comodidad.<\/li>\n\n\n\n<li>Un jard\u00edn privado cerrado con barbacoa para comer al aire libre.<\/li>\n<\/ul>\n\n\n\n<p>\u00a1Disfruta de una experiencia \u00fanica, combinando naturaleza y confort con multitud de servicios, en nuestro camping cerca del oc\u00e9ano!<\/p>\n<\/div>\n<\/div>\n<\/div>\n<\/section>\n\n<section class=\"wp-block-group alignfull home-piscine home-template-slider page-two has-custom-couleur-3-background-color has-background is-vertical is-layout-flex wp-container-core-group-is-layout-6c9b4a6d wp-block-group-is-layout-flex\" style=\"border-top-color:var(--wp--preset--color--custom-couleur-2);border-top-width:1px;margin-top:0;margin-bottom:0;padding-top:12rem;padding-right:0rem;padding-bottom:8rem;padding-left:0rem\">\n<div class=\"wp-block-group gt-rangee is-content-justification-left is-nowrap is-layout-flex wp-container-core-group-is-layout-a7e4645d wp-block-group-is-layout-flex\" style=\"padding-right:15rem;padding-left:15rem\">\n<div class=\"wp-block-group is-vertical is-layout-flex wp-container-core-group-is-layout-fe9cc265 wp-block-group-is-layout-flex\"><h2 class=\"wp-block-heading has-custom-couleur-1-color has-text-color has-link-color wp-elements-6d0d95bdfb2f2f12f312ab7dafdc30ec\" style=\"border-left-color:var(--wp--preset--color--custom-couleur-2);border-left-width:1px;padding-left:1rem;font-size:clamp(16.834px, 1.052rem + ((1vw - 3.2px) * 0.955), 26px);letter-spacing:5.2px;text-transform:uppercase\" id=\"tu-alojamiento-junto-al-oceano-en-san-juan-de-luz\">Tu alojamiento junto al oc\u00e9ano en San Juan de Luz<\/h2><\/div>\n\n\n\n<div class=\"wp-block-group gt-swiper-mb-1-top active button-slider button-slider-next has-border-color has-custom-couleur-2-border-color has-base-2-background-color has-background is-vertical is-content-justification-left is-layout-flex wp-container-core-group-is-layout-91077632 wp-block-group-is-layout-flex\" style=\"border-style:solid;border-width:1px;padding-top:var(--wp--preset--spacing--10);padding-right:3rem;padding-bottom:var(--wp--preset--spacing--10);padding-left:var(--wp--preset--spacing--10)\">\n<p class=\"has-custom-couleur-1-color has-text-color has-link-color has-kodchasan-font-family wp-elements-4171989f7efe5f09ad8c70ebacb992a4\" style=\"font-size:clamp(18.434px, 1.152rem + ((1vw - 3.2px) * 1.101), 29px);text-transform:uppercase\">Siguiente<\/p>\n<\/div>\n<\/div>\n\n\n\n<div data-swiper=\"{&quot;speed&quot;:400,&quot;spaceBetween&quot;:0,&quot;slidesPerView&quot;:1,&quot;createElements&quot;:true,&quot;loop&quot;:true,&quot;freemode&quot;:true,&quot;navigation&quot;:{&quot;nextEl&quot;:&quot;.gt-swiper-mb-1-bottom&quot;,&quot;prevEl&quot;:&quot;.gt-swiper-mb-1-top&quot;},&quot;pagination&quot;:{&quot;dynamicBullets&quot;:false},&quot;breakpoints&quot;:[{&quot;slidesPerView&quot;:1}],&quot;effect&quot;:&quot;fade&quot;,&quot;autoplay&quot;:{&quot;delay&quot;:5000}}\" class=\"wp-block-group gt-is-slider gt-is-slider-desktop is-nowrap is-layout-flex wp-container-core-group-is-layout-485480d6 wp-block-group-is-layout-flex\" style=\"padding-right:0rem;padding-left:0rem\">\n<div class=\"wp-block-group maillage has-global-padding is-layout-constrained wp-container-core-group-is-layout-12243e0f wp-block-group-is-layout-constrained\">\n<div class=\"wp-block-cover maillage__image maillage-reveal\" style=\"min-height:700px;aspect-ratio:unset;\"><img decoding=\"async\" width=\"2000\" height=\"1125\" class=\"wp-block-cover__image-background wp-image-2212\" alt=\"camping st jean de luz\" src=\"https:\/\/www.camping-dunamunguy.com\/wp-content\/uploads\/2025\/01\/campign-st-jean-de-luz-3.webp\" data-object-fit=\"cover\" srcset=\"https:\/\/www.camping-dunamunguy.com\/wp-content\/uploads\/2025\/01\/campign-st-jean-de-luz-3.webp 2000w, https:\/\/www.camping-dunamunguy.com\/wp-content\/uploads\/2025\/01\/campign-st-jean-de-luz-3-300x169.webp 300w, https:\/\/www.camping-dunamunguy.com\/wp-content\/uploads\/2025\/01\/campign-st-jean-de-luz-3-1024x576.webp 1024w, https:\/\/www.camping-dunamunguy.com\/wp-content\/uploads\/2025\/01\/campign-st-jean-de-luz-3-768x432.webp 768w, https:\/\/www.camping-dunamunguy.com\/wp-content\/uploads\/2025\/01\/campign-st-jean-de-luz-3-1536x864.webp 1536w\" sizes=\"(max-width: 2000px) 100vw, 2000px\" \/><span aria-hidden=\"true\" class=\"wp-block-cover__background has-background-dim-0 has-background-dim\"><\/span><div class=\"wp-block-cover__inner-container has-global-padding is-layout-constrained wp-block-cover-is-layout-constrained\">\n<p class=\"has-text-align-center has-large-font-size\"><\/p>\n<\/div><\/div>\n<\/div>\n\n\n\n<div class=\"wp-block-group maillage has-global-padding is-layout-constrained wp-container-core-group-is-layout-12243e0f wp-block-group-is-layout-constrained\">\n<div class=\"wp-block-cover is-light maillage__image maillage-reveal\" style=\"min-height:700px;aspect-ratio:unset;\"><img decoding=\"async\" width=\"2000\" height=\"1333\" class=\"wp-block-cover__image-background wp-image-2394\" alt=\"surf velo st jean de luz\" src=\"https:\/\/www.camping-dunamunguy.com\/wp-content\/uploads\/2025\/01\/surf-velo-st-jean-de-luz-5.webp\" data-object-fit=\"cover\" srcset=\"https:\/\/www.camping-dunamunguy.com\/wp-content\/uploads\/2025\/01\/surf-velo-st-jean-de-luz-5.webp 2000w, https:\/\/www.camping-dunamunguy.com\/wp-content\/uploads\/2025\/01\/surf-velo-st-jean-de-luz-5-300x200.webp 300w, https:\/\/www.camping-dunamunguy.com\/wp-content\/uploads\/2025\/01\/surf-velo-st-jean-de-luz-5-1024x682.webp 1024w, https:\/\/www.camping-dunamunguy.com\/wp-content\/uploads\/2025\/01\/surf-velo-st-jean-de-luz-5-768x512.webp 768w, https:\/\/www.camping-dunamunguy.com\/wp-content\/uploads\/2025\/01\/surf-velo-st-jean-de-luz-5-1536x1024.webp 1536w\" sizes=\"(max-width: 2000px) 100vw, 2000px\" \/><span aria-hidden=\"true\" class=\"wp-block-cover__background has-background-dim-0 has-background-dim\"><\/span><div class=\"wp-block-cover__inner-container has-global-padding is-layout-constrained wp-block-cover-is-layout-constrained\">\n<p class=\"has-text-align-center has-large-font-size\"><\/p>\n<\/div><\/div>\n<\/div>\n\n\n\n<div class=\"wp-block-group maillage has-global-padding is-layout-constrained wp-container-core-group-is-layout-12243e0f wp-block-group-is-layout-constrained\">\n<div class=\"wp-block-cover maillage__image maillage-reveal\" style=\"min-height:700px;aspect-ratio:unset;\"><img decoding=\"async\" width=\"2000\" height=\"1333\" class=\"wp-block-cover__image-background wp-image-2397\" alt=\"appartement a louer st jean de luz\" src=\"https:\/\/www.camping-dunamunguy.com\/wp-content\/uploads\/2025\/01\/appartement-a-louer-st-jean-de-luz.webp\" data-object-fit=\"cover\" srcset=\"https:\/\/www.camping-dunamunguy.com\/wp-content\/uploads\/2025\/01\/appartement-a-louer-st-jean-de-luz.webp 2000w, https:\/\/www.camping-dunamunguy.com\/wp-content\/uploads\/2025\/01\/appartement-a-louer-st-jean-de-luz-300x200.webp 300w, https:\/\/www.camping-dunamunguy.com\/wp-content\/uploads\/2025\/01\/appartement-a-louer-st-jean-de-luz-1024x682.webp 1024w, https:\/\/www.camping-dunamunguy.com\/wp-content\/uploads\/2025\/01\/appartement-a-louer-st-jean-de-luz-768x512.webp 768w, https:\/\/www.camping-dunamunguy.com\/wp-content\/uploads\/2025\/01\/appartement-a-louer-st-jean-de-luz-1536x1024.webp 1536w\" sizes=\"(max-width: 2000px) 100vw, 2000px\" \/><span aria-hidden=\"true\" class=\"wp-block-cover__background has-background-dim-0 has-background-dim\"><\/span><div class=\"wp-block-cover__inner-container has-global-padding is-layout-constrained wp-block-cover-is-layout-constrained\">\n<p class=\"has-text-align-center has-large-font-size\"><\/p>\n<\/div><\/div>\n<\/div>\n<\/div>\n\n\n\n<div class=\"wp-block-group gt-rangee is-content-justification-right is-nowrap is-layout-flex wp-container-core-group-is-layout-55327474 wp-block-group-is-layout-flex\" style=\"padding-right:15rem;padding-left:15rem\">\n<div class=\"wp-block-group gt-swiper-mb-1-bottom button-slider button-slider-prev has-border-color has-custom-couleur-2-border-color has-base-2-background-color has-background is-vertical is-content-justification-left is-layout-flex wp-container-core-group-is-layout-fa960f8d wp-block-group-is-layout-flex\" style=\"border-style:solid;border-width:1px;padding-top:var(--wp--preset--spacing--10);padding-right:3rem;padding-bottom:var(--wp--preset--spacing--10);padding-left:var(--wp--preset--spacing--10)\">\n<p class=\"has-custom-couleur-1-color has-text-color has-link-color has-kodchasan-font-family wp-elements-e3cacee769460976dbe21825c832e75e\" style=\"font-size:clamp(18.434px, 1.152rem + ((1vw - 3.2px) * 1.101), 29px);text-transform:uppercase\">Anterior<\/p>\n<\/div>\n\n\n\n<div class=\"wp-block-group is-vertical is-layout-flex wp-container-core-group-is-layout-fe9cc265 wp-block-group-is-layout-flex\">\n<div style=\"height:40px\" aria-hidden=\"true\" class=\"wp-block-spacer gt-hide-mobile wp-container-content-28f0cd9b\"><\/div>\n\n\n\n<div style=\"height:15px\" aria-hidden=\"true\" class=\"wp-block-spacer gt-hide-mobile wp-container-content-42c95ffb\"><\/div>\n\n\n\n<p>Si, como nosotros, concedes gran importancia a la ubicaci\u00f3n de tu alojamiento, \u00a1has venido al lugar adecuado!  <\/p>\n\n\n\n<p>En <a href=\"https:\/\/www.camping-dunamunguy.com\/es\/\" data-type=\"page\" data-id=\"13\">nuestro camping en el Pa\u00eds Vasco<\/a>, le ofrecemos un <strong>entorno excepcional<\/strong>, con alojamientos <strong>a solo 300 metros del oc\u00e9ano.<\/strong> Podr\u00e1 <strong>salir a pie<\/strong> directamente desde su alojamiento para disfrutar de la<strong> playa,<\/strong> probar el surf o simplemente relajarse junto al agua.<\/p>\n\n\n\n<p>Cada d\u00eda, d\u00e9jate hechizar por la proximidad del oc\u00e9ano, para vivir unas vacaciones en total armon\u00eda con la naturaleza y el ritmo del mar. Un lugar ideal para una estancia inolvidable. <\/p>\n<\/div>\n<\/div>\n\n\n\n<figure class=\"wp-block-image size-full illustration-background\"><img decoding=\"async\" width=\"900\" height=\"540\" src=\"https:\/\/www.camping-dunamunguy.com\/wp-content\/uploads\/2025\/01\/camping-duna-munguy-st-jean-de-luz-2-1.png\" alt=\"camping duna munguy st jean de luz\" class=\"wp-image-2690\" title=\"\" srcset=\"https:\/\/www.camping-dunamunguy.com\/wp-content\/uploads\/2025\/01\/camping-duna-munguy-st-jean-de-luz-2-1.png 900w, https:\/\/www.camping-dunamunguy.com\/wp-content\/uploads\/2025\/01\/camping-duna-munguy-st-jean-de-luz-2-1-300x180.png 300w, https:\/\/www.camping-dunamunguy.com\/wp-content\/uploads\/2025\/01\/camping-duna-munguy-st-jean-de-luz-2-1-768x461.png 768w\" sizes=\"(max-width: 900px) 100vw, 900px\" \/><\/figure>\n<\/section>\n\n<section class=\"wp-block-group alignfull page-maillage has-global-padding is-layout-constrained wp-container-core-group-is-layout-6131d34a wp-block-group-is-layout-constrained\" style=\"margin-top:0px;margin-bottom:0px;padding-top:10rem;padding-right:0;padding-bottom:10rem;padding-left:0rem\">\n<p class=\"has-text-align-center text-deco has-custom-couleur-1-color has-text-color has-link-color has-kodchasan-font-family wp-elements-b7331c42e240b88a3876faa0c6a9a2e0\" style=\"margin-left:-4.6rem;font-size:clamp(44.14px, 2.759rem + ((1vw - 3.2px) * 4.256), 85px);line-height:1.3;text-transform:uppercase\">Descubre <\/p>\n\n\n\n<p class=\"has-text-align-center has-custom-couleur-5-color has-text-color has-link-color wp-elements-bfa15fe15eecda19b99ecdd7c069ceeb\" style=\"padding-left:1rem;font-size:clamp(16.834px, 1.052rem + ((1vw - 3.2px) * 0.955), 26px);letter-spacing:5.2px;text-transform:uppercase\">el camping, la piscina y nuestros servicios<\/p>\n\n\n\n<div class=\"wp-block-group is-layout-flow wp-block-group-is-layout-flow\">\n<div class=\"wp-block-query alignfull is-layout-flow wp-block-query-is-layout-flow\"><ul class=\"wp-block-post-template is-layout-grid wp-container-core-post-template-is-layout-c37e0d04 wp-block-post-template-is-layout-grid\"><li class=\"wp-block-post post-3146 page type-page status-publish has-post-thumbnail hentry\">\n\n<div class=\"wp-block-group overflow-hidden gt-maillage has-global-padding is-layout-constrained wp-block-group-is-layout-constrained\">\n<figure class=\"wp-block-image size-full gt-maillage__image\"><img decoding=\"async\" src=\"https:\/\/www.camping-dunamunguy.com\/wp-content\/uploads\/2024\/12\/camping-pays-basque-bord-de-mer.webp\" alt=\"Camping\" class=\"wp-image-1365\" style=\"aspect-ratio:3\/4;object-fit:cover\"\/><\/figure>\n\n\n\n<p class=\"has-text-align-right gt-maillage__title has-custom-couleur-2-color has-text-color has-link-color has-kodchasan-font-family wp-elements-26d80191a03d8962f31a261686c3dfcb\" style=\"border-right-style:none;border-right-width:0px;border-bottom-style:none;border-bottom-width:0px;padding-right:1rem;font-size:clamp(0.875rem, 0.875rem + ((1vw - 0.2rem) * 0.708), 1.3rem);font-style:normal;font-weight:500;text-transform:uppercase\">Camping<\/p>\n\n\n<a class=\"is-style-lien-cover wp-block-read-more\" href=\"https:\/\/www.camping-dunamunguy.com\/es\/camping-familiar-pais-vasco\/\" target=\"_self\">Leer m\u00e1s<span class=\"screen-reader-text\">: Camping<\/span><\/a><\/div>\n\n<\/li><li class=\"wp-block-post post-3136 page type-page status-publish has-post-thumbnail hentry\">\n\n<div class=\"wp-block-group overflow-hidden gt-maillage has-global-padding is-layout-constrained wp-block-group-is-layout-constrained\">\n<figure class=\"wp-block-image size-full gt-maillage__image\"><img decoding=\"async\" width=\"700\" height=\"1050\" src=\"https:\/\/www.camping-dunamunguy.com\/wp-content\/uploads\/2024\/12\/camping-avec-piscine-st-jean-de-luz-6.webp\" alt=\"Piscina\" class=\"wp-image-1365\" style=\"aspect-ratio:3\/4;object-fit:cover\" srcset=\"https:\/\/www.camping-dunamunguy.com\/wp-content\/uploads\/2024\/12\/camping-avec-piscine-st-jean-de-luz-6.webp 700w, https:\/\/www.camping-dunamunguy.com\/wp-content\/uploads\/2024\/12\/camping-avec-piscine-st-jean-de-luz-6-200x300.webp 200w, https:\/\/www.camping-dunamunguy.com\/wp-content\/uploads\/2024\/12\/camping-avec-piscine-st-jean-de-luz-6-683x1024.webp 683w\" sizes=\"(max-width: 700px) 100vw, 700px\" \/><\/figure>\n\n\n\n<p class=\"has-text-align-right gt-maillage__title has-custom-couleur-2-color has-text-color has-link-color has-kodchasan-font-family wp-elements-26d80191a03d8962f31a261686c3dfcb\" style=\"border-right-style:none;border-right-width:0px;border-bottom-style:none;border-bottom-width:0px;padding-right:1rem;font-size:clamp(0.875rem, 0.875rem + ((1vw - 0.2rem) * 0.708), 1.3rem);font-style:normal;font-weight:500;text-transform:uppercase\">Piscina<\/p>\n\n\n<a class=\"is-style-lien-cover wp-block-read-more\" href=\"https:\/\/www.camping-dunamunguy.com\/es\/camping-piscina-san-juan-de-luz\/\" target=\"_self\">Leer m\u00e1s<span class=\"screen-reader-text\">: Piscina<\/span><\/a><\/div>\n\n<\/li><li class=\"wp-block-post post-3128 page type-page status-publish has-post-thumbnail hentry\">\n\n<div class=\"wp-block-group overflow-hidden gt-maillage has-global-padding is-layout-constrained wp-block-group-is-layout-constrained\">\n<figure class=\"wp-block-image size-full gt-maillage__image\"><img decoding=\"async\" src=\"https:\/\/www.camping-dunamunguy.com\/wp-content\/uploads\/2024\/12\/camping-convivial-au-pays-basque.webp\" alt=\"Servicios\" class=\"wp-image-1365\" style=\"aspect-ratio:3\/4;object-fit:cover\"\/><\/figure>\n\n\n\n<p class=\"has-text-align-right gt-maillage__title has-custom-couleur-2-color has-text-color has-link-color has-kodchasan-font-family wp-elements-26d80191a03d8962f31a261686c3dfcb\" style=\"border-right-style:none;border-right-width:0px;border-bottom-style:none;border-bottom-width:0px;padding-right:1rem;font-size:clamp(0.875rem, 0.875rem + ((1vw - 0.2rem) * 0.708), 1.3rem);font-style:normal;font-weight:500;text-transform:uppercase\">Servicios<\/p>\n\n\n<a class=\"is-style-lien-cover wp-block-read-more\" href=\"https:\/\/www.camping-dunamunguy.com\/es\/camping-servicios-pais-vasco\/\" target=\"_self\">Leer m\u00e1s<span class=\"screen-reader-text\">: Servicios<\/span><\/a><\/div>\n\n<\/li><\/ul><\/div>\n<\/div>\n<\/section>\n\n<p><\/p>\n","protected":false},"excerpt":{"rendered":"<p>Alojamiento Alojamientos de alquiler para tus vacaciones en el Pa\u00eds Vasco Situado en San Juan de Luz, nuestro peque\u00f1o camping de 3 estrellas te acoge en un entorno protegido y acogedor. S\u00f3lo ofrecemos alojamientos confortables: mobil homes y apartamentos totalmente equipados. Aqu\u00ed no hay parcelas para tiendas ni caravanas, sino un alojamiento ideal para disfrutar [&hellip;]<\/p>\n","protected":false},"author":1,"featured_media":2403,"parent":0,"menu_order":0,"comment_status":"closed","ping_status":"closed","template":"","meta":{"_acf_changed":false,"_seopress_robots_primary_cat":"","_seopress_titles_title":"Alquilar una mobil home San Juan de Luz | Alquilar una mobil home en el Pa\u00eds Vasco","_seopress_titles_desc":"Descubre nuestros c\u00f3modos mobil-homes y apartamentos de alquiler en San Juan de Luz para unas vacaciones tranquilas y aut\u00e9nticas en pareja, en familia o entre amigos.","_seopress_robots_index":"","_gt_ctv_global_id":"1762","_gt_ctv_id_group":false,"inline_featured_image":false,"gt_fse_maillage_image":"https:\/\/www.camping-dunamunguy.com\/wp-content\/uploads\/2024\/12\/camping-location-mobil-home-pays-basque.webp","gt_fse_maillage_titre":"Alojamiento","gt_fse_maillage_alt":"Alojamiento","gt_fse_maillage_resume":"","footnotes":""},"categories":[],"tags":[],"class_list":["post-3144","page","type-page","status-publish","has-post-thumbnail","hentry"],"acf":[],"_links":{"self":[{"href":"https:\/\/www.camping-dunamunguy.com\/es\/wp-json\/wp\/v2\/pages\/3144","targetHints":{"allow":["GET"]}}],"collection":[{"href":"https:\/\/www.camping-dunamunguy.com\/es\/wp-json\/wp\/v2\/pages"}],"about":[{"href":"https:\/\/www.camping-dunamunguy.com\/es\/wp-json\/wp\/v2\/types\/page"}],"author":[{"embeddable":true,"href":"https:\/\/www.camping-dunamunguy.com\/es\/wp-json\/wp\/v2\/users\/1"}],"replies":[{"embeddable":true,"href":"https:\/\/www.camping-dunamunguy.com\/es\/wp-json\/wp\/v2\/comments?post=3144"}],"version-history":[{"count":34,"href":"https:\/\/www.camping-dunamunguy.com\/es\/wp-json\/wp\/v2\/pages\/3144\/revisions"}],"predecessor-version":[{"id":4422,"href":"https:\/\/www.camping-dunamunguy.com\/es\/wp-json\/wp\/v2\/pages\/3144\/revisions\/4422"}],"wp:featuredmedia":[{"embeddable":true,"href":"https:\/\/www.camping-dunamunguy.com\/es\/wp-json\/wp\/v2\/media\/2403"}],"wp:attachment":[{"href":"https:\/\/www.camping-dunamunguy.com\/es\/wp-json\/wp\/v2\/media?parent=3144"}],"wp:term":[{"taxonomy":"category","embeddable":true,"href":"https:\/\/www.camping-dunamunguy.com\/es\/wp-json\/wp\/v2\/categories?post=3144"},{"taxonomy":"post_tag","embeddable":true,"href":"https:\/\/www.camping-dunamunguy.com\/es\/wp-json\/wp\/v2\/tags?post=3144"}],"curies":[{"name":"wp","href":"https:\/\/api.w.org\/{rel}","templated":true}]}}