{"id":3138,"date":"2024-11-26T17:11:21","date_gmt":"2024-11-26T16:11:21","guid":{"rendered":"https:\/\/www.camping-dunamunguy.com\/turismo-pais-vasco\/"},"modified":"2025-02-13T10:10:03","modified_gmt":"2025-02-13T09:10:03","slug":"turismo-pais-vasco","status":"publish","type":"page","link":"https:\/\/www.camping-dunamunguy.com\/es\/turismo-pais-vasco\/","title":{"rendered":"Pa\u00eds Vasco"},"content":{"rendered":"\n<section class=\"wp-block-group alignfull home-intro page-one has-custom-couleur-3-background-color has-background gt-break-mobile is-nowrap is-layout-flex wp-container-core-group-is-layout-6cb393e8 wp-block-group-is-layout-flex\" style=\"margin-top:0rem;margin-bottom:0rem;padding-top:12rem;padding-right:15rem;padding-bottom:12rem;padding-left:15rem\">\n<figure class=\"wp-block-image size-full illustration-background\"><img decoding=\"async\" width=\"900\" height=\"540\" src=\"https:\/\/www.camping-dunamunguy.com\/wp-content\/uploads\/2025\/01\/camping-duna-munguy-st-jean-de-luz-2.png\" alt=\"camping duna munguy st jean de luz\" class=\"wp-image-2686\" title=\"\" srcset=\"https:\/\/www.camping-dunamunguy.com\/wp-content\/uploads\/2025\/01\/camping-duna-munguy-st-jean-de-luz-2.png 900w, https:\/\/www.camping-dunamunguy.com\/wp-content\/uploads\/2025\/01\/camping-duna-munguy-st-jean-de-luz-2-300x180.png 300w, https:\/\/www.camping-dunamunguy.com\/wp-content\/uploads\/2025\/01\/camping-duna-munguy-st-jean-de-luz-2-768x461.png 768w\" sizes=\"(max-width: 900px) 100vw, 900px\" \/><\/figure>\n\n\n\n<div class=\"wp-block-group wp-container-content-a5fc19f1 is-vertical is-layout-flex wp-container-core-group-is-layout-4b827052 wp-block-group-is-layout-flex\">\n<p class=\"text-deco has-custom-couleur-1-color has-text-color has-link-color has-kodchasan-font-family wp-elements-19882e830fd90f587dae1068d89e1b02\" style=\"margin-left:-4.6rem;font-size:clamp(37.821px, 2.364rem + ((1vw - 3.2px) * 3.352), 70px);line-height:1.3;text-transform:uppercase\">El Pa\u00eds Vasco<\/p>\n\n\n<h1 class=\"wp-block-heading text-deco-two has-custom-couleur-5-color has-text-color has-link-color has-source-sans-3-font-family wp-elements-56cc0c6a6e8e54e7ab50316c59aec355\" style=\"border-left-color:var(--wp--preset--color--custom-couleur-2);border-left-width:1px;padding-left:var(--wp--preset--spacing--10);font-size:clamp(16.834px, 1.052rem + ((1vw - 3.2px) * 0.955), 26px);letter-spacing:4.6px\" id=\"entre-tradicion-y-gastronomia-que-puedes-hacer-desde-nuestro-camping-en-el-pais-vasco\">Entre tradici\u00f3n y gastronom\u00eda, \u00bfqu\u00e9 puedes hacer desde nuestro camping en el Pa\u00eds Vasco?<\/h1>\n\n\n<div style=\"height:32px\" aria-hidden=\"true\" class=\"wp-block-spacer gt-hide-mobile wp-container-content-82ea18c2\"><\/div>\n\n\n\n<div class=\"wp-block-group is-vertical is-layout-flex wp-container-core-group-is-layout-bf547533 wp-block-group-is-layout-flex\" style=\"padding-right:30px\">\n<p>En este marco excepcional se ha asentado y prosperado un pueblo que ha forjado una lengua y una cultura \u00fanicas. Desde nuestro <a href=\"https:\/\/www.camping-dunamunguy.com\/es\/\" data-type=\"page\" data-id=\"6\">camping en San Juan de Luz<\/a>, sum\u00e9rgete en esta vibrante identidad.   <\/p>\n\n\n\n<p>Emp\u00e1pate de las canciones, d\u00e9jate hechizar por las danzas y vive la emoci\u00f3n de los <strong>juegos de pelota<\/strong> o de <strong>fuerza vasca<\/strong>.  <\/p>\n\n\n\n<p>Explora esta armoniosa arquitectura, testimonio vivo de la <strong>historia y las tradiciones de la regi\u00f3n vasca<\/strong>.<\/p>\n<\/div>\n<\/div>\n\n\n\n<div class=\"wp-block-group wp-container-content-9cfa9a5a is-vertical is-layout-flex wp-container-core-group-is-layout-fe9cc265 wp-block-group-is-layout-flex\">\n<div class=\"wp-block-group images-container wp-container-content-9cfa9a5a is-nowrap is-layout-flex wp-container-core-group-is-layout-fcdbac02 wp-block-group-is-layout-flex\">\n<div class=\"wp-block-group parent-illustration parallax-vertical parallax-up is-vertical is-layout-flex wp-container-core-group-is-layout-4b827052 wp-block-group-is-layout-flex\">\n<figure class=\"wp-block-image size-full first\"><img decoding=\"async\" width=\"431\" height=\"700\" src=\"https:\/\/www.camping-dunamunguy.com\/wp-content\/uploads\/2025\/01\/visiter-le-pays-basque.webp\" alt=\"visita al pa&#xED;s vasco\" class=\"wp-image-2004\" srcset=\"https:\/\/www.camping-dunamunguy.com\/wp-content\/uploads\/2025\/01\/visiter-le-pays-basque.webp 431w, https:\/\/www.camping-dunamunguy.com\/wp-content\/uploads\/2025\/01\/visiter-le-pays-basque-185x300.webp 185w\" sizes=\"(max-width: 431px) 100vw, 431px\" \/><\/figure>\n<\/div>\n\n\n\n<div class=\"wp-block-group parallax-vertical parallax-down is-vertical is-layout-flex wp-container-core-group-is-layout-4b827052 wp-block-group-is-layout-flex\">\n<figure class=\"wp-block-image size-full second\"><img decoding=\"async\" width=\"431\" height=\"700\" src=\"https:\/\/www.camping-dunamunguy.com\/wp-content\/uploads\/2025\/01\/peltoe-basque.webp\" alt=\"Pelotari vasco golpeando la pelota.\" class=\"wp-image-2000\" srcset=\"https:\/\/www.camping-dunamunguy.com\/wp-content\/uploads\/2025\/01\/peltoe-basque.webp 431w, https:\/\/www.camping-dunamunguy.com\/wp-content\/uploads\/2025\/01\/peltoe-basque-185x300.webp 185w\" sizes=\"(max-width: 431px) 100vw, 431px\" \/><\/figure>\n<\/div>\n<\/div>\n<\/div>\n<\/section>\n\n<section class=\"wp-block-group alignfull home-piscine home-template-slider page-two has-custom-couleur-3-background-color has-background is-vertical is-layout-flex wp-container-core-group-is-layout-6c9b4a6d wp-block-group-is-layout-flex\" style=\"border-top-color:var(--wp--preset--color--custom-couleur-2);border-top-width:1px;margin-top:0;margin-bottom:0;padding-top:12rem;padding-right:0rem;padding-bottom:8rem;padding-left:0rem\">\n<div class=\"wp-block-group gt-rangee is-content-justification-left is-nowrap is-layout-flex wp-container-core-group-is-layout-a7e4645d wp-block-group-is-layout-flex\" style=\"padding-right:15rem;padding-left:15rem\">\n<div class=\"wp-block-group is-vertical is-layout-flex wp-container-core-group-is-layout-fe9cc265 wp-block-group-is-layout-flex\"><h2 class=\"wp-block-heading has-custom-couleur-1-color has-text-color has-link-color wp-elements-85117698e92c97dbfdb5d67e21ead937\" style=\"border-left-color:var(--wp--preset--color--custom-couleur-2);border-left-width:1px;padding-left:1rem;font-size:clamp(16.834px, 1.052rem + ((1vw - 3.2px) * 0.955), 26px);letter-spacing:5.2px;text-transform:uppercase\" id=\"visitas-obligadas-en-guethary\">Visitas obligadas en Gu\u00e9thary<\/h2><\/div>\n\n\n\n<div class=\"wp-block-group gt-swiper-mb-1-top active button-slider button-slider-next has-border-color has-custom-couleur-2-border-color has-base-2-background-color has-background is-vertical is-content-justification-left is-layout-flex wp-container-core-group-is-layout-91077632 wp-block-group-is-layout-flex\" style=\"border-style:solid;border-width:1px;padding-top:var(--wp--preset--spacing--10);padding-right:3rem;padding-bottom:var(--wp--preset--spacing--10);padding-left:var(--wp--preset--spacing--10)\">\n<p class=\"has-custom-couleur-1-color has-text-color has-link-color has-kodchasan-font-family wp-elements-4171989f7efe5f09ad8c70ebacb992a4\" style=\"font-size:clamp(18.434px, 1.152rem + ((1vw - 3.2px) * 1.101), 29px);text-transform:uppercase\">Siguiente<\/p>\n<\/div>\n<\/div>\n\n\n\n<div data-swiper=\"{&quot;speed&quot;:400,&quot;spaceBetween&quot;:0,&quot;slidesPerView&quot;:1,&quot;createElements&quot;:true,&quot;loop&quot;:true,&quot;freemode&quot;:true,&quot;navigation&quot;:{&quot;nextEl&quot;:&quot;.gt-swiper-mb-1-bottom&quot;,&quot;prevEl&quot;:&quot;.gt-swiper-mb-1-top&quot;},&quot;pagination&quot;:{&quot;dynamicBullets&quot;:false},&quot;breakpoints&quot;:[{&quot;slidesPerView&quot;:1}],&quot;effect&quot;:&quot;fade&quot;,&quot;autoplay&quot;:{&quot;delay&quot;:5000}}\" class=\"wp-block-group gt-is-slider gt-is-slider-desktop is-nowrap is-layout-flex wp-container-core-group-is-layout-485480d6 wp-block-group-is-layout-flex\" style=\"padding-right:0rem;padding-left:0rem\">\n<div class=\"wp-block-group maillage has-global-padding is-layout-constrained wp-container-core-group-is-layout-12243e0f wp-block-group-is-layout-constrained\">\n<div class=\"wp-block-cover is-light maillage__image maillage-reveal\" style=\"min-height:700px;aspect-ratio:unset;\"><span aria-hidden=\"true\" class=\"wp-block-cover__background has-background-dim-0 has-background-dim\"><\/span><img decoding=\"async\" width=\"2000\" height=\"1450\" class=\"wp-block-cover__image-background wp-image-2922\" alt=\"visiter guethary\" src=\"https:\/\/www.camping-dunamunguy.com\/wp-content\/uploads\/2025\/01\/visiter-guethary-1.webp\" data-object-fit=\"cover\" srcset=\"https:\/\/www.camping-dunamunguy.com\/wp-content\/uploads\/2025\/01\/visiter-guethary-1.webp 2000w, https:\/\/www.camping-dunamunguy.com\/wp-content\/uploads\/2025\/01\/visiter-guethary-1-300x218.webp 300w, https:\/\/www.camping-dunamunguy.com\/wp-content\/uploads\/2025\/01\/visiter-guethary-1-1024x742.webp 1024w, https:\/\/www.camping-dunamunguy.com\/wp-content\/uploads\/2025\/01\/visiter-guethary-1-768x557.webp 768w, https:\/\/www.camping-dunamunguy.com\/wp-content\/uploads\/2025\/01\/visiter-guethary-1-1536x1114.webp 1536w\" sizes=\"(max-width: 2000px) 100vw, 2000px\" \/><div class=\"wp-block-cover__inner-container has-global-padding is-layout-constrained wp-block-cover-is-layout-constrained\">\n<p class=\"has-text-align-center has-large-font-size\"><\/p>\n<\/div><\/div>\n<\/div>\n\n\n\n<div class=\"wp-block-group maillage has-global-padding is-layout-constrained wp-container-core-group-is-layout-12243e0f wp-block-group-is-layout-constrained\">\n<div class=\"wp-block-cover maillage__image maillage-reveal\" style=\"min-height:700px;aspect-ratio:unset;\"><span aria-hidden=\"true\" class=\"wp-block-cover__background has-background-dim-0 has-background-dim\"><\/span><img decoding=\"async\" width=\"2000\" height=\"1500\" class=\"wp-block-cover__image-background wp-image-2916\" alt=\"port guethary\" src=\"https:\/\/www.camping-dunamunguy.com\/wp-content\/uploads\/2025\/01\/port-guethary-1.webp\" style=\"object-position:50% 68%\" data-object-fit=\"cover\" data-object-position=\"50% 68%\" srcset=\"https:\/\/www.camping-dunamunguy.com\/wp-content\/uploads\/2025\/01\/port-guethary-1.webp 2000w, https:\/\/www.camping-dunamunguy.com\/wp-content\/uploads\/2025\/01\/port-guethary-1-300x225.webp 300w, https:\/\/www.camping-dunamunguy.com\/wp-content\/uploads\/2025\/01\/port-guethary-1-1024x768.webp 1024w, https:\/\/www.camping-dunamunguy.com\/wp-content\/uploads\/2025\/01\/port-guethary-1-768x576.webp 768w, https:\/\/www.camping-dunamunguy.com\/wp-content\/uploads\/2025\/01\/port-guethary-1-1536x1152.webp 1536w\" sizes=\"(max-width: 2000px) 100vw, 2000px\" \/><div class=\"wp-block-cover__inner-container has-global-padding is-layout-constrained wp-block-cover-is-layout-constrained\">\n<p class=\"has-text-align-center has-large-font-size\"><\/p>\n<\/div><\/div>\n<\/div>\n\n\n\n<div class=\"wp-block-group maillage has-global-padding is-layout-constrained wp-container-core-group-is-layout-12243e0f wp-block-group-is-layout-constrained\">\n<div class=\"wp-block-cover is-light maillage__image maillage-reveal\" style=\"min-height:700px;aspect-ratio:unset;\"><span aria-hidden=\"true\" class=\"wp-block-cover__background has-background-dim-0 has-background-dim\"><\/span><img decoding=\"async\" width=\"2000\" height=\"1450\" class=\"wp-block-cover__image-background wp-image-2057\" alt=\"Vue panoramique de la c\u00f4te basque fran\u00e7aise\" src=\"https:\/\/www.camping-dunamunguy.com\/wp-content\/uploads\/2025\/01\/tourisme-guethary.webp\" style=\"object-position:50% 32%\" data-object-fit=\"cover\" data-object-position=\"50% 32%\" srcset=\"https:\/\/www.camping-dunamunguy.com\/wp-content\/uploads\/2025\/01\/tourisme-guethary.webp 2000w, https:\/\/www.camping-dunamunguy.com\/wp-content\/uploads\/2025\/01\/tourisme-guethary-300x218.webp 300w, https:\/\/www.camping-dunamunguy.com\/wp-content\/uploads\/2025\/01\/tourisme-guethary-1024x742.webp 1024w, https:\/\/www.camping-dunamunguy.com\/wp-content\/uploads\/2025\/01\/tourisme-guethary-768x557.webp 768w, https:\/\/www.camping-dunamunguy.com\/wp-content\/uploads\/2025\/01\/tourisme-guethary-1536x1114.webp 1536w\" sizes=\"(max-width: 2000px) 100vw, 2000px\" \/><div class=\"wp-block-cover__inner-container has-global-padding is-layout-constrained wp-block-cover-is-layout-constrained\">\n<p class=\"has-text-align-center has-large-font-size\"><\/p>\n<\/div><\/div>\n<\/div>\n<\/div>\n\n\n\n<div class=\"wp-block-group gt-rangee is-content-justification-right is-nowrap is-layout-flex wp-container-core-group-is-layout-55327474 wp-block-group-is-layout-flex\" style=\"padding-right:15rem;padding-left:15rem\">\n<div class=\"wp-block-group gt-swiper-mb-1-bottom button-slider button-slider-prev has-border-color has-custom-couleur-2-border-color has-base-2-background-color has-background is-vertical is-content-justification-left is-layout-flex wp-container-core-group-is-layout-fa960f8d wp-block-group-is-layout-flex\" style=\"border-style:solid;border-width:1px;padding-top:var(--wp--preset--spacing--10);padding-right:3rem;padding-bottom:var(--wp--preset--spacing--10);padding-left:var(--wp--preset--spacing--10)\">\n<p class=\"has-custom-couleur-1-color has-text-color has-link-color has-kodchasan-font-family wp-elements-e3cacee769460976dbe21825c832e75e\" style=\"font-size:clamp(18.434px, 1.152rem + ((1vw - 3.2px) * 1.101), 29px);text-transform:uppercase\">Anterior<\/p>\n<\/div>\n\n\n\n<div class=\"wp-block-group is-vertical is-layout-flex wp-container-core-group-is-layout-fe9cc265 wp-block-group-is-layout-flex\">\n<div style=\"height:40px\" aria-hidden=\"true\" class=\"wp-block-spacer gt-hide-mobile wp-container-content-28f0cd9b\"><\/div>\n\n\n\n<div style=\"height:15px\" aria-hidden=\"true\" class=\"wp-block-spacer gt-hide-mobile wp-container-content-42c95ffb\"><\/div>\n\n\n\n<p><strong> <\/strong>Aunque est\u00e1 situado en el municipio de San Juan de Luz, el camping Duna Munguy linda con el<strong>peque\u00f1o pueblo de Gu\u00e9thary<\/strong>.<\/p>\n\n\n\n<p>  Gu\u00e9thary, hoy mundialmente famoso por sus lugares para hacer surf y por su calidad de vida, fue anta\u00f1o un peque\u00f1o y tranquilo pueblo pesquero de la costa vasca. Durante tu estancia con nosotros, no dejes de visitar el pueblo de Gu\u00e9thary, su peque\u00f1o puerto, su front\u00f3n y su bonita iglesita.   <\/p>\n\n\n\n<p>Pregunta en <a href=\"https:\/\/www.guethary.fr\/\" target=\"_blank\" rel=\"noreferrer noopener nofollow\">el ayuntamiento de Gu\u00e9thary<\/a> por una visita guiada, o simplemente pasea y disfruta de una bebida en una de las muchas terrazas con vistas al mar.  <\/p>\n\n\n\n<p>Aprovecha tu estancia para conocer las costumbres locales y asistir a una partida de pelota vasca en la plaza del front\u00f3n, que tambi\u00e9n alberga el bonito ayuntamiento del pueblo.<\/p>\n<\/div>\n<\/div>\n\n\n\n<figure class=\"wp-block-image size-full illustration-background\"><img decoding=\"async\" width=\"900\" height=\"540\" src=\"https:\/\/www.camping-dunamunguy.com\/wp-content\/uploads\/2025\/01\/camping-duna-munguy-st-jean-de-luz-2-1.png\" alt=\"camping duna munguy st jean de luz\" class=\"wp-image-2690\" title=\"\" srcset=\"https:\/\/www.camping-dunamunguy.com\/wp-content\/uploads\/2025\/01\/camping-duna-munguy-st-jean-de-luz-2-1.png 900w, https:\/\/www.camping-dunamunguy.com\/wp-content\/uploads\/2025\/01\/camping-duna-munguy-st-jean-de-luz-2-1-300x180.png 300w, https:\/\/www.camping-dunamunguy.com\/wp-content\/uploads\/2025\/01\/camping-duna-munguy-st-jean-de-luz-2-1-768x461.png 768w\" sizes=\"(max-width: 900px) 100vw, 900px\" \/><\/figure>\n<\/section>\n\n<section class=\"wp-block-group alignfull home-hebergements page-three has-custom-couleur-1-background-color has-background is-vertical is-layout-flex wp-container-core-group-is-layout-c6822031 wp-block-group-is-layout-flex\" style=\"border-top-style:none;border-top-width:0px;margin-top:0;margin-bottom:0;padding-top:8rem;padding-right:15rem;padding-bottom:12rem;padding-left:15rem\">\n<div class=\"wp-block-columns are-vertically-aligned-center is-layout-flex wp-container-core-columns-is-layout-b23a18ed wp-block-columns-is-layout-flex\">\n<div class=\"wp-block-column is-vertically-aligned-center parallax-vertical parallax-up is-layout-flow wp-block-column-is-layout-flow\">\n<div class=\"wp-block-group wp-container-content-9cfa9a5a is-vertical is-layout-flex wp-container-core-group-is-layout-fe9cc265 wp-block-group-is-layout-flex\">\n<div style=\"height:0px\" aria-hidden=\"true\" class=\"wp-block-spacer gt-hide-mobile wp-container-content-6388d5dc\"><\/div>\n\n\n\n<div class=\"wp-block-cover is-light maillage__image second\" style=\"min-height:700px;aspect-ratio:unset;\"><span aria-hidden=\"true\" class=\"wp-block-cover__background has-background-dim-0 has-background-dim\"><\/span><img decoding=\"async\" width=\"431\" height=\"700\" class=\"wp-block-cover__image-background wp-image-2082\" alt=\"ciboure st jean de luz\" src=\"https:\/\/www.camping-dunamunguy.com\/wp-content\/uploads\/2025\/01\/ciboure-st-jean-de-luz.webp\" data-object-fit=\"cover\" srcset=\"https:\/\/www.camping-dunamunguy.com\/wp-content\/uploads\/2025\/01\/ciboure-st-jean-de-luz.webp 431w, https:\/\/www.camping-dunamunguy.com\/wp-content\/uploads\/2025\/01\/ciboure-st-jean-de-luz-185x300.webp 185w\" sizes=\"(max-width: 431px) 100vw, 431px\" \/><div class=\"wp-block-cover__inner-container has-global-padding is-layout-constrained wp-block-cover-is-layout-constrained\">\n<p class=\"has-text-align-center has-large-font-size\"><\/p>\n<\/div><\/div>\n<\/div>\n<\/div>\n\n\n\n<div class=\"wp-block-column is-vertically-aligned-center parallax-vertical is-layout-flow wp-block-column-is-layout-flow\">\n<div class=\"wp-block-cover is-light maillage__image first\" style=\"min-height:700px;aspect-ratio:unset;\"><span aria-hidden=\"true\" class=\"wp-block-cover__background has-background-dim-0 has-background-dim\"><\/span><img decoding=\"async\" width=\"431\" height=\"700\" class=\"wp-block-cover__image-background wp-image-2085\" alt=\"sentier littoral st jean de luz\" src=\"https:\/\/www.camping-dunamunguy.com\/wp-content\/uploads\/2025\/01\/sentier-littoral-st-jean-de-luz.webp\" data-object-fit=\"cover\" srcset=\"https:\/\/www.camping-dunamunguy.com\/wp-content\/uploads\/2025\/01\/sentier-littoral-st-jean-de-luz.webp 431w, https:\/\/www.camping-dunamunguy.com\/wp-content\/uploads\/2025\/01\/sentier-littoral-st-jean-de-luz-185x300.webp 185w\" sizes=\"(max-width: 431px) 100vw, 431px\" \/><div class=\"wp-block-cover__inner-container has-global-padding is-layout-constrained wp-block-cover-is-layout-constrained\">\n<p class=\"has-text-align-center has-large-font-size\"><\/p>\n<\/div><\/div>\n<\/div>\n\n\n\n<div class=\"wp-block-column is-vertically-aligned-center is-layout-flow wp-block-column-is-layout-flow\">\n<div class=\"wp-block-group wp-container-content-9cfa9a5a is-vertical is-layout-flex wp-container-core-group-is-layout-fe9cc265 wp-block-group-is-layout-flex\">\n<div style=\"height:0px\" aria-hidden=\"true\" class=\"wp-block-spacer gt-hide-mobile wp-container-content-6388d5dc\"><\/div>\n\n\n<h2 class=\"wp-block-heading has-custom-couleur-2-color has-text-color has-link-color wp-elements-ee16f0eafd3efab999d8cfc67654b7a1\" style=\"text-transform:uppercase\" id=\"que-ver-en-san-juan-de-luz\">Qu\u00e9 ver en San Juan de Luz<\/h2>\n\n\n<p class=\"has-base-2-color has-text-color has-link-color wp-elements-fc0c25aaa091060b150428d5d7161472\">Salga de nuestro <a href=\"https:\/\/www.camping-dunamunguy.com\/es\/camping-piscina-san-juan-de-luz\/\" data-type=\"page\" data-id=\"10\">camping con piscina en el Pa\u00eds Vasco<\/a> para dar un agradable paseo por el sendero de la costa hasta el centro de San Juan de Luz. Por el camino, pasar\u00e1 por la punta Sainte-Barbe, que ofrece unas vistas espectaculares de la bah\u00eda con la Rhune de fondo&#8230; \u00a1Un verdadero espect\u00e1culo! <\/p>\n\n\n\n<p class=\"has-base-2-color has-text-color has-link-color wp-elements-68e8a4adaba6bf4292a15e2a920f9c40\">Y eso es s\u00f3lo el principio de tu exploraci\u00f3n de esta encantadora localidad costera. <strong>Sigue el paseo mar\u00edtimo a lo largo de la larga playa<\/strong> para admirar la arquitectura t\u00edpica de las casas de la entrada. Cuando llegues al faro, contin\u00faa hasta el famoso puerto pesquero de San Juan de Luz. Haz una pausa gastron\u00f3mica en Les Halles, donde podr\u00e1s descubrir las especialidades locales, o si\u00e9ntate en una de las agradables terrazas del centro de la ciudad.  <\/p>\n\n\n\n<p class=\"has-base-2-color has-text-color has-link-color wp-elements-98d269b2b206ea42282fc6388fc6a45d\">Para terminar el d\u00eda, pasea por las calles peatonales para ir de compras y t\u00f3mate tu tiempo para visitar la iglesia de San Juan Bautista. \u00bfPor qu\u00e9 no ampliar la experiencia asistiendo a un concierto del coro masculino? Probablemente un solo d\u00eda no sea suficiente para disfrutar de todos los tesoros de San Juan de Luz&#8230; As\u00ed que, tras una buena noche de descanso en uno de nuestros <a href=\"https:\/\/www.camping-dunamunguy.com\/es\/alquiler-mobil-home-san-juan-de-luz\/\" data-type=\"page\" data-id=\"9\">alojamientos<\/a>, con <a href=\"https:\/\/www.camping-dunamunguy.com\/es\/camping-servicios-pais-vasco\/\" data-type=\"page\" data-id=\"8\">todos los servicios<\/a> necesarios para unas vacaciones relajantes, vuelve y consulta el programa de actos para sumergirte a\u00fan m\u00e1s en las tradiciones del Pa\u00eds Vasco.<\/p>\n<\/div>\n<\/div>\n<\/div>\n<\/section>\n\n<section class=\"wp-block-group alignfull home-intro page-one has-custom-couleur-3-background-color has-background gt-break-mobile is-nowrap is-layout-flex wp-container-core-group-is-layout-2f696d1f wp-block-group-is-layout-flex\" style=\"margin-top:0rem;margin-bottom:0rem;padding-top:12rem;padding-right:15rem;padding-bottom:10rem;padding-left:15rem\">\n<div class=\"wp-block-group wp-container-content-dc435e0d is-vertical is-layout-flex wp-container-core-group-is-layout-a3b65dd2 wp-block-group-is-layout-flex\"><h2 class=\"wp-block-heading\" style=\"text-transform:uppercase\" id=\"nuestra-lista-de-lugares-imprescindibles-en-el-pais-vasco\">Nuestra lista de lugares imprescindibles en el Pa\u00eds Vasco<\/h2>\n\n\n<div style=\"height:32px\" aria-hidden=\"true\" class=\"wp-block-spacer gt-hide-mobile wp-container-content-82ea18c2\"><\/div>\n\n\n\n<div class=\"wp-block-group is-vertical is-layout-flex wp-container-core-group-is-layout-bf547533 wp-block-group-is-layout-flex\" style=\"padding-right:30px\">\n<p>Es dif\u00edcil elegir entre todas las maravillas del Pa\u00eds Vasco, \u00a1hay tanto que ver, hacer y sentir! Aqu\u00ed tienes algunas sugerencias para inspirarte: <\/p>\n\n\n\n<ul class=\"wp-block-list\">\n<li><strong>Vibra al ritmo de las fiestas de los pueblos<\/strong> y sum\u00e9rgete en el alma de la cultura vasca: asiste a un partido de pelota o a pruebas de fuerza vasca, d\u00e9jate llevar por canciones polif\u00f3nicas o prueba a bailar danzas tradicionales.<\/li>\n\n\n\n<li><strong>Explora Biarritz<\/strong> a lo largo del oc\u00e9ano, desde la famosa C\u00f4te des Basques hasta el faro. Por el camino, disfruta del marisco en el puerto de pescadores, un lugar atemporal rico en autenticidad. <\/li>\n\n\n\n<li><strong>Pasea por las estrechas calles de Petit Bayonne<\/strong>, donde las coloridas fachadas y el animado ambiente cuentan la vida y la historia locales.<\/li>\n\n\n\n<li><strong>Descubre pueblos t\u00edpicos<\/strong> como Sare, Espelette o Ainhoa, con sus casas de entramado rojo y blanco, verdaderos s\u00edmbolos del encanto vasco.<\/li>\n<\/ul>\n\n\n\n<p>Una estancia en el Pa\u00eds Vasco es una promesa de emociones y descubrimientos, entre tradiciones vivas y naturaleza sobrecogedora.<\/p>\n<\/div>\n<\/div>\n\n\n\n<div class=\"wp-block-group wp-container-content-9cfa9a5a is-vertical is-layout-flex wp-container-core-group-is-layout-fe9cc265 wp-block-group-is-layout-flex\">\n<div class=\"wp-block-group images-container wp-container-content-9cfa9a5a is-nowrap is-layout-flex wp-container-core-group-is-layout-fcdbac02 wp-block-group-is-layout-flex\">\n<div class=\"wp-block-group parent-illustration parallax-vertical parallax-up is-vertical is-layout-flex wp-container-core-group-is-layout-4b827052 wp-block-group-is-layout-flex\">\n<figure class=\"wp-block-image size-full first\"><img decoding=\"async\" width=\"431\" height=\"700\" src=\"https:\/\/www.camping-dunamunguy.com\/wp-content\/uploads\/2025\/01\/architecture-basque.webp\" alt=\"arquitectura vasca\" class=\"wp-image-2017\" srcset=\"https:\/\/www.camping-dunamunguy.com\/wp-content\/uploads\/2025\/01\/architecture-basque.webp 431w, https:\/\/www.camping-dunamunguy.com\/wp-content\/uploads\/2025\/01\/architecture-basque-185x300.webp 185w\" sizes=\"(max-width: 431px) 100vw, 431px\" \/><\/figure>\n<\/div>\n\n\n\n<div class=\"wp-block-group parallax-vertical parallax-down is-vertical is-layout-flex wp-container-core-group-is-layout-4b827052 wp-block-group-is-layout-flex\">\n<figure class=\"wp-block-image size-full second\"><img decoding=\"async\" width=\"431\" height=\"700\" src=\"https:\/\/www.camping-dunamunguy.com\/wp-content\/uploads\/2025\/01\/visiter-biarritz.webp\" alt=\"Faro en la costa vasca con olas\" class=\"wp-image-2021\" srcset=\"https:\/\/www.camping-dunamunguy.com\/wp-content\/uploads\/2025\/01\/visiter-biarritz.webp 431w, https:\/\/www.camping-dunamunguy.com\/wp-content\/uploads\/2025\/01\/visiter-biarritz-185x300.webp 185w\" sizes=\"(max-width: 431px) 100vw, 431px\" \/><\/figure>\n<\/div>\n<\/div>\n<\/div>\n<\/section>\n\n<section class=\"wp-block-group alignfull home-piscine home-template-slider page-two has-custom-couleur-3-background-color has-background is-vertical is-layout-flex wp-container-core-group-is-layout-6c9b4a6d wp-block-group-is-layout-flex\" style=\"border-top-color:var(--wp--preset--color--custom-couleur-2);border-top-width:1px;margin-top:0;margin-bottom:0;padding-top:12rem;padding-right:0rem;padding-bottom:8rem;padding-left:0rem\">\n<div class=\"wp-block-group gt-rangee is-content-justification-left is-nowrap is-layout-flex wp-container-core-group-is-layout-a7e4645d wp-block-group-is-layout-flex\" style=\"padding-right:15rem;padding-left:15rem\">\n<div class=\"wp-block-group is-vertical is-layout-flex wp-container-core-group-is-layout-fe9cc265 wp-block-group-is-layout-flex\"><h2 class=\"wp-block-heading has-custom-couleur-1-color has-text-color has-link-color wp-elements-31cbb17b6b310a188f82f8f3121cbaf5\" style=\"border-left-color:var(--wp--preset--color--custom-couleur-2);border-left-width:1px;padding-left:1rem;font-size:clamp(16.834px, 1.052rem + ((1vw - 3.2px) * 0.955), 26px);letter-spacing:5.2px;text-transform:uppercase\" id=\"visita-el-cercano-pais-vasco-espanol\">\u00a1Visita el cercano Pa\u00eds Vasco espa\u00f1ol!<\/h2><\/div>\n\n\n\n<div class=\"wp-block-group gt-swiper-mb-1-top active button-slider button-slider-next has-border-color has-custom-couleur-2-border-color has-base-2-background-color has-background is-vertical is-content-justification-left is-layout-flex wp-container-core-group-is-layout-91077632 wp-block-group-is-layout-flex\" style=\"border-style:solid;border-width:1px;padding-top:var(--wp--preset--spacing--10);padding-right:3rem;padding-bottom:var(--wp--preset--spacing--10);padding-left:var(--wp--preset--spacing--10)\">\n<p class=\"has-custom-couleur-1-color has-text-color has-link-color has-kodchasan-font-family wp-elements-4171989f7efe5f09ad8c70ebacb992a4\" style=\"font-size:clamp(18.434px, 1.152rem + ((1vw - 3.2px) * 1.101), 29px);text-transform:uppercase\">Siguiente<\/p>\n<\/div>\n<\/div>\n\n\n\n<div data-swiper=\"{&quot;speed&quot;:400,&quot;spaceBetween&quot;:0,&quot;slidesPerView&quot;:1,&quot;createElements&quot;:true,&quot;loop&quot;:true,&quot;freemode&quot;:true,&quot;navigation&quot;:{&quot;nextEl&quot;:&quot;.gt-swiper-mb-1-bottom&quot;,&quot;prevEl&quot;:&quot;.gt-swiper-mb-1-top&quot;},&quot;pagination&quot;:{&quot;dynamicBullets&quot;:false},&quot;breakpoints&quot;:[{&quot;slidesPerView&quot;:1}],&quot;effect&quot;:&quot;fade&quot;,&quot;autoplay&quot;:{&quot;delay&quot;:5000}}\" class=\"wp-block-group gt-is-slider gt-is-slider-desktop is-nowrap is-layout-flex wp-container-core-group-is-layout-485480d6 wp-block-group-is-layout-flex\" style=\"padding-right:0rem;padding-left:0rem\">\n<div class=\"wp-block-group maillage has-global-padding is-layout-constrained wp-container-core-group-is-layout-12243e0f wp-block-group-is-layout-constrained\">\n<div class=\"wp-block-cover maillage__image maillage-reveal\" style=\"min-height:700px;aspect-ratio:unset;\"><span aria-hidden=\"true\" class=\"wp-block-cover__background has-background-dim-0 has-background-dim\"><\/span><img decoding=\"async\" width=\"2000\" height=\"1450\" class=\"wp-block-cover__image-background wp-image-2095\" alt=\"Vue panoramique de la baie de San Sebasti\u00e1n.\" src=\"https:\/\/www.camping-dunamunguy.com\/wp-content\/uploads\/2025\/01\/visiter-sans-sebastian.webp\" data-object-fit=\"cover\" srcset=\"https:\/\/www.camping-dunamunguy.com\/wp-content\/uploads\/2025\/01\/visiter-sans-sebastian.webp 2000w, https:\/\/www.camping-dunamunguy.com\/wp-content\/uploads\/2025\/01\/visiter-sans-sebastian-300x218.webp 300w, https:\/\/www.camping-dunamunguy.com\/wp-content\/uploads\/2025\/01\/visiter-sans-sebastian-1024x742.webp 1024w, https:\/\/www.camping-dunamunguy.com\/wp-content\/uploads\/2025\/01\/visiter-sans-sebastian-768x557.webp 768w, https:\/\/www.camping-dunamunguy.com\/wp-content\/uploads\/2025\/01\/visiter-sans-sebastian-1536x1114.webp 1536w\" sizes=\"(max-width: 2000px) 100vw, 2000px\" \/><div class=\"wp-block-cover__inner-container has-global-padding is-layout-constrained wp-block-cover-is-layout-constrained\">\n<p class=\"has-text-align-center has-large-font-size\"><\/p>\n<\/div><\/div>\n<\/div>\n\n\n\n<div class=\"wp-block-group maillage has-global-padding is-layout-constrained wp-container-core-group-is-layout-12243e0f wp-block-group-is-layout-constrained\">\n<div class=\"wp-block-cover is-light maillage__image maillage-reveal\" style=\"min-height:700px;aspect-ratio:unset;\"><span aria-hidden=\"true\" class=\"wp-block-cover__background has-background-dim-0 has-background-dim\"><\/span><img decoding=\"async\" width=\"2000\" height=\"1450\" class=\"wp-block-cover__image-background wp-image-2028\" alt=\"visiter san juan de gaztelugatxe\" src=\"https:\/\/www.camping-dunamunguy.com\/wp-content\/uploads\/2025\/01\/visiter-san-juan-de-gaztelugatxe.webp\" style=\"object-position:50% 16%\" data-object-fit=\"cover\" data-object-position=\"50% 16%\" srcset=\"https:\/\/www.camping-dunamunguy.com\/wp-content\/uploads\/2025\/01\/visiter-san-juan-de-gaztelugatxe.webp 2000w, https:\/\/www.camping-dunamunguy.com\/wp-content\/uploads\/2025\/01\/visiter-san-juan-de-gaztelugatxe-300x218.webp 300w, https:\/\/www.camping-dunamunguy.com\/wp-content\/uploads\/2025\/01\/visiter-san-juan-de-gaztelugatxe-1024x742.webp 1024w, https:\/\/www.camping-dunamunguy.com\/wp-content\/uploads\/2025\/01\/visiter-san-juan-de-gaztelugatxe-768x557.webp 768w, https:\/\/www.camping-dunamunguy.com\/wp-content\/uploads\/2025\/01\/visiter-san-juan-de-gaztelugatxe-1536x1114.webp 1536w\" sizes=\"(max-width: 2000px) 100vw, 2000px\" \/><div class=\"wp-block-cover__inner-container has-global-padding is-layout-constrained wp-block-cover-is-layout-constrained\">\n<p class=\"has-text-align-center has-large-font-size\"><\/p>\n<\/div><\/div>\n<\/div>\n\n\n\n<div class=\"wp-block-group maillage has-global-padding is-layout-constrained wp-container-core-group-is-layout-12243e0f wp-block-group-is-layout-constrained\">\n<div class=\"wp-block-cover maillage__image maillage-reveal\" style=\"min-height:700px;aspect-ratio:unset;\"><span aria-hidden=\"true\" class=\"wp-block-cover__background has-background-dim-0 has-background-dim\"><\/span><img decoding=\"async\" width=\"2000\" height=\"1450\" class=\"wp-block-cover__image-background wp-image-2052\" alt=\"couche de soleil pays basque\" src=\"https:\/\/www.camping-dunamunguy.com\/wp-content\/uploads\/2025\/01\/couche-de-soleil-pays-basque.webp\" data-object-fit=\"cover\" srcset=\"https:\/\/www.camping-dunamunguy.com\/wp-content\/uploads\/2025\/01\/couche-de-soleil-pays-basque.webp 2000w, https:\/\/www.camping-dunamunguy.com\/wp-content\/uploads\/2025\/01\/couche-de-soleil-pays-basque-300x218.webp 300w, https:\/\/www.camping-dunamunguy.com\/wp-content\/uploads\/2025\/01\/couche-de-soleil-pays-basque-1024x742.webp 1024w, https:\/\/www.camping-dunamunguy.com\/wp-content\/uploads\/2025\/01\/couche-de-soleil-pays-basque-768x557.webp 768w, https:\/\/www.camping-dunamunguy.com\/wp-content\/uploads\/2025\/01\/couche-de-soleil-pays-basque-1536x1114.webp 1536w\" sizes=\"(max-width: 2000px) 100vw, 2000px\" \/><div class=\"wp-block-cover__inner-container has-global-padding is-layout-constrained wp-block-cover-is-layout-constrained\">\n<p class=\"has-text-align-center has-large-font-size\"><\/p>\n<\/div><\/div>\n<\/div>\n<\/div>\n\n\n\n<div class=\"wp-block-group gt-rangee is-content-justification-right is-nowrap is-layout-flex wp-container-core-group-is-layout-55327474 wp-block-group-is-layout-flex\" style=\"padding-right:15rem;padding-left:15rem\">\n<div class=\"wp-block-group gt-swiper-mb-1-bottom button-slider button-slider-prev has-border-color has-custom-couleur-2-border-color has-base-2-background-color has-background is-vertical is-content-justification-left is-layout-flex wp-container-core-group-is-layout-fa960f8d wp-block-group-is-layout-flex\" style=\"border-style:solid;border-width:1px;padding-top:var(--wp--preset--spacing--10);padding-right:3rem;padding-bottom:var(--wp--preset--spacing--10);padding-left:var(--wp--preset--spacing--10)\">\n<p class=\"has-custom-couleur-1-color has-text-color has-link-color has-kodchasan-font-family wp-elements-e3cacee769460976dbe21825c832e75e\" style=\"font-size:clamp(18.434px, 1.152rem + ((1vw - 3.2px) * 1.101), 29px);text-transform:uppercase\">Anterior<\/p>\n<\/div>\n\n\n\n<div class=\"wp-block-group is-vertical is-layout-flex wp-container-core-group-is-layout-fe9cc265 wp-block-group-is-layout-flex\">\n<div style=\"height:40px\" aria-hidden=\"true\" class=\"wp-block-spacer gt-hide-mobile wp-container-content-28f0cd9b\"><\/div>\n\n\n\n<div style=\"height:15px\" aria-hidden=\"true\" class=\"wp-block-spacer gt-hide-mobile wp-container-content-42c95ffb\"><\/div>\n\n\n\n<p>Cruza los Pirineos y <strong>descubre el Pa\u00eds Vasco espa\u00f1ol<\/strong>, una tierra llena de sorpresas. Admira las monumentales obras de arte del <a href=\"https:\/\/www.guggenheim-bilbao.eus\/fr\" target=\"_blank\" rel=\"noreferrer noopener nofollow\">famoso Museo Guggenheim de Bilbao<\/a>, y luego d\u00e9jate seducir por San Sebasti\u00e1n, que te recibe con sus bares de tapas y su renombrada gastronom\u00eda. Sus elegantes calles, bordeadas de encantadoras boutiques, te invitan a pasear y saborear el ambiente local.  <\/p>\n\n\n\n<p>Descubre el monasterio de <strong>San Juan de Gaztelugatxe<\/strong>, un aut\u00e9ntico plat\u00f3 de cine, \u00bflo reconocer\u00e1s?  <\/p>\n\n\n\n<p>Esc\u00e1pate al bosque de Iraty, el mayor hayedo de Europa, y disfruta de sus impresionantes paisajes. Date un capricho en <strong>Pasaia<\/strong>, un pueblo aut\u00e9ntico donde reina la gastronom\u00eda y las casas vascas est\u00e1n con los pies en el agua. <\/p>\n\n\n\n<p>Pero, sobre todo, ven a conocer a un pueblo c\u00e1lido y generoso, orgulloso de su patrimonio y feliz de compartir su cultura y sus tradiciones. Te espera una experiencia inolvidable, llena de <strong>amabilidad y autenticidad<\/strong>. <\/p>\n<\/div>\n<\/div>\n\n\n\n<figure class=\"wp-block-image size-full illustration-background\"><img decoding=\"async\" width=\"900\" height=\"540\" src=\"https:\/\/www.camping-dunamunguy.com\/wp-content\/uploads\/2025\/01\/camping-duna-munguy-st-jean-de-luz-2-1.png\" alt=\"camping duna munguy st jean de luz\" class=\"wp-image-2690\" title=\"\" srcset=\"https:\/\/www.camping-dunamunguy.com\/wp-content\/uploads\/2025\/01\/camping-duna-munguy-st-jean-de-luz-2-1.png 900w, https:\/\/www.camping-dunamunguy.com\/wp-content\/uploads\/2025\/01\/camping-duna-munguy-st-jean-de-luz-2-1-300x180.png 300w, https:\/\/www.camping-dunamunguy.com\/wp-content\/uploads\/2025\/01\/camping-duna-munguy-st-jean-de-luz-2-1-768x461.png 768w\" sizes=\"(max-width: 900px) 100vw, 900px\" \/><\/figure>\n<\/section>\n\n<section class=\"wp-block-group alignfull home-hebergements page-three has-custom-couleur-1-background-color has-background is-vertical is-layout-flex wp-container-core-group-is-layout-c6822031 wp-block-group-is-layout-flex\" style=\"border-top-style:none;border-top-width:0px;margin-top:0;margin-bottom:0;padding-top:8rem;padding-right:15rem;padding-bottom:12rem;padding-left:15rem\">\n<div class=\"wp-block-columns are-vertically-aligned-center is-layout-flex wp-container-core-columns-is-layout-b23a18ed wp-block-columns-is-layout-flex\">\n<div class=\"wp-block-column is-vertically-aligned-center parallax-vertical parallax-up is-layout-flow wp-block-column-is-layout-flow\">\n<div class=\"wp-block-group wp-container-content-9cfa9a5a is-vertical is-layout-flex wp-container-core-group-is-layout-fe9cc265 wp-block-group-is-layout-flex\">\n<div style=\"height:0px\" aria-hidden=\"true\" class=\"wp-block-spacer gt-hide-mobile wp-container-content-6388d5dc\"><\/div>\n\n\n\n<div class=\"wp-block-cover maillage__image second\" style=\"min-height:700px;aspect-ratio:unset;\"><span aria-hidden=\"true\" class=\"wp-block-cover__background has-background-dim-0 has-background-dim\"><\/span><img decoding=\"async\" width=\"431\" height=\"700\" class=\"wp-block-cover__image-background wp-image-2010\" alt=\"Bouteille de cidre vert sur table avec personnes floues.\" src=\"https:\/\/www.camping-dunamunguy.com\/wp-content\/uploads\/2025\/01\/cidre-basque.webp\" data-object-fit=\"cover\" srcset=\"https:\/\/www.camping-dunamunguy.com\/wp-content\/uploads\/2025\/01\/cidre-basque.webp 431w, https:\/\/www.camping-dunamunguy.com\/wp-content\/uploads\/2025\/01\/cidre-basque-185x300.webp 185w\" sizes=\"(max-width: 431px) 100vw, 431px\" \/><div class=\"wp-block-cover__inner-container has-global-padding is-layout-constrained wp-block-cover-is-layout-constrained\">\n<p class=\"has-text-align-center has-large-font-size\"><\/p>\n<\/div><\/div>\n<\/div>\n<\/div>\n\n\n\n<div class=\"wp-block-column is-vertically-aligned-center parallax-vertical is-layout-flow wp-block-column-is-layout-flow\">\n<div class=\"wp-block-cover maillage__image first\" style=\"min-height:700px;aspect-ratio:unset;\"><span aria-hidden=\"true\" class=\"wp-block-cover__background has-background-dim-0 has-background-dim\"><\/span><img decoding=\"async\" width=\"431\" height=\"700\" class=\"wp-block-cover__image-background wp-image-2024\" alt=\"gateau basque\" src=\"https:\/\/www.camping-dunamunguy.com\/wp-content\/uploads\/2025\/01\/gateau-basque.webp\" data-object-fit=\"cover\" srcset=\"https:\/\/www.camping-dunamunguy.com\/wp-content\/uploads\/2025\/01\/gateau-basque.webp 431w, https:\/\/www.camping-dunamunguy.com\/wp-content\/uploads\/2025\/01\/gateau-basque-185x300.webp 185w\" sizes=\"(max-width: 431px) 100vw, 431px\" \/><div class=\"wp-block-cover__inner-container has-global-padding is-layout-constrained wp-block-cover-is-layout-constrained\">\n<p class=\"has-text-align-center has-large-font-size\"><\/p>\n<\/div><\/div>\n<\/div>\n\n\n\n<div class=\"wp-block-column is-vertically-aligned-center is-layout-flow wp-block-column-is-layout-flow\">\n<div class=\"wp-block-group wp-container-content-9cfa9a5a is-vertical is-layout-flex wp-container-core-group-is-layout-fe9cc265 wp-block-group-is-layout-flex\">\n<div style=\"height:0px\" aria-hidden=\"true\" class=\"wp-block-spacer gt-hide-mobile wp-container-content-6388d5dc\"><\/div>\n\n\n<h2 class=\"wp-block-heading has-custom-couleur-2-color has-text-color has-link-color wp-elements-d12768cc9f6d08d41bb69f4efc7b04c2\" style=\"text-transform:uppercase\" id=\"degusta-la-gastronomia-vasca\">Degusta la gastronom\u00eda vasca<\/h2>\n\n\n<p class=\"has-base-2-color has-text-color has-link-color wp-elements-5d664e9972581f3004b10e6da540fc40\">Unas vacaciones en el Pa\u00eds Vasco no estar\u00edan completas sin saborear su suculenta <strong>gastronom\u00eda local<\/strong>: tapas, guindilla de Espelette, cereza negra de Itxassou, jam\u00f3n de Bayona, queso de oveja (ardi gasna en euskera), chipirones, pastel vasco&#8230;<\/p>\n\n\n\n<p class=\"has-base-2-color has-text-color has-link-color wp-elements-15283db7d09fa83dfa4d0d7b8a8f2ff7\">Hay varias formas de descubrir estas deliciosas especialidades:<\/p>\n\n\n\n<ul class=\"wp-block-list has-base-2-color has-text-color has-link-color wp-elements-ce52c0c0003869972dc498784dd7bee2\">\n<li class=\"has-base-2-color has-text-color has-link-color wp-elements-258ef59f347a4e29fe59480894449fdd\"><strong>Pasea por los mercados tradicionales<\/strong> del Pa\u00eds Vasco y conoce a productores apasionados.<\/li>\n\n\n\n<li class=\"has-base-2-color has-text-color has-link-color wp-elements-e1c2d744f49016d5866168067ddc9afa\"><strong>Degusta los sabores locales<\/strong> en las Halles de San Juan de Luz o Biarritz, verdaderos templos de la gastronom\u00eda.<\/li>\n\n\n\n<li><strong>Disfruta de la experiencia \u00fanica de las sidrer\u00edas<\/strong>, donde podr\u00e1s saborear un men\u00fa t\u00edpico acompa\u00f1ado de la famosa sidra local.<\/li>\n\n\n\n<li><strong>Prueba los camiones de comida y los peque\u00f1os restaurantes de playa<\/strong>, que ofrecen cocina de calidad elaborada con el m\u00e1ximo de productos locales.<\/li>\n\n\n\n<li><strong>Para los m\u00e1s gourmets<\/strong>, reserva mesa en uno de los prestigiosos restaurantes del Pa\u00eds Vasco. Aqu\u00ed, los mejores chefs honran los productos locales con creatividad y pasi\u00f3n. <\/li>\n<\/ul>\n\n\n\n<p class=\"has-base-2-color has-text-color has-link-color wp-elements-2ca35039f3dbb205a26fe1f539182e22\">Como ves, \u00a1tambi\u00e9n en el Pa\u00eds Vasco tus papilas gustativas estar\u00e1n encantadas! No dudes en pedirnos consejo. Somos aut\u00e9nticos gourmets y estaremos encantados de aconsejarte.  <\/p>\n<\/div>\n<\/div>\n<\/div>\n<\/section>\n\n<section class=\"wp-block-group alignfull page-maillage has-global-padding is-layout-constrained wp-container-core-group-is-layout-6131d34a wp-block-group-is-layout-constrained\" style=\"margin-top:0px;margin-bottom:0px;padding-top:10rem;padding-right:0;padding-bottom:10rem;padding-left:0rem\">\n<p class=\"has-text-align-center text-deco has-custom-couleur-1-color has-text-color has-link-color has-kodchasan-font-family wp-elements-6162ecba4f7bc4f74a0ecda146e7cdac\" style=\"margin-left:-4.6rem;font-size:clamp(44.14px, 2.759rem + ((1vw - 3.2px) * 4.256), 85px);line-height:1.3;text-transform:uppercase\">Descubre<\/p>\n\n\n\n<p class=\"has-text-align-center has-custom-couleur-5-color has-text-color has-link-color wp-elements-ba84f613950292ef64081fbc5f80f794\" style=\"padding-left:1rem;font-size:clamp(16.834px, 1.052rem + ((1vw - 3.2px) * 0.955), 26px);letter-spacing:5.2px;text-transform:uppercase\">nuestro camping, playas cercanas y actividades<\/p>\n\n\n\n<div class=\"wp-block-group is-layout-flow wp-block-group-is-layout-flow\">\n<div class=\"wp-block-query alignfull is-layout-flow wp-block-query-is-layout-flow\"><ul class=\"wp-block-post-template is-layout-grid wp-container-core-post-template-is-layout-c37e0d04 wp-block-post-template-is-layout-grid\"><li class=\"wp-block-post post-3146 page type-page status-publish has-post-thumbnail hentry\">\n\n<div class=\"wp-block-group overflow-hidden gt-maillage has-global-padding is-layout-constrained wp-block-group-is-layout-constrained\">\n<figure class=\"wp-block-image gt-maillage__image\"><img decoding=\"async\" src=\"https:\/\/www.camping-dunamunguy.com\/wp-content\/uploads\/2024\/12\/camping-pays-basque-bord-de-mer.webp\" alt=\"Camping\" style=\"aspect-ratio:3\/4;object-fit:cover\"\/><\/figure>\n\n\n\n<p class=\"has-text-align-right gt-maillage__title has-custom-couleur-2-color has-text-color has-link-color has-kodchasan-font-family wp-elements-26d80191a03d8962f31a261686c3dfcb\" style=\"border-right-style:none;border-right-width:0px;border-bottom-style:none;border-bottom-width:0px;padding-right:1rem;font-size:clamp(0.875rem, 0.875rem + ((1vw - 0.2rem) * 0.708), 1.3rem);font-style:normal;font-weight:500;text-transform:uppercase\">Camping<\/p>\n\n\n<a class=\"is-style-lien-cover wp-block-read-more\" href=\"https:\/\/www.camping-dunamunguy.com\/es\/camping-familiar-pais-vasco\/\" target=\"_self\">Leer m\u00e1s<span class=\"screen-reader-text\">: Camping<\/span><\/a><\/div>\n\n<\/li><li class=\"wp-block-post post-3152 page type-page status-publish has-post-thumbnail hentry\">\n\n<div class=\"wp-block-group overflow-hidden gt-maillage has-global-padding is-layout-constrained wp-block-group-is-layout-constrained\">\n<figure class=\"wp-block-image gt-maillage__image\"><img decoding=\"async\" src=\"https:\/\/www.camping-dunamunguy.com\/wp-content\/uploads\/2024\/12\/camping-bord-de-plage-pays-basque.webp\" alt=\"Junto al mar\" style=\"aspect-ratio:3\/4;object-fit:cover\"\/><\/figure>\n\n\n\n<p class=\"has-text-align-right gt-maillage__title has-custom-couleur-2-color has-text-color has-link-color has-kodchasan-font-family wp-elements-26d80191a03d8962f31a261686c3dfcb\" style=\"border-right-style:none;border-right-width:0px;border-bottom-style:none;border-bottom-width:0px;padding-right:1rem;font-size:clamp(0.875rem, 0.875rem + ((1vw - 0.2rem) * 0.708), 1.3rem);font-style:normal;font-weight:500;text-transform:uppercase\">Playas<\/p>\n\n\n<a class=\"is-style-lien-cover wp-block-read-more\" href=\"https:\/\/www.camping-dunamunguy.com\/es\/acampar-junto-al-mar-pais-vasco\/\" target=\"_self\">Leer m\u00e1s<span class=\"screen-reader-text\">: Junto al mar<\/span><\/a><\/div>\n\n<\/li><li class=\"wp-block-post post-3124 page type-page status-publish has-post-thumbnail hentry\">\n\n<div class=\"wp-block-group overflow-hidden gt-maillage has-global-padding is-layout-constrained wp-block-group-is-layout-constrained\">\n<figure class=\"wp-block-image gt-maillage__image\"><img decoding=\"async\" src=\"https:\/\/www.camping-dunamunguy.com\/wp-content\/uploads\/2024\/12\/camping-proche-ocean-pays-basque.webp\" alt=\"Deporte y naturaleza\" style=\"aspect-ratio:3\/4;object-fit:cover\"\/><\/figure>\n\n\n\n<p class=\"has-text-align-right gt-maillage__title has-custom-couleur-2-color has-text-color has-link-color has-kodchasan-font-family wp-elements-26d80191a03d8962f31a261686c3dfcb\" style=\"border-right-style:none;border-right-width:0px;border-bottom-style:none;border-bottom-width:0px;padding-right:1rem;font-size:clamp(0.875rem, 0.875rem + ((1vw - 0.2rem) * 0.708), 1.3rem);font-style:normal;font-weight:500;text-transform:uppercase\">Deporte y naturaleza<\/p>\n\n\n<a class=\"is-style-lien-cover wp-block-read-more\" href=\"https:\/\/www.camping-dunamunguy.com\/es\/senderismo-pais-vasco\/\" target=\"_self\">Leer m\u00e1s<span class=\"screen-reader-text\">: Deporte y naturaleza<\/span><\/a><\/div>\n\n<\/li><\/ul><\/div>\n<\/div>\n<\/section>\n","protected":false},"excerpt":{"rendered":"<p>El Pa\u00eds Vasco Entre tradici\u00f3n y gastronom\u00eda, \u00bfqu\u00e9 puedes hacer desde nuestro camping en el Pa\u00eds Vasco? En este marco excepcional se ha asentado y prosperado un pueblo que ha forjado una lengua y una cultura \u00fanicas. Desde nuestro camping en San Juan de Luz, sum\u00e9rgete en esta vibrante identidad. Emp\u00e1pate de las canciones, d\u00e9jate [&hellip;]<\/p>\n","protected":false},"author":1,"featured_media":2043,"parent":0,"menu_order":0,"comment_status":"closed","ping_status":"closed","template":"","meta":{"_acf_changed":false,"_seopress_robots_primary_cat":"","_seopress_titles_title":"Turismo en el Pa\u00eds Vasco | Visitar San Juan de Luz y sus alrededores","_seopress_titles_desc":"Explora la cultura y la gastronom\u00eda vascas desde nuestro camping en San Juan de Luz. Emp\u00e1pate de las tradiciones, juegos y sabores locales. ","_seopress_robots_index":"","_gt_ctv_global_id":"1762","_gt_ctv_id_group":false,"inline_featured_image":false,"gt_fse_maillage_image":"https:\/\/www.camping-dunamunguy.com\/wp-content\/uploads\/2025\/01\/tourisme-pays-basque.webp","gt_fse_maillage_titre":"Pa\u00eds Vasco","gt_fse_maillage_alt":"Pa\u00eds Vasco","gt_fse_maillage_resume":"","footnotes":""},"categories":[],"tags":[],"class_list":["post-3138","page","type-page","status-publish","has-post-thumbnail","hentry"],"acf":[],"_links":{"self":[{"href":"https:\/\/www.camping-dunamunguy.com\/es\/wp-json\/wp\/v2\/pages\/3138","targetHints":{"allow":["GET"]}}],"collection":[{"href":"https:\/\/www.camping-dunamunguy.com\/es\/wp-json\/wp\/v2\/pages"}],"about":[{"href":"https:\/\/www.camping-dunamunguy.com\/es\/wp-json\/wp\/v2\/types\/page"}],"author":[{"embeddable":true,"href":"https:\/\/www.camping-dunamunguy.com\/es\/wp-json\/wp\/v2\/users\/1"}],"replies":[{"embeddable":true,"href":"https:\/\/www.camping-dunamunguy.com\/es\/wp-json\/wp\/v2\/comments?post=3138"}],"version-history":[{"count":9,"href":"https:\/\/www.camping-dunamunguy.com\/es\/wp-json\/wp\/v2\/pages\/3138\/revisions"}],"predecessor-version":[{"id":4240,"href":"https:\/\/www.camping-dunamunguy.com\/es\/wp-json\/wp\/v2\/pages\/3138\/revisions\/4240"}],"wp:featuredmedia":[{"embeddable":true,"href":"https:\/\/www.camping-dunamunguy.com\/es\/wp-json\/wp\/v2\/media\/2043"}],"wp:attachment":[{"href":"https:\/\/www.camping-dunamunguy.com\/es\/wp-json\/wp\/v2\/media?parent=3138"}],"wp:term":[{"taxonomy":"category","embeddable":true,"href":"https:\/\/www.camping-dunamunguy.com\/es\/wp-json\/wp\/v2\/categories?post=3138"},{"taxonomy":"post_tag","embeddable":true,"href":"https:\/\/www.camping-dunamunguy.com\/es\/wp-json\/wp\/v2\/tags?post=3138"}],"curies":[{"name":"wp","href":"https:\/\/api.w.org\/{rel}","templated":true}]}}