{"id":3128,"date":"2024-11-26T17:11:17","date_gmt":"2024-11-26T16:11:17","guid":{"rendered":"https:\/\/www.camping-dunamunguy.com\/camping-servicios-pais-vasco\/"},"modified":"2025-03-18T10:02:06","modified_gmt":"2025-03-18T09:02:06","slug":"camping-servicios-pais-vasco","status":"publish","type":"page","link":"https:\/\/www.camping-dunamunguy.com\/es\/camping-servicios-pais-vasco\/","title":{"rendered":"Servicios"},"content":{"rendered":"\n<section class=\"wp-block-group alignfull home-intro page-one has-custom-couleur-3-background-color has-background gt-break-mobile is-nowrap is-layout-flex wp-container-core-group-is-layout-6cb393e8 wp-block-group-is-layout-flex\" style=\"margin-top:0rem;margin-bottom:0rem;padding-top:12rem;padding-right:15rem;padding-bottom:12rem;padding-left:15rem\">\n<figure class=\"wp-block-image size-full illustration-background\"><img decoding=\"async\" width=\"900\" height=\"540\" src=\"https:\/\/www.camping-dunamunguy.com\/wp-content\/uploads\/2025\/01\/camping-duna-munguy-st-jean-de-luz-2.png\" alt=\"camping duna munguy st jean de luz\" class=\"wp-image-2686\" title=\"\" srcset=\"https:\/\/www.camping-dunamunguy.com\/wp-content\/uploads\/2025\/01\/camping-duna-munguy-st-jean-de-luz-2.png 900w, https:\/\/www.camping-dunamunguy.com\/wp-content\/uploads\/2025\/01\/camping-duna-munguy-st-jean-de-luz-2-300x180.png 300w, https:\/\/www.camping-dunamunguy.com\/wp-content\/uploads\/2025\/01\/camping-duna-munguy-st-jean-de-luz-2-768x461.png 768w\" sizes=\"(max-width: 900px) 100vw, 900px\" \/><\/figure>\n\n\n\n<div class=\"wp-block-group wp-container-content-a5fc19f1 is-vertical is-layout-flex wp-container-core-group-is-layout-4b827052 wp-block-group-is-layout-flex\">\n<p class=\"text-deco has-custom-couleur-1-color has-text-color has-link-color has-kodchasan-font-family wp-elements-018741c5dc44a9dec468232a0b412362\" style=\"margin-left:-4.6rem;font-size:clamp(44.14px, 2.759rem + ((1vw - 3.2px) * 4.256), 85px);line-height:1.3;text-transform:uppercase\">Servicios<\/p>\n\n\n<h1 class=\"wp-block-heading text-deco-two has-custom-couleur-5-color has-text-color has-link-color has-source-sans-3-font-family wp-elements-fa22de6cec45d1064e13dc4cede75fc3\" style=\"border-left-color:var(--wp--preset--color--custom-couleur-2);border-left-width:1px;padding-left:var(--wp--preset--spacing--10);font-size:clamp(16.834px, 1.052rem + ((1vw - 3.2px) * 0.955), 26px);letter-spacing:4.6px\" id=\"servicios-3-estrellas-en-nuestro-camping-saint-jean-de-luz\">Servicios 3 estrellas en nuestro camping Saint-Jean-de-Luz<\/h1>\n\n\n<div style=\"height:32px\" aria-hidden=\"true\" class=\"wp-block-spacer gt-hide-mobile wp-container-content-82ea18c2\"><\/div>\n\n\n\n<div class=\"wp-block-group is-vertical is-layout-flex wp-container-core-group-is-layout-bf547533 wp-block-group-is-layout-flex\" style=\"padding-right:30px\">\n<p>Para que pases unas vacaciones relajadas y satisfactorias en <a href=\"https:\/\/www.camping-dunamunguy.com\/es\/\" data-type=\"gt-menu\" data-id=\"1445\">el camping Duna Munguy<\/a>, en la costa vasca, nos gustar\u00eda darte algunos datos pr\u00e1cticos que debes conocer antes de partir.  <\/p>\n\n\n\n<p>Descubre los <strong>servicios que ofrece nuestro camping<\/strong>, las tiendas y actividades situadas en las inmediaciones, y una cuidada selecci\u00f3n de profesionales locales que contribuir\u00e1n a que tu estancia sea inolvidable.<\/p>\n<\/div>\n<\/div>\n\n\n\n<div class=\"wp-block-group wp-container-content-9cfa9a5a is-vertical is-layout-flex wp-container-core-group-is-layout-fe9cc265 wp-block-group-is-layout-flex\">\n<div class=\"wp-block-group images-container wp-container-content-9cfa9a5a is-nowrap is-layout-flex wp-container-core-group-is-layout-fcdbac02 wp-block-group-is-layout-flex\">\n<div class=\"wp-block-group parent-illustration parallax-vertical parallax-up is-vertical is-layout-flex wp-container-core-group-is-layout-4b827052 wp-block-group-is-layout-flex\">\n<figure class=\"wp-block-image size-full first\"><img decoding=\"async\" width=\"500\" height=\"750\" src=\"https:\/\/www.camping-dunamunguy.com\/wp-content\/uploads\/2025\/01\/pain-vienoiseries.webp\" alt=\"pan y boller&#xED;a\" class=\"wp-image-2758\" srcset=\"https:\/\/www.camping-dunamunguy.com\/wp-content\/uploads\/2025\/01\/pain-vienoiseries.webp 500w, https:\/\/www.camping-dunamunguy.com\/wp-content\/uploads\/2025\/01\/pain-vienoiseries-200x300.webp 200w\" sizes=\"(max-width: 500px) 100vw, 500px\" \/><\/figure>\n<\/div>\n\n\n\n<div class=\"wp-block-group parallax-vertical parallax-down is-vertical is-layout-flex wp-container-core-group-is-layout-4b827052 wp-block-group-is-layout-flex\">\n<figure class=\"wp-block-image size-full second\"><img decoding=\"async\" width=\"500\" height=\"750\" src=\"https:\/\/www.camping-dunamunguy.com\/wp-content\/uploads\/2024\/12\/reception-2.webp\" alt=\"Entrada a un hotel moderno con contraventanas azules.\" class=\"wp-image-1673\" srcset=\"https:\/\/www.camping-dunamunguy.com\/wp-content\/uploads\/2024\/12\/reception-2.webp 500w, https:\/\/www.camping-dunamunguy.com\/wp-content\/uploads\/2024\/12\/reception-2-200x300.webp 200w\" sizes=\"(max-width: 500px) 100vw, 500px\" \/><\/figure>\n<\/div>\n<\/div>\n<\/div>\n<\/section>\n\n<section class=\"wp-block-group alignfull home-piscine home-template-slider page-two has-custom-couleur-3-background-color has-background is-vertical is-layout-flex wp-container-core-group-is-layout-6c9b4a6d wp-block-group-is-layout-flex\" style=\"border-top-color:var(--wp--preset--color--custom-couleur-2);border-top-width:1px;margin-top:0;margin-bottom:0;padding-top:12rem;padding-right:0rem;padding-bottom:8rem;padding-left:0rem\">\n<div class=\"wp-block-group gt-rangee is-content-justification-left is-nowrap is-layout-flex wp-container-core-group-is-layout-a7e4645d wp-block-group-is-layout-flex\" style=\"padding-right:15rem;padding-left:15rem\">\n<div class=\"wp-block-group is-vertical is-layout-flex wp-container-core-group-is-layout-fe9cc265 wp-block-group-is-layout-flex\"><h2 class=\"wp-block-heading has-custom-couleur-1-color has-text-color has-link-color wp-elements-f040d0d11c1887c6e4cb04adbdde8829\" style=\"border-left-color:var(--wp--preset--color--custom-couleur-2);border-left-width:1px;padding-left:1rem;font-size:clamp(16.834px, 1.052rem + ((1vw - 3.2px) * 0.955), 26px);letter-spacing:5.2px;text-transform:uppercase\" id=\"una-calida-bienvenida-en-nuestro-camping-del-pais-vasco\">Una c\u00e1lida bienvenida en nuestro camping del Pa\u00eds Vasco<\/h2><\/div>\n<\/div>\n\n\n\n<div data-swiper=\"{&quot;speed&quot;:400,&quot;spaceBetween&quot;:0,&quot;slidesPerView&quot;:1,&quot;createElements&quot;:true,&quot;loop&quot;:true,&quot;freemode&quot;:true,&quot;navigation&quot;:{&quot;nextEl&quot;:&quot;.gt-swiper-mb-1-bottom&quot;,&quot;prevEl&quot;:&quot;.gt-swiper-mb-1-top&quot;},&quot;pagination&quot;:{&quot;dynamicBullets&quot;:false},&quot;breakpoints&quot;:[{&quot;slidesPerView&quot;:1}],&quot;effect&quot;:&quot;fade&quot;,&quot;autoplay&quot;:{&quot;delay&quot;:5000}}\" class=\"wp-block-group gt-is-slider gt-is-slider-desktop is-nowrap is-layout-flex wp-container-core-group-is-layout-485480d6 wp-block-group-is-layout-flex\" style=\"padding-right:0rem;padding-left:0rem\">\n<div class=\"wp-block-group maillage has-global-padding is-layout-constrained wp-container-core-group-is-layout-12243e0f wp-block-group-is-layout-constrained\">\n<div class=\"wp-block-cover is-light maillage__image maillage-reveal\" style=\"min-height:700px;aspect-ratio:unset;\"><span aria-hidden=\"true\" class=\"wp-block-cover__background has-background-dim-0 has-background-dim\"><\/span><img decoding=\"async\" width=\"2000\" height=\"1428\" class=\"wp-block-cover__image-background wp-image-1733\" alt=\"gerants du camping\" src=\"https:\/\/www.camping-dunamunguy.com\/wp-content\/uploads\/2024\/12\/gerants-du-camping.webp\" data-object-fit=\"cover\" srcset=\"https:\/\/www.camping-dunamunguy.com\/wp-content\/uploads\/2024\/12\/gerants-du-camping.webp 2000w, https:\/\/www.camping-dunamunguy.com\/wp-content\/uploads\/2024\/12\/gerants-du-camping-300x214.webp 300w, https:\/\/www.camping-dunamunguy.com\/wp-content\/uploads\/2024\/12\/gerants-du-camping-1024x731.webp 1024w, https:\/\/www.camping-dunamunguy.com\/wp-content\/uploads\/2024\/12\/gerants-du-camping-768x548.webp 768w, https:\/\/www.camping-dunamunguy.com\/wp-content\/uploads\/2024\/12\/gerants-du-camping-1536x1097.webp 1536w\" sizes=\"(max-width: 2000px) 100vw, 2000px\" \/><div class=\"wp-block-cover__inner-container has-global-padding is-layout-constrained wp-block-cover-is-layout-constrained\">\n<p class=\"has-text-align-center has-large-font-size\"><\/p>\n<\/div><\/div>\n<\/div>\n<\/div>\n\n\n\n<div class=\"wp-block-group gt-rangee is-content-justification-right is-nowrap is-layout-flex wp-container-core-group-is-layout-55327474 wp-block-group-is-layout-flex\" style=\"padding-right:15rem;padding-left:15rem\">\n<div class=\"wp-block-group is-vertical is-layout-flex wp-container-core-group-is-layout-fe9cc265 wp-block-group-is-layout-flex\">\n<div style=\"height:40px\" aria-hidden=\"true\" class=\"wp-block-spacer gt-hide-mobile wp-container-content-28f0cd9b\"><\/div>\n\n\n\n<div style=\"height:15px\" aria-hidden=\"true\" class=\"wp-block-spacer gt-hide-mobile wp-container-content-42c95ffb\"><\/div>\n\n\n\n<p>\u00a1Se acerca tu estancia en nuestro camping Duna Munguy! Aqu\u00ed tienes informaci\u00f3n pr\u00e1ctica que te ayudar\u00e1 a preparar tu llegada. Estaremos encantados de recibirte <strong>en recepci\u00f3n entre las 16.00 y las 19.00 horas del d\u00eda de tu llegada<\/strong>. Si este horario no te conviene, ponte en contacto con nosotros para que podamos organizar una soluci\u00f3n adecuada.   <\/p>\n\n\n\n<p>Durante toda tu estancia, la recepci\u00f3n ser\u00e1 el lugar al que deber\u00e1s acudir para obtener toda la ayuda que necesites. Estaremos all\u00ed todas las ma\u00f1anas, <strong>de 8.30 a 10.00 h, para darte tus pedidos de pan y boller\u00eda<\/strong>, y al final del d\u00eda, <strong>de 17.00 a 18.30 h, para responder a cualquier pregunta que puedas tener<\/strong>. <\/p>\n\n\n\n<p>En la recepci\u00f3n tambi\u00e9n encontrar\u00e1s abundante informaci\u00f3n \u00fatil:<\/p>\n\n\n\n<ul class=\"wp-block-list\">\n<li>folletos tur\u00edsticos que detallan la regi\u00f3n, sus actividades y eventos (disponibles gratuitamente),<\/li>\n\n\n\n<li>ofertas de nuestros socios,<\/li>\n\n\n\n<li>una selecci\u00f3n de productos locales cuidadosamente elegidos.<\/li>\n<\/ul>\n\n\n\n<p>Fuera del horario de apertura de la recepci\u00f3n, siempre estamos dispuestos a charlar contigo en el camping, compartiendo nuestros consejos y favoritos para que tus vacaciones en el Pa\u00eds Vasco sean a\u00fan m\u00e1s memorables.<\/p>\n<\/div>\n<\/div>\n\n\n\n<figure class=\"wp-block-image size-full illustration-background\"><img decoding=\"async\" width=\"900\" height=\"540\" src=\"https:\/\/www.camping-dunamunguy.com\/wp-content\/uploads\/2025\/01\/camping-duna-munguy-st-jean-de-luz-2-1.png\" alt=\"camping duna munguy st jean de luz\" class=\"wp-image-2690\" title=\"\" srcset=\"https:\/\/www.camping-dunamunguy.com\/wp-content\/uploads\/2025\/01\/camping-duna-munguy-st-jean-de-luz-2-1.png 900w, https:\/\/www.camping-dunamunguy.com\/wp-content\/uploads\/2025\/01\/camping-duna-munguy-st-jean-de-luz-2-1-300x180.png 300w, https:\/\/www.camping-dunamunguy.com\/wp-content\/uploads\/2025\/01\/camping-duna-munguy-st-jean-de-luz-2-1-768x461.png 768w\" sizes=\"(max-width: 900px) 100vw, 900px\" \/><\/figure>\n<\/section>\n\n<section class=\"wp-block-group alignfull home-hebergements page-three has-custom-couleur-1-background-color has-background is-vertical is-layout-flex wp-container-core-group-is-layout-c6822031 wp-block-group-is-layout-flex\" style=\"border-top-style:none;border-top-width:0px;margin-top:0;margin-bottom:0;padding-top:8rem;padding-right:15rem;padding-bottom:12rem;padding-left:15rem\">\n<div class=\"wp-block-columns are-vertically-aligned-center is-layout-flex wp-container-core-columns-is-layout-b23a18ed wp-block-columns-is-layout-flex\">\n<div class=\"wp-block-column is-vertically-aligned-center parallax-vertical parallax-up is-layout-flow wp-block-column-is-layout-flow\">\n<div class=\"wp-block-group wp-container-content-9cfa9a5a is-vertical is-layout-flex wp-container-core-group-is-layout-fe9cc265 wp-block-group-is-layout-flex\">\n<div style=\"height:0px\" aria-hidden=\"true\" class=\"wp-block-spacer gt-hide-mobile wp-container-content-6388d5dc\"><\/div>\n\n\n\n<div class=\"wp-block-cover maillage__image second\" style=\"min-height:700px;aspect-ratio:unset;\"><span aria-hidden=\"true\" class=\"wp-block-cover__background has-background-dim-0 has-background-dim\"><\/span><img decoding=\"async\" width=\"500\" height=\"750\" class=\"wp-block-cover__image-background wp-image-1686\" alt=\"surf a proximite du camping\" src=\"https:\/\/www.camping-dunamunguy.com\/wp-content\/uploads\/2024\/12\/surf-a-proximite-du-camping.webp\" data-object-fit=\"cover\" srcset=\"https:\/\/www.camping-dunamunguy.com\/wp-content\/uploads\/2024\/12\/surf-a-proximite-du-camping.webp 500w, https:\/\/www.camping-dunamunguy.com\/wp-content\/uploads\/2024\/12\/surf-a-proximite-du-camping-200x300.webp 200w\" sizes=\"(max-width: 500px) 100vw, 500px\" \/><div class=\"wp-block-cover__inner-container has-global-padding is-layout-constrained wp-block-cover-is-layout-constrained\">\n<p class=\"has-text-align-center has-large-font-size\"><\/p>\n<\/div><\/div>\n<\/div>\n<\/div>\n\n\n\n<div class=\"wp-block-column is-vertically-aligned-center parallax-vertical is-layout-flow wp-block-column-is-layout-flow\">\n<div class=\"wp-block-cover is-light maillage__image first\" style=\"min-height:700px;aspect-ratio:unset;\"><span aria-hidden=\"true\" class=\"wp-block-cover__background has-background-dim-0 has-background-dim\"><\/span><img decoding=\"async\" width=\"500\" height=\"750\" class=\"wp-block-cover__image-background wp-image-1679\" alt=\"location velo st jean de luz\" src=\"https:\/\/www.camping-dunamunguy.com\/wp-content\/uploads\/2024\/12\/camping-velo-pays-basque-2.webp\" data-object-fit=\"cover\" srcset=\"https:\/\/www.camping-dunamunguy.com\/wp-content\/uploads\/2024\/12\/camping-velo-pays-basque-2.webp 500w, https:\/\/www.camping-dunamunguy.com\/wp-content\/uploads\/2024\/12\/camping-velo-pays-basque-2-200x300.webp 200w\" sizes=\"(max-width: 500px) 100vw, 500px\" \/><div class=\"wp-block-cover__inner-container has-global-padding is-layout-constrained wp-block-cover-is-layout-constrained\">\n<p class=\"has-text-align-center has-large-font-size\"><\/p>\n<\/div><\/div>\n<\/div>\n\n\n\n<div class=\"wp-block-column is-vertically-aligned-center is-layout-flow wp-block-column-is-layout-flow\">\n<div class=\"wp-block-group wp-container-content-9cfa9a5a is-vertical is-layout-flex wp-container-core-group-is-layout-fe9cc265 wp-block-group-is-layout-flex\">\n<div style=\"height:0px\" aria-hidden=\"true\" class=\"wp-block-spacer gt-hide-mobile wp-container-content-6388d5dc\"><\/div>\n\n\n<h2 class=\"wp-block-heading has-custom-couleur-2-color has-text-color has-link-color wp-elements-87b9504e082e80b3f2a603e6f405d5f5\" style=\"text-transform:uppercase\" id=\"vacaciones-faciles-a-pie-o-en-bici\">Vacaciones f\u00e1ciles a pie o en bici<\/h2>\n\n\n<p class=\"has-base-2-color has-text-color has-link-color wp-elements-c02727da90044b592f9c0d3bb6f97e7a\">En el camping Duna Munguy, ponte c\u00f3modo y descubre la regi\u00f3n de una forma diferente: <strong>\u00a1a pie, en bici o en transporte p\u00fablico<\/strong>!<\/p>\n\n\n\n<p class=\"has-base-2-color has-text-color has-link-color wp-elements-fe03fbb4c425752d84b10ad6ab906b81\">Nuestro camping est\u00e1 <strong>idealmente situado<\/strong> para disfrutar al m\u00e1ximo de la costa vasca, sin necesidad de coger el coche. T\u00f3mate tu tiempo para <a href=\"https:\/\/www.camping-dunamunguy.com\/es\/turismo-pais-vasco\/\" data-type=\"page\" data-id=\"13\">explorar los alrededores<\/a> utilizando medios de transporte m\u00e1s respetuosos con el medio ambiente. Situado a orillas del V\u00e9lodyss\u00e9e y de la senda costera, tendr\u00e1s f\u00e1cil acceso a las <a href=\"https:\/\/www.camping-dunamunguy.com\/es\/acampar-junto-al-mar-pais-vasco\/\" data-type=\"page\" data-id=\"11\">playas de los alrededores<\/a> o podr\u00e1s salir a descubrir los encantadores pueblos de los alrededores, como Gu\u00e9thary, San Juan de Luz o Bidart.  <\/p>\n\n\n\n<p class=\"has-base-2-color has-text-color has-link-color wp-elements-6a98e6143ed197120433d7213fdf5253\">\u00bfQuieres explorar un poco m\u00e1s lejos? \u00bfPor qu\u00e9 no coges el transporte p\u00fablico? Varias l\u00edneas de Txik Txak pasan cerca, incluida la l\u00ednea 16, que para justo delante del camping (parada \u00abCamping Duna Munguy\u00bb), as\u00ed como el autob\u00fas lanzadera de la playa.<\/p>\n<\/div>\n<\/div>\n<\/div>\n<\/section>\n\n<section class=\"wp-block-group alignfull home-intro page-one has-custom-couleur-3-background-color has-background gt-break-mobile is-nowrap is-layout-flex wp-container-core-group-is-layout-6cb393e8 wp-block-group-is-layout-flex\" style=\"margin-top:0rem;margin-bottom:0rem;padding-top:12rem;padding-right:15rem;padding-bottom:12rem;padding-left:15rem\">\n<div class=\"wp-block-group wp-container-content-dc435e0d is-vertical is-layout-flex wp-container-core-group-is-layout-a3b65dd2 wp-block-group-is-layout-flex\"><h2 class=\"wp-block-heading\" style=\"text-transform:uppercase\" id=\"alquiler-de-bicicletas-y-tablas-de-surf-en-el-camping\">Alquiler de bicicletas y tablas de surf en el camping<\/h2>\n\n\n<div style=\"height:32px\" aria-hidden=\"true\" class=\"wp-block-spacer gt-hide-mobile wp-container-content-82ea18c2\"><\/div>\n\n\n\n<div class=\"wp-block-group is-vertical is-layout-flex wp-container-core-group-is-layout-bf547533 wp-block-group-is-layout-flex\" style=\"padding-right:30px\">\n<p>\u00bfTe apetece una <strong>sesi\u00f3n de surf<\/strong> o un <strong>paseo en bici?<\/strong> Hemos pensado en todo para facilitarte tus actividades al aire libre.  <\/p>\n\n\n\n<p>A dos pasos de tu <a href=\"https:\/\/www.camping-dunamunguy.com\/es\/alquiler-mobil-home-san-juan-de-luz\/\" data-type=\"page\" data-id=\"9\">alojamiento en San Juan de Luz<\/a>, te ofrecemos alquiler de material para que disfrutes de la belleza de la costa vasca con total libertad.<\/p>\n\n\n\n<ul class=\"wp-block-list\">\n<li>Tanto si eres principiante como intermedio, aprovecha nuestras <strong>tablas de surf adaptadas a tu nivel<\/strong>. Adem\u00e1s del material, te daremos valiosos consejos para elegir los mejores lugares en funci\u00f3n de las mareas, las condiciones meteorol\u00f3gicas y la mejor hora para surfear. <\/li>\n\n\n\n<li>Para los aficionados al ciclismo, ofrecemos un <strong>servicio de alquiler en colaboraci\u00f3n con una empresa de alquiler local<\/strong> (tarifa preferente para nuestros clientes\/contacta con nosotros para m\u00e1s informaci\u00f3n). Si reservas con antelaci\u00f3n, podr\u00e1s recoger las bicicletas a s\u00f3lo 200 metros del camping y explorar los alrededores a tu ritmo. <\/li>\n<\/ul>\n<\/div>\n<\/div>\n\n\n\n<div class=\"wp-block-group wp-container-content-9cfa9a5a is-vertical is-layout-flex wp-container-core-group-is-layout-fe9cc265 wp-block-group-is-layout-flex\">\n<div class=\"wp-block-group images-container wp-container-content-9cfa9a5a is-nowrap is-layout-flex wp-container-core-group-is-layout-fcdbac02 wp-block-group-is-layout-flex\">\n<div class=\"wp-block-group parent-illustration parallax-vertical parallax-up is-vertical is-layout-flex wp-container-core-group-is-layout-4b827052 wp-block-group-is-layout-flex\">\n<figure class=\"wp-block-image size-full first\"><img decoding=\"async\" width=\"500\" height=\"750\" src=\"https:\/\/www.camping-dunamunguy.com\/wp-content\/uploads\/2025\/01\/location-de-surf.webp\" alt=\"alquiler de surf st jean de luz\" class=\"wp-image-2972\" srcset=\"https:\/\/www.camping-dunamunguy.com\/wp-content\/uploads\/2025\/01\/location-de-surf.webp 500w, https:\/\/www.camping-dunamunguy.com\/wp-content\/uploads\/2025\/01\/location-de-surf-200x300.webp 200w\" sizes=\"(max-width: 500px) 100vw, 500px\" \/><\/figure>\n<\/div>\n\n\n\n<div class=\"wp-block-group parallax-vertical parallax-down is-vertical is-layout-flex wp-container-core-group-is-layout-4b827052 wp-block-group-is-layout-flex\">\n<figure class=\"wp-block-image size-full second\"><img decoding=\"async\" width=\"500\" height=\"750\" src=\"https:\/\/www.camping-dunamunguy.com\/wp-content\/uploads\/2025\/01\/location-velos-st-jean-de-luz.webp\" alt=\"alquiler de bicis st jean de luz\" class=\"wp-image-2978\" srcset=\"https:\/\/www.camping-dunamunguy.com\/wp-content\/uploads\/2025\/01\/location-velos-st-jean-de-luz.webp 500w, https:\/\/www.camping-dunamunguy.com\/wp-content\/uploads\/2025\/01\/location-velos-st-jean-de-luz-200x300.webp 200w\" sizes=\"(max-width: 500px) 100vw, 500px\" \/><\/figure>\n<\/div>\n<\/div>\n<\/div>\n<\/section>\n\n<section class=\"wp-block-group alignfull home-hebergements page-three has-custom-couleur-1-background-color has-background is-vertical is-content-justification-center is-layout-flex wp-container-core-group-is-layout-2f4ed5a7 wp-block-group-is-layout-flex\" style=\"border-top-style:none;border-top-width:0px;margin-top:0;margin-bottom:0;padding-top:8rem;padding-right:15rem;padding-bottom:8rem;padding-left:15rem\"><h2 class=\"wp-block-heading has-text-align-center has-custom-couleur-2-color has-text-color has-link-color wp-elements-7d19454cb6c9f7417cf98e4d3e824131\" style=\"text-transform:uppercase\" id=\"seleccion-de-proveedores-de-servicios-locales-para-tus-actividades\">Selecci\u00f3n de proveedores de servicios locales para tus actividades<\/h2>\n\n\n<div style=\"height:43px\" aria-hidden=\"true\" class=\"wp-block-spacer gt-hide-mobile wp-container-content-d613cd94\"><\/div>\n\n\n\n<p class=\"has-text-align-center has-base-2-color has-text-color has-link-color wp-elements-8371ec26b3619002a8fbe226853486e7\"><br\/>A menos de 400 m del camping, encontrar\u00e1s todo lo que necesitas para la vida cotidiana: tienda de comestibles, prensa, bar, restaurante y food trucks&#8230; Adem\u00e1s, hemos seleccionado una serie de socios de confianza para mejorar tu estancia:<\/p>\n\n\n\n<div class=\"wp-block-columns is-layout-flex wp-container-core-columns-is-layout-09b67b38 wp-block-columns-is-layout-flex\" style=\"padding-top:var(--wp--preset--spacing--10);padding-right:var(--wp--preset--spacing--60);padding-bottom:var(--wp--preset--spacing--10);padding-left:var(--wp--preset--spacing--60)\">\n<div class=\"wp-block-column is-layout-flow wp-block-column-is-layout-flow\">\n<figure class=\"wp-block-image aligncenter size-full is-resized wp-duotone-e9d4b7-ffffff-1\"><img alt=\"location velo pays basque\" decoding=\"async\" width=\"512\" height=\"512\" src=\"https:\/\/www.camping-dunamunguy.com\/wp-content\/uploads\/2024\/12\/croiseur.svg\" alt=\"\" class=\"wp-image-1746\" style=\"width:100px\"\/><\/figure>\n\n\n\n<p class=\"has-text-align-center has-base-2-color has-text-color has-link-color wp-elements-7d8cd23576d427f65dda7cccc59b1271\"><br\/>Para alquilar bicicletas:<a href=\"https:\/\/www.lafiteniabikes.fr\/\" target=\"_blank\" rel=\"noreferrer noopener\">Lafitenia Bikes<\/a> *<\/p>\n<\/div>\n\n\n\n<div class=\"wp-block-column is-layout-flow wp-block-column-is-layout-flow\">\n<figure class=\"wp-block-image aligncenter size-full is-resized wp-duotone-e9d4b7-ffffff-2\"><img decoding=\"async\" width=\"512\" height=\"512\" src=\"https:\/\/www.camping-dunamunguy.com\/wp-content\/uploads\/2024\/12\/le-surf.svg\" alt=\"alquiler de surf st jean de luz\" class=\"wp-image-1754\" style=\"width:90px\"\/><\/figure>\n\n\n\n<p class=\"has-text-align-center has-base-2-color has-text-color has-link-color wp-elements-1a62b2e06b5931e382aed0ec03d8b279\"><br\/>Para tus clases de surf:<a href=\"https:\/\/happylifesurfschool.com\/\" target=\"_blank\" rel=\"noreferrer noopener\">Happy Life Surf School<\/a> *<\/p>\n<\/div>\n\n\n\n<div class=\"wp-block-column is-layout-flow wp-block-column-is-layout-flow\">\n<figure class=\"wp-block-image aligncenter size-full is-resized wp-duotone-e9d4b7-ffffff-3\"><img decoding=\"async\" width=\"512\" height=\"512\" src=\"https:\/\/www.camping-dunamunguy.com\/wp-content\/uploads\/2024\/12\/epicerie.svg\" alt=\"ultramarinos\" class=\"wp-image-1769\" style=\"width:90px\"\/><\/figure>\n\n\n\n<p class=\"has-text-align-center has-base-2-color has-text-color has-link-color wp-elements-5c2c9cb1cb7fac0335a2425a239b4a65\">Descubre los productos locales en una tienda de comestibles colaborativa: <a href=\"https:\/\/linktr.ee\/olakoop\" target=\"_blank\" rel=\"noreferrer noopener\">Olakoop<\/a><\/p>\n<\/div>\n\n\n\n<div class=\"wp-block-column is-layout-flow wp-block-column-is-layout-flow\">\n<figure class=\"wp-block-image aligncenter size-full is-resized wp-duotone-e9d4b7-ffffff-4\"><img decoding=\"async\" width=\"512\" height=\"512\" src=\"https:\/\/www.camping-dunamunguy.com\/wp-content\/uploads\/2024\/12\/pizza.svg\" alt=\"pizza st jean de luz\" class=\"wp-image-1775\" style=\"width:90px\"\/><\/figure>\n\n\n\n<p class=\"has-text-align-center has-base-2-color has-text-color has-link-color wp-elements-920b2fedfe128348196e99f67742043c\">Para comer deliciosas pizzas para llevar a s\u00f3lo 200 m del camping: <a href=\"https:\/\/www.instagram.com\/bibampizz\/\" target=\"_blank\" rel=\"noreferrer noopener\">Bibam Pizz<\/a><\/p>\n<\/div>\n<\/div>\n\n\n\n<p class=\"has-text-align-center has-base-2-color has-text-color has-link-color wp-elements-14a4e49f7c4c172b8baec94a1e0c5cd6\">*Tarifas negociadas, contacta con nosotros para m\u00e1s detalles.<\/p>\n<\/section>\n\n<section class=\"wp-block-group alignfull home-piscine home-template-slider page-two has-custom-couleur-3-background-color has-background is-vertical is-layout-flex wp-container-core-group-is-layout-6c9b4a6d wp-block-group-is-layout-flex\" style=\"border-top-color:var(--wp--preset--color--custom-couleur-2);border-top-width:1px;margin-top:0;margin-bottom:0;padding-top:12rem;padding-right:0rem;padding-bottom:8rem;padding-left:0rem\">\n<div class=\"wp-block-group gt-rangee is-content-justification-left is-nowrap is-layout-flex wp-container-core-group-is-layout-a7e4645d wp-block-group-is-layout-flex\" style=\"padding-right:15rem;padding-left:15rem\">\n<div class=\"wp-block-group is-vertical is-layout-flex wp-container-core-group-is-layout-fe9cc265 wp-block-group-is-layout-flex\"><h2 class=\"wp-block-heading has-custom-couleur-1-color has-text-color has-link-color wp-elements-db9bab57dd9544f60fe6fd36fb420fe1\" style=\"border-left-color:var(--wp--preset--color--custom-couleur-2);border-left-width:1px;padding-left:1rem;font-size:clamp(16.834px, 1.052rem + ((1vw - 3.2px) * 0.955), 26px);letter-spacing:5.2px;text-transform:uppercase\" id=\"la-zona-de-juegos-para-disfrute-de-los-ninos\">La zona de juegos: para disfrute de los ni\u00f1os<\/h2><\/div>\n\n\n\n<div class=\"wp-block-group gt-swiper-mb-1-top active button-slider button-slider-next has-border-color has-custom-couleur-2-border-color has-base-2-background-color has-background is-vertical is-content-justification-left is-layout-flex wp-container-core-group-is-layout-91077632 wp-block-group-is-layout-flex\" style=\"border-style:solid;border-width:1px;padding-top:var(--wp--preset--spacing--10);padding-right:3rem;padding-bottom:var(--wp--preset--spacing--10);padding-left:var(--wp--preset--spacing--10)\">\n<p class=\"has-custom-couleur-1-color has-text-color has-link-color has-kodchasan-font-family wp-elements-4171989f7efe5f09ad8c70ebacb992a4\" style=\"font-size:clamp(18.434px, 1.152rem + ((1vw - 3.2px) * 1.101), 29px);text-transform:uppercase\">Siguiente<\/p>\n<\/div>\n<\/div>\n\n\n\n<div data-swiper=\"{&quot;speed&quot;:400,&quot;spaceBetween&quot;:0,&quot;slidesPerView&quot;:1,&quot;createElements&quot;:true,&quot;loop&quot;:true,&quot;freemode&quot;:true,&quot;navigation&quot;:{&quot;nextEl&quot;:&quot;.gt-swiper-mb-1-bottom&quot;,&quot;prevEl&quot;:&quot;.gt-swiper-mb-1-top&quot;},&quot;pagination&quot;:{&quot;dynamicBullets&quot;:false},&quot;breakpoints&quot;:[{&quot;slidesPerView&quot;:1}],&quot;effect&quot;:&quot;fade&quot;,&quot;autoplay&quot;:{&quot;delay&quot;:5000}}\" class=\"wp-block-group gt-is-slider gt-is-slider-desktop is-nowrap is-layout-flex wp-container-core-group-is-layout-485480d6 wp-block-group-is-layout-flex\" style=\"padding-right:0rem;padding-left:0rem\">\n<div class=\"wp-block-group maillage has-global-padding is-layout-constrained wp-container-core-group-is-layout-d1771196 wp-block-group-is-layout-constrained\">\n<div class=\"wp-block-cover is-light maillage__image maillage-reveal\" style=\"min-height:700px;aspect-ratio:unset;\"><span aria-hidden=\"true\" class=\"wp-block-cover__background has-background-dim-0 has-background-dim\"><\/span><img decoding=\"async\" width=\"2000\" height=\"1334\" class=\"wp-block-cover__image-background wp-image-1646\" alt=\"Enfants jouant sur une aire de jeux ext\u00e9rieure.\" src=\"https:\/\/www.camping-dunamunguy.com\/wp-content\/uploads\/2024\/12\/camping-aire-de-jeux-pays-basque.webp\" data-object-fit=\"cover\" srcset=\"https:\/\/www.camping-dunamunguy.com\/wp-content\/uploads\/2024\/12\/camping-aire-de-jeux-pays-basque.webp 2000w, https:\/\/www.camping-dunamunguy.com\/wp-content\/uploads\/2024\/12\/camping-aire-de-jeux-pays-basque-300x200.webp 300w, https:\/\/www.camping-dunamunguy.com\/wp-content\/uploads\/2024\/12\/camping-aire-de-jeux-pays-basque-1024x683.webp 1024w, https:\/\/www.camping-dunamunguy.com\/wp-content\/uploads\/2024\/12\/camping-aire-de-jeux-pays-basque-768x512.webp 768w, https:\/\/www.camping-dunamunguy.com\/wp-content\/uploads\/2024\/12\/camping-aire-de-jeux-pays-basque-1536x1025.webp 1536w\" sizes=\"(max-width: 2000px) 100vw, 2000px\" \/><div class=\"wp-block-cover__inner-container has-global-padding is-layout-constrained wp-block-cover-is-layout-constrained\">\n<p class=\"has-text-align-center has-large-font-size\"><\/p>\n<\/div><\/div>\n<\/div>\n\n\n\n<div class=\"wp-block-group maillage has-global-padding is-layout-constrained wp-container-core-group-is-layout-12243e0f wp-block-group-is-layout-constrained\">\n<div class=\"wp-block-cover maillage__image maillage-reveal\" style=\"min-height:700px;aspect-ratio:unset;\"><span aria-hidden=\"true\" class=\"wp-block-cover__background has-background-dim-0 has-background-dim\"><\/span><img decoding=\"async\" width=\"2000\" height=\"1333\" class=\"wp-block-cover__image-background wp-image-1652\" alt=\"table de ping-pong en ext\u00e9rieur\" src=\"https:\/\/www.camping-dunamunguy.com\/wp-content\/uploads\/2024\/12\/table-ping-pong.webp\" data-object-fit=\"cover\" srcset=\"https:\/\/www.camping-dunamunguy.com\/wp-content\/uploads\/2024\/12\/table-ping-pong.webp 2000w, https:\/\/www.camping-dunamunguy.com\/wp-content\/uploads\/2024\/12\/table-ping-pong-300x200.webp 300w, https:\/\/www.camping-dunamunguy.com\/wp-content\/uploads\/2024\/12\/table-ping-pong-1024x682.webp 1024w, https:\/\/www.camping-dunamunguy.com\/wp-content\/uploads\/2024\/12\/table-ping-pong-768x512.webp 768w, https:\/\/www.camping-dunamunguy.com\/wp-content\/uploads\/2024\/12\/table-ping-pong-1536x1024.webp 1536w\" sizes=\"(max-width: 2000px) 100vw, 2000px\" \/><div class=\"wp-block-cover__inner-container has-global-padding is-layout-constrained wp-block-cover-is-layout-constrained\">\n<p class=\"has-text-align-center has-large-font-size\"><\/p>\n<\/div><\/div>\n<\/div>\n\n\n\n<div class=\"wp-block-group maillage has-global-padding is-layout-constrained wp-container-core-group-is-layout-12243e0f wp-block-group-is-layout-constrained\">\n<div class=\"wp-block-cover is-light maillage__image maillage-reveal\" style=\"min-height:700px;aspect-ratio:unset;\"><span aria-hidden=\"true\" class=\"wp-block-cover__background has-background-dim-0 has-background-dim\"><\/span><img decoding=\"async\" width=\"2000\" height=\"1480\" class=\"wp-block-cover__image-background wp-image-1656\" alt=\"Salle avec baby-foot et biblioth\u00e8que pleine de livres.\" src=\"https:\/\/www.camping-dunamunguy.com\/wp-content\/uploads\/2024\/12\/babyfoot-bibliotheque.webp\" data-object-fit=\"cover\" srcset=\"https:\/\/www.camping-dunamunguy.com\/wp-content\/uploads\/2024\/12\/babyfoot-bibliotheque.webp 2000w, https:\/\/www.camping-dunamunguy.com\/wp-content\/uploads\/2024\/12\/babyfoot-bibliotheque-300x222.webp 300w, https:\/\/www.camping-dunamunguy.com\/wp-content\/uploads\/2024\/12\/babyfoot-bibliotheque-1024x758.webp 1024w, https:\/\/www.camping-dunamunguy.com\/wp-content\/uploads\/2024\/12\/babyfoot-bibliotheque-768x568.webp 768w, https:\/\/www.camping-dunamunguy.com\/wp-content\/uploads\/2024\/12\/babyfoot-bibliotheque-1536x1137.webp 1536w\" sizes=\"(max-width: 2000px) 100vw, 2000px\" \/><div class=\"wp-block-cover__inner-container has-global-padding is-layout-constrained wp-block-cover-is-layout-constrained\">\n<p class=\"has-text-align-center has-large-font-size\"><\/p>\n<\/div><\/div>\n<\/div>\n\n\n\n<div class=\"wp-block-group maillage has-global-padding is-layout-constrained wp-container-core-group-is-layout-12243e0f wp-block-group-is-layout-constrained\">\n<div class=\"wp-block-cover is-light maillage__image maillage-reveal\" style=\"min-height:700px;aspect-ratio:unset;\"><span aria-hidden=\"true\" class=\"wp-block-cover__background has-background-dim-0 has-background-dim\"><\/span><img decoding=\"async\" width=\"2000\" height=\"1399\" class=\"wp-block-cover__image-background wp-image-1663\" alt=\"Jardin avec barbecue et cl\u00f4ture en bois\" src=\"https:\/\/www.camping-dunamunguy.com\/wp-content\/uploads\/2024\/12\/barbecue.webp\" data-object-fit=\"cover\" srcset=\"https:\/\/www.camping-dunamunguy.com\/wp-content\/uploads\/2024\/12\/barbecue.webp 2000w, https:\/\/www.camping-dunamunguy.com\/wp-content\/uploads\/2024\/12\/barbecue-300x210.webp 300w, https:\/\/www.camping-dunamunguy.com\/wp-content\/uploads\/2024\/12\/barbecue-1024x716.webp 1024w, https:\/\/www.camping-dunamunguy.com\/wp-content\/uploads\/2024\/12\/barbecue-768x537.webp 768w, https:\/\/www.camping-dunamunguy.com\/wp-content\/uploads\/2024\/12\/barbecue-1536x1074.webp 1536w\" sizes=\"(max-width: 2000px) 100vw, 2000px\" \/><div class=\"wp-block-cover__inner-container has-global-padding is-layout-constrained wp-block-cover-is-layout-constrained\">\n<p class=\"has-text-align-center has-large-font-size\"><\/p>\n<\/div><\/div>\n<\/div>\n\n\n\n<div class=\"wp-block-group maillage has-global-padding is-layout-constrained wp-container-core-group-is-layout-d1771196 wp-block-group-is-layout-constrained\">\n<div class=\"wp-block-cover is-light maillage__image maillage-reveal\" style=\"min-height:700px;aspect-ratio:unset;\"><span aria-hidden=\"true\" class=\"wp-block-cover__background has-background-dim-0 has-background-dim\"><\/span><img decoding=\"async\" width=\"2000\" height=\"1333\" class=\"wp-block-cover__image-background wp-image-2769\" alt=\"barbecue du camping\" src=\"https:\/\/www.camping-dunamunguy.com\/wp-content\/uploads\/2025\/01\/barbecue-25.webp\" data-object-fit=\"cover\" srcset=\"https:\/\/www.camping-dunamunguy.com\/wp-content\/uploads\/2025\/01\/barbecue-25.webp 2000w, https:\/\/www.camping-dunamunguy.com\/wp-content\/uploads\/2025\/01\/barbecue-25-300x200.webp 300w, https:\/\/www.camping-dunamunguy.com\/wp-content\/uploads\/2025\/01\/barbecue-25-1024x682.webp 1024w, https:\/\/www.camping-dunamunguy.com\/wp-content\/uploads\/2025\/01\/barbecue-25-768x512.webp 768w, https:\/\/www.camping-dunamunguy.com\/wp-content\/uploads\/2025\/01\/barbecue-25-1536x1024.webp 1536w\" sizes=\"(max-width: 2000px) 100vw, 2000px\" \/><div class=\"wp-block-cover__inner-container has-global-padding is-layout-constrained wp-block-cover-is-layout-constrained\">\n<p class=\"has-text-align-center has-large-font-size\"><\/p>\n<\/div><\/div>\n<\/div>\n<\/div>\n\n\n\n<div class=\"wp-block-group gt-rangee is-content-justification-right is-nowrap is-layout-flex wp-container-core-group-is-layout-55327474 wp-block-group-is-layout-flex\" style=\"padding-right:15rem;padding-left:15rem\">\n<div class=\"wp-block-group gt-swiper-mb-1-bottom button-slider button-slider-prev has-border-color has-custom-couleur-2-border-color has-base-2-background-color has-background is-vertical is-content-justification-left is-layout-flex wp-container-core-group-is-layout-fa960f8d wp-block-group-is-layout-flex\" style=\"border-style:solid;border-width:1px;padding-top:var(--wp--preset--spacing--10);padding-right:3rem;padding-bottom:var(--wp--preset--spacing--10);padding-left:var(--wp--preset--spacing--10)\">\n<p class=\"has-custom-couleur-1-color has-text-color has-link-color has-kodchasan-font-family wp-elements-e3cacee769460976dbe21825c832e75e\" style=\"font-size:clamp(18.434px, 1.152rem + ((1vw - 3.2px) * 1.101), 29px);text-transform:uppercase\">Anterior<\/p>\n<\/div>\n\n\n\n<div class=\"wp-block-group is-vertical is-layout-flex wp-container-core-group-is-layout-fe9cc265 wp-block-group-is-layout-flex\">\n<div style=\"height:40px\" aria-hidden=\"true\" class=\"wp-block-spacer gt-hide-mobile wp-container-content-28f0cd9b\"><\/div>\n\n\n\n<div style=\"height:15px\" aria-hidden=\"true\" class=\"wp-block-spacer gt-hide-mobile wp-container-content-42c95ffb\"><\/div>\n\n\n\n<p>En nuestro <a href=\"https:\/\/www.camping-dunamunguy.com\/es\/camping-piscina-san-juan-de-luz\/\" data-type=\"page\" data-id=\"10\">camping con piscina de San Juan de Luz<\/a>, <strong>\u00a1el parque infantil<\/strong> es el segundo lugar de encuentro favorito de los ni\u00f1os!<\/p>\n\n\n\n<p>Los visitantes <strong>m\u00e1s j\u00f3venes<\/strong> viven aqu\u00ed mil aventuras, desde trepar a deslizarse, desde colgarse a hacer acrobacias. Este lugar se convierte en su reino de imaginaci\u00f3n, enriquecido por las amistades que all\u00ed hacen. <\/p>\n\n\n\n<p>Para los mayores, la acci\u00f3n se traslada a las mesas de <strong>ping-pong, dardos y futbol\u00edn<\/strong>, donde una partida fren\u00e9tica sigue a otra y la venganza est\u00e1 llena de suspense.<\/p>\n\n\n\n<p>\u00bfBuscas un momento m\u00e1s tranquilo? Nuestra <strong>biblioteca<\/strong> de autoservicio podr\u00eda ser el hogar perfecto para tu novela de vacaciones. <\/p>\n\n\n\n<p>Y como hay para todos los gustos, la zona de juegos junto a la <strong>barbacoa<\/strong> se convierte en un aut\u00e9ntico lugar de encuentro. Mientras los peque\u00f1os se divierten bajo la atenta mirada de sus padres, los adultos se re\u00fanen para compartir un aperitivo e intercambiar consejos sobre las vacaciones \u00a1mientras observan las parrillas! <\/p>\n<\/div>\n<\/div>\n\n\n\n<figure class=\"wp-block-image size-full illustration-background\"><img decoding=\"async\" width=\"900\" height=\"540\" src=\"https:\/\/www.camping-dunamunguy.com\/wp-content\/uploads\/2025\/01\/camping-duna-munguy-st-jean-de-luz-2-1.png\" alt=\"camping duna munguy st jean de luz\" class=\"wp-image-2690\" title=\"\" srcset=\"https:\/\/www.camping-dunamunguy.com\/wp-content\/uploads\/2025\/01\/camping-duna-munguy-st-jean-de-luz-2-1.png 900w, https:\/\/www.camping-dunamunguy.com\/wp-content\/uploads\/2025\/01\/camping-duna-munguy-st-jean-de-luz-2-1-300x180.png 300w, https:\/\/www.camping-dunamunguy.com\/wp-content\/uploads\/2025\/01\/camping-duna-munguy-st-jean-de-luz-2-1-768x461.png 768w\" sizes=\"(max-width: 900px) 100vw, 900px\" \/><\/figure>\n<\/section>\n\n<section class=\"wp-block-group alignfull home-hebergements page-three has-custom-couleur-1-background-color has-background is-vertical is-content-justification-center is-layout-flex wp-container-core-group-is-layout-2f4ed5a7 wp-block-group-is-layout-flex\" style=\"border-top-style:none;border-top-width:0px;margin-top:0;margin-bottom:0;padding-top:8rem;padding-right:15rem;padding-bottom:8rem;padding-left:15rem\"><h2 class=\"wp-block-heading has-text-align-center has-custom-couleur-2-color has-text-color has-link-color wp-elements-82be90cee79bcc4dcee26a5b06b65e54\" style=\"text-transform:uppercase\" id=\"servicios-incluidos-para-tu-tranquilidad\">Servicios incluidos para tu tranquilidad<\/h2>\n\n\n<div style=\"height:43px\" aria-hidden=\"true\" class=\"wp-block-spacer gt-hide-mobile wp-container-content-d613cd94\"><\/div>\n\n\n\n<p class=\"has-text-align-center has-base-2-color has-text-color has-link-color wp-elements-023a597afaf4be08731bddacd68a7e75\">Al reservar su estancia, tendr\u00e1 acceso a todos los <strong>siguientes servicios incluidos<\/strong>:<\/p>\n\n\n\n<div class=\"wp-block-columns is-layout-flex wp-container-core-columns-is-layout-28b55a6e wp-block-columns-is-layout-flex\" style=\"padding-top:var(--wp--preset--spacing--10);padding-bottom:var(--wp--preset--spacing--10)\">\n<div class=\"wp-block-column is-layout-flow wp-block-column-is-layout-flow\">\n<figure class=\"wp-block-image aligncenter size-full is-resized wp-duotone-e9d4b7-ffffff-5\"><img decoding=\"async\" width=\"512\" height=\"512\" src=\"https:\/\/www.camping-dunamunguy.com\/wp-content\/uploads\/2024\/12\/wifi.svg\" alt=\"acceso wifi\" class=\"wp-image-1784\" style=\"width:90px\"\/><\/figure>\n\n\n\n<p class=\"has-text-align-center has-base-2-color has-text-color has-link-color has-medium-font-size wp-elements-c32f5d5cbdf464c0bddc62521252731d\">WiFi de alta velocidad<\/p>\n<\/div>\n\n\n\n<div class=\"wp-block-column is-layout-flow wp-block-column-is-layout-flow\">\n<figure class=\"wp-block-image aligncenter size-full is-resized wp-duotone-e9d4b7-ffffff-6\"><img decoding=\"async\" width=\"512\" height=\"512\" src=\"https:\/\/www.camping-dunamunguy.com\/wp-content\/uploads\/2024\/12\/pain-de-mie.svg\" alt=\"pan y boller&#xED;a  \" class=\"wp-image-1790\" style=\"width:90px\"\/><\/figure>\n\n\n\n<p class=\"has-text-align-center has-base-2-color has-text-color has-link-color wp-elements-8295ee6756ffa176b397b55899f38202\">Pan fresco, boller\u00eda y, para los golosos, pastel vasco (suministrado por Luz tourti\u00e8re &#8211; panadera artesana de San Juan de Luz).<\/p>\n<\/div>\n\n\n\n<div class=\"wp-block-column is-layout-flow wp-block-column-is-layout-flow\">\n<figure class=\"wp-block-image aligncenter size-full is-resized wp-duotone-e9d4b7-ffffff-7\"><img decoding=\"async\" width=\"512\" height=\"512\" src=\"https:\/\/www.camping-dunamunguy.com\/wp-content\/uploads\/2024\/12\/laverie.svg\" alt=\"lavander&#xED;a\" class=\"wp-image-1793\" style=\"width:90px\"\/><\/figure>\n\n\n\n<p class=\"has-text-align-center has-base-2-color has-text-color has-link-color has-medium-font-size wp-elements-51a51fb877df4f438e645994d007660e\">Lavadero (lavadora y secadora)<\/p>\n<\/div>\n\n\n\n<div class=\"wp-block-column is-layout-flow wp-block-column-is-layout-flow\">\n<figure class=\"wp-block-image aligncenter size-full is-resized wp-duotone-e9d4b7-ffffff-8\"><img decoding=\"async\" src=\"https:\/\/www.camping-dunamunguy.com\/wp-content\/uploads\/2024\/12\/cube-de-des.svg\" alt=\"sala de juegos\" class=\"wp-image-1797\" style=\"width:90px\"\/><\/figure>\n\n\n\n<p class=\"has-text-align-center has-base-2-color has-text-color has-link-color has-medium-font-size wp-elements-7abc8f2e1f2594b04c0027f9e315bff0\">Sala de juegos (futbol\u00edn, dardos, tenis de mesa) y biblioteca<\/p>\n<\/div>\n\n\n\n<div class=\"wp-block-column is-layout-flow wp-block-column-is-layout-flow\">\n<figure class=\"wp-block-image aligncenter size-full is-resized wp-duotone-e9d4b7-ffffff-9\"><img decoding=\"async\" src=\"https:\/\/www.camping-dunamunguy.com\/wp-content\/uploads\/2024\/12\/aire-de-jeux.svg\" alt=\"zona de juegos\" class=\"wp-image-1801\" style=\"width:90px\"\/><\/figure>\n\n\n\n<p class=\"has-text-align-center has-base-2-color has-text-color has-link-color has-medium-font-size wp-elements-d14b797eaa309ecb3b0d11f2f3b617f6\">Parque infantil para peque\u00f1os aventureros y acr\u00f3batas<\/p>\n<\/div>\n\n\n\n<div class=\"wp-block-column is-layout-flow wp-block-column-is-layout-flow\">\n<figure class=\"wp-block-image aligncenter size-full is-resized wp-duotone-e9d4b7-ffffff-10\"><img decoding=\"async\" width=\"512\" height=\"512\" src=\"https:\/\/www.camping-dunamunguy.com\/wp-content\/uploads\/2024\/12\/barbecue.svg\" alt=\"barbacoa\" class=\"wp-image-1804\" style=\"width:90px\"\/><\/figure>\n\n\n\n<p class=\"has-text-align-center has-base-2-color has-text-color has-link-color has-medium-font-size wp-elements-b02a77952290a711f3ac1490478a97fd\">y como las vacaciones no son nada sin ella&#8230; \u00a1tambi\u00e9n hay una barbacoa disponible!<\/p>\n<\/div>\n<\/div>\n\n\n\n<p class=\"has-text-align-center has-base-2-color has-text-color has-link-color wp-elements-db6534983b53d6c3459c5d0b829e27a9\">\u00bfTienes alguna pregunta? \u00a1Estaremos encantados de <a href=\"https:\/\/www.camping-dunamunguy.com\/es\/contacto-y-acceso\/\" data-type=\"page\" data-id=\"14\">escucharte<\/a>!<br\/><\/p>\n<\/section>\n\n<section class=\"wp-block-group alignfull home-hebergements page-three has-custom-couleur-3-background-color has-background is-vertical is-content-justification-center is-layout-flex wp-container-core-group-is-layout-2f4ed5a7 wp-block-group-is-layout-flex\" style=\"border-top-style:none;border-top-width:0px;margin-top:0;margin-bottom:0;padding-top:8rem;padding-right:15rem;padding-bottom:8rem;padding-left:15rem\"><h2 class=\"wp-block-heading has-text-align-center\" style=\"text-transform:uppercase\" id=\"alquileres-adicionales\">Alquileres adicionales<\/h2>\n\n\n<div style=\"height:43px\" aria-hidden=\"true\" class=\"wp-block-spacer gt-hide-mobile wp-container-content-d613cd94\"><\/div>\n\n\n\n<p class=\"has-text-align-center has-link-color wp-elements-6cbb089d07d1a8e6e34882c3bf135b16\">Para mayor comodidad, ofrecemos una serie de servicios con coste adicional:<\/p>\n\n\n\n<div class=\"wp-block-columns is-layout-flex wp-container-core-columns-is-layout-b674b79b wp-block-columns-is-layout-flex\" style=\"padding-top:var(--wp--preset--spacing--10);padding-right:var(--wp--preset--spacing--50);padding-bottom:var(--wp--preset--spacing--10);padding-left:var(--wp--preset--spacing--50)\">\n<div class=\"wp-block-column is-layout-flow wp-block-column-is-layout-flow\">\n<figure class=\"wp-block-image aligncenter size-full is-resized wp-duotone-005665-ffffff-11\"><img decoding=\"async\" width=\"512\" height=\"512\" src=\"https:\/\/www.camping-dunamunguy.com\/wp-content\/uploads\/2024\/12\/chaise-haute.svg\" alt=\"silla alta\" class=\"wp-image-1819\" style=\"width:90px\"\/><\/figure>\n\n\n\n<p class=\"has-text-align-center has-medium-font-size\">Sillas y cunas para beb\u00e9s de alquiler o kit completo (a reservar antes de tu llegada y sujeto a disponibilidad)<\/p>\n<\/div>\n\n\n\n<div class=\"wp-block-column is-layout-flow wp-block-column-is-layout-flow\">\n<figure class=\"wp-block-image aligncenter size-full is-resized wp-duotone-005665-ffffff-12\"><img decoding=\"async\" width=\"512\" height=\"512\" src=\"https:\/\/www.camping-dunamunguy.com\/wp-content\/uploads\/2024\/12\/draps-de-lit.svg\" alt=\"ropa de cama\" class=\"wp-image-1816\" style=\"width:90px\"\/><\/figure>\n\n\n\n<p class=\"has-text-align-center has-medium-font-size\">Alquiler de s\u00e1banas y toallas de algod\u00f3n<\/p>\n<\/div>\n\n\n\n<div class=\"wp-block-column is-layout-flow wp-block-column-is-layout-flow\">\n<figure class=\"wp-block-image aligncenter size-full is-resized wp-duotone-005665-ffffff-13\"><img decoding=\"async\" src=\"https:\/\/www.camping-dunamunguy.com\/wp-content\/uploads\/2024\/12\/serpilliere.svg\" alt=\"tareas dom&#xE9;sticas\" class=\"wp-image-1813\" style=\"width:90px\"\/><\/figure>\n\n\n\n<p class=\"has-text-align-center has-medium-font-size\">Servicio de limpieza de final de estancia (excepto vajilla y electrodom\u00e9sticos)<\/p>\n<\/div>\n\n\n\n<div class=\"wp-block-column is-layout-flow wp-block-column-is-layout-flow\">\n<figure class=\"wp-block-image aligncenter size-full is-resized wp-duotone-005665-ffffff-14\"><img decoding=\"async\" width=\"512\" height=\"512\" src=\"https:\/\/www.camping-dunamunguy.com\/wp-content\/uploads\/2024\/12\/bus-scolaire.svg\" alt=\"lanzadera\" class=\"wp-image-1809\" style=\"width:80px\"\/><\/figure>\n\n\n\n<p class=\"has-text-align-center has-medium-font-size\">autob\u00fas lanzadera desde el camping, muy pr\u00e1ctico para viajar por la costa vasca<\/p>\n<\/div>\n<\/div>\n<\/section>\n\n<section class=\"wp-block-group alignfull home-hebergements page-three has-custom-couleur-1-background-color has-background is-vertical is-layout-flex wp-container-core-group-is-layout-c6822031 wp-block-group-is-layout-flex\" style=\"border-top-style:none;border-top-width:0px;margin-top:0;margin-bottom:0;padding-top:8rem;padding-right:15rem;padding-bottom:12rem;padding-left:15rem\">\n<div class=\"wp-block-columns are-vertically-aligned-center is-layout-flex wp-container-core-columns-is-layout-b23a18ed wp-block-columns-is-layout-flex\">\n<div class=\"wp-block-column is-vertically-aligned-center parallax-vertical parallax-up is-layout-flow wp-block-column-is-layout-flow\">\n<div class=\"wp-block-group wp-container-content-9cfa9a5a is-vertical is-layout-flex wp-container-core-group-is-layout-fe9cc265 wp-block-group-is-layout-flex\">\n<div style=\"height:0px\" aria-hidden=\"true\" class=\"wp-block-spacer gt-hide-mobile wp-container-content-6388d5dc\"><\/div>\n\n\n\n<div class=\"wp-block-cover is-light maillage__image second\" style=\"min-height:700px;aspect-ratio:unset;\"><span aria-hidden=\"true\" class=\"wp-block-cover__background has-background-dim-0 has-background-dim\"><\/span><img decoding=\"async\" width=\"431\" height=\"700\" class=\"wp-block-cover__image-background wp-image-1868\" alt=\"camping st jean de luz\" src=\"https:\/\/www.camping-dunamunguy.com\/wp-content\/uploads\/2025\/01\/camping-st-jean-de-luz.webp\" data-object-fit=\"cover\" srcset=\"https:\/\/www.camping-dunamunguy.com\/wp-content\/uploads\/2025\/01\/camping-st-jean-de-luz.webp 431w, https:\/\/www.camping-dunamunguy.com\/wp-content\/uploads\/2025\/01\/camping-st-jean-de-luz-185x300.webp 185w\" sizes=\"(max-width: 431px) 100vw, 431px\" \/><div class=\"wp-block-cover__inner-container has-global-padding is-layout-constrained wp-block-cover-is-layout-constrained\">\n<p class=\"has-text-align-center has-large-font-size\"><\/p>\n<\/div><\/div>\n<\/div>\n<\/div>\n\n\n\n<div class=\"wp-block-column is-vertically-aligned-center parallax-vertical is-layout-flow wp-block-column-is-layout-flow\">\n<div class=\"wp-block-cover is-light maillage__image first\" style=\"min-height:700px;aspect-ratio:unset;\"><span aria-hidden=\"true\" class=\"wp-block-cover__background has-background-dim-0 has-background-dim\"><\/span><img decoding=\"async\" width=\"431\" height=\"700\" class=\"wp-block-cover__image-background wp-image-1865\" alt=\"Assortiment de tapas espagnols sur comptoir.\" src=\"https:\/\/www.camping-dunamunguy.com\/wp-content\/uploads\/2025\/01\/produits-basques-tapas-1.webp\" data-object-fit=\"cover\" srcset=\"https:\/\/www.camping-dunamunguy.com\/wp-content\/uploads\/2025\/01\/produits-basques-tapas-1.webp 431w, https:\/\/www.camping-dunamunguy.com\/wp-content\/uploads\/2025\/01\/produits-basques-tapas-1-185x300.webp 185w\" sizes=\"(max-width: 431px) 100vw, 431px\" \/><div class=\"wp-block-cover__inner-container has-global-padding is-layout-constrained wp-block-cover-is-layout-constrained\">\n<p class=\"has-text-align-center has-large-font-size\"><\/p>\n<\/div><\/div>\n<\/div>\n\n\n\n<div class=\"wp-block-column is-vertically-aligned-center is-layout-flow wp-block-column-is-layout-flow\">\n<div class=\"wp-block-group wp-container-content-9cfa9a5a is-vertical is-layout-flex wp-container-core-group-is-layout-fe9cc265 wp-block-group-is-layout-flex\">\n<div style=\"height:0px\" aria-hidden=\"true\" class=\"wp-block-spacer gt-hide-mobile wp-container-content-6388d5dc\"><\/div>\n\n\n<h2 class=\"wp-block-heading has-custom-couleur-2-color has-text-color has-link-color wp-elements-67c4cd1ef02b977bf8f36ab54ebcadd0\" style=\"text-transform:uppercase\" id=\"buscas-un-tentempie-o-una-bebida\">\u00bfBuscas un tentempi\u00e9 o una bebida?<\/h2>\n\n\n<p class=\"has-base-2-color has-text-color has-link-color wp-elements-ae81b7e1d4a1e9d9aa9718a0097e4952\">En nuestro barrio encontrar\u00e1s todos los <strong>comercios que necesitas para tu vida diaria:<\/strong> tiendas de comestibles, restaurantes, food trucks, pizzas para llevar, etc. El centro comercial m\u00e1s cercano, con su supermercado y farmacia, est\u00e1 a s\u00f3lo 2 km en coche.<\/p>\n\n\n\n<p class=\"has-base-2-color has-text-color has-link-color wp-elements-bb85c3ce0f328d961ddab233a86778f1\">Tambi\u00e9n puedes aprovechar tu estancia en el Pa\u00eds Vasco para descubrir los numerosos <strong>productores locales<\/strong>. No dudes en pedirnos recomendaciones, y ven a degustar los productos locales que hemos seleccionado para ti en recepci\u00f3n. <\/p>\n\n\n\n<p class=\"has-base-2-color has-text-color has-link-color wp-elements-c893b6d6a349f7e3619025a4a22aedab\"><\/p>\n<\/div>\n<\/div>\n<\/div>\n<\/section>\n\n<section class=\"wp-block-group alignfull home-intro page-one has-custom-couleur-3-background-color has-background gt-break-mobile is-nowrap is-layout-flex wp-container-core-group-is-layout-6cb393e8 wp-block-group-is-layout-flex\" style=\"margin-top:0rem;margin-bottom:0rem;padding-top:12rem;padding-right:15rem;padding-bottom:12rem;padding-left:15rem\">\n<div class=\"wp-block-group wp-container-content-dc435e0d is-vertical is-layout-flex wp-container-core-group-is-layout-a3b65dd2 wp-block-group-is-layout-flex\"><h2 class=\"wp-block-heading\" style=\"text-transform:uppercase\" id=\"viajar-con-tu-mascota\">Viajar con tu mascota<\/h2>\n\n\n<div style=\"height:32px\" aria-hidden=\"true\" class=\"wp-block-spacer gt-hide-mobile wp-container-content-82ea18c2\"><\/div>\n\n\n\n<div class=\"wp-block-group is-vertical is-layout-flex wp-container-core-group-is-layout-bf547533 wp-block-group-is-layout-flex\" style=\"padding-right:30px\">\n<p>Estaremos encantados de recibir a tus <strong>mascotas en el camping<\/strong>, con un l\u00edmite de un animal por alojamiento: perro (excluidas las categor\u00edas 1 y 2) o gato. Para el bienestar de todos, te indicamos algunas normas a seguir: <\/p>\n\n\n\n<ul class=\"wp-block-list\">\n<li>Tu mascota debe estar tatuada y tener las vacunas al d\u00eda.<\/li>\n\n\n\n<li>Hay que llevarlos con correa y pasearlos fuera del camping para que hagan sus necesidades naturales.<\/li>\n\n\n\n<li>Por respeto a los dem\u00e1s veraneantes, no se aceptar\u00e1n animales ruidosos o amenazadores.<\/li>\n\n\n\n<li>Tambi\u00e9n te pedimos que no dejes solos a tus acompa\u00f1antes en el alojamiento.<\/li>\n<\/ul>\n\n\n\n<p>Se cobrar\u00e1 una tarifa diaria por animal durante su estancia.<\/p>\n\n\n\n<p>Estamos convencidos de que, gracias a estas pocas instrucciones, tu acompa\u00f1ante disfrutar\u00e1 de su estancia en el Pa\u00eds Vasco en nuestro camping tanto como t\u00fa.<\/p>\n<\/div>\n<\/div>\n\n\n\n<div class=\"wp-block-group wp-container-content-9cfa9a5a is-vertical is-layout-flex wp-container-core-group-is-layout-fe9cc265 wp-block-group-is-layout-flex\">\n<div class=\"wp-block-group images-container wp-container-content-9cfa9a5a is-nowrap is-layout-flex wp-container-core-group-is-layout-fcdbac02 wp-block-group-is-layout-flex\">\n<div class=\"wp-block-group parent-illustration parallax-vertical parallax-up is-vertical is-layout-flex wp-container-core-group-is-layout-4b827052 wp-block-group-is-layout-flex\">\n<figure class=\"wp-block-image size-full first\"><img decoding=\"async\" width=\"500\" height=\"750\" src=\"https:\/\/www.camping-dunamunguy.com\/wp-content\/uploads\/2024\/12\/location-mobil-home-st-jean-de-luz.webp\" alt=\"alquiler de mobil home st jean de luz\" class=\"wp-image-1718\" srcset=\"https:\/\/www.camping-dunamunguy.com\/wp-content\/uploads\/2024\/12\/location-mobil-home-st-jean-de-luz.webp 500w, https:\/\/www.camping-dunamunguy.com\/wp-content\/uploads\/2024\/12\/location-mobil-home-st-jean-de-luz-200x300.webp 200w\" sizes=\"(max-width: 500px) 100vw, 500px\" \/><\/figure>\n<\/div>\n\n\n\n<div class=\"wp-block-group parallax-vertical parallax-down is-vertical is-layout-flex wp-container-core-group-is-layout-4b827052 wp-block-group-is-layout-flex\">\n<figure class=\"wp-block-image size-full second\"><img decoding=\"async\" width=\"500\" height=\"750\" src=\"https:\/\/www.camping-dunamunguy.com\/wp-content\/uploads\/2024\/12\/camping-animaux-acceptes.webp\" alt=\"se aceptan animales de acampada\" class=\"wp-image-1722\" srcset=\"https:\/\/www.camping-dunamunguy.com\/wp-content\/uploads\/2024\/12\/camping-animaux-acceptes.webp 500w, https:\/\/www.camping-dunamunguy.com\/wp-content\/uploads\/2024\/12\/camping-animaux-acceptes-200x300.webp 200w\" sizes=\"(max-width: 500px) 100vw, 500px\" \/><\/figure>\n<\/div>\n<\/div>\n<\/div>\n<\/section>\n\n<section class=\"wp-block-group alignfull page-maillage has-global-padding is-layout-constrained wp-container-core-group-is-layout-6131d34a wp-block-group-is-layout-constrained\" style=\"margin-top:0px;margin-bottom:0px;padding-top:10rem;padding-right:0;padding-bottom:10rem;padding-left:0rem\">\n<p class=\"has-text-align-center text-deco has-custom-couleur-1-color has-text-color has-link-color has-kodchasan-font-family wp-elements-6162ecba4f7bc4f74a0ecda146e7cdac\" style=\"margin-left:-4.6rem;font-size:clamp(44.14px, 2.759rem + ((1vw - 3.2px) * 4.256), 85px);line-height:1.3;text-transform:uppercase\">Descubre<\/p>\n\n\n\n<p class=\"has-text-align-center has-custom-couleur-5-color has-text-color has-link-color wp-elements-f0c4f1306ca21c0895dab6edb283fb4f\" style=\"padding-left:1rem;font-size:clamp(16.834px, 1.052rem + ((1vw - 3.2px) * 0.955), 26px);letter-spacing:5.2px;text-transform:uppercase\">el camping, el alojamiento y la piscina<\/p>\n\n\n\n<div class=\"wp-block-group is-layout-flow wp-block-group-is-layout-flow\">\n<div class=\"wp-block-query alignfull is-layout-flow wp-block-query-is-layout-flow\"><ul class=\"wp-block-post-template is-layout-grid wp-container-core-post-template-is-layout-c37e0d04 wp-block-post-template-is-layout-grid\"><li class=\"wp-block-post post-3146 page type-page status-publish has-post-thumbnail hentry\">\n\n<div class=\"wp-block-group overflow-hidden gt-maillage has-global-padding is-layout-constrained wp-block-group-is-layout-constrained\">\n<figure class=\"wp-block-image gt-maillage__image\"><img decoding=\"async\" src=\"https:\/\/www.camping-dunamunguy.com\/wp-content\/uploads\/2024\/12\/camping-pays-basque-bord-de-mer.webp\" alt=\"Camping\" style=\"aspect-ratio:3\/4;object-fit:cover\"\/><\/figure>\n\n\n\n<p class=\"has-text-align-right gt-maillage__title has-custom-couleur-2-color has-text-color has-link-color has-kodchasan-font-family wp-elements-26d80191a03d8962f31a261686c3dfcb\" style=\"border-right-style:none;border-right-width:0px;border-bottom-style:none;border-bottom-width:0px;padding-right:1rem;font-size:clamp(0.875rem, 0.875rem + ((1vw - 0.2rem) * 0.708), 1.3rem);font-style:normal;font-weight:500;text-transform:uppercase\">Camping<\/p>\n\n\n<a class=\"is-style-lien-cover wp-block-read-more\" href=\"https:\/\/www.camping-dunamunguy.com\/es\/camping-familiar-pais-vasco\/\" target=\"_self\">Leer m\u00e1s<span class=\"screen-reader-text\">: Camping<\/span><\/a><\/div>\n\n<\/li><li class=\"wp-block-post post-3144 page type-page status-publish has-post-thumbnail hentry\">\n\n<div class=\"wp-block-group overflow-hidden gt-maillage has-global-padding is-layout-constrained wp-block-group-is-layout-constrained\">\n<figure class=\"wp-block-image gt-maillage__image\"><img decoding=\"async\" src=\"https:\/\/www.camping-dunamunguy.com\/wp-content\/uploads\/2024\/12\/camping-location-mobil-home-pays-basque.webp\" alt=\"Alojamiento\" style=\"aspect-ratio:3\/4;object-fit:cover\"\/><\/figure>\n\n\n\n<p class=\"has-text-align-right gt-maillage__title has-custom-couleur-2-color has-text-color has-link-color has-kodchasan-font-family wp-elements-26d80191a03d8962f31a261686c3dfcb\" style=\"border-right-style:none;border-right-width:0px;border-bottom-style:none;border-bottom-width:0px;padding-right:1rem;font-size:clamp(0.875rem, 0.875rem + ((1vw - 0.2rem) * 0.708), 1.3rem);font-style:normal;font-weight:500;text-transform:uppercase\">Alojamiento<\/p>\n\n\n<a class=\"is-style-lien-cover wp-block-read-more\" href=\"https:\/\/www.camping-dunamunguy.com\/es\/alquiler-mobil-home-san-juan-de-luz\/\" target=\"_self\">Leer m\u00e1s<span class=\"screen-reader-text\">: Alojamiento<\/span><\/a><\/div>\n\n<\/li><li class=\"wp-block-post post-3136 page type-page status-publish has-post-thumbnail hentry\">\n\n<div class=\"wp-block-group overflow-hidden gt-maillage has-global-padding is-layout-constrained wp-block-group-is-layout-constrained\">\n<figure class=\"wp-block-image gt-maillage__image\"><img decoding=\"async\" src=\"https:\/\/www.camping-dunamunguy.com\/wp-content\/uploads\/2024\/12\/camping-avec-piscine-st-jean-de-luz-6.webp\" alt=\"Piscina\" style=\"aspect-ratio:3\/4;object-fit:cover\"\/><\/figure>\n\n\n\n<p class=\"has-text-align-right gt-maillage__title has-custom-couleur-2-color has-text-color has-link-color has-kodchasan-font-family wp-elements-26d80191a03d8962f31a261686c3dfcb\" style=\"border-right-style:none;border-right-width:0px;border-bottom-style:none;border-bottom-width:0px;padding-right:1rem;font-size:clamp(0.875rem, 0.875rem + ((1vw - 0.2rem) * 0.708), 1.3rem);font-style:normal;font-weight:500;text-transform:uppercase\">Piscina<\/p>\n\n\n<a class=\"is-style-lien-cover wp-block-read-more\" href=\"https:\/\/www.camping-dunamunguy.com\/es\/camping-piscina-san-juan-de-luz\/\" target=\"_self\">Leer m\u00e1s<span class=\"screen-reader-text\">: Piscina<\/span><\/a><\/div>\n\n<\/li><\/ul><\/div>\n<\/div>\n<\/section>\n","protected":false},"excerpt":{"rendered":"<p>Servicios Servicios 3 estrellas en nuestro camping Saint-Jean-de-Luz Para que pases unas vacaciones relajadas y satisfactorias en el camping Duna Munguy, en la costa vasca, nos gustar\u00eda darte algunos datos pr\u00e1cticos que debes conocer antes de partir. Descubre los servicios que ofrece nuestro camping, las tiendas y actividades situadas en las inmediaciones, y una cuidada [&hellip;]<\/p>\n","protected":false},"author":1,"featured_media":2755,"parent":0,"menu_order":0,"comment_status":"closed","ping_status":"closed","template":"","meta":{"_acf_changed":false,"_seopress_robots_primary_cat":"","_seopress_titles_title":"Camping Duna Munguy: servicios de 3 estrellas para descubrir","_seopress_titles_desc":"Descubre el camping Duna Munguy: servicios de 3 estrellas, alquiler de bicicletas, f\u00e1cil acceso a las playas y a los pueblos vascos para unas vacaciones inolvidables.","_seopress_robots_index":"","_gt_ctv_global_id":"1762","_gt_ctv_id_group":false,"inline_featured_image":false,"gt_fse_maillage_image":"https:\/\/www.camping-dunamunguy.com\/wp-content\/uploads\/2024\/12\/camping-convivial-au-pays-basque.webp","gt_fse_maillage_titre":"Servicios","gt_fse_maillage_alt":"Servicios","gt_fse_maillage_resume":"","footnotes":""},"categories":[],"tags":[],"class_list":["post-3128","page","type-page","status-publish","has-post-thumbnail","hentry"],"acf":[],"_links":{"self":[{"href":"https:\/\/www.camping-dunamunguy.com\/es\/wp-json\/wp\/v2\/pages\/3128","targetHints":{"allow":["GET"]}}],"collection":[{"href":"https:\/\/www.camping-dunamunguy.com\/es\/wp-json\/wp\/v2\/pages"}],"about":[{"href":"https:\/\/www.camping-dunamunguy.com\/es\/wp-json\/wp\/v2\/types\/page"}],"author":[{"embeddable":true,"href":"https:\/\/www.camping-dunamunguy.com\/es\/wp-json\/wp\/v2\/users\/1"}],"replies":[{"embeddable":true,"href":"https:\/\/www.camping-dunamunguy.com\/es\/wp-json\/wp\/v2\/comments?post=3128"}],"version-history":[{"count":12,"href":"https:\/\/www.camping-dunamunguy.com\/es\/wp-json\/wp\/v2\/pages\/3128\/revisions"}],"predecessor-version":[{"id":4353,"href":"https:\/\/www.camping-dunamunguy.com\/es\/wp-json\/wp\/v2\/pages\/3128\/revisions\/4353"}],"wp:featuredmedia":[{"embeddable":true,"href":"https:\/\/www.camping-dunamunguy.com\/es\/wp-json\/wp\/v2\/media\/2755"}],"wp:attachment":[{"href":"https:\/\/www.camping-dunamunguy.com\/es\/wp-json\/wp\/v2\/media?parent=3128"}],"wp:term":[{"taxonomy":"category","embeddable":true,"href":"https:\/\/www.camping-dunamunguy.com\/es\/wp-json\/wp\/v2\/categories?post=3128"},{"taxonomy":"post_tag","embeddable":true,"href":"https:\/\/www.camping-dunamunguy.com\/es\/wp-json\/wp\/v2\/tags?post=3128"}],"curies":[{"name":"wp","href":"https:\/\/api.w.org\/{rel}","templated":true}]}}