{"id":3148,"date":"2024-11-26T17:11:16","date_gmt":"2024-11-26T16:11:16","guid":{"rendered":"https:\/\/www.camping-dunamunguy.com\/family-camping-saint-jean-de-luz\/"},"modified":"2025-02-13T10:07:43","modified_gmt":"2025-02-13T09:07:43","slug":"family-campsite-basque-country","status":"publish","type":"page","link":"https:\/\/www.camping-dunamunguy.com\/en\/family-campsite-basque-country\/","title":{"rendered":"Campsite"},"content":{"rendered":"\n<section class=\"wp-block-group alignfull home-intro page-one has-custom-couleur-3-background-color has-background gt-break-mobile is-nowrap is-layout-flex wp-container-core-group-is-layout-6cb393e8 wp-block-group-is-layout-flex\" style=\"margin-top:0rem;margin-bottom:0rem;padding-top:12rem;padding-right:15rem;padding-bottom:12rem;padding-left:15rem\">\n<figure class=\"wp-block-image size-full illustration-background\"><img decoding=\"async\" width=\"900\" height=\"540\" src=\"https:\/\/www.camping-dunamunguy.com\/wp-content\/uploads\/2025\/01\/camping-duna-munguy-st-jean-de-luz-2.png\" alt=\"camping duna munguy st jean de luz\" class=\"wp-image-2686\" title=\"\" srcset=\"https:\/\/www.camping-dunamunguy.com\/wp-content\/uploads\/2025\/01\/camping-duna-munguy-st-jean-de-luz-2.png 900w, https:\/\/www.camping-dunamunguy.com\/wp-content\/uploads\/2025\/01\/camping-duna-munguy-st-jean-de-luz-2-300x180.png 300w, https:\/\/www.camping-dunamunguy.com\/wp-content\/uploads\/2025\/01\/camping-duna-munguy-st-jean-de-luz-2-768x461.png 768w\" sizes=\"(max-width: 900px) 100vw, 900px\" \/><\/figure>\n\n\n\n<div class=\"wp-block-group wp-container-content-a5fc19f1 is-vertical is-layout-flex wp-container-core-group-is-layout-4b827052 wp-block-group-is-layout-flex\">\n<p class=\"text-deco has-custom-couleur-1-color has-text-color has-link-color has-kodchasan-font-family wp-elements-81450fa69148f0ed6d6c93aa7e9df149\" style=\"margin-left:-4.6rem;font-size:clamp(33.419px, 2.089rem + ((1vw - 3.2px) * 2.769), 60px);line-height:1.3;text-transform:uppercase\">Duna Munguy<\/p>\n\n\n<h1 class=\"wp-block-heading text-deco-two has-custom-couleur-5-color has-text-color has-link-color has-source-sans-3-font-family wp-elements-79e61c328189f968f9a8b5c065f1e7e8\" style=\"border-left-color:var(--wp--preset--color--custom-couleur-2);border-left-width:1px;padding-left:var(--wp--preset--spacing--10);font-size:clamp(16.834px, 1.052rem + ((1vw - 3.2px) * 0.955), 26px);letter-spacing:4.6px\" id=\"family-camping-and-slow-life-in-the-basque-country\">family camping and slow life in the Basque Country<\/h1>\n\n\n<div style=\"height:32px\" aria-hidden=\"true\" class=\"wp-block-spacer gt-hide-mobile wp-container-content-82ea18c2\"><\/div>\n\n\n\n<div class=\"wp-block-group is-vertical is-layout-flex wp-container-core-group-is-layout-bf547533 wp-block-group-is-layout-flex\" style=\"padding-right:30px\">\n<p>Welcome to our <strong>little corner of Basque paradise<\/strong>, designed as your ideal vacation!  <\/p>\n\n\n\n<p>Here, <strong>between the sea and the mountains<\/strong>, we welcome you to a simple, warm setting in the heart of nature.<\/p>\n\n\n\n<p>Our <a href=\"https:\/\/www.camping-dunamunguy.com\/en\/\" data-type=\"gt-menu\" data-id=\"1445\">campsite in Saint-Jean-de-Luz<\/a> is your starting point for discovering the Basque Country and enjoying its natural treasures.<\/p>\n<\/div>\n\n\n\n<p><\/p>\n<\/div>\n\n\n\n<div class=\"wp-block-group wp-container-content-9cfa9a5a is-vertical is-layout-flex wp-container-core-group-is-layout-fe9cc265 wp-block-group-is-layout-flex\">\n<div class=\"wp-block-group images-container wp-container-content-9cfa9a5a is-nowrap is-layout-flex wp-container-core-group-is-layout-fcdbac02 wp-block-group-is-layout-flex\">\n<div class=\"wp-block-group parent-illustration parallax-vertical parallax-up is-vertical is-layout-flex wp-container-core-group-is-layout-4b827052 wp-block-group-is-layout-flex\">\n<figure class=\"wp-block-image size-full first\"><img decoding=\"async\" width=\"431\" height=\"700\" src=\"https:\/\/www.camping-dunamunguy.com\/wp-content\/uploads\/2025\/01\/sentier-littoral-st-jean-de-luz.webp\" alt=\"coastal path st jean de luz\" class=\"wp-image-2085\" srcset=\"https:\/\/www.camping-dunamunguy.com\/wp-content\/uploads\/2025\/01\/sentier-littoral-st-jean-de-luz.webp 431w, https:\/\/www.camping-dunamunguy.com\/wp-content\/uploads\/2025\/01\/sentier-littoral-st-jean-de-luz-185x300.webp 185w\" sizes=\"(max-width: 431px) 100vw, 431px\" \/><\/figure>\n<\/div>\n\n\n\n<div class=\"wp-block-group parallax-vertical parallax-down is-vertical is-layout-flex wp-container-core-group-is-layout-4b827052 wp-block-group-is-layout-flex\">\n<figure class=\"wp-block-image size-full second\"><img decoding=\"async\" width=\"431\" height=\"700\" src=\"https:\/\/www.camping-dunamunguy.com\/wp-content\/uploads\/2025\/01\/camping-pays-basque.webp\" alt=\"Green countryside and white houses\" class=\"wp-image-1874\" srcset=\"https:\/\/www.camping-dunamunguy.com\/wp-content\/uploads\/2025\/01\/camping-pays-basque.webp 431w, https:\/\/www.camping-dunamunguy.com\/wp-content\/uploads\/2025\/01\/camping-pays-basque-185x300.webp 185w\" sizes=\"(max-width: 431px) 100vw, 431px\" \/><\/figure>\n<\/div>\n<\/div>\n<\/div>\n<\/section>\n\n<section class=\"wp-block-group alignfull home-piscine home-template-slider page-two has-custom-couleur-3-background-color has-background is-vertical is-layout-flex wp-container-core-group-is-layout-6c9b4a6d wp-block-group-is-layout-flex\" style=\"border-top-color:var(--wp--preset--color--custom-couleur-2);border-top-width:1px;margin-top:0;margin-bottom:0;padding-top:12rem;padding-right:0rem;padding-bottom:8rem;padding-left:0rem\">\n<div class=\"wp-block-group gt-rangee is-content-justification-left is-nowrap is-layout-flex wp-container-core-group-is-layout-a7e4645d wp-block-group-is-layout-flex\" style=\"padding-right:15rem;padding-left:15rem\">\n<div class=\"wp-block-group is-vertical is-layout-flex wp-container-core-group-is-layout-fe9cc265 wp-block-group-is-layout-flex\"><h2 class=\"wp-block-heading has-custom-couleur-1-color has-text-color has-link-color wp-elements-e911f1541cee832c3dd1903fa909a42a\" style=\"border-left-color:var(--wp--preset--color--custom-couleur-2);border-left-width:1px;padding-left:1rem;font-size:clamp(16.834px, 1.052rem + ((1vw - 3.2px) * 0.955), 26px);letter-spacing:5.2px;text-transform:uppercase\" id=\"duna-munguy-the-perfect-vacation-destination\">Duna Munguy: the perfect vacation destination<\/h2><\/div>\n\n\n\n<div class=\"wp-block-group gt-swiper-mb-1-top active button-slider button-slider-next has-border-color has-custom-couleur-2-border-color has-base-2-background-color has-background is-vertical is-content-justification-left is-layout-flex wp-container-core-group-is-layout-91077632 wp-block-group-is-layout-flex\" style=\"border-style:solid;border-width:1px;padding-top:var(--wp--preset--spacing--10);padding-right:3rem;padding-bottom:var(--wp--preset--spacing--10);padding-left:var(--wp--preset--spacing--10)\">\n<p class=\"has-custom-couleur-1-color has-text-color has-link-color has-kodchasan-font-family wp-elements-150714c6166685b6ffa27a98b3e41e85\" style=\"font-size:clamp(18.434px, 1.152rem + ((1vw - 3.2px) * 1.101), 29px);text-transform:uppercase\">Next<\/p>\n<\/div>\n<\/div>\n\n\n\n<div data-swiper=\"{&quot;speed&quot;:400,&quot;spaceBetween&quot;:0,&quot;slidesPerView&quot;:1,&quot;createElements&quot;:true,&quot;loop&quot;:true,&quot;freemode&quot;:true,&quot;navigation&quot;:{&quot;nextEl&quot;:&quot;.gt-swiper-mb-1-bottom&quot;,&quot;prevEl&quot;:&quot;.gt-swiper-mb-1-top&quot;},&quot;pagination&quot;:{&quot;dynamicBullets&quot;:false},&quot;breakpoints&quot;:[{&quot;slidesPerView&quot;:1}],&quot;effect&quot;:&quot;fade&quot;,&quot;autoplay&quot;:{&quot;delay&quot;:5000}}\" class=\"wp-block-group gt-is-slider gt-is-slider-desktop is-nowrap is-layout-flex wp-container-core-group-is-layout-485480d6 wp-block-group-is-layout-flex\" style=\"padding-right:0rem;padding-left:0rem\">\n<div class=\"wp-block-group maillage has-global-padding is-layout-constrained wp-container-core-group-is-layout-12243e0f wp-block-group-is-layout-constrained\">\n<div class=\"wp-block-cover is-light maillage__image maillage-reveal\" style=\"min-height:700px;aspect-ratio:unset;\"><span aria-hidden=\"true\" class=\"wp-block-cover__background has-background-dim-0 has-background-dim\"><\/span><img decoding=\"async\" width=\"2000\" height=\"1310\" class=\"wp-block-cover__image-background wp-image-2713\" alt=\"sainte barbe saint jean de luz\" src=\"https:\/\/www.camping-dunamunguy.com\/wp-content\/uploads\/2025\/01\/sainte-barbe-saint-jean-de-luz.webp\" data-object-fit=\"cover\" srcset=\"https:\/\/www.camping-dunamunguy.com\/wp-content\/uploads\/2025\/01\/sainte-barbe-saint-jean-de-luz.webp 2000w, https:\/\/www.camping-dunamunguy.com\/wp-content\/uploads\/2025\/01\/sainte-barbe-saint-jean-de-luz-300x197.webp 300w, https:\/\/www.camping-dunamunguy.com\/wp-content\/uploads\/2025\/01\/sainte-barbe-saint-jean-de-luz-1024x671.webp 1024w, https:\/\/www.camping-dunamunguy.com\/wp-content\/uploads\/2025\/01\/sainte-barbe-saint-jean-de-luz-768x503.webp 768w, https:\/\/www.camping-dunamunguy.com\/wp-content\/uploads\/2025\/01\/sainte-barbe-saint-jean-de-luz-1536x1006.webp 1536w\" sizes=\"(max-width: 2000px) 100vw, 2000px\" \/><div class=\"wp-block-cover__inner-container has-global-padding is-layout-constrained wp-block-cover-is-layout-constrained\">\n<p class=\"has-text-align-center has-large-font-size\"><\/p>\n<\/div><\/div>\n<\/div>\n\n\n\n<div class=\"wp-block-group maillage has-global-padding is-layout-constrained wp-container-core-group-is-layout-12243e0f wp-block-group-is-layout-constrained\">\n<div class=\"wp-block-cover maillage__image maillage-reveal\" style=\"min-height:700px;aspect-ratio:unset;\"><span aria-hidden=\"true\" class=\"wp-block-cover__background has-background-dim-0 has-background-dim\"><\/span><img decoding=\"async\" width=\"2000\" height=\"1450\" class=\"wp-block-cover__image-background wp-image-2709\" alt=\"camping familial pays basque\" src=\"https:\/\/www.camping-dunamunguy.com\/wp-content\/uploads\/2025\/01\/camping-familial-pays-basque-1.webp\" data-object-fit=\"cover\" srcset=\"https:\/\/www.camping-dunamunguy.com\/wp-content\/uploads\/2025\/01\/camping-familial-pays-basque-1.webp 2000w, https:\/\/www.camping-dunamunguy.com\/wp-content\/uploads\/2025\/01\/camping-familial-pays-basque-1-300x218.webp 300w, https:\/\/www.camping-dunamunguy.com\/wp-content\/uploads\/2025\/01\/camping-familial-pays-basque-1-1024x742.webp 1024w, https:\/\/www.camping-dunamunguy.com\/wp-content\/uploads\/2025\/01\/camping-familial-pays-basque-1-768x557.webp 768w, https:\/\/www.camping-dunamunguy.com\/wp-content\/uploads\/2025\/01\/camping-familial-pays-basque-1-1536x1114.webp 1536w\" sizes=\"(max-width: 2000px) 100vw, 2000px\" \/><div class=\"wp-block-cover__inner-container has-global-padding is-layout-constrained wp-block-cover-is-layout-constrained\">\n<p class=\"has-text-align-center has-large-font-size\"><\/p>\n<\/div><\/div>\n<\/div>\n\n\n\n<div class=\"wp-block-group maillage has-global-padding is-layout-constrained wp-container-core-group-is-layout-12243e0f wp-block-group-is-layout-constrained\">\n<div class=\"wp-block-cover is-light maillage__image maillage-reveal\" style=\"min-height:700px;aspect-ratio:unset;\"><span aria-hidden=\"true\" class=\"wp-block-cover__background has-background-dim-0 has-background-dim\"><\/span><img decoding=\"async\" width=\"2000\" height=\"1450\" class=\"wp-block-cover__image-background wp-image-2723\" alt=\"baie st jean de luz\" src=\"https:\/\/www.camping-dunamunguy.com\/wp-content\/uploads\/2025\/01\/baie-st-ean-de-luz.webp\" style=\"object-position:50% 35%\" data-object-fit=\"cover\" data-object-position=\"50% 35%\" srcset=\"https:\/\/www.camping-dunamunguy.com\/wp-content\/uploads\/2025\/01\/baie-st-ean-de-luz.webp 2000w, https:\/\/www.camping-dunamunguy.com\/wp-content\/uploads\/2025\/01\/baie-st-ean-de-luz-300x218.webp 300w, https:\/\/www.camping-dunamunguy.com\/wp-content\/uploads\/2025\/01\/baie-st-ean-de-luz-1024x742.webp 1024w, https:\/\/www.camping-dunamunguy.com\/wp-content\/uploads\/2025\/01\/baie-st-ean-de-luz-768x557.webp 768w, https:\/\/www.camping-dunamunguy.com\/wp-content\/uploads\/2025\/01\/baie-st-ean-de-luz-1536x1114.webp 1536w\" sizes=\"(max-width: 2000px) 100vw, 2000px\" \/><div class=\"wp-block-cover__inner-container has-global-padding is-layout-constrained wp-block-cover-is-layout-constrained\">\n<p class=\"has-text-align-center has-large-font-size\"><\/p>\n<\/div><\/div>\n<\/div>\n\n\n\n<div class=\"wp-block-group maillage has-global-padding is-layout-constrained wp-container-core-group-is-layout-12243e0f wp-block-group-is-layout-constrained\">\n<div class=\"wp-block-cover maillage__image maillage-reveal\" style=\"min-height:700px;aspect-ratio:unset;\"><span aria-hidden=\"true\" class=\"wp-block-cover__background has-background-dim-0 has-background-dim\"><\/span><img decoding=\"async\" width=\"2000\" height=\"1500\" class=\"wp-block-cover__image-background wp-image-2951\" alt=\"camping cote basque\" src=\"https:\/\/www.camping-dunamunguy.com\/wp-content\/uploads\/2025\/01\/camping-a-st-ean-de-luz-2.webp\" style=\"object-position:49% 33%\" data-object-fit=\"cover\" data-object-position=\"49% 33%\" srcset=\"https:\/\/www.camping-dunamunguy.com\/wp-content\/uploads\/2025\/01\/camping-a-st-ean-de-luz-2.webp 2000w, https:\/\/www.camping-dunamunguy.com\/wp-content\/uploads\/2025\/01\/camping-a-st-ean-de-luz-2-300x225.webp 300w, https:\/\/www.camping-dunamunguy.com\/wp-content\/uploads\/2025\/01\/camping-a-st-ean-de-luz-2-1024x768.webp 1024w, https:\/\/www.camping-dunamunguy.com\/wp-content\/uploads\/2025\/01\/camping-a-st-ean-de-luz-2-768x576.webp 768w, https:\/\/www.camping-dunamunguy.com\/wp-content\/uploads\/2025\/01\/camping-a-st-ean-de-luz-2-1536x1152.webp 1536w\" sizes=\"(max-width: 2000px) 100vw, 2000px\" \/><div class=\"wp-block-cover__inner-container has-global-padding is-layout-constrained wp-block-cover-is-layout-constrained\">\n<p class=\"has-text-align-center has-large-font-size\"><\/p>\n<\/div><\/div>\n<\/div>\n<\/div>\n\n\n\n<div class=\"wp-block-group gt-rangee is-content-justification-right is-nowrap is-layout-flex wp-container-core-group-is-layout-55327474 wp-block-group-is-layout-flex\" style=\"padding-right:15rem;padding-left:15rem\">\n<div class=\"wp-block-group gt-swiper-mb-1-bottom button-slider button-slider-prev has-border-color has-custom-couleur-2-border-color has-base-2-background-color has-background is-vertical is-content-justification-left is-layout-flex wp-container-core-group-is-layout-fa960f8d wp-block-group-is-layout-flex\" style=\"border-style:solid;border-width:1px;padding-top:var(--wp--preset--spacing--10);padding-right:3rem;padding-bottom:var(--wp--preset--spacing--10);padding-left:var(--wp--preset--spacing--10)\">\n<p class=\"has-custom-couleur-1-color has-text-color has-link-color has-kodchasan-font-family wp-elements-d5258a39aa27f8710afb3135860e6fde\" style=\"font-size:clamp(18.434px, 1.152rem + ((1vw - 3.2px) * 1.101), 29px);text-transform:uppercase\">Previous<\/p>\n<\/div>\n\n\n\n<div class=\"wp-block-group is-vertical is-layout-flex wp-container-core-group-is-layout-fe9cc265 wp-block-group-is-layout-flex\">\n<div style=\"height:40px\" aria-hidden=\"true\" class=\"wp-block-spacer gt-hide-mobile wp-container-content-28f0cd9b\"><\/div>\n\n\n\n<div style=\"height:15px\" aria-hidden=\"true\" class=\"wp-block-spacer gt-hide-mobile wp-container-content-42c95ffb\"><\/div>\n\n\n\n<p>After spending many family vacations on the magnificent Basque coast, we&#8217;ve decided to settle here permanently in 2021. We were looking for a place <strong>where we could share with you our vision of vacations:<\/strong> moments of conviviality, discovery and pleasure, in an exceptional natural setting. <\/p>\n\n\n\n<p>When we discovered the Duna Munguy campsite, we fell in love with it: an authentic, unspoilt setting just a stone&#8217;s throw from the ocean. For us, it&#8217;s the ideal place to spend a <strong>vacation in the Basque Country<\/strong>, whether you&#8217;re a nature lover, a sports enthusiast or just curious <a href=\"https:\/\/www.camping-dunamunguy.com\/en\/tourism-basque-country\/\" data-type=\"page\" data-id=\"13\">to explore our beautiful region<\/a>. <\/p>\n\n\n\n<p>We look forward to <strong>welcoming you with joy and authenticity<\/strong>, and offering you a dream stay!<\/p>\n<\/div>\n<\/div>\n\n\n\n<figure class=\"wp-block-image size-full illustration-background\"><img decoding=\"async\" width=\"900\" height=\"540\" src=\"https:\/\/www.camping-dunamunguy.com\/wp-content\/uploads\/2025\/01\/camping-duna-munguy-st-jean-de-luz-2-1.png\" alt=\"camping duna munguy st jean de luz\" class=\"wp-image-2690\" title=\"\" srcset=\"https:\/\/www.camping-dunamunguy.com\/wp-content\/uploads\/2025\/01\/camping-duna-munguy-st-jean-de-luz-2-1.png 900w, https:\/\/www.camping-dunamunguy.com\/wp-content\/uploads\/2025\/01\/camping-duna-munguy-st-jean-de-luz-2-1-300x180.png 300w, https:\/\/www.camping-dunamunguy.com\/wp-content\/uploads\/2025\/01\/camping-duna-munguy-st-jean-de-luz-2-1-768x461.png 768w\" sizes=\"(max-width: 900px) 100vw, 900px\" \/><\/figure>\n<\/section>\n\n<section class=\"wp-block-group alignfull home-hebergements page-three has-custom-couleur-1-background-color has-background is-vertical is-layout-flex wp-container-core-group-is-layout-c6822031 wp-block-group-is-layout-flex\" style=\"border-top-style:none;border-top-width:0px;margin-top:0;margin-bottom:0;padding-top:8rem;padding-right:15rem;padding-bottom:12rem;padding-left:15rem\">\n<div class=\"wp-block-columns are-vertically-aligned-center is-layout-flex wp-container-core-columns-is-layout-b23a18ed wp-block-columns-is-layout-flex\">\n<div class=\"wp-block-column is-vertically-aligned-center parallax-vertical parallax-up is-layout-flow wp-block-column-is-layout-flow\">\n<div class=\"wp-block-group wp-container-content-9cfa9a5a is-vertical is-layout-flex wp-container-core-group-is-layout-fe9cc265 wp-block-group-is-layout-flex\">\n<div style=\"height:0px\" aria-hidden=\"true\" class=\"wp-block-spacer gt-hide-mobile wp-container-content-6388d5dc\"><\/div>\n\n\n\n<div class=\"wp-block-cover is-light maillage__image second\" style=\"min-height:700px;aspect-ratio:unset;\"><span aria-hidden=\"true\" class=\"wp-block-cover__background has-background-dim-0 has-background-dim\"><\/span><img decoding=\"async\" width=\"467\" height=\"700\" class=\"wp-block-cover__image-background wp-image-1895\" alt=\"camping plage pays basque\" src=\"https:\/\/www.camping-dunamunguy.com\/wp-content\/uploads\/2025\/01\/surf-velo-st-jean-de-luz-3.webp\" data-object-fit=\"cover\" srcset=\"https:\/\/www.camping-dunamunguy.com\/wp-content\/uploads\/2025\/01\/surf-velo-st-jean-de-luz-3.webp 467w, https:\/\/www.camping-dunamunguy.com\/wp-content\/uploads\/2025\/01\/surf-velo-st-jean-de-luz-3-200x300.webp 200w\" sizes=\"(max-width: 467px) 100vw, 467px\" \/><div class=\"wp-block-cover__inner-container has-global-padding is-layout-constrained wp-block-cover-is-layout-constrained\">\n<p class=\"has-text-align-center has-large-font-size\"><\/p>\n<\/div><\/div>\n<\/div>\n<\/div>\n\n\n\n<div class=\"wp-block-column is-vertically-aligned-center parallax-vertical is-layout-flow wp-block-column-is-layout-flow\">\n<div class=\"wp-block-cover maillage__image first\" style=\"min-height:700px;aspect-ratio:unset;\"><span aria-hidden=\"true\" class=\"wp-block-cover__background has-background-dim-0 has-background-dim\"><\/span><img decoding=\"async\" width=\"467\" height=\"700\" class=\"wp-block-cover__image-background wp-image-1898\" alt=\"slow life pays basque\" src=\"https:\/\/www.camping-dunamunguy.com\/wp-content\/uploads\/2025\/01\/bains-de-soleil-bord-de-la-piscine-7.webp\" data-object-fit=\"cover\" srcset=\"https:\/\/www.camping-dunamunguy.com\/wp-content\/uploads\/2025\/01\/bains-de-soleil-bord-de-la-piscine-7.webp 467w, https:\/\/www.camping-dunamunguy.com\/wp-content\/uploads\/2025\/01\/bains-de-soleil-bord-de-la-piscine-7-200x300.webp 200w\" sizes=\"(max-width: 467px) 100vw, 467px\" \/><div class=\"wp-block-cover__inner-container has-global-padding is-layout-constrained wp-block-cover-is-layout-constrained\">\n<p class=\"has-text-align-center has-large-font-size\"><\/p>\n<\/div><\/div>\n<\/div>\n\n\n\n<div class=\"wp-block-column is-vertically-aligned-center is-layout-flow wp-block-column-is-layout-flow\">\n<div class=\"wp-block-group wp-container-content-9cfa9a5a is-vertical is-layout-flex wp-container-core-group-is-layout-fe9cc265 wp-block-group-is-layout-flex\">\n<div style=\"height:0px\" aria-hidden=\"true\" class=\"wp-block-spacer gt-hide-mobile wp-container-content-6388d5dc\"><\/div>\n\n\n<h2 class=\"wp-block-heading has-custom-couleur-2-color has-text-color has-link-color wp-elements-7fefef27e5e5d1225b2207c069fab02a\" style=\"text-transform:uppercase\" id=\"the-sea-surf-and-chill-experience-in-the-basque-country\">The &#8220;sea, surf and chill&#8221; experience in the Basque Country<\/h2>\n\n\n<p class=\"has-base-2-color has-text-color has-link-color wp-elements-8490ebca16087fec6c9f529eeb58db07\">Imagine a vacation day <strong>lulled by the rhythm of the ocean<\/strong>, here on the Basque coast at Saint-Jean-de-Luz! In the morning, head to the beach for a surf session or an invigorating dip in the waves. In the afternoon, take a <a href=\"https:\/\/www.camping-dunamunguy.com\/en\/hiking-basque-country\/\" data-type=\"page\" data-id=\"12\">stroll along the coast<\/a> to enjoy the scenery and breathe in the sea air before returning to the campsite.  <\/p>\n\n\n\n<p class=\"has-base-2-color has-text-color has-link-color wp-elements-31e12911bf1fdefd9dfa0b0ae74cf861\">Relax on the sun loungers by the pool or enjoy a game of table tennis with the whole family!  <\/p>\n\n\n\n<p class=\"has-base-2-color has-text-color has-link-color wp-elements-3353c9ffdf04d23a5d7728dbbfea556a\">In the evening, a convivial barbecue on the campsite creates a warm and relaxed atmosphere, before, why not, returning to admire the sunset on the peaceful and authentic beaches of our neighborhood.<\/p>\n\n\n\n<p class=\"has-base-2-color has-text-color has-link-color wp-elements-53ef0ab31a35c95a5cc6487cca8ab001\">That&#8217;s just one of the programs we offer! Just 300 m from the ocean, our <a href=\"https:\/\/www.camping-dunamunguy.com\/en\/camping-swimming-pool-saint-jean-de-luz\/\" data-type=\"page\" data-id=\"10\">campsite with swimming pool in the Basque Country<\/a> is the ideal base camp for a vacation in tune with the waves, with <a href=\"https:\/\/www.camping-dunamunguy.com\/en\/3-stars-campsite-basque-country\/\" data-type=\"page\" data-id=\"8\">all services<\/a> for your comfort. <\/p>\n\n\n\n<p class=\"has-base-2-color has-text-color has-link-color wp-elements-e7f1dcebbad26d6ab8aa80841e39eb97\">And because we value human contact, don&#8217;t hesitate to <a href=\"https:\/\/www.camping-dunamunguy.com\/en\/contact-and-access\/\" data-type=\"page\" data-id=\"14\">write<\/a> or call us for any information you may need.<\/p>\n<\/div>\n<\/div>\n<\/div>\n<\/section>\n\n<section class=\"wp-block-group alignfull home-intro page-one has-custom-couleur-3-background-color has-background gt-break-mobile is-nowrap is-layout-flex wp-container-core-group-is-layout-2f696d1f wp-block-group-is-layout-flex\" style=\"margin-top:0rem;margin-bottom:0rem;padding-top:12rem;padding-right:15rem;padding-bottom:10rem;padding-left:15rem\">\n<div class=\"wp-block-group wp-container-content-dc435e0d is-vertical is-layout-flex wp-container-core-group-is-layout-a3b65dd2 wp-block-group-is-layout-flex\"><h2 class=\"wp-block-heading\" style=\"text-transform:uppercase\" id=\"cleanliness-and-respect-for-the-environment\">Cleanliness and respect for the environment<\/h2>\n\n\n<div style=\"height:32px\" aria-hidden=\"true\" class=\"wp-block-spacer gt-hide-mobile wp-container-content-82ea18c2\"><\/div>\n\n\n\n<div class=\"wp-block-group is-vertical is-layout-flex wp-container-core-group-is-layout-bf547533 wp-block-group-is-layout-flex\" style=\"padding-right:30px\">\n<p>We welcome you to a privileged setting, where <strong>preserving the environment<\/strong> plays an essential role. For several years now, we have been actively committed to protecting nature and reducing our energy consumption. Every year, we strive to take this initiative even further.  <\/p>\n\n\n\n<p>To minimize our ecological impact, we have implemented <strong>simple and effective solutions<\/strong>, such as :<\/p>\n\n\n\n<ul class=\"wp-block-list\">\n<li>Water pressure reducers installed in all <a href=\"https:\/\/www.camping-dunamunguy.com\/en\/mobile-home-rental-saint-jean-de-luz\/\" data-type=\"page\" data-id=\"9\">accommodation<\/a>,<\/li>\n\n\n\n<li>LED lighting in rental units and solar lamps in common areas,<\/li>\n\n\n\n<li>Use of biodegradable cleaning products,<\/li>\n\n\n\n<li>Diverse landscaping with a wide variety of tree and shrub species.<\/li>\n<\/ul>\n<\/div>\n<\/div>\n\n\n\n<div class=\"wp-block-group wp-container-content-9cfa9a5a is-vertical is-layout-flex wp-container-core-group-is-layout-fe9cc265 wp-block-group-is-layout-flex\">\n<div class=\"wp-block-group images-container wp-container-content-9cfa9a5a is-nowrap is-layout-flex wp-container-core-group-is-layout-fcdbac02 wp-block-group-is-layout-flex\">\n<div class=\"wp-block-group parent-illustration parallax-vertical parallax-up is-vertical is-layout-flex wp-container-core-group-is-layout-4b827052 wp-block-group-is-layout-flex\">\n<figure class=\"wp-block-image size-full first\"><img decoding=\"async\" width=\"467\" height=\"700\" src=\"https:\/\/www.camping-dunamunguy.com\/wp-content\/uploads\/2025\/01\/camping-nature-pays-basque-1.webp\" alt=\"Small chalet with terrace surrounded by greenery.\" class=\"wp-image-1904\" srcset=\"https:\/\/www.camping-dunamunguy.com\/wp-content\/uploads\/2025\/01\/camping-nature-pays-basque-1.webp 467w, https:\/\/www.camping-dunamunguy.com\/wp-content\/uploads\/2025\/01\/camping-nature-pays-basque-1-200x300.webp 200w\" sizes=\"(max-width: 467px) 100vw, 467px\" \/><\/figure>\n<\/div>\n\n\n\n<div class=\"wp-block-group parallax-vertical parallax-down is-vertical is-layout-flex wp-container-core-group-is-layout-4b827052 wp-block-group-is-layout-flex\">\n<figure class=\"wp-block-image size-full second\"><img decoding=\"async\" width=\"400\" height=\"700\" src=\"https:\/\/www.camping-dunamunguy.com\/wp-content\/uploads\/2025\/01\/camping-ecologique-st-jean-de-luz.webp\" alt=\"camping ecologique st jean de luz\" class=\"wp-image-2740\" srcset=\"https:\/\/www.camping-dunamunguy.com\/wp-content\/uploads\/2025\/01\/camping-ecologique-st-jean-de-luz.webp 400w, https:\/\/www.camping-dunamunguy.com\/wp-content\/uploads\/2025\/01\/camping-ecologique-st-jean-de-luz-171x300.webp 171w\" sizes=\"(max-width: 400px) 100vw, 400px\" \/><\/figure>\n<\/div>\n<\/div>\n<\/div>\n<\/section>\n\n<section class=\"wp-block-group alignfull home-hebergements page-three has-custom-couleur-3-background-color has-background gt-break-mobile gt-reverse-mobile is-vertical is-layout-flex wp-container-core-group-is-layout-f0123066 wp-block-group-is-layout-flex\" style=\"border-top-style:none;border-top-width:0px;margin-top:0;margin-bottom:0;padding-top:0rem;padding-right:15rem;padding-bottom:12rem;padding-left:15rem\">\n<div class=\"wp-block-columns are-vertically-aligned-center is-layout-flex wp-container-core-columns-is-layout-b23a18ed wp-block-columns-is-layout-flex\">\n<div class=\"wp-block-column is-vertically-aligned-center parallax-vertical parallax-up is-layout-flow wp-block-column-is-layout-flow\">\n<div class=\"wp-block-group wp-container-content-9cfa9a5a is-vertical is-layout-flex wp-container-core-group-is-layout-fe9cc265 wp-block-group-is-layout-flex\">\n<div style=\"height:0px\" aria-hidden=\"true\" class=\"wp-block-spacer gt-hide-mobile wp-container-content-6388d5dc\"><\/div>\n\n\n\n<div class=\"wp-block-cover maillage__image second before-blue\" style=\"min-height:700px;aspect-ratio:unset;\"><span aria-hidden=\"true\" class=\"wp-block-cover__background has-background-dim-0 has-background-dim\"><\/span><img decoding=\"async\" width=\"500\" height=\"750\" class=\"wp-block-cover__image-background wp-image-1742\" alt=\"Hortensias color\u00e9s en fleurs au jardin d&#039;\u00e9t\u00e9.\" src=\"https:\/\/www.camping-dunamunguy.com\/wp-content\/uploads\/2024\/12\/hortensias.webp\" data-object-fit=\"cover\" srcset=\"https:\/\/www.camping-dunamunguy.com\/wp-content\/uploads\/2024\/12\/hortensias.webp 500w, https:\/\/www.camping-dunamunguy.com\/wp-content\/uploads\/2024\/12\/hortensias-200x300.webp 200w\" sizes=\"(max-width: 500px) 100vw, 500px\" \/><div class=\"wp-block-cover__inner-container has-global-padding is-layout-constrained wp-block-cover-is-layout-constrained\">\n<p class=\"has-text-align-center has-large-font-size\"><\/p>\n<\/div><\/div>\n<\/div>\n<\/div>\n\n\n\n<div class=\"wp-block-column is-vertically-aligned-center parallax-vertical is-layout-flow wp-block-column-is-layout-flow\">\n<div class=\"wp-block-cover maillage__image first before-blue\" style=\"min-height:700px;aspect-ratio:unset;\"><span aria-hidden=\"true\" class=\"wp-block-cover__background has-background-dim-0 has-background-dim\"><\/span><img decoding=\"async\" width=\"400\" height=\"700\" class=\"wp-block-cover__image-background wp-image-2733\" alt=\"camping ecologique pays basque\" src=\"https:\/\/www.camping-dunamunguy.com\/wp-content\/uploads\/2025\/01\/camping-ecologique-pays-basque.webp\" data-object-fit=\"cover\" srcset=\"https:\/\/www.camping-dunamunguy.com\/wp-content\/uploads\/2025\/01\/camping-ecologique-pays-basque.webp 400w, https:\/\/www.camping-dunamunguy.com\/wp-content\/uploads\/2025\/01\/camping-ecologique-pays-basque-171x300.webp 171w\" sizes=\"(max-width: 400px) 100vw, 400px\" \/><div class=\"wp-block-cover__inner-container has-global-padding is-layout-constrained wp-block-cover-is-layout-constrained\">\n<p class=\"has-text-align-center has-large-font-size\"><\/p>\n<\/div><\/div>\n<\/div>\n\n\n\n<div class=\"wp-block-column is-vertically-aligned-center is-layout-flow wp-block-column-is-layout-flow\">\n<div class=\"wp-block-group wp-container-content-9cfa9a5a is-vertical is-layout-flex wp-container-core-group-is-layout-fe9cc265 wp-block-group-is-layout-flex\">\n<p class=\"wp-elements-3e8a141158b81d67384977f7ee181b94\">We therefore encourage you to adopt<strong> simple and responsible gestures<\/strong> throughout your stay to reduce your ecological impact:<\/p>\n\n\n\n<ul class=\"wp-block-list\">\n<li><strong>On the campsite, I sort my waste:<\/strong><br\/>Sorting bins are available at the campsite entrance (glass: containers 200 m away). By sorting, we give a second life to our waste, reduce the impact of our consumption and preserve our natural resources. <\/li>\n\n\n\n<li><strong>Water, a precious commodity:<\/strong><br\/>Help us save water by not letting it run unnecessarily. Report any leaks or malfunctions, and make sure you don&#8217;t flush anything down the toilet. <\/li>\n\n\n\n<li><strong>Electricity, a simple gesture for the planet:<\/strong><br\/>Remember to <strong>turn off lights and radiators<\/strong> when you leave a room or your accommodation. Every little gesture counts in reducing our energy consumption. <\/li>\n\n\n\n<li><strong>Favoring soft mobility:<\/strong><br\/>For short trips, consider using your bike or the shuttles available from the campsite.<\/li>\n<\/ul>\n\n\n\n<p class=\"has-link-color wp-elements-903e29e6daabf76b12d787064c0ce44d\">We would like to thank you for your collaboration and your commitment to preserving this unique and authentic place.<\/p>\n<\/div>\n<\/div>\n<\/div>\n<\/section>\n\n<section class=\"wp-block-group alignfull page-maillage has-global-padding is-layout-constrained wp-container-core-group-is-layout-6131d34a wp-block-group-is-layout-constrained\" style=\"margin-top:0px;margin-bottom:0px;padding-top:10rem;padding-right:0;padding-bottom:10rem;padding-left:0rem\">\n<p class=\"has-text-align-center text-deco has-custom-couleur-1-color has-text-color has-link-color has-kodchasan-font-family wp-elements-f4f0d36dcad78041b75ba1ad3140d0ce\" style=\"margin-left:-4.6rem;font-size:clamp(44.14px, 2.759rem + ((1vw - 3.2px) * 4.256), 85px);line-height:1.3;text-transform:uppercase\">Discover<\/p>\n\n\n\n<p class=\"has-text-align-center has-custom-couleur-5-color has-text-color has-link-color wp-elements-bf164dffc1e3a9d99a7132ffc3bc55f8\" style=\"padding-left:1rem;font-size:clamp(16.834px, 1.052rem + ((1vw - 3.2px) * 0.955), 26px);letter-spacing:5.2px;text-transform:uppercase\">our accommodation, swimming pool and services<\/p>\n\n\n\n<div class=\"wp-block-group is-layout-flow wp-block-group-is-layout-flow\">\n<div class=\"wp-block-query alignfull is-layout-flow wp-block-query-is-layout-flow\"><ul class=\"wp-block-post-template is-layout-grid wp-container-core-post-template-is-layout-c37e0d04 wp-block-post-template-is-layout-grid\"><li class=\"wp-block-post post-3118 page type-page status-publish has-post-thumbnail hentry\">\n\n<div class=\"wp-block-group overflow-hidden gt-maillage has-global-padding is-layout-constrained wp-block-group-is-layout-constrained\">\n<figure class=\"wp-block-image gt-maillage__image\"><img decoding=\"async\" src=\"https:\/\/www.camping-dunamunguy.com\/wp-content\/uploads\/2024\/12\/camping-location-mobil-home-pays-basque.webp\" alt=\"Lodgings\" style=\"aspect-ratio:3\/4;object-fit:cover\"\/><\/figure>\n\n\n\n<p class=\"has-text-align-right gt-maillage__title has-custom-couleur-2-color has-text-color has-link-color has-kodchasan-font-family wp-elements-26d80191a03d8962f31a261686c3dfcb\" style=\"border-right-style:none;border-right-width:0px;border-bottom-style:none;border-bottom-width:0px;padding-right:1rem;font-size:clamp(0.875rem, 0.875rem + ((1vw - 0.2rem) * 0.708), 1.3rem);font-style:normal;font-weight:500;text-transform:uppercase\">Lodgings<\/p>\n\n\n<a class=\"is-style-lien-cover wp-block-read-more\" href=\"https:\/\/www.camping-dunamunguy.com\/en\/mobile-home-rental-saint-jean-de-luz\/\" target=\"_self\">Read more<span class=\"screen-reader-text\">: Lodgings<\/span><\/a><\/div>\n\n<\/li><li class=\"wp-block-post post-3142 page type-page status-publish has-post-thumbnail hentry\">\n\n<div class=\"wp-block-group overflow-hidden gt-maillage has-global-padding is-layout-constrained wp-block-group-is-layout-constrained\">\n<figure class=\"wp-block-image gt-maillage__image\"><img decoding=\"async\" src=\"https:\/\/www.camping-dunamunguy.com\/wp-content\/uploads\/2024\/12\/camping-avec-piscine-st-jean-de-luz-6.webp\" alt=\"Swimming pool\" style=\"aspect-ratio:3\/4;object-fit:cover\"\/><\/figure>\n\n\n\n<p class=\"has-text-align-right gt-maillage__title has-custom-couleur-2-color has-text-color has-link-color has-kodchasan-font-family wp-elements-26d80191a03d8962f31a261686c3dfcb\" style=\"border-right-style:none;border-right-width:0px;border-bottom-style:none;border-bottom-width:0px;padding-right:1rem;font-size:clamp(0.875rem, 0.875rem + ((1vw - 0.2rem) * 0.708), 1.3rem);font-style:normal;font-weight:500;text-transform:uppercase\">Pool<\/p>\n\n\n<a class=\"is-style-lien-cover wp-block-read-more\" href=\"https:\/\/www.camping-dunamunguy.com\/en\/camping-swimming-pool-saint-jean-de-luz\/\" target=\"_self\">Read more<span class=\"screen-reader-text\">: Pool<\/span><\/a><\/div>\n\n<\/li><li class=\"wp-block-post post-3130 page type-page status-publish has-post-thumbnail hentry\">\n\n<div class=\"wp-block-group overflow-hidden gt-maillage has-global-padding is-layout-constrained wp-block-group-is-layout-constrained\">\n<figure class=\"wp-block-image gt-maillage__image\"><img decoding=\"async\" src=\"https:\/\/www.camping-dunamunguy.com\/wp-content\/uploads\/2024\/12\/camping-convivial-au-pays-basque.webp\" alt=\"Services\" style=\"aspect-ratio:3\/4;object-fit:cover\"\/><\/figure>\n\n\n\n<p class=\"has-text-align-right gt-maillage__title has-custom-couleur-2-color has-text-color has-link-color has-kodchasan-font-family wp-elements-26d80191a03d8962f31a261686c3dfcb\" style=\"border-right-style:none;border-right-width:0px;border-bottom-style:none;border-bottom-width:0px;padding-right:1rem;font-size:clamp(0.875rem, 0.875rem + ((1vw - 0.2rem) * 0.708), 1.3rem);font-style:normal;font-weight:500;text-transform:uppercase\">Services<\/p>\n\n\n<a class=\"is-style-lien-cover wp-block-read-more\" href=\"https:\/\/www.camping-dunamunguy.com\/en\/3-stars-campsite-basque-country\/\" target=\"_self\">Read more<span class=\"screen-reader-text\">: Services<\/span><\/a><\/div>\n\n<\/li><\/ul><\/div>\n<\/div>\n<\/section>\n","protected":false},"excerpt":{"rendered":"<p>Duna Munguy family camping and slow life in the Basque Country Welcome to our little corner of Basque paradise, designed as your ideal vacation! Here, between the sea and the mountains, we welcome you to a simple, warm setting in the heart of nature. Our campsite in Saint-Jean-de-Luz is your starting point for discovering the [&hellip;]<\/p>\n","protected":false},"author":1,"featured_media":1855,"parent":0,"menu_order":0,"comment_status":"closed","ping_status":"closed","template":"","meta":{"_acf_changed":false,"_seopress_robots_primary_cat":"","_seopress_titles_title":"Family and nature camping in the Basque Country","_seopress_titles_desc":"Slow life at the Duna Munguy campsite in Saint-Jean-de-Luz: discover the Basque Country between sea and mountains, 300m from the beach, in an unspoilt natural setting.","_seopress_robots_index":"","_gt_ctv_global_id":"1762","_gt_ctv_id_group":false,"inline_featured_image":false,"gt_fse_maillage_image":"https:\/\/www.camping-dunamunguy.com\/wp-content\/uploads\/2024\/12\/camping-pays-basque-bord-de-mer.webp","gt_fse_maillage_titre":"Campsite","gt_fse_maillage_alt":"Campsite","gt_fse_maillage_resume":"","footnotes":""},"categories":[],"tags":[],"class_list":["post-3148","page","type-page","status-publish","has-post-thumbnail","hentry"],"acf":[],"_links":{"self":[{"href":"https:\/\/www.camping-dunamunguy.com\/en\/wp-json\/wp\/v2\/pages\/3148","targetHints":{"allow":["GET"]}}],"collection":[{"href":"https:\/\/www.camping-dunamunguy.com\/en\/wp-json\/wp\/v2\/pages"}],"about":[{"href":"https:\/\/www.camping-dunamunguy.com\/en\/wp-json\/wp\/v2\/types\/page"}],"author":[{"embeddable":true,"href":"https:\/\/www.camping-dunamunguy.com\/en\/wp-json\/wp\/v2\/users\/1"}],"replies":[{"embeddable":true,"href":"https:\/\/www.camping-dunamunguy.com\/en\/wp-json\/wp\/v2\/comments?post=3148"}],"version-history":[{"count":13,"href":"https:\/\/www.camping-dunamunguy.com\/en\/wp-json\/wp\/v2\/pages\/3148\/revisions"}],"predecessor-version":[{"id":4231,"href":"https:\/\/www.camping-dunamunguy.com\/en\/wp-json\/wp\/v2\/pages\/3148\/revisions\/4231"}],"wp:featuredmedia":[{"embeddable":true,"href":"https:\/\/www.camping-dunamunguy.com\/en\/wp-json\/wp\/v2\/media\/1855"}],"wp:attachment":[{"href":"https:\/\/www.camping-dunamunguy.com\/en\/wp-json\/wp\/v2\/media?parent=3148"}],"wp:term":[{"taxonomy":"category","embeddable":true,"href":"https:\/\/www.camping-dunamunguy.com\/en\/wp-json\/wp\/v2\/categories?post=3148"},{"taxonomy":"post_tag","embeddable":true,"href":"https:\/\/www.camping-dunamunguy.com\/en\/wp-json\/wp\/v2\/tags?post=3148"}],"curies":[{"name":"wp","href":"https:\/\/api.w.org\/{rel}","templated":true}]}}